{"id":3111,"date":"2025-01-17T12:00:44","date_gmt":"2025-01-17T12:00:44","guid":{"rendered":"https:\/\/poesialleida.paeria.cat\/?page_id=3111"},"modified":"2026-02-12T10:10:27","modified_gmt":"2026-02-12T10:10:27","slug":"2025-dimarts-18","status":"publish","type":"page","link":"https:\/\/poesialleida.paeria.cat\/index.php\/2025-dimarts-18\/","title":{"rendered":"Dimarts 18"},"content":{"rendered":"<p><div class=\"fusion-fullwidth fullwidth-box fusion-builder-row-1 fusion-flex-container has-pattern-background has-mask-background hundred-percent-fullwidth non-hundred-percent-height-scrolling\" style=\"--awb-background-position:left top;--awb-border-radius-top-left:0px;--awb-border-radius-top-right:0px;--awb-border-radius-bottom-right:0px;--awb-border-radius-bottom-left:0px;--awb-padding-top:0px;--awb-padding-right:0px;--awb-padding-bottom:0px;--awb-padding-left:0px;--awb-flex-wrap:wrap;\" ><div class=\"fusion-builder-row fusion-row fusion-flex-align-items-flex-start fusion-flex-content-wrap\" style=\"width:104% !important;max-width:104% !important;margin-left: calc(-4% \/ 2 );margin-right: calc(-4% \/ 2 );\"><div class=\"fusion-layout-column fusion_builder_column fusion-builder-column-0 fusion_builder_column_4_5 4_5 fusion-flex-column\" style=\"--awb-padding-top:150px;--awb-padding-right:15%;--awb-padding-bottom:30px;--awb-padding-left:15%;--awb-padding-top-small:80px;--awb-padding-right-small:10%;--awb-padding-bottom-small:10px;--awb-padding-left-small:10%;--awb-bg-color:var(--awb-custom_color_2);--awb-bg-color-hover:var(--awb-custom_color_2);--awb-bg-size:cover;--awb-width-large:80%;--awb-margin-top-large:0px;--awb-spacing-right-large:0px;--awb-margin-bottom-large:0px;--awb-spacing-left-large:0px;--awb-width-medium:100%;--awb-order-medium:0;--awb-spacing-right-medium:1.92%;--awb-spacing-left-medium:1.92%;--awb-width-small:100%;--awb-order-small:0;--awb-spacing-right-small:1.92%;--awb-spacing-left-small:1.92%;\" data-scroll-devices=\"small-visibility,medium-visibility,large-visibility\"><div class=\"fusion-column-wrapper fusion-column-has-shadow fusion-flex-justify-content-flex-start fusion-content-layout-column\"><div class=\"fusion-title title fusion-title-1 fusion-sep-none fusion-title-text fusion-title-size-one\" style=\"--awb-text-color:var(--awb-color1);--awb-margin-top-small:0px;--awb-margin-right-small:0px;--awb-margin-bottom-small:20px;--awb-margin-left-small:0px;--awb-font-size:60px;\"><h1 class=\"fusion-title-heading title-heading-left fusion-responsive-typography-calculated\" style=\"margin:0;font-size:1em;--fontSize:60;line-height:1;\">Dimarts <strong>18<\/strong><\/h1><\/div><\/div><\/div><div class=\"fusion-layout-column fusion_builder_column fusion-builder-column-1 fusion_builder_column_1_5 1_5 fusion-flex-column fusion-flex-align-self-stretch fusion-no-small-visibility\" style=\"--awb-padding-top:100px;--awb-padding-right:15%;--awb-padding-bottom:30px;--awb-padding-left:15%;--awb-padding-top-small:50px;--awb-padding-right-small:10%;--awb-padding-bottom-small:20px;--awb-padding-left-small:10%;--awb-bg-color:var(--awb-custom_color_2);--awb-bg-color-hover:var(--awb-custom_color_2);--awb-bg-size:cover;--awb-width-large:20%;--awb-margin-top-large:0px;--awb-spacing-right-large:0px;--awb-margin-bottom-large:0px;--awb-spacing-left-large:0px;--awb-width-medium:100%;--awb-order-medium:0;--awb-spacing-right-medium:1.92%;--awb-spacing-left-medium:1.92%;--awb-width-small:100%;--awb-order-small:0;--awb-spacing-right-small:1.92%;--awb-spacing-left-small:1.92%;\" data-scroll-devices=\"small-visibility,medium-visibility,large-visibility\"><div class=\"fusion-column-wrapper fusion-column-has-shadow fusion-flex-justify-content-space-between fusion-content-layout-column\"><\/div><\/div><\/div><\/div><div class=\"fusion-fullwidth fullwidth-box fusion-builder-row-2 fusion-flex-container has-pattern-background has-mask-background hundred-percent-fullwidth non-hundred-percent-height-scrolling\" style=\"--awb-background-position:left top;--awb-border-radius-top-left:0px;--awb-border-radius-top-right:0px;--awb-border-radius-bottom-right:0px;--awb-border-radius-bottom-left:0px;--awb-padding-top:0px;--awb-padding-right:0px;--awb-padding-bottom:40px;--awb-padding-left:0px;--awb-padding-top-small:0px;--awb-padding-bottom-small:40px;--awb-flex-wrap:wrap;\" ><div class=\"fusion-builder-row fusion-row fusion-flex-align-items-flex-start fusion-flex-content-wrap\" style=\"width:104% !important;max-width:104% !important;margin-left: calc(-4% \/ 2 );margin-right: calc(-4% \/ 2 );\"><div class=\"fusion-layout-column fusion_builder_column fusion-builder-column-2 fusion_builder_column_4_5 4_5 fusion-flex-column fusion-flex-align-self-stretch\" style=\"--awb-padding-top:30px;--awb-padding-right:15%;--awb-padding-bottom:30px;--awb-padding-left:15%;--awb-padding-top-small:10px;--awb-padding-right-small:5%;--awb-padding-bottom-small:0px;--awb-padding-left-small:10%;--awb-bg-color:var(--awb-custom_color_5);--awb-bg-color-hover:var(--awb-custom_color_5);--awb-bg-size:cover;--awb-width-large:80%;--awb-margin-top-large:0px;--awb-spacing-right-large:0px;--awb-margin-bottom-large:0px;--awb-spacing-left-large:0px;--awb-width-medium:100%;--awb-order-medium:0;--awb-spacing-right-medium:1.92%;--awb-spacing-left-medium:1.92%;--awb-width-small:100%;--awb-order-small:0;--awb-margin-top-small:0px;--awb-spacing-right-small:1.92%;--awb-margin-bottom-small:0px;--awb-spacing-left-small:1.92%;\" data-scroll-devices=\"small-visibility,medium-visibility,large-visibility\"><div class=\"fusion-column-wrapper fusion-column-has-shadow fusion-flex-justify-content-space-between fusion-content-layout-column\"><div class=\"fusion-title title fusion-title-2 fusion-sep-none fusion-title-text fusion-title-size-three\" style=\"--awb-text-color:var(--awb-color8);--awb-margin-top-small:30px;--awb-margin-right-small:0px;--awb-margin-bottom-small:20px;--awb-margin-left-small:0px;--awb-font-size:26px;\"><h3 class=\"fusion-title-heading title-heading-left fusion-responsive-typography-calculated\" style=\"margin:0;font-size:1em;--fontSize:26;line-height:1.5;\"><strong><span style=\"font-size: 33px;\">18<\/span><\/strong> <span style=\"font-size: 20px;\">h<\/span> \u00b7 Restes del Domus (casa romana) de l\u2019Auditori Enric Granados. <span style=\"font-size: 20px;\">Punt de trobada al hall de l\u2019Auditori.<\/span> <span style=\"font-size: 20px;\">Pl. de Josep Prenafeta, s\/n.<\/span><\/h3><\/div><\/div><\/div><div class=\"fusion-layout-column fusion_builder_column fusion-builder-column-3 fusion_builder_column_1_5 1_5 fusion-flex-column fusion-flex-align-self-stretch fusion-no-small-visibility\" style=\"--awb-padding-top:15px;--awb-padding-bottom:10px;--awb-bg-color:var(--awb-custom_color_5);--awb-bg-color-hover:var(--awb-custom_color_5);--awb-bg-size:cover;--awb-width-large:20%;--awb-margin-top-large:0px;--awb-spacing-right-large:9.6%;--awb-margin-bottom-large:0px;--awb-spacing-left-large:0px;--awb-width-medium:100%;--awb-order-medium:0;--awb-spacing-right-medium:1.92%;--awb-spacing-left-medium:1.92%;--awb-width-small:100%;--awb-order-small:0;--awb-spacing-right-small:1.92%;--awb-spacing-left-small:1.92%;\" data-scroll-devices=\"small-visibility,medium-visibility,large-visibility\"><div class=\"fusion-column-wrapper fusion-column-has-shadow fusion-flex-justify-content-center fusion-content-layout-column\"><div class=\"fusion-image-element \" style=\"text-align:center;--awb-margin-top:0px;--awb-margin-bottom:0px;--awb-max-width:80px;--awb-caption-title-font-family:var(--h2_typography-font-family);--awb-caption-title-font-weight:var(--h2_typography-font-weight);--awb-caption-title-font-style:var(--h2_typography-font-style);--awb-caption-title-size:var(--h2_typography-font-size);--awb-caption-title-transform:var(--h2_typography-text-transform);--awb-caption-title-line-height:var(--h2_typography-line-height);--awb-caption-title-letter-spacing:var(--h2_typography-letter-spacing);\"><span class=\" fusion-imageframe imageframe-none imageframe-1 hover-type-none\"><img decoding=\"async\" width=\"156\" height=\"158\" title=\"Auditori Enric Granados\" src=\"https:\/\/poesialleida.paeria.cat\/wp-content\/uploads\/2025\/02\/Auditori-Enric-Granados-logo.png\" alt class=\"img-responsive wp-image-3877\" srcset=\"https:\/\/poesialleida.paeria.cat\/wp-content\/uploads\/2025\/02\/Auditori-Enric-Granados-logo-66x66.png 66w, https:\/\/poesialleida.paeria.cat\/wp-content\/uploads\/2025\/02\/Auditori-Enric-Granados-logo.png 156w\" sizes=\"(max-width: 156px) 100vw, 156px\" \/><\/span><\/div><\/div><\/div><div class=\"fusion-layout-column fusion_builder_column fusion-builder-column-4 fusion_builder_column_4_5 4_5 fusion-flex-column\" style=\"--awb-padding-top:30px;--awb-padding-right:15%;--awb-padding-bottom:30px;--awb-padding-left:15%;--awb-padding-top-small:40px;--awb-padding-right-small:10%;--awb-padding-bottom-small:0px;--awb-padding-left-small:10%;--awb-bg-color:var(--awb-color5);--awb-bg-color-hover:var(--awb-color5);--awb-bg-size:cover;--awb-width-large:80%;--awb-margin-top-large:0px;--awb-spacing-right-large:0px;--awb-margin-bottom-large:0px;--awb-spacing-left-large:0px;--awb-width-medium:100%;--awb-order-medium:0;--awb-spacing-right-medium:1.92%;--awb-spacing-left-medium:1.92%;--awb-width-small:100%;--awb-order-small:0;--awb-spacing-right-small:1.92%;--awb-spacing-left-small:1.92%;\" data-scroll-devices=\"small-visibility,medium-visibility,large-visibility\"><div class=\"fusion-column-wrapper fusion-column-has-shadow fusion-flex-justify-content-flex-start fusion-content-layout-column\"><div class=\"fusion-title title fusion-title-3 fusion-sep-none fusion-title-text fusion-title-size-two\" style=\"--awb-text-color:var(--awb-custom12);--awb-margin-top-small:0px;--awb-margin-right-small:0px;--awb-margin-bottom-small:20px;--awb-margin-left-small:0px;--awb-font-size:40px;\"><h2 class=\"fusion-title-heading title-heading-left fusion-responsive-typography-calculated\" style=\"margin:0;font-size:1em;--fontSize:40;line-height:1;\">ESTRATS 1<\/h2><\/div><div class=\"fusion-title title fusion-title-4 fusion-sep-none fusion-title-text fusion-title-size-four\" style=\"--awb-text-color:var(--awb-color1);--awb-margin-top:10px;--awb-margin-top-small:0px;--awb-margin-right-small:0px;--awb-margin-bottom-small:20px;--awb-margin-left-small:0px;--awb-font-size:24px;\"><h4 class=\"fusion-title-heading title-heading-left fusion-responsive-typography-calculated\" style=\"margin:0;font-size:1em;--fontSize:24;line-height:1.5;\">Patrimoni + Poesia, recital a prop\u00f2sit de \u201cla casa\u201d com a inspiraci\u00f3 po\u00e8tica<\/h4><\/div><\/div><\/div><div class=\"fusion-layout-column fusion_builder_column fusion-builder-column-5 fusion_builder_column_1_1 1_1 fusion-flex-column\" style=\"--awb-padding-right:100px;--awb-padding-bottom:30px;--awb-padding-left:100px;--awb-padding-top-small:0px;--awb-padding-right-small:5%;--awb-padding-bottom-small:0px;--awb-padding-left-small:5%;--awb-bg-size:cover;--awb-width-large:100%;--awb-margin-top-large:0px;--awb-spacing-right-large:1.92%;--awb-margin-bottom-large:0px;--awb-spacing-left-large:1.92%;--awb-width-medium:100%;--awb-order-medium:0;--awb-spacing-right-medium:1.92%;--awb-spacing-left-medium:1.92%;--awb-width-small:100%;--awb-order-small:0;--awb-margin-top-small:0px;--awb-spacing-right-small:1.92%;--awb-margin-bottom-small:0px;--awb-spacing-left-small:1.92%;\" data-scroll-devices=\"small-visibility,medium-visibility,large-visibility\"><div class=\"fusion-column-wrapper fusion-column-has-shadow fusion-flex-justify-content-flex-start fusion-content-layout-column\"><div class=\"fusion-builder-row fusion-builder-row-inner fusion-row fusion-flex-align-items-flex-start fusion-flex-content-wrap\" style=\"--awb-flex-grow:0;--awb-flex-grow-medium:0;--awb-flex-grow-small:0;--awb-flex-shrink:0;--awb-flex-shrink-medium:0;--awb-flex-shrink-small:0;width:104% !important;max-width:104% !important;margin-left: calc(-4% \/ 2 );margin-right: calc(-4% \/ 2 );\"><div class=\"fusion-layout-column fusion_builder_column_inner fusion-builder-nested-column-0 fusion_builder_column_inner_1_5 1_5 fusion-flex-column\" style=\"--awb-padding-right-small:10%;--awb-padding-bottom-small:20px;--awb-padding-left-small:10%;--awb-bg-size:cover;--awb-width-large:20%;--awb-margin-top-large:0px;--awb-spacing-right-large:-5px;--awb-margin-bottom-large:0px;--awb-spacing-left-large:9.6%;--awb-width-medium:100%;--awb-order-medium:0;--awb-spacing-right-medium:1.92%;--awb-spacing-left-medium:1.92%;--awb-width-small:100%;--awb-order-small:0;--awb-spacing-right-small:1.92%;--awb-spacing-left-small:1.92%;\" data-scroll-devices=\"small-visibility,medium-visibility,large-visibility\"><div class=\"fusion-column-wrapper fusion-column-has-shadow fusion-flex-justify-content-flex-start fusion-content-layout-column\"><div class=\"fusion-image-element \" style=\"--awb-caption-title-font-family:var(--h2_typography-font-family);--awb-caption-title-font-weight:var(--h2_typography-font-weight);--awb-caption-title-font-style:var(--h2_typography-font-style);--awb-caption-title-size:var(--h2_typography-font-size);--awb-caption-title-transform:var(--h2_typography-text-transform);--awb-caption-title-line-height:var(--h2_typography-line-height);--awb-caption-title-letter-spacing:var(--h2_typography-letter-spacing);\"><span class=\" fusion-imageframe imageframe-none imageframe-2 hover-type-none\"><img decoding=\"async\" width=\"1000\" height=\"1000\" title=\"Domus Auditori\" src=\"https:\/\/poesialleida.paeria.cat\/wp-content\/uploads\/2025\/02\/Domus-Auditori.jpg\" alt class=\"img-responsive wp-image-3703\" srcset=\"https:\/\/poesialleida.paeria.cat\/wp-content\/uploads\/2025\/02\/Domus-Auditori-200x200.jpg 200w, https:\/\/poesialleida.paeria.cat\/wp-content\/uploads\/2025\/02\/Domus-Auditori-400x400.jpg 400w, https:\/\/poesialleida.paeria.cat\/wp-content\/uploads\/2025\/02\/Domus-Auditori-600x600.jpg 600w, https:\/\/poesialleida.paeria.cat\/wp-content\/uploads\/2025\/02\/Domus-Auditori-800x800.jpg 800w, https:\/\/poesialleida.paeria.cat\/wp-content\/uploads\/2025\/02\/Domus-Auditori.jpg 1000w\" sizes=\"(max-width: 800px) 100vw, (max-width: 640px) 100vw, 400px\" \/><\/span><\/div><div class=\"fusion-title title fusion-title-5 fusion-sep-none fusion-title-text fusion-title-size-three\" style=\"--awb-text-color:var(--awb-custom10);--awb-margin-bottom:20px;--awb-margin-top-small:0px;--awb-margin-right-small:0px;--awb-margin-bottom-small:20px;--awb-margin-left-small:0px;--awb-font-size:14px;\"><h3 class=\"fusion-title-heading title-heading-right fusion-responsive-typography-calculated\" style=\"margin:0;font-size:1em;--fontSize:14;--minFontSize:14;line-height:1.5;\"><\/h3><\/div><div class=\"fusion-title title fusion-title-6 fusion-sep-none fusion-title-text fusion-title-size-two\" style=\"--awb-margin-left:20px;--awb-margin-top-small:0px;--awb-margin-right-small:0px;--awb-margin-bottom-small:20px;--awb-margin-left-small:0px;--awb-font-size:var(--awb-typography1-font-size);\"><h2 class=\"fusion-title-heading title-heading-right fusion-responsive-typography-calculated\" style=\"font-family:var(--awb-typography1-font-family);font-weight:var(--awb-typography1-font-weight);font-style:var(--awb-typography1-font-style);margin:0;letter-spacing:var(--awb-typography1-letter-spacing);text-transform:var(--awb-typography1-text-transform);font-size:1em;--fontSize:28;line-height:var(--awb-typography1-line-height);\"><p>Restes del Domus<br \/>\nde l\u2019Auditori Enric Granados<\/p><\/h2><\/div><\/div><\/div><\/div><\/div><\/div><div class=\"fusion-layout-column fusion_builder_column fusion-builder-column-6 fusion_builder_column_1_1 1_1 fusion-flex-column\" style=\"--awb-padding-top:30px;--awb-padding-right:10%;--awb-padding-left:10%;--awb-padding-top-small:0px;--awb-padding-bottom-small:0px;--awb-bg-size:cover;--awb-width-large:100%;--awb-margin-top-large:0px;--awb-spacing-right-large:1.92%;--awb-margin-bottom-large:0px;--awb-spacing-left-large:1.92%;--awb-width-medium:100%;--awb-order-medium:0;--awb-spacing-right-medium:1.92%;--awb-spacing-left-medium:1.92%;--awb-width-small:100%;--awb-order-small:0;--awb-spacing-right-small:1.92%;--awb-spacing-left-small:1.92%;\" data-scroll-devices=\"small-visibility,medium-visibility,large-visibility\"><div class=\"fusion-column-wrapper fusion-column-has-shadow fusion-flex-justify-content-flex-start fusion-content-layout-column\"><div class=\"fusion-text fusion-text-1 fusion-text-no-margin\" style=\"--awb-text-color:var(--awb-color5);--awb-margin-bottom:10px;\"><p>Participants: <span style=\"font-size: 24px;\"><strong>Ana Loriente<\/strong>, arque\u00f2loga de l&#8217;Arxiu Arqueol\u00f2gic,<\/span><span style=\"font-size: 24px;\"><strong>\u00a0Grup de Poesia del Cercle de Belles Arts<\/strong>:<strong> Tere Boncompte<\/strong>,<strong> Divina Drudis<\/strong>,<strong> Emili Espinet<\/strong>,<strong> Josep Fern\u00e1ndez<\/strong>,<strong> Ram\u00f3n Gonz\u00e1lez<\/strong>,<strong> Helena Mesalles<\/strong>,<strong> Paco Mu\u00f1oz<\/strong>,<strong> Maite Oriol<\/strong>,<strong> Mar\u00eda Pijuan<\/strong>,<strong> Pablo Sanz<\/strong>,<strong> Montse Sol\u00e9<\/strong> i<strong> Marc Torrent i el col\u00b7lectiu Veus en Vers<\/strong>: <strong>Joan Miquel Franco<\/strong> i <strong>Magda Gab\u00e0s<\/strong><\/span><\/p>\n<\/div><div class=\"fusion-reading-box-container reading-box-container-1\" style=\"--awb-title-color:var(--awb-color8);--awb-margin-top:10px;--awb-margin-bottom:10px;\"><div class=\"reading-box\" style=\"background-color:var(--awb-custom_color_4);border-width:0px;border-color:var(--awb-color4);border-left-width:3px;border-left-color:var(--primary_color);border-style:solid;padding-top:30px;padding-bottom:30px;\"><div class=\"reading-box-additional\">Recital a c\u00e0rrec dels col\u00b7lectius de recitadors del Grup de Poesia del Cercle de Belles Arts i de Veus en Vers, precedit per la contextualitzaci\u00f3 hist\u00f2rica de l\u2019espai patrimonial a c\u00e0rrec d\u2019Ana Loriente, arque\u00f2loga de l\u2019Arxiu Arqueol\u00f2gic.<\/p>\n<p>Maridar POESIA i PATRIMONI \u00e9s apostar pels estrats i fer-los visibles per gaudir-ne. Una proposta d\u2019immersi\u00f3 en l\u2019espai que atresora la nostra ciutat a l\u2019Auditori Enric Granados, sota els peus dels vianants de la Lleida del segle XXI i un viatge pels estrats de significaci\u00f3 continguts dins dels poemes.<\/div><div class=\"fusion-clearfix\"><\/div><\/div><\/div><div class=\"fusion-text fusion-text-2\" style=\"--awb-text-color:var(--awb-custom12);--awb-margin-top:10px;\"><p>Entrada lliure i gratu\u00efta<\/p>\n<\/div><\/div><\/div><div class=\"fusion-layout-column fusion_builder_column fusion-builder-column-7 fusion_builder_column_1_1 1_1 fusion-flex-column\" style=\"--awb-padding-right:10%;--awb-padding-bottom:20px;--awb-padding-left:10%;--awb-padding-top-small:0px;--awb-padding-bottom-small:20px;--awb-bg-size:cover;--awb-width-large:100%;--awb-margin-top-large:0px;--awb-spacing-right-large:1.92%;--awb-margin-bottom-large:0px;--awb-spacing-left-large:1.92%;--awb-width-medium:100%;--awb-order-medium:0;--awb-spacing-right-medium:1.92%;--awb-spacing-left-medium:1.92%;--awb-width-small:100%;--awb-order-small:0;--awb-spacing-right-small:1.92%;--awb-spacing-left-small:1.92%;\" data-scroll-devices=\"small-visibility,medium-visibility,large-visibility\"><div class=\"fusion-column-wrapper fusion-column-has-shadow fusion-flex-justify-content-flex-start fusion-content-layout-row\"><div class=\"fusion-image-element \" style=\"--awb-margin-top:30px;--awb-margin-right-small:20px;--awb-margin-left-small:20px;--awb-max-width:90px;--awb-caption-title-font-family:var(--h2_typography-font-family);--awb-caption-title-font-weight:var(--h2_typography-font-weight);--awb-caption-title-font-style:var(--h2_typography-font-style);--awb-caption-title-size:var(--h2_typography-font-size);--awb-caption-title-transform:var(--h2_typography-text-transform);--awb-caption-title-line-height:var(--h2_typography-line-height);--awb-caption-title-letter-spacing:var(--h2_typography-letter-spacing);\"><span class=\" fusion-imageframe imageframe-none imageframe-3 hover-type-none\"><img decoding=\"async\" width=\"156\" height=\"158\" title=\"Auditori Enric Granados\" src=\"https:\/\/poesialleida.paeria.cat\/wp-content\/uploads\/2025\/02\/Auditori-Enric-Granados-logo.png\" alt class=\"img-responsive wp-image-3877\" srcset=\"https:\/\/poesialleida.paeria.cat\/wp-content\/uploads\/2025\/02\/Auditori-Enric-Granados-logo-66x66.png 66w, https:\/\/poesialleida.paeria.cat\/wp-content\/uploads\/2025\/02\/Auditori-Enric-Granados-logo.png 156w\" sizes=\"(max-width: 156px) 100vw, 156px\" \/><\/span><\/div><div class=\"fusion-image-element \" style=\"--awb-margin-top:50px;--awb-margin-left:40px;--awb-margin-left-small:20px;--awb-max-width:150px;--awb-caption-title-font-family:var(--h2_typography-font-family);--awb-caption-title-font-weight:var(--h2_typography-font-weight);--awb-caption-title-font-style:var(--h2_typography-font-style);--awb-caption-title-size:var(--h2_typography-font-size);--awb-caption-title-transform:var(--h2_typography-text-transform);--awb-caption-title-line-height:var(--h2_typography-line-height);--awb-caption-title-letter-spacing:var(--h2_typography-letter-spacing);\"><span class=\" fusion-imageframe imageframe-none imageframe-4 hover-type-none\"><img decoding=\"async\" width=\"500\" height=\"221\" title=\"Arxiu Arqueol\u00f2gic\" src=\"https:\/\/poesialleida.paeria.cat\/wp-content\/uploads\/2025\/01\/logo-arxiu_1.png\" alt class=\"img-responsive wp-image-3120\" srcset=\"https:\/\/poesialleida.paeria.cat\/wp-content\/uploads\/2025\/01\/logo-arxiu_1-200x88.png 200w, https:\/\/poesialleida.paeria.cat\/wp-content\/uploads\/2025\/01\/logo-arxiu_1-400x177.png 400w, https:\/\/poesialleida.paeria.cat\/wp-content\/uploads\/2025\/01\/logo-arxiu_1.png 500w\" sizes=\"(max-width: 800px) 100vw, (max-width: 640px) 100vw, 500px\" \/><\/span><\/div><div class=\"fusion-image-element \" style=\"--awb-margin-top:30px;--awb-margin-left:50px;--awb-margin-left-small:20px;--awb-max-width:100px;--awb-caption-title-font-family:var(--h2_typography-font-family);--awb-caption-title-font-weight:var(--h2_typography-font-weight);--awb-caption-title-font-style:var(--h2_typography-font-style);--awb-caption-title-size:var(--h2_typography-font-size);--awb-caption-title-transform:var(--h2_typography-text-transform);--awb-caption-title-line-height:var(--h2_typography-line-height);--awb-caption-title-letter-spacing:var(--h2_typography-letter-spacing);\"><span class=\" fusion-imageframe imageframe-none imageframe-5 hover-type-none\"><img decoding=\"async\" width=\"600\" height=\"681\" title=\"Cercle Belles Arts\" src=\"https:\/\/poesialleida.paeria.cat\/wp-content\/uploads\/2025\/01\/Cercle-Belles-Arts.png\" alt class=\"img-responsive wp-image-3413\" srcset=\"https:\/\/poesialleida.paeria.cat\/wp-content\/uploads\/2025\/01\/Cercle-Belles-Arts-200x227.png 200w, https:\/\/poesialleida.paeria.cat\/wp-content\/uploads\/2025\/01\/Cercle-Belles-Arts-400x454.png 400w, https:\/\/poesialleida.paeria.cat\/wp-content\/uploads\/2025\/01\/Cercle-Belles-Arts.png 600w\" sizes=\"(max-width: 800px) 100vw, (max-width: 640px) 100vw, 600px\" \/><\/span><\/div><div class=\"fusion-image-element \" style=\"--awb-margin-top:40px;--awb-margin-left:50px;--awb-margin-right-small:20px;--awb-max-width:100px;--awb-caption-title-font-family:var(--h2_typography-font-family);--awb-caption-title-font-weight:var(--h2_typography-font-weight);--awb-caption-title-font-style:var(--h2_typography-font-style);--awb-caption-title-size:var(--h2_typography-font-size);--awb-caption-title-transform:var(--h2_typography-text-transform);--awb-caption-title-line-height:var(--h2_typography-line-height);--awb-caption-title-letter-spacing:var(--h2_typography-letter-spacing);\"><span class=\" fusion-imageframe imageframe-none imageframe-6 hover-type-none\"><img decoding=\"async\" width=\"237\" height=\"203\" title=\"Veus en Vers\" src=\"https:\/\/poesialleida.paeria.cat\/wp-content\/uploads\/2025\/03\/Veus-en-Vers.png\" alt class=\"img-responsive wp-image-3920\" srcset=\"https:\/\/poesialleida.paeria.cat\/wp-content\/uploads\/2025\/03\/Veus-en-Vers-200x171.png 200w, https:\/\/poesialleida.paeria.cat\/wp-content\/uploads\/2025\/03\/Veus-en-Vers.png 237w\" sizes=\"(max-width: 800px) 100vw, (max-width: 640px) 100vw, 237px\" \/><\/span><\/div><\/div><\/div><div class=\"fusion-layout-column fusion_builder_column fusion-builder-column-8 fusion_builder_column_1_1 1_1 fusion-flex-column\" style=\"--awb-padding-right:10%;--awb-padding-bottom:50px;--awb-padding-left:10%;--awb-padding-top-small:0px;--awb-padding-right-small:10%;--awb-padding-bottom-small:30px;--awb-padding-left-small:10%;--awb-bg-size:cover;--awb-width-large:100%;--awb-margin-top-large:0px;--awb-spacing-right-large:1.92%;--awb-margin-bottom-large:0px;--awb-spacing-left-large:1.92%;--awb-width-medium:100%;--awb-order-medium:0;--awb-spacing-right-medium:1.92%;--awb-spacing-left-medium:1.92%;--awb-width-small:100%;--awb-order-small:0;--awb-spacing-right-small:1.92%;--awb-spacing-left-small:1.92%;\" data-scroll-devices=\"small-visibility,medium-visibility,large-visibility\"><div class=\"fusion-column-wrapper fusion-column-has-shadow fusion-flex-justify-content-center fusion-content-layout-column\"><div class=\"fusion-separator fusion-full-width-sep\" style=\"align-self: center;margin-left: auto;margin-right: auto;margin-top:30px;margin-bottom:20px;width:100%;\"><div class=\"fusion-separator-border sep-single sep-solid\" style=\"--awb-height:20px;--awb-amount:20px;--awb-sep-color:var(--awb-color4);border-color:var(--awb-color4);border-top-width:1px;\"><\/div><\/div><div class=\"fusion-text fusion-text-3\" style=\"--awb-font-size:24px;--awb-text-font-family:&quot;Open Sans Condensed Light&quot;;--awb-text-font-style:normal;--awb-text-font-weight:400;\"><p>Galeria d&#8217;imatges<\/p>\n<\/div><div class=\"awb-gallery-wrapper awb-gallery-wrapper-1 button-span-no\" style=\"--more-btn-alignment:center;\"><div style=\"margin:-5px;--awb-aspect-ratio:1 \/ 1;--awb-bordersize:0px;\" class=\"fusion-gallery fusion-gallery-container fusion-grid-6 fusion-columns-total-6 fusion-gallery-layout-grid fusion-gallery-1 has-aspect-ratio\"><div style=\"padding:5px;\" class=\"fusion-grid-column fusion-gallery-column fusion-gallery-column-6 hover-type-none\"><div class=\"fusion-gallery-image\"><a href=\"https:\/\/poesialleida.paeria.cat\/wp-content\/uploads\/2025\/03\/Estrats1_003.jpg\" rel=\"noreferrer\" data-rel=\"iLightbox[gallery_image_1]\" class=\"fusion-lightbox\" target=\"_self\"><img decoding=\"async\" src=\"https:\/\/poesialleida.paeria.cat\/wp-content\/uploads\/2025\/03\/Estrats1_003.jpg\" width=\"2000\" height=\"1500\" alt=\"\" title=\"Estrats1_003\" aria-label=\"Estrats1_003\" class=\"img-responsive wp-image-3953\" srcset=\"https:\/\/poesialleida.paeria.cat\/wp-content\/uploads\/2025\/03\/Estrats1_003-200x150.jpg 200w, https:\/\/poesialleida.paeria.cat\/wp-content\/uploads\/2025\/03\/Estrats1_003-400x300.jpg 400w, https:\/\/poesialleida.paeria.cat\/wp-content\/uploads\/2025\/03\/Estrats1_003-600x450.jpg 600w, https:\/\/poesialleida.paeria.cat\/wp-content\/uploads\/2025\/03\/Estrats1_003-800x600.jpg 800w, https:\/\/poesialleida.paeria.cat\/wp-content\/uploads\/2025\/03\/Estrats1_003-1200x900.jpg 1200w, https:\/\/poesialleida.paeria.cat\/wp-content\/uploads\/2025\/03\/Estrats1_003.jpg 2000w\" sizes=\"(min-width: 2200px) 100vw, (min-width: 1399px) 191px, (min-width: 1307px) 229px, (min-width: 1215px) 286px, (min-width: 1124px) 382px, (min-width: 1032px) 573px, (min-width: 940px) 1032px, \" \/><\/a><\/div><\/div><div style=\"padding:5px;\" class=\"fusion-grid-column fusion-gallery-column fusion-gallery-column-6 hover-type-none\"><div class=\"fusion-gallery-image\"><a href=\"https:\/\/poesialleida.paeria.cat\/wp-content\/uploads\/2025\/03\/Estrats1_010.jpg\" rel=\"noreferrer\" data-rel=\"iLightbox[gallery_image_1]\" class=\"fusion-lightbox\" target=\"_self\"><img decoding=\"async\" src=\"https:\/\/poesialleida.paeria.cat\/wp-content\/uploads\/2025\/03\/Estrats1_010.jpg\" width=\"2000\" height=\"1500\" alt=\"\" title=\"Estrats1_010\" aria-label=\"Estrats1_010\" class=\"img-responsive wp-image-3954\" srcset=\"https:\/\/poesialleida.paeria.cat\/wp-content\/uploads\/2025\/03\/Estrats1_010-200x150.jpg 200w, https:\/\/poesialleida.paeria.cat\/wp-content\/uploads\/2025\/03\/Estrats1_010-400x300.jpg 400w, https:\/\/poesialleida.paeria.cat\/wp-content\/uploads\/2025\/03\/Estrats1_010-600x450.jpg 600w, https:\/\/poesialleida.paeria.cat\/wp-content\/uploads\/2025\/03\/Estrats1_010-800x600.jpg 800w, https:\/\/poesialleida.paeria.cat\/wp-content\/uploads\/2025\/03\/Estrats1_010-1200x900.jpg 1200w, https:\/\/poesialleida.paeria.cat\/wp-content\/uploads\/2025\/03\/Estrats1_010.jpg 2000w\" sizes=\"(min-width: 2200px) 100vw, (min-width: 1399px) 191px, (min-width: 1307px) 229px, (min-width: 1215px) 286px, (min-width: 1124px) 382px, (min-width: 1032px) 573px, (min-width: 940px) 1032px, \" \/><\/a><\/div><\/div><div style=\"padding:5px;\" class=\"fusion-grid-column fusion-gallery-column fusion-gallery-column-6 hover-type-none\"><div class=\"fusion-gallery-image\"><a href=\"https:\/\/poesialleida.paeria.cat\/wp-content\/uploads\/2025\/03\/Estrats1_011.jpg\" rel=\"noreferrer\" data-rel=\"iLightbox[gallery_image_1]\" class=\"fusion-lightbox\" target=\"_self\"><img decoding=\"async\" src=\"https:\/\/poesialleida.paeria.cat\/wp-content\/uploads\/2025\/03\/Estrats1_011.jpg\" width=\"2000\" height=\"1500\" alt=\"\" title=\"Estrats1_011\" aria-label=\"Estrats1_011\" class=\"img-responsive wp-image-3955\" srcset=\"https:\/\/poesialleida.paeria.cat\/wp-content\/uploads\/2025\/03\/Estrats1_011-200x150.jpg 200w, https:\/\/poesialleida.paeria.cat\/wp-content\/uploads\/2025\/03\/Estrats1_011-400x300.jpg 400w, https:\/\/poesialleida.paeria.cat\/wp-content\/uploads\/2025\/03\/Estrats1_011-600x450.jpg 600w, https:\/\/poesialleida.paeria.cat\/wp-content\/uploads\/2025\/03\/Estrats1_011-800x600.jpg 800w, https:\/\/poesialleida.paeria.cat\/wp-content\/uploads\/2025\/03\/Estrats1_011-1200x900.jpg 1200w, https:\/\/poesialleida.paeria.cat\/wp-content\/uploads\/2025\/03\/Estrats1_011.jpg 2000w\" sizes=\"(min-width: 2200px) 100vw, (min-width: 1399px) 191px, (min-width: 1307px) 229px, (min-width: 1215px) 286px, (min-width: 1124px) 382px, (min-width: 1032px) 573px, (min-width: 940px) 1032px, \" \/><\/a><\/div><\/div><div style=\"padding:5px;\" class=\"fusion-grid-column fusion-gallery-column fusion-gallery-column-6 hover-type-none\"><div class=\"fusion-gallery-image\"><a href=\"https:\/\/poesialleida.paeria.cat\/wp-content\/uploads\/2025\/03\/Estrats1_012.jpg\" rel=\"noreferrer\" data-rel=\"iLightbox[gallery_image_1]\" class=\"fusion-lightbox\" target=\"_self\"><img decoding=\"async\" src=\"https:\/\/poesialleida.paeria.cat\/wp-content\/uploads\/2025\/03\/Estrats1_012.jpg\" width=\"2000\" height=\"1500\" alt=\"\" title=\"Estrats1_012\" aria-label=\"Estrats1_012\" class=\"img-responsive wp-image-3956\" srcset=\"https:\/\/poesialleida.paeria.cat\/wp-content\/uploads\/2025\/03\/Estrats1_012-200x150.jpg 200w, https:\/\/poesialleida.paeria.cat\/wp-content\/uploads\/2025\/03\/Estrats1_012-400x300.jpg 400w, https:\/\/poesialleida.paeria.cat\/wp-content\/uploads\/2025\/03\/Estrats1_012-600x450.jpg 600w, https:\/\/poesialleida.paeria.cat\/wp-content\/uploads\/2025\/03\/Estrats1_012-800x600.jpg 800w, https:\/\/poesialleida.paeria.cat\/wp-content\/uploads\/2025\/03\/Estrats1_012-1200x900.jpg 1200w, https:\/\/poesialleida.paeria.cat\/wp-content\/uploads\/2025\/03\/Estrats1_012.jpg 2000w\" sizes=\"(min-width: 2200px) 100vw, (min-width: 1399px) 191px, (min-width: 1307px) 229px, (min-width: 1215px) 286px, (min-width: 1124px) 382px, (min-width: 1032px) 573px, (min-width: 940px) 1032px, \" \/><\/a><\/div><\/div><div style=\"padding:5px;\" class=\"fusion-grid-column fusion-gallery-column fusion-gallery-column-6 hover-type-none\"><div class=\"fusion-gallery-image\"><a href=\"https:\/\/poesialleida.paeria.cat\/wp-content\/uploads\/2025\/03\/Estrats1_014.jpg\" rel=\"noreferrer\" data-rel=\"iLightbox[gallery_image_1]\" class=\"fusion-lightbox\" target=\"_self\"><img decoding=\"async\" src=\"https:\/\/poesialleida.paeria.cat\/wp-content\/uploads\/2025\/03\/Estrats1_014.jpg\" width=\"2000\" height=\"1500\" alt=\"\" title=\"Estrats1_014\" aria-label=\"Estrats1_014\" class=\"img-responsive wp-image-3957\" srcset=\"https:\/\/poesialleida.paeria.cat\/wp-content\/uploads\/2025\/03\/Estrats1_014-200x150.jpg 200w, https:\/\/poesialleida.paeria.cat\/wp-content\/uploads\/2025\/03\/Estrats1_014-400x300.jpg 400w, https:\/\/poesialleida.paeria.cat\/wp-content\/uploads\/2025\/03\/Estrats1_014-600x450.jpg 600w, https:\/\/poesialleida.paeria.cat\/wp-content\/uploads\/2025\/03\/Estrats1_014-800x600.jpg 800w, https:\/\/poesialleida.paeria.cat\/wp-content\/uploads\/2025\/03\/Estrats1_014-1200x900.jpg 1200w, https:\/\/poesialleida.paeria.cat\/wp-content\/uploads\/2025\/03\/Estrats1_014.jpg 2000w\" sizes=\"(min-width: 2200px) 100vw, (min-width: 1399px) 191px, (min-width: 1307px) 229px, (min-width: 1215px) 286px, (min-width: 1124px) 382px, (min-width: 1032px) 573px, (min-width: 940px) 1032px, \" \/><\/a><\/div><\/div><div style=\"padding:5px;\" class=\"fusion-grid-column fusion-gallery-column fusion-gallery-column-6 hover-type-none\"><div class=\"fusion-gallery-image\"><a href=\"https:\/\/poesialleida.paeria.cat\/wp-content\/uploads\/2025\/03\/Estrats1_015.jpg\" rel=\"noreferrer\" data-rel=\"iLightbox[gallery_image_1]\" class=\"fusion-lightbox\" target=\"_self\"><img decoding=\"async\" src=\"https:\/\/poesialleida.paeria.cat\/wp-content\/uploads\/2025\/03\/Estrats1_015.jpg\" width=\"2000\" height=\"1500\" alt=\"\" title=\"Estrats1_015\" aria-label=\"Estrats1_015\" class=\"img-responsive wp-image-3958\" srcset=\"https:\/\/poesialleida.paeria.cat\/wp-content\/uploads\/2025\/03\/Estrats1_015-200x150.jpg 200w, https:\/\/poesialleida.paeria.cat\/wp-content\/uploads\/2025\/03\/Estrats1_015-400x300.jpg 400w, https:\/\/poesialleida.paeria.cat\/wp-content\/uploads\/2025\/03\/Estrats1_015-600x450.jpg 600w, https:\/\/poesialleida.paeria.cat\/wp-content\/uploads\/2025\/03\/Estrats1_015-800x600.jpg 800w, https:\/\/poesialleida.paeria.cat\/wp-content\/uploads\/2025\/03\/Estrats1_015-1200x900.jpg 1200w, https:\/\/poesialleida.paeria.cat\/wp-content\/uploads\/2025\/03\/Estrats1_015.jpg 2000w\" sizes=\"(min-width: 2200px) 100vw, (min-width: 1399px) 191px, (min-width: 1307px) 229px, (min-width: 1215px) 286px, (min-width: 1124px) 382px, (min-width: 1032px) 573px, (min-width: 940px) 1032px, \" \/><\/a><\/div><\/div><div class=\"clearfix\"><\/div><\/div><\/div><\/div><\/div><\/div><\/div><div class=\"fusion-fullwidth fullwidth-box fusion-builder-row-3 fusion-flex-container has-pattern-background has-mask-background hundred-percent-fullwidth non-hundred-percent-height-scrolling\" style=\"--awb-background-position:left top;--awb-border-radius-top-left:0px;--awb-border-radius-top-right:0px;--awb-border-radius-bottom-right:0px;--awb-border-radius-bottom-left:0px;--awb-padding-top:0px;--awb-padding-right:0px;--awb-padding-bottom:40px;--awb-padding-left:0px;--awb-padding-top-small:0px;--awb-padding-bottom-small:40px;--awb-flex-wrap:wrap;\" ><div class=\"fusion-builder-row fusion-row fusion-flex-align-items-flex-start fusion-flex-content-wrap\" style=\"width:104% !important;max-width:104% !important;margin-left: calc(-4% \/ 2 );margin-right: calc(-4% \/ 2 );\"><div class=\"fusion-layout-column fusion_builder_column fusion-builder-column-9 fusion_builder_column_4_5 4_5 fusion-flex-column fusion-flex-align-self-stretch\" style=\"--awb-padding-top:30px;--awb-padding-right:15%;--awb-padding-bottom:30px;--awb-padding-left:15%;--awb-padding-top-small:10px;--awb-padding-right-small:5%;--awb-padding-bottom-small:0px;--awb-padding-left-small:10%;--awb-bg-color:var(--awb-custom_color_5);--awb-bg-color-hover:var(--awb-custom_color_5);--awb-bg-size:cover;--awb-width-large:80%;--awb-margin-top-large:0px;--awb-spacing-right-large:0px;--awb-margin-bottom-large:0px;--awb-spacing-left-large:0px;--awb-width-medium:100%;--awb-order-medium:0;--awb-spacing-right-medium:1.92%;--awb-spacing-left-medium:1.92%;--awb-width-small:100%;--awb-order-small:0;--awb-margin-top-small:0px;--awb-spacing-right-small:1.92%;--awb-margin-bottom-small:0px;--awb-spacing-left-small:1.92%;\" data-scroll-devices=\"small-visibility,medium-visibility,large-visibility\"><div class=\"fusion-column-wrapper fusion-column-has-shadow fusion-flex-justify-content-space-between fusion-content-layout-column\"><div class=\"fusion-title title fusion-title-7 fusion-sep-none fusion-title-text fusion-title-size-three\" style=\"--awb-text-color:var(--awb-color8);--awb-margin-top-small:30px;--awb-margin-right-small:0px;--awb-margin-bottom-small:20px;--awb-margin-left-small:0px;--awb-font-size:26px;\"><h3 class=\"fusion-title-heading title-heading-left fusion-responsive-typography-calculated\" style=\"margin:0;font-size:1em;--fontSize:26;line-height:1.5;\"><strong><span style=\"font-size: 33px;\">20<\/span><\/strong>\u00a0<span style=\"font-size: 20px;\">h<\/span> \u00b7 Caf\u00e8 del Teatre de l\u2019Escorxador. <span style=\"font-size: 20px;\">c\/ Roca Labrador, 2.<\/span><\/h3><\/div><\/div><\/div><div class=\"fusion-layout-column fusion_builder_column fusion-builder-column-10 fusion_builder_column_1_5 1_5 fusion-flex-column fusion-flex-align-self-stretch fusion-no-small-visibility\" style=\"--awb-padding-top:15px;--awb-padding-bottom:10px;--awb-bg-color:var(--awb-custom_color_5);--awb-bg-color-hover:var(--awb-custom_color_5);--awb-bg-size:cover;--awb-width-large:20%;--awb-margin-top-large:0px;--awb-spacing-right-large:9.6%;--awb-margin-bottom-large:0px;--awb-spacing-left-large:0px;--awb-width-medium:100%;--awb-order-medium:0;--awb-spacing-right-medium:1.92%;--awb-spacing-left-medium:1.92%;--awb-width-small:100%;--awb-order-small:0;--awb-spacing-right-small:1.92%;--awb-spacing-left-small:1.92%;\" data-scroll-devices=\"small-visibility,medium-visibility,large-visibility\"><div class=\"fusion-column-wrapper fusion-column-has-shadow fusion-flex-justify-content-center fusion-content-layout-column\"><div class=\"fusion-image-element \" style=\"text-align:center;--awb-margin-top:0px;--awb-margin-bottom:0px;--awb-max-width:80px;--awb-caption-title-font-family:var(--h2_typography-font-family);--awb-caption-title-font-weight:var(--h2_typography-font-weight);--awb-caption-title-font-style:var(--h2_typography-font-style);--awb-caption-title-size:var(--h2_typography-font-size);--awb-caption-title-transform:var(--h2_typography-text-transform);--awb-caption-title-line-height:var(--h2_typography-line-height);--awb-caption-title-letter-spacing:var(--h2_typography-letter-spacing);\"><span class=\" fusion-imageframe imageframe-none imageframe-7 hover-type-none\"><img decoding=\"async\" width=\"500\" height=\"500\" title=\"Caf\u00e8 del Teatre\" src=\"https:\/\/poesialleida.paeria.cat\/wp-content\/uploads\/2025\/01\/Cafe-del-Teatre.jpeg\" alt class=\"img-responsive wp-image-3122\" srcset=\"https:\/\/poesialleida.paeria.cat\/wp-content\/uploads\/2025\/01\/Cafe-del-Teatre-200x200.jpeg 200w, https:\/\/poesialleida.paeria.cat\/wp-content\/uploads\/2025\/01\/Cafe-del-Teatre-400x400.jpeg 400w, https:\/\/poesialleida.paeria.cat\/wp-content\/uploads\/2025\/01\/Cafe-del-Teatre.jpeg 500w\" sizes=\"(max-width: 800px) 100vw, (max-width: 640px) 100vw, 400px\" \/><\/span><\/div><\/div><\/div><div class=\"fusion-layout-column fusion_builder_column fusion-builder-column-11 fusion_builder_column_4_5 4_5 fusion-flex-column\" style=\"--awb-padding-top:30px;--awb-padding-right:15%;--awb-padding-bottom:30px;--awb-padding-left:15%;--awb-padding-top-small:40px;--awb-padding-right-small:10%;--awb-padding-bottom-small:0px;--awb-padding-left-small:10%;--awb-bg-color:var(--awb-color5);--awb-bg-color-hover:var(--awb-color5);--awb-bg-size:cover;--awb-width-large:80%;--awb-margin-top-large:0px;--awb-spacing-right-large:0px;--awb-margin-bottom-large:0px;--awb-spacing-left-large:0px;--awb-width-medium:100%;--awb-order-medium:0;--awb-spacing-right-medium:1.92%;--awb-spacing-left-medium:1.92%;--awb-width-small:100%;--awb-order-small:0;--awb-spacing-right-small:1.92%;--awb-spacing-left-small:1.92%;\" data-scroll-devices=\"small-visibility,medium-visibility,large-visibility\"><div class=\"fusion-column-wrapper fusion-column-has-shadow fusion-flex-justify-content-flex-start fusion-content-layout-column\"><div class=\"fusion-title title fusion-title-8 fusion-sep-none fusion-title-text fusion-title-size-two\" style=\"--awb-text-color:var(--awb-custom12);--awb-margin-top-small:0px;--awb-margin-right-small:0px;--awb-margin-bottom-small:20px;--awb-margin-left-small:0px;--awb-font-size:40px;\"><h2 class=\"fusion-title-heading title-heading-left fusion-responsive-typography-calculated\" style=\"margin:0;font-size:1em;--fontSize:40;line-height:1;\">Estem d\u2019estrena!<\/h2><\/div><div class=\"fusion-title title fusion-title-9 fusion-sep-none fusion-title-text fusion-title-size-four\" style=\"--awb-text-color:var(--awb-color1);--awb-margin-top:10px;--awb-margin-top-small:0px;--awb-margin-right-small:0px;--awb-margin-bottom-small:20px;--awb-margin-left-small:0px;--awb-font-size:24px;\"><h4 class=\"fusion-title-heading title-heading-left fusion-responsive-typography-calculated\" style=\"margin:0;font-size:1em;--fontSize:24;line-height:1.5;\">Presentaci\u00f3 d\u2019Edicions La Biennal i del seu primer llibre, <em>La mem\u00f2ria del cos<\/em>, de Patricia Almarcegui<\/h4><\/div><\/div><\/div><div class=\"fusion-layout-column fusion_builder_column fusion-builder-column-12 fusion_builder_column_1_1 1_1 fusion-flex-column\" style=\"--awb-padding-right:100px;--awb-padding-bottom:30px;--awb-padding-left:100px;--awb-padding-top-small:0px;--awb-padding-right-small:5%;--awb-padding-bottom-small:0px;--awb-padding-left-small:5%;--awb-bg-size:cover;--awb-width-large:100%;--awb-margin-top-large:0px;--awb-spacing-right-large:1.92%;--awb-margin-bottom-large:0px;--awb-spacing-left-large:1.92%;--awb-width-medium:100%;--awb-order-medium:0;--awb-spacing-right-medium:1.92%;--awb-spacing-left-medium:1.92%;--awb-width-small:100%;--awb-order-small:0;--awb-margin-top-small:0px;--awb-spacing-right-small:1.92%;--awb-margin-bottom-small:0px;--awb-spacing-left-small:1.92%;\" data-scroll-devices=\"small-visibility,medium-visibility,large-visibility\"><div class=\"fusion-column-wrapper fusion-column-has-shadow fusion-flex-justify-content-flex-start fusion-content-layout-column\"><div class=\"fusion-builder-row fusion-builder-row-inner fusion-row fusion-flex-align-items-flex-start fusion-flex-content-wrap\" style=\"--awb-flex-grow:0;--awb-flex-grow-medium:0;--awb-flex-grow-small:0;--awb-flex-shrink:0;--awb-flex-shrink-medium:0;--awb-flex-shrink-small:0;width:104% !important;max-width:104% !important;margin-left: calc(-4% \/ 2 );margin-right: calc(-4% \/ 2 );\"><div class=\"fusion-layout-column fusion_builder_column_inner fusion-builder-nested-column-1 fusion_builder_column_inner_1_5 1_5 fusion-flex-column\" style=\"--awb-padding-right-small:10%;--awb-padding-bottom-small:20px;--awb-padding-left-small:10%;--awb-bg-size:cover;--awb-width-large:20%;--awb-margin-top-large:0px;--awb-spacing-right-large:-5px;--awb-margin-bottom-large:0px;--awb-spacing-left-large:9.6%;--awb-width-medium:100%;--awb-order-medium:0;--awb-spacing-right-medium:1.92%;--awb-spacing-left-medium:1.92%;--awb-width-small:100%;--awb-order-small:0;--awb-spacing-right-small:1.92%;--awb-spacing-left-small:1.92%;\" data-scroll-devices=\"small-visibility,medium-visibility,large-visibility\"><div class=\"fusion-column-wrapper fusion-column-has-shadow fusion-flex-justify-content-flex-start fusion-content-layout-column\"><div class=\"fusion-image-element \" style=\"--awb-caption-title-font-family:var(--h2_typography-font-family);--awb-caption-title-font-weight:var(--h2_typography-font-weight);--awb-caption-title-font-style:var(--h2_typography-font-style);--awb-caption-title-size:var(--h2_typography-font-size);--awb-caption-title-transform:var(--h2_typography-text-transform);--awb-caption-title-line-height:var(--h2_typography-line-height);--awb-caption-title-letter-spacing:var(--h2_typography-letter-spacing);\"><span class=\" fusion-imageframe imageframe-none imageframe-8 hover-type-none\"><img decoding=\"async\" width=\"1000\" height=\"1000\" title=\"La memo\u0300ria del cos_1\" src=\"https:\/\/poesialleida.paeria.cat\/wp-content\/uploads\/2025\/02\/La-memoria-del-cos_1.png\" alt class=\"img-responsive wp-image-3760\" srcset=\"https:\/\/poesialleida.paeria.cat\/wp-content\/uploads\/2025\/02\/La-memoria-del-cos_1-200x200.png 200w, https:\/\/poesialleida.paeria.cat\/wp-content\/uploads\/2025\/02\/La-memoria-del-cos_1-400x400.png 400w, https:\/\/poesialleida.paeria.cat\/wp-content\/uploads\/2025\/02\/La-memoria-del-cos_1-600x600.png 600w, https:\/\/poesialleida.paeria.cat\/wp-content\/uploads\/2025\/02\/La-memoria-del-cos_1-800x800.png 800w, https:\/\/poesialleida.paeria.cat\/wp-content\/uploads\/2025\/02\/La-memoria-del-cos_1.png 1000w\" sizes=\"(max-width: 800px) 100vw, (max-width: 640px) 100vw, 400px\" \/><\/span><\/div><div class=\"fusion-title title fusion-title-10 fusion-sep-none fusion-title-text fusion-title-size-three\" style=\"--awb-text-color:var(--awb-custom10);--awb-margin-bottom:20px;--awb-margin-top-small:0px;--awb-margin-right-small:0px;--awb-margin-bottom-small:20px;--awb-margin-left-small:0px;--awb-font-size:14px;\"><h3 class=\"fusion-title-heading title-heading-right fusion-responsive-typography-calculated\" style=\"margin:0;font-size:1em;--fontSize:14;--minFontSize:14;line-height:1.5;\"><\/h3><\/div><div class=\"fusion-title title fusion-title-11 fusion-sep-none fusion-title-text fusion-title-size-two\" style=\"--awb-margin-left:20px;--awb-margin-top-small:0px;--awb-margin-right-small:0px;--awb-margin-bottom-small:20px;--awb-margin-left-small:0px;--awb-font-size:var(--awb-typography1-font-size);\"><h2 class=\"fusion-title-heading title-heading-right fusion-responsive-typography-calculated\" style=\"font-family:var(--awb-typography1-font-family);font-weight:var(--awb-typography1-font-weight);font-style:var(--awb-typography1-font-style);margin:0;letter-spacing:var(--awb-typography1-letter-spacing);text-transform:var(--awb-typography1-text-transform);font-size:1em;--fontSize:28;line-height:var(--awb-typography1-line-height);\"><em>La mem\u00f2ria del cos<\/em><\/h2><\/div><\/div><\/div><\/div><\/div><\/div><div class=\"fusion-layout-column fusion_builder_column fusion-builder-column-13 fusion_builder_column_1_1 1_1 fusion-flex-column\" style=\"--awb-padding-top:30px;--awb-padding-right:10%;--awb-padding-bottom:20px;--awb-padding-left:10%;--awb-padding-top-small:0px;--awb-padding-bottom-small:20px;--awb-bg-size:cover;--awb-width-large:100%;--awb-margin-top-large:0px;--awb-spacing-right-large:1.92%;--awb-margin-bottom-large:0px;--awb-spacing-left-large:1.92%;--awb-width-medium:100%;--awb-order-medium:0;--awb-spacing-right-medium:1.92%;--awb-spacing-left-medium:1.92%;--awb-width-small:100%;--awb-order-small:0;--awb-spacing-right-small:1.92%;--awb-spacing-left-small:1.92%;\" data-scroll-devices=\"small-visibility,medium-visibility,large-visibility\"><div class=\"fusion-column-wrapper fusion-column-has-shadow fusion-flex-justify-content-flex-start fusion-content-layout-column\"><div class=\"fusion-text fusion-text-4 fusion-text-no-margin\" style=\"--awb-text-color:var(--awb-color5);--awb-margin-bottom:10px;\"><p>Participants: <span style=\"font-size: 24px;\"><strong>Nat\u00e0lia Virgili<\/strong>,<strong> Patricia Almarcegui <\/strong>i<strong> M. Teresa Fontanet\u00a0<\/strong><\/span><\/p>\n<\/div><div class=\"fusion-reading-box-container reading-box-container-2\" style=\"--awb-title-color:var(--awb-color8);--awb-margin-top:10px;--awb-margin-bottom:10px;\"><div class=\"reading-box\" style=\"background-color:var(--awb-custom_color_4);border-width:0px;border-color:var(--awb-color4);border-left-width:3px;border-left-color:var(--primary_color);border-style:solid;padding-top:30px;padding-bottom:30px;\"><div class=\"reading-box-additional\">\n<p>POESIA LLEIDA acull i celebra el naixement d\u2019una nova editorial lleidatana. La Biennal, editorial especialitzada en la \u201cnarrativa de les arts\u201d en catal\u00e0 amb l\u2019objectiu de ser un referent per difondre la import\u00e0ncia de l\u2019art.<\/p>\n<p>De la m\u00e0 de Nat\u00e0lia Virgili, gestora cultural i musicoterapeuta. Apassionada per les arts en general, per\u00f2 molt especialment per la m\u00fasica, uneix aquestes dues passions molt segurament, degut al seu entorn familiar de m\u00fasics i d\u2019editors, i per ser neta de Llu\u00eds Virgili i Farr\u00e0.<\/p>\n<p>Estrena el projecte amb el llibre <em>La mem\u00f2ria del cos<\/em>, de Patricia Almarcegui. Acompanyem l\u2019editora i l\u2019autora en el bateig del seu projecte!<\/p>\n<\/div><div class=\"fusion-clearfix\"><\/div><\/div><\/div><div class=\"fusion-text fusion-text-5\" style=\"--awb-text-color:var(--awb-custom12);--awb-margin-top:10px;\"><p>Entrada lliure i gratu\u00efta<\/p>\n<\/div><\/div><\/div><div class=\"fusion-layout-column fusion_builder_column fusion-builder-column-14 fusion_builder_column_1_1 1_1 fusion-flex-column\" style=\"--awb-padding-right:10%;--awb-padding-bottom:20px;--awb-padding-left:10%;--awb-padding-top-small:0px;--awb-padding-bottom-small:20px;--awb-bg-size:cover;--awb-width-large:100%;--awb-margin-top-large:0px;--awb-spacing-right-large:1.92%;--awb-margin-bottom-large:0px;--awb-spacing-left-large:1.92%;--awb-width-medium:100%;--awb-order-medium:0;--awb-spacing-right-medium:1.92%;--awb-spacing-left-medium:1.92%;--awb-width-small:100%;--awb-order-small:0;--awb-spacing-right-small:1.92%;--awb-spacing-left-small:1.92%;\" data-scroll-devices=\"small-visibility,medium-visibility,large-visibility\"><div class=\"fusion-column-wrapper fusion-column-has-shadow fusion-flex-justify-content-flex-start fusion-content-layout-row\"><div class=\"fusion-image-element \" style=\"--awb-max-width:150px;--awb-caption-title-font-family:var(--h2_typography-font-family);--awb-caption-title-font-weight:var(--h2_typography-font-weight);--awb-caption-title-font-style:var(--h2_typography-font-style);--awb-caption-title-size:var(--h2_typography-font-size);--awb-caption-title-transform:var(--h2_typography-text-transform);--awb-caption-title-line-height:var(--h2_typography-line-height);--awb-caption-title-letter-spacing:var(--h2_typography-letter-spacing);\"><span class=\" fusion-imageframe imageframe-none imageframe-9 hover-type-none\"><img decoding=\"async\" width=\"591\" height=\"114\" title=\"labiennal_logo\" src=\"https:\/\/poesialleida.paeria.cat\/wp-content\/uploads\/2025\/02\/labiennal_logo.png\" alt class=\"img-responsive wp-image-3621\" srcset=\"https:\/\/poesialleida.paeria.cat\/wp-content\/uploads\/2025\/02\/labiennal_logo-200x39.png 200w, https:\/\/poesialleida.paeria.cat\/wp-content\/uploads\/2025\/02\/labiennal_logo-400x77.png 400w, https:\/\/poesialleida.paeria.cat\/wp-content\/uploads\/2025\/02\/labiennal_logo.png 591w\" sizes=\"(max-width: 800px) 100vw, (max-width: 640px) 100vw, 591px\" \/><\/span><\/div><\/div><\/div><div class=\"fusion-layout-column fusion_builder_column fusion-builder-column-15 fusion_builder_column_1_1 1_1 fusion-flex-column\" style=\"--awb-padding-right:10%;--awb-padding-bottom:50px;--awb-padding-left:10%;--awb-padding-top-small:0px;--awb-padding-right-small:10%;--awb-padding-bottom-small:30px;--awb-padding-left-small:10%;--awb-bg-size:cover;--awb-width-large:100%;--awb-margin-top-large:0px;--awb-spacing-right-large:1.92%;--awb-margin-bottom-large:0px;--awb-spacing-left-large:1.92%;--awb-width-medium:100%;--awb-order-medium:0;--awb-spacing-right-medium:1.92%;--awb-spacing-left-medium:1.92%;--awb-width-small:100%;--awb-order-small:0;--awb-spacing-right-small:1.92%;--awb-spacing-left-small:1.92%;\" data-scroll-devices=\"small-visibility,medium-visibility,large-visibility\"><div class=\"fusion-column-wrapper fusion-column-has-shadow fusion-flex-justify-content-center fusion-content-layout-column\"><div class=\"fusion-separator fusion-full-width-sep\" style=\"align-self: center;margin-left: auto;margin-right: auto;margin-top:30px;margin-bottom:20px;width:100%;\"><div class=\"fusion-separator-border sep-single sep-solid\" style=\"--awb-height:20px;--awb-amount:20px;--awb-sep-color:var(--awb-color4);border-color:var(--awb-color4);border-top-width:1px;\"><\/div><\/div><div class=\"fusion-text fusion-text-6\" style=\"--awb-font-size:24px;--awb-text-font-family:&quot;Open Sans Condensed Light&quot;;--awb-text-font-style:normal;--awb-text-font-weight:400;\"><p>Galeria d&#8217;imatges<\/p>\n<\/div><div class=\"awb-gallery-wrapper awb-gallery-wrapper-2 button-span-no\" style=\"--more-btn-alignment:center;\"><div style=\"margin:-5px;--awb-aspect-ratio:1 \/ 1;--awb-bordersize:0px;\" class=\"fusion-gallery fusion-gallery-container fusion-grid-6 fusion-columns-total-4 fusion-gallery-layout-grid fusion-gallery-2 has-aspect-ratio\"><div style=\"padding:5px;\" class=\"fusion-grid-column fusion-gallery-column fusion-gallery-column-6 hover-type-none\"><div class=\"fusion-gallery-image\"><a href=\"https:\/\/poesialleida.paeria.cat\/wp-content\/uploads\/2025\/03\/Editorial-Biennal_001.jpg\" rel=\"noreferrer\" data-rel=\"iLightbox[gallery_image_2]\" class=\"fusion-lightbox\" target=\"_self\"><img decoding=\"async\" src=\"https:\/\/poesialleida.paeria.cat\/wp-content\/uploads\/2025\/03\/Editorial-Biennal_001.jpg\" width=\"2000\" height=\"1500\" alt=\"\" title=\"Editorial Biennal_001\" aria-label=\"Editorial Biennal_001\" class=\"img-responsive wp-image-3947\" srcset=\"https:\/\/poesialleida.paeria.cat\/wp-content\/uploads\/2025\/03\/Editorial-Biennal_001-200x150.jpg 200w, https:\/\/poesialleida.paeria.cat\/wp-content\/uploads\/2025\/03\/Editorial-Biennal_001-400x300.jpg 400w, https:\/\/poesialleida.paeria.cat\/wp-content\/uploads\/2025\/03\/Editorial-Biennal_001-600x450.jpg 600w, https:\/\/poesialleida.paeria.cat\/wp-content\/uploads\/2025\/03\/Editorial-Biennal_001-800x600.jpg 800w, https:\/\/poesialleida.paeria.cat\/wp-content\/uploads\/2025\/03\/Editorial-Biennal_001-1200x900.jpg 1200w, https:\/\/poesialleida.paeria.cat\/wp-content\/uploads\/2025\/03\/Editorial-Biennal_001.jpg 2000w\" sizes=\"(min-width: 2200px) 100vw, (min-width: 1399px) 191px, (min-width: 1307px) 229px, (min-width: 1215px) 286px, (min-width: 1124px) 382px, (min-width: 1032px) 573px, (min-width: 940px) 1032px, \" \/><\/a><\/div><\/div><div style=\"padding:5px;\" class=\"fusion-grid-column fusion-gallery-column fusion-gallery-column-6 hover-type-none\"><div class=\"fusion-gallery-image\"><a href=\"https:\/\/poesialleida.paeria.cat\/wp-content\/uploads\/2025\/03\/Editorial-Biennal_004.jpg\" rel=\"noreferrer\" data-rel=\"iLightbox[gallery_image_2]\" class=\"fusion-lightbox\" target=\"_self\"><img decoding=\"async\" src=\"https:\/\/poesialleida.paeria.cat\/wp-content\/uploads\/2025\/03\/Editorial-Biennal_004.jpg\" width=\"2000\" height=\"1500\" alt=\"\" title=\"Editorial Biennal_004\" aria-label=\"Editorial Biennal_004\" class=\"img-responsive wp-image-3948\" srcset=\"https:\/\/poesialleida.paeria.cat\/wp-content\/uploads\/2025\/03\/Editorial-Biennal_004-200x150.jpg 200w, https:\/\/poesialleida.paeria.cat\/wp-content\/uploads\/2025\/03\/Editorial-Biennal_004-400x300.jpg 400w, https:\/\/poesialleida.paeria.cat\/wp-content\/uploads\/2025\/03\/Editorial-Biennal_004-600x450.jpg 600w, https:\/\/poesialleida.paeria.cat\/wp-content\/uploads\/2025\/03\/Editorial-Biennal_004-800x600.jpg 800w, https:\/\/poesialleida.paeria.cat\/wp-content\/uploads\/2025\/03\/Editorial-Biennal_004-1200x900.jpg 1200w, https:\/\/poesialleida.paeria.cat\/wp-content\/uploads\/2025\/03\/Editorial-Biennal_004.jpg 2000w\" sizes=\"(min-width: 2200px) 100vw, (min-width: 1399px) 191px, (min-width: 1307px) 229px, (min-width: 1215px) 286px, (min-width: 1124px) 382px, (min-width: 1032px) 573px, (min-width: 940px) 1032px, \" \/><\/a><\/div><\/div><div style=\"padding:5px;\" class=\"fusion-grid-column fusion-gallery-column fusion-gallery-column-6 hover-type-none\"><div class=\"fusion-gallery-image\"><a href=\"https:\/\/poesialleida.paeria.cat\/wp-content\/uploads\/2025\/03\/Editorial-Biennal_008.jpg\" rel=\"noreferrer\" data-rel=\"iLightbox[gallery_image_2]\" class=\"fusion-lightbox\" target=\"_self\"><img decoding=\"async\" src=\"https:\/\/poesialleida.paeria.cat\/wp-content\/uploads\/2025\/03\/Editorial-Biennal_008.jpg\" width=\"2000\" height=\"1500\" alt=\"\" title=\"Editorial Biennal_008\" aria-label=\"Editorial Biennal_008\" class=\"img-responsive wp-image-3949\" srcset=\"https:\/\/poesialleida.paeria.cat\/wp-content\/uploads\/2025\/03\/Editorial-Biennal_008-200x150.jpg 200w, https:\/\/poesialleida.paeria.cat\/wp-content\/uploads\/2025\/03\/Editorial-Biennal_008-400x300.jpg 400w, https:\/\/poesialleida.paeria.cat\/wp-content\/uploads\/2025\/03\/Editorial-Biennal_008-600x450.jpg 600w, https:\/\/poesialleida.paeria.cat\/wp-content\/uploads\/2025\/03\/Editorial-Biennal_008-800x600.jpg 800w, https:\/\/poesialleida.paeria.cat\/wp-content\/uploads\/2025\/03\/Editorial-Biennal_008-1200x900.jpg 1200w, https:\/\/poesialleida.paeria.cat\/wp-content\/uploads\/2025\/03\/Editorial-Biennal_008.jpg 2000w\" sizes=\"(min-width: 2200px) 100vw, (min-width: 1399px) 191px, (min-width: 1307px) 229px, (min-width: 1215px) 286px, (min-width: 1124px) 382px, (min-width: 1032px) 573px, (min-width: 940px) 1032px, \" \/><\/a><\/div><\/div><div style=\"padding:5px;\" class=\"fusion-grid-column fusion-gallery-column fusion-gallery-column-6 hover-type-none\"><div class=\"fusion-gallery-image\"><a href=\"https:\/\/poesialleida.paeria.cat\/wp-content\/uploads\/2025\/03\/Editorial-Biennal_009.jpg\" rel=\"noreferrer\" data-rel=\"iLightbox[gallery_image_2]\" class=\"fusion-lightbox\" target=\"_self\"><img decoding=\"async\" src=\"https:\/\/poesialleida.paeria.cat\/wp-content\/uploads\/2025\/03\/Editorial-Biennal_009.jpg\" width=\"2000\" height=\"1500\" alt=\"\" title=\"Editorial Biennal_009\" aria-label=\"Editorial Biennal_009\" class=\"img-responsive wp-image-3950\" srcset=\"https:\/\/poesialleida.paeria.cat\/wp-content\/uploads\/2025\/03\/Editorial-Biennal_009-200x150.jpg 200w, https:\/\/poesialleida.paeria.cat\/wp-content\/uploads\/2025\/03\/Editorial-Biennal_009-400x300.jpg 400w, https:\/\/poesialleida.paeria.cat\/wp-content\/uploads\/2025\/03\/Editorial-Biennal_009-600x450.jpg 600w, https:\/\/poesialleida.paeria.cat\/wp-content\/uploads\/2025\/03\/Editorial-Biennal_009-800x600.jpg 800w, https:\/\/poesialleida.paeria.cat\/wp-content\/uploads\/2025\/03\/Editorial-Biennal_009-1200x900.jpg 1200w, https:\/\/poesialleida.paeria.cat\/wp-content\/uploads\/2025\/03\/Editorial-Biennal_009.jpg 2000w\" sizes=\"(min-width: 2200px) 100vw, (min-width: 1399px) 191px, (min-width: 1307px) 229px, (min-width: 1215px) 286px, (min-width: 1124px) 382px, (min-width: 1032px) 573px, (min-width: 940px) 1032px, \" \/><\/a><\/div><\/div><\/div><\/div><\/div><\/div><\/div><\/div><\/p>\n","protected":false},"excerpt":{"rendered":"","protected":false},"author":1,"featured_media":0,"parent":0,"menu_order":0,"comment_status":"closed","ping_status":"closed","template":"100-width.php","meta":{"footnotes":""},"class_list":["post-3111","page","type-page","status-publish","hentry"],"yoast_head":"<!-- This site is optimized with the Yoast SEO plugin v27.5 - https:\/\/yoast.com\/product\/yoast-seo-wordpress\/ -->\n<title>Dimarts 18 - Poesia Lleida<\/title>\n<meta name=\"robots\" content=\"index, follow, max-snippet:-1, max-image-preview:large, max-video-preview:-1\" \/>\n<link rel=\"canonical\" href=\"https:\/\/poesialleida.paeria.cat\/index.php\/2025-dimarts-18\/\" \/>\n<meta property=\"og:locale\" content=\"es_ES\" \/>\n<meta property=\"og:type\" content=\"article\" \/>\n<meta property=\"og:title\" content=\"Dimarts 18 - Poesia Lleida\" \/>\n<meta property=\"og:url\" content=\"https:\/\/poesialleida.paeria.cat\/index.php\/2025-dimarts-18\/\" \/>\n<meta property=\"og:site_name\" content=\"Poesia Lleida\" \/>\n<meta property=\"article:modified_time\" content=\"2026-02-12T10:10:27+00:00\" \/>\n<meta name=\"twitter:card\" content=\"summary_large_image\" \/>\n<meta name=\"twitter:label1\" content=\"Tiempo de lectura\" \/>\n\t<meta name=\"twitter:data1\" content=\"6 minutos\" \/>\n<script type=\"application\/ld+json\" class=\"yoast-schema-graph\">{\"@context\":\"https:\\\/\\\/schema.org\",\"@graph\":[{\"@type\":\"WebPage\",\"@id\":\"https:\\\/\\\/poesialleida.paeria.cat\\\/index.php\\\/2025-dimarts-18\\\/\",\"url\":\"https:\\\/\\\/poesialleida.paeria.cat\\\/index.php\\\/2025-dimarts-18\\\/\",\"name\":\"Dimarts 18 - Poesia Lleida\",\"isPartOf\":{\"@id\":\"https:\\\/\\\/poesialleida.paeria.cat\\\/#website\"},\"datePublished\":\"2025-01-17T12:00:44+00:00\",\"dateModified\":\"2026-02-12T10:10:27+00:00\",\"breadcrumb\":{\"@id\":\"https:\\\/\\\/poesialleida.paeria.cat\\\/index.php\\\/2025-dimarts-18\\\/#breadcrumb\"},\"inLanguage\":\"es\",\"potentialAction\":[{\"@type\":\"ReadAction\",\"target\":[\"https:\\\/\\\/poesialleida.paeria.cat\\\/index.php\\\/2025-dimarts-18\\\/\"]}]},{\"@type\":\"BreadcrumbList\",\"@id\":\"https:\\\/\\\/poesialleida.paeria.cat\\\/index.php\\\/2025-dimarts-18\\\/#breadcrumb\",\"itemListElement\":[{\"@type\":\"ListItem\",\"position\":1,\"name\":\"Portada\",\"item\":\"https:\\\/\\\/poesialleida.paeria.cat\\\/\"},{\"@type\":\"ListItem\",\"position\":2,\"name\":\"Dimarts 18\"}]},{\"@type\":\"WebSite\",\"@id\":\"https:\\\/\\\/poesialleida.paeria.cat\\\/#website\",\"url\":\"https:\\\/\\\/poesialleida.paeria.cat\\\/\",\"name\":\"Poesia Lleida\",\"description\":\"Festival de Poesia a Lleida\",\"potentialAction\":[{\"@type\":\"SearchAction\",\"target\":{\"@type\":\"EntryPoint\",\"urlTemplate\":\"https:\\\/\\\/poesialleida.paeria.cat\\\/?s={search_term_string}\"},\"query-input\":{\"@type\":\"PropertyValueSpecification\",\"valueRequired\":true,\"valueName\":\"search_term_string\"}}],\"inLanguage\":\"es\"}]}<\/script>\n<!-- \/ Yoast SEO plugin. -->","yoast_head_json":{"title":"Dimarts 18 - Poesia Lleida","robots":{"index":"index","follow":"follow","max-snippet":"max-snippet:-1","max-image-preview":"max-image-preview:large","max-video-preview":"max-video-preview:-1"},"canonical":"https:\/\/poesialleida.paeria.cat\/index.php\/2025-dimarts-18\/","og_locale":"es_ES","og_type":"article","og_title":"Dimarts 18 - Poesia Lleida","og_url":"https:\/\/poesialleida.paeria.cat\/index.php\/2025-dimarts-18\/","og_site_name":"Poesia Lleida","article_modified_time":"2026-02-12T10:10:27+00:00","twitter_card":"summary_large_image","twitter_misc":{"Tiempo de lectura":"6 minutos"},"schema":{"@context":"https:\/\/schema.org","@graph":[{"@type":"WebPage","@id":"https:\/\/poesialleida.paeria.cat\/index.php\/2025-dimarts-18\/","url":"https:\/\/poesialleida.paeria.cat\/index.php\/2025-dimarts-18\/","name":"Dimarts 18 - Poesia Lleida","isPartOf":{"@id":"https:\/\/poesialleida.paeria.cat\/#website"},"datePublished":"2025-01-17T12:00:44+00:00","dateModified":"2026-02-12T10:10:27+00:00","breadcrumb":{"@id":"https:\/\/poesialleida.paeria.cat\/index.php\/2025-dimarts-18\/#breadcrumb"},"inLanguage":"es","potentialAction":[{"@type":"ReadAction","target":["https:\/\/poesialleida.paeria.cat\/index.php\/2025-dimarts-18\/"]}]},{"@type":"BreadcrumbList","@id":"https:\/\/poesialleida.paeria.cat\/index.php\/2025-dimarts-18\/#breadcrumb","itemListElement":[{"@type":"ListItem","position":1,"name":"Portada","item":"https:\/\/poesialleida.paeria.cat\/"},{"@type":"ListItem","position":2,"name":"Dimarts 18"}]},{"@type":"WebSite","@id":"https:\/\/poesialleida.paeria.cat\/#website","url":"https:\/\/poesialleida.paeria.cat\/","name":"Poesia Lleida","description":"Festival de Poesia a Lleida","potentialAction":[{"@type":"SearchAction","target":{"@type":"EntryPoint","urlTemplate":"https:\/\/poesialleida.paeria.cat\/?s={search_term_string}"},"query-input":{"@type":"PropertyValueSpecification","valueRequired":true,"valueName":"search_term_string"}}],"inLanguage":"es"}]}},"_links":{"self":[{"href":"https:\/\/poesialleida.paeria.cat\/index.php\/wp-json\/wp\/v2\/pages\/3111","targetHints":{"allow":["GET"]}}],"collection":[{"href":"https:\/\/poesialleida.paeria.cat\/index.php\/wp-json\/wp\/v2\/pages"}],"about":[{"href":"https:\/\/poesialleida.paeria.cat\/index.php\/wp-json\/wp\/v2\/types\/page"}],"author":[{"embeddable":true,"href":"https:\/\/poesialleida.paeria.cat\/index.php\/wp-json\/wp\/v2\/users\/1"}],"replies":[{"embeddable":true,"href":"https:\/\/poesialleida.paeria.cat\/index.php\/wp-json\/wp\/v2\/comments?post=3111"}],"version-history":[{"count":71,"href":"https:\/\/poesialleida.paeria.cat\/index.php\/wp-json\/wp\/v2\/pages\/3111\/revisions"}],"predecessor-version":[{"id":4100,"href":"https:\/\/poesialleida.paeria.cat\/index.php\/wp-json\/wp\/v2\/pages\/3111\/revisions\/4100"}],"wp:attachment":[{"href":"https:\/\/poesialleida.paeria.cat\/index.php\/wp-json\/wp\/v2\/media?parent=3111"}],"curies":[{"name":"wp","href":"https:\/\/api.w.org\/{rel}","templated":true}]}}