{"id":3002,"date":"2025-01-14T11:33:19","date_gmt":"2025-01-14T11:33:19","guid":{"rendered":"https:\/\/poesialleida.paeria.cat\/?page_id=3002"},"modified":"2025-03-24T08:09:18","modified_gmt":"2025-03-24T08:09:18","slug":"2025-divendres-21","status":"publish","type":"page","link":"https:\/\/poesialleida.paeria.cat\/index.php\/2025-divendres-21\/","title":{"rendered":"Divendres 21"},"content":{"rendered":"<p><div class=\"fusion-fullwidth fullwidth-box fusion-builder-row-1 fusion-flex-container has-pattern-background has-mask-background hundred-percent-fullwidth non-hundred-percent-height-scrolling\" style=\"--awb-background-position:left top;--awb-border-radius-top-left:0px;--awb-border-radius-top-right:0px;--awb-border-radius-bottom-right:0px;--awb-border-radius-bottom-left:0px;--awb-padding-top:0px;--awb-padding-right:0px;--awb-padding-bottom:0px;--awb-padding-left:0px;--awb-flex-wrap:wrap;\" ><div class=\"fusion-builder-row fusion-row fusion-flex-align-items-flex-start fusion-flex-content-wrap\" style=\"width:104% !important;max-width:104% !important;margin-left: calc(-4% \/ 2 );margin-right: calc(-4% \/ 2 );\"><div class=\"fusion-layout-column fusion_builder_column fusion-builder-column-0 fusion_builder_column_4_5 4_5 fusion-flex-column\" style=\"--awb-padding-top:150px;--awb-padding-right:15%;--awb-padding-bottom:30px;--awb-padding-left:15%;--awb-padding-top-small:80px;--awb-padding-right-small:10%;--awb-padding-bottom-small:10px;--awb-padding-left-small:10%;--awb-bg-color:var(--awb-custom_color_2);--awb-bg-color-hover:var(--awb-custom_color_2);--awb-bg-size:cover;--awb-width-large:80%;--awb-margin-top-large:0px;--awb-spacing-right-large:0px;--awb-margin-bottom-large:0px;--awb-spacing-left-large:0px;--awb-width-medium:100%;--awb-order-medium:0;--awb-spacing-right-medium:1.92%;--awb-spacing-left-medium:1.92%;--awb-width-small:100%;--awb-order-small:0;--awb-spacing-right-small:1.92%;--awb-spacing-left-small:1.92%;\" data-scroll-devices=\"small-visibility,medium-visibility,large-visibility\"><div class=\"fusion-column-wrapper fusion-column-has-shadow fusion-flex-justify-content-flex-start fusion-content-layout-column\"><div class=\"fusion-title title fusion-title-1 fusion-sep-none fusion-title-text fusion-title-size-one\" style=\"--awb-text-color:var(--awb-color1);--awb-margin-top-small:0px;--awb-margin-right-small:0px;--awb-margin-bottom-small:20px;--awb-margin-left-small:0px;--awb-font-size:60px;\"><h1 class=\"fusion-title-heading title-heading-left fusion-responsive-typography-calculated\" style=\"margin:0;font-size:1em;--fontSize:60;line-height:1;\">Divendres <strong>21<\/strong><\/h1><\/div><\/div><\/div><div class=\"fusion-layout-column fusion_builder_column fusion-builder-column-1 fusion_builder_column_1_5 1_5 fusion-flex-column fusion-flex-align-self-stretch fusion-no-small-visibility\" style=\"--awb-padding-top:100px;--awb-padding-right:15%;--awb-padding-bottom:30px;--awb-padding-left:15%;--awb-padding-top-small:50px;--awb-padding-right-small:10%;--awb-padding-bottom-small:20px;--awb-padding-left-small:10%;--awb-bg-color:var(--awb-custom_color_2);--awb-bg-color-hover:var(--awb-custom_color_2);--awb-bg-size:cover;--awb-width-large:20%;--awb-margin-top-large:0px;--awb-spacing-right-large:0px;--awb-margin-bottom-large:0px;--awb-spacing-left-large:0px;--awb-width-medium:100%;--awb-order-medium:0;--awb-spacing-right-medium:1.92%;--awb-spacing-left-medium:1.92%;--awb-width-small:100%;--awb-order-small:0;--awb-spacing-right-small:1.92%;--awb-spacing-left-small:1.92%;\" data-scroll-devices=\"small-visibility,medium-visibility,large-visibility\"><div class=\"fusion-column-wrapper fusion-column-has-shadow fusion-flex-justify-content-space-between fusion-content-layout-column\"><\/div><\/div><\/div><\/div><div class=\"fusion-fullwidth fullwidth-box fusion-builder-row-2 fusion-flex-container has-pattern-background has-mask-background hundred-percent-fullwidth non-hundred-percent-height-scrolling\" style=\"--awb-background-position:left top;--awb-border-radius-top-left:0px;--awb-border-radius-top-right:0px;--awb-border-radius-bottom-right:0px;--awb-border-radius-bottom-left:0px;--awb-padding-top:0px;--awb-padding-right:0px;--awb-padding-bottom:40px;--awb-padding-left:0px;--awb-padding-top-small:0px;--awb-padding-bottom-small:40px;--awb-flex-wrap:wrap;\" ><div class=\"fusion-builder-row fusion-row fusion-flex-align-items-flex-start fusion-flex-content-wrap\" style=\"width:104% !important;max-width:104% !important;margin-left: calc(-4% \/ 2 );margin-right: calc(-4% \/ 2 );\"><div class=\"fusion-layout-column fusion_builder_column fusion-builder-column-2 fusion_builder_column_4_5 4_5 fusion-flex-column fusion-flex-align-self-stretch\" style=\"--awb-padding-top:30px;--awb-padding-right:15%;--awb-padding-bottom:30px;--awb-padding-left:15%;--awb-padding-top-small:10px;--awb-padding-right-small:5%;--awb-padding-bottom-small:0px;--awb-padding-left-small:10%;--awb-bg-color:var(--awb-custom_color_5);--awb-bg-color-hover:var(--awb-custom_color_5);--awb-bg-size:cover;--awb-width-large:80%;--awb-margin-top-large:0px;--awb-spacing-right-large:0px;--awb-margin-bottom-large:0px;--awb-spacing-left-large:0px;--awb-width-medium:100%;--awb-order-medium:0;--awb-spacing-right-medium:1.92%;--awb-spacing-left-medium:1.92%;--awb-width-small:100%;--awb-order-small:0;--awb-margin-top-small:0px;--awb-spacing-right-small:1.92%;--awb-margin-bottom-small:0px;--awb-spacing-left-small:1.92%;\" data-scroll-devices=\"small-visibility,medium-visibility,large-visibility\"><div class=\"fusion-column-wrapper fusion-column-has-shadow fusion-flex-justify-content-space-between fusion-content-layout-column\"><div class=\"fusion-title title fusion-title-2 fusion-sep-none fusion-title-text fusion-title-size-three\" style=\"--awb-text-color:var(--awb-color8);--awb-margin-top-small:30px;--awb-margin-right-small:0px;--awb-margin-bottom-small:20px;--awb-margin-left-small:0px;--awb-font-size:26px;\"><h3 class=\"fusion-title-heading title-heading-left fusion-responsive-typography-calculated\" style=\"margin:0;font-size:1em;--fontSize:26;line-height:1.5;\"><strong><span style=\"font-size: 33px;\">10 <\/span><\/strong><span style=\"font-size: 20px;\">h<\/span> \u00b7 Escola d\u2019Art Municipal Leandre Crist\u00f2fol. <span style=\"font-size: 20px;\">c\/ La Palma, 12.<\/span><\/h3><\/div><\/div><\/div><div class=\"fusion-layout-column fusion_builder_column fusion-builder-column-3 fusion_builder_column_1_5 1_5 fusion-flex-column fusion-flex-align-self-stretch fusion-no-small-visibility\" style=\"--awb-padding-top:15px;--awb-padding-bottom:10px;--awb-bg-color:var(--awb-custom_color_5);--awb-bg-color-hover:var(--awb-custom_color_5);--awb-bg-size:cover;--awb-width-large:20%;--awb-margin-top-large:0px;--awb-spacing-right-large:9.6%;--awb-margin-bottom-large:0px;--awb-spacing-left-large:0px;--awb-width-medium:100%;--awb-order-medium:0;--awb-spacing-right-medium:1.92%;--awb-spacing-left-medium:1.92%;--awb-width-small:100%;--awb-order-small:0;--awb-spacing-right-small:1.92%;--awb-spacing-left-small:1.92%;\" data-scroll-devices=\"small-visibility,medium-visibility,large-visibility\"><div class=\"fusion-column-wrapper fusion-column-has-shadow fusion-flex-justify-content-center fusion-content-layout-column\"><div class=\"fusion-image-element \" style=\"text-align:center;--awb-margin-top:0px;--awb-margin-bottom:0px;--awb-max-width:150px;--awb-caption-title-font-family:var(--h2_typography-font-family);--awb-caption-title-font-weight:var(--h2_typography-font-weight);--awb-caption-title-font-style:var(--h2_typography-font-style);--awb-caption-title-size:var(--h2_typography-font-size);--awb-caption-title-transform:var(--h2_typography-text-transform);--awb-caption-title-line-height:var(--h2_typography-line-height);--awb-caption-title-letter-spacing:var(--h2_typography-letter-spacing);\"><span class=\" fusion-imageframe imageframe-none imageframe-1 hover-type-none\"><img decoding=\"async\" width=\"652\" height=\"306\" title=\"Escola d\u2019Art Municipal Leandre Cristo\u0300fol\" src=\"https:\/\/poesialleida.paeria.cat\/wp-content\/uploads\/2025\/02\/Escola-dart-municipal-Leandre-Cristofol-.png\" alt class=\"img-responsive wp-image-3585\" srcset=\"https:\/\/poesialleida.paeria.cat\/wp-content\/uploads\/2025\/02\/Escola-dart-municipal-Leandre-Cristofol--200x94.png 200w, https:\/\/poesialleida.paeria.cat\/wp-content\/uploads\/2025\/02\/Escola-dart-municipal-Leandre-Cristofol--400x188.png 400w, https:\/\/poesialleida.paeria.cat\/wp-content\/uploads\/2025\/02\/Escola-dart-municipal-Leandre-Cristofol--600x282.png 600w, https:\/\/poesialleida.paeria.cat\/wp-content\/uploads\/2025\/02\/Escola-dart-municipal-Leandre-Cristofol-.png 652w\" sizes=\"(max-width: 800px) 100vw, (max-width: 640px) 100vw, 400px\" \/><\/span><\/div><\/div><\/div><div class=\"fusion-layout-column fusion_builder_column fusion-builder-column-4 fusion_builder_column_4_5 4_5 fusion-flex-column\" style=\"--awb-padding-top:30px;--awb-padding-right:15%;--awb-padding-bottom:30px;--awb-padding-left:10%;--awb-padding-top-small:40px;--awb-padding-right-small:10%;--awb-padding-bottom-small:0px;--awb-padding-left-small:10%;--awb-bg-color:var(--awb-color5);--awb-bg-color-hover:var(--awb-color5);--awb-bg-size:cover;--awb-width-large:80%;--awb-margin-top-large:0px;--awb-spacing-right-large:0px;--awb-margin-bottom-large:0px;--awb-spacing-left-large:0px;--awb-width-medium:100%;--awb-order-medium:0;--awb-spacing-right-medium:1.92%;--awb-spacing-left-medium:1.92%;--awb-width-small:100%;--awb-order-small:0;--awb-spacing-right-small:1.92%;--awb-spacing-left-small:1.92%;\" data-scroll-devices=\"small-visibility,medium-visibility,large-visibility\"><div class=\"fusion-column-wrapper fusion-column-has-shadow fusion-flex-justify-content-flex-start fusion-content-layout-column\"><div class=\"fusion-title title fusion-title-3 fusion-sep-none fusion-title-text fusion-title-size-two\" style=\"--awb-text-color:var(--awb-custom12);--awb-margin-top-small:0px;--awb-margin-right-small:0px;--awb-margin-bottom-small:20px;--awb-margin-left-small:0px;--awb-font-size:40px;\"><h2 class=\"fusion-title-heading title-heading-left fusion-responsive-typography-calculated\" style=\"margin:0;font-size:1em;--fontSize:40;line-height:1;\">Programaci\u00f3 educativa<\/h2><\/div><div class=\"fusion-title title fusion-title-4 fusion-sep-none fusion-title-text fusion-title-size-four\" style=\"--awb-text-color:var(--awb-color1);--awb-margin-top:10px;--awb-margin-top-small:0px;--awb-margin-right-small:0px;--awb-margin-bottom-small:20px;--awb-margin-left-small:0px;--awb-font-size:24px;\"><h4 class=\"fusion-title-heading title-heading-left fusion-responsive-typography-calculated\" style=\"margin:0;font-size:1em;--fontSize:24;line-height:1.5;\">Taller de poesia visual a c\u00e0rrec de Myriam Soteras dirigit a l&#8217;alumnat de 1r de Gr\u00e0fica-Fotografia de l\u2019EAM<\/h4><\/div><\/div><\/div><div class=\"fusion-layout-column fusion_builder_column fusion-builder-column-5 fusion_builder_column_1_1 1_1 fusion-flex-column\" style=\"--awb-padding-right:100px;--awb-padding-bottom:30px;--awb-padding-left:100px;--awb-padding-top-small:0px;--awb-padding-right-small:5%;--awb-padding-bottom-small:0px;--awb-padding-left-small:5%;--awb-bg-size:cover;--awb-width-large:100%;--awb-margin-top-large:0px;--awb-spacing-right-large:1.92%;--awb-margin-bottom-large:0px;--awb-spacing-left-large:1.92%;--awb-width-medium:100%;--awb-order-medium:0;--awb-spacing-right-medium:1.92%;--awb-spacing-left-medium:1.92%;--awb-width-small:100%;--awb-order-small:0;--awb-margin-top-small:0px;--awb-spacing-right-small:1.92%;--awb-margin-bottom-small:0px;--awb-spacing-left-small:1.92%;\" data-scroll-devices=\"small-visibility,medium-visibility,large-visibility\"><div class=\"fusion-column-wrapper fusion-column-has-shadow fusion-flex-justify-content-flex-start fusion-content-layout-column\"><div class=\"fusion-builder-row fusion-builder-row-inner fusion-row fusion-flex-align-items-flex-start fusion-flex-content-wrap\" style=\"--awb-flex-grow:0;--awb-flex-grow-medium:0;--awb-flex-grow-small:0;--awb-flex-shrink:0;--awb-flex-shrink-medium:0;--awb-flex-shrink-small:0;width:104% !important;max-width:104% !important;margin-left: calc(-4% \/ 2 );margin-right: calc(-4% \/ 2 );\"><div class=\"fusion-layout-column fusion_builder_column_inner fusion-builder-nested-column-0 fusion_builder_column_inner_1_5 1_5 fusion-flex-column\" style=\"--awb-padding-right-small:10%;--awb-padding-bottom-small:20px;--awb-padding-left-small:10%;--awb-bg-size:cover;--awb-width-large:20%;--awb-margin-top-large:0px;--awb-spacing-right-large:-5px;--awb-margin-bottom-large:0px;--awb-spacing-left-large:9.6%;--awb-width-medium:100%;--awb-order-medium:0;--awb-spacing-right-medium:1.92%;--awb-spacing-left-medium:1.92%;--awb-width-small:100%;--awb-order-small:0;--awb-spacing-right-small:1.92%;--awb-spacing-left-small:1.92%;\" data-scroll-devices=\"small-visibility,medium-visibility,large-visibility\"><div class=\"fusion-column-wrapper fusion-column-has-shadow fusion-flex-justify-content-flex-start fusion-content-layout-column\"><div class=\"fusion-image-element \" style=\"--awb-caption-title-font-family:var(--h2_typography-font-family);--awb-caption-title-font-weight:var(--h2_typography-font-weight);--awb-caption-title-font-style:var(--h2_typography-font-style);--awb-caption-title-size:var(--h2_typography-font-size);--awb-caption-title-transform:var(--h2_typography-text-transform);--awb-caption-title-line-height:var(--h2_typography-line-height);--awb-caption-title-letter-spacing:var(--h2_typography-letter-spacing);\"><span class=\" fusion-imageframe imageframe-none imageframe-2 hover-type-none\"><img decoding=\"async\" width=\"1000\" height=\"1000\" title=\"Taller Poesia Visual\" src=\"https:\/\/poesialleida.paeria.cat\/wp-content\/uploads\/2025\/02\/Taller-Poesia-Visual.jpeg\" alt class=\"img-responsive wp-image-3577\" srcset=\"https:\/\/poesialleida.paeria.cat\/wp-content\/uploads\/2025\/02\/Taller-Poesia-Visual-200x200.jpeg 200w, https:\/\/poesialleida.paeria.cat\/wp-content\/uploads\/2025\/02\/Taller-Poesia-Visual-400x400.jpeg 400w, https:\/\/poesialleida.paeria.cat\/wp-content\/uploads\/2025\/02\/Taller-Poesia-Visual-600x600.jpeg 600w, https:\/\/poesialleida.paeria.cat\/wp-content\/uploads\/2025\/02\/Taller-Poesia-Visual-800x800.jpeg 800w, https:\/\/poesialleida.paeria.cat\/wp-content\/uploads\/2025\/02\/Taller-Poesia-Visual.jpeg 1000w\" sizes=\"(max-width: 800px) 100vw, (max-width: 640px) 100vw, 400px\" \/><\/span><\/div><div class=\"fusion-title title fusion-title-5 fusion-sep-none fusion-title-text fusion-title-size-paragraph\" style=\"--awb-text-color:var(--awb-custom10);--awb-margin-bottom:20px;--awb-margin-top-small:0px;--awb-margin-right-small:0px;--awb-margin-bottom-small:20px;--awb-margin-left-small:0px;--awb-font-size:14px;\"><p class=\"fusion-title-heading title-heading-right title-heading-tag fusion-responsive-typography-calculated\" style=\"margin:0;font-size:1em;--fontSize:14;--minFontSize:14;line-height:1.5;\"><\/p><\/div><div class=\"fusion-title title fusion-title-6 fusion-sep-none fusion-title-text fusion-title-size-two\" style=\"--awb-margin-left:20px;--awb-margin-top-small:0px;--awb-margin-right-small:0px;--awb-margin-bottom-small:20px;--awb-margin-left-small:0px;--awb-font-size:var(--awb-typography1-font-size);\"><h2 class=\"fusion-title-heading title-heading-right fusion-responsive-typography-calculated\" style=\"font-family:var(--awb-typography1-font-family);font-weight:var(--awb-typography1-font-weight);font-style:var(--awb-typography1-font-style);margin:0;letter-spacing:var(--awb-typography1-letter-spacing);text-transform:var(--awb-typography1-text-transform);font-size:1em;--fontSize:28;line-height:var(--awb-typography1-line-height);\">Taller de poesia visual<\/h2><\/div><\/div><\/div><\/div><\/div><\/div><div class=\"fusion-layout-column fusion_builder_column fusion-builder-column-6 fusion_builder_column_1_1 1_1 fusion-flex-column\" style=\"--awb-padding-top:30px;--awb-padding-right:10%;--awb-padding-bottom:20px;--awb-padding-left:10%;--awb-padding-top-small:0px;--awb-padding-bottom-small:20px;--awb-bg-size:cover;--awb-width-large:100%;--awb-margin-top-large:0px;--awb-spacing-right-large:1.92%;--awb-margin-bottom-large:0px;--awb-spacing-left-large:1.92%;--awb-width-medium:100%;--awb-order-medium:0;--awb-spacing-right-medium:1.92%;--awb-spacing-left-medium:1.92%;--awb-width-small:100%;--awb-order-small:0;--awb-spacing-right-small:1.92%;--awb-spacing-left-small:1.92%;\" data-scroll-devices=\"small-visibility,medium-visibility,large-visibility\"><div class=\"fusion-column-wrapper fusion-column-has-shadow fusion-flex-justify-content-center fusion-content-layout-column\"><div class=\"fusion-text fusion-text-1 fusion-text-no-margin\" style=\"--awb-text-color:var(--awb-color5);--awb-margin-bottom:10px;\"><p>Participants:<span style=\"font-size: 24px;\"><strong> Myriam Soteras<\/strong>, directora del taller i alumnes de l\u2019EAM<\/span><\/p>\n<\/div><div class=\"fusion-reading-box-container reading-box-container-1\" style=\"--awb-title-color:var(--awb-color8);--awb-margin-top:10px;--awb-margin-bottom:10px;\"><div class=\"reading-box\" style=\"background-color:var(--awb-custom_color_4);border-width:0px;border-color:var(--awb-color4);border-left-width:3px;border-left-color:var(--primary_color);border-style:solid;padding-top:30px;padding-bottom:30px;\"><div class=\"reading-box-additional\">\n<p>Dirigida per Myriam Soteras, tallerista i formadora a l\u2019Escola d\u2019Escriptura de l\u2019Ateneu Barcelon\u00e8s, 80g Escola d\u2019Escriptura, AELC, Biblioteques de Catalunya i Casa Golferichs.<\/p>\n<p>Aquesta activitat educativa combina la descoberta, la reflexi\u00f3 i la pr\u00e0ctica. Es donaran a con\u00e8ixer referents de la poesia visual cl\u00e0ssica i contempor\u00e0nia i es comentaran tot tipus de poemes visuals, des de la \u201ccode-poetry\u201d fins a la performance, la instal\u00b7laci\u00f3, el collage, el poema objecte o el cal\u00b7ligrama. Es debatr\u00e0 sobre els elements constitutius del fet po\u00e8tic (imatge, ritme, harmonia, misteri, codi) a partir del q\u00fcestionament del \u201cc\u00e0non\u201d literari i art\u00edstic.<\/p>\n<\/div><div class=\"fusion-clearfix\"><\/div><\/div><\/div><\/div><\/div><div class=\"fusion-layout-column fusion_builder_column fusion-builder-column-7 fusion_builder_column_1_1 1_1 fusion-flex-column\" style=\"--awb-padding-right:10%;--awb-padding-bottom:50px;--awb-padding-left:10%;--awb-padding-top-small:0px;--awb-padding-right-small:10%;--awb-padding-bottom-small:30px;--awb-padding-left-small:10%;--awb-bg-size:cover;--awb-width-large:100%;--awb-margin-top-large:0px;--awb-spacing-right-large:1.92%;--awb-margin-bottom-large:0px;--awb-spacing-left-large:1.92%;--awb-width-medium:100%;--awb-order-medium:0;--awb-spacing-right-medium:1.92%;--awb-spacing-left-medium:1.92%;--awb-width-small:100%;--awb-order-small:0;--awb-spacing-right-small:1.92%;--awb-spacing-left-small:1.92%;\" data-scroll-devices=\"small-visibility,medium-visibility,large-visibility\"><div class=\"fusion-column-wrapper fusion-column-has-shadow fusion-flex-justify-content-center fusion-content-layout-column\"><div class=\"fusion-separator fusion-full-width-sep\" style=\"align-self: center;margin-left: auto;margin-right: auto;margin-top:30px;margin-bottom:20px;width:100%;\"><div class=\"fusion-separator-border sep-single sep-solid\" style=\"--awb-height:20px;--awb-amount:20px;--awb-sep-color:var(--awb-color4);border-color:var(--awb-color4);border-top-width:1px;\"><\/div><\/div><div class=\"fusion-text fusion-text-2\" style=\"--awb-font-size:24px;--awb-text-font-family:&quot;Open Sans Condensed Light&quot;;--awb-text-font-style:normal;--awb-text-font-weight:400;\"><p>Galeria d&#8217;imatges<\/p>\n<\/div><div class=\"awb-gallery-wrapper awb-gallery-wrapper-1 button-span-no\" style=\"--more-btn-alignment:center;\"><div style=\"margin:-5px;--awb-aspect-ratio:1 \/ 1;--awb-bordersize:0px;\" class=\"fusion-gallery fusion-gallery-container fusion-grid-6 fusion-columns-total-6 fusion-gallery-layout-grid fusion-gallery-1 has-aspect-ratio\"><div style=\"padding:5px;\" class=\"fusion-grid-column fusion-gallery-column fusion-gallery-column-6 hover-type-none\"><div class=\"fusion-gallery-image\"><a href=\"https:\/\/poesialleida.paeria.cat\/wp-content\/uploads\/2025\/03\/POESIA-LLEIDA_Taller-EAM_1.jpg\" rel=\"noreferrer\" data-rel=\"iLightbox[gallery_image_1]\" class=\"fusion-lightbox\" target=\"_self\"><img decoding=\"async\" src=\"https:\/\/poesialleida.paeria.cat\/wp-content\/uploads\/2025\/03\/POESIA-LLEIDA_Taller-EAM_1.jpg\" width=\"2000\" height=\"900\" alt=\"\" title=\"POESIA LLEIDA_Taller EAM_1\" aria-label=\"POESIA LLEIDA_Taller EAM_1\" class=\"img-responsive wp-image-3997\" srcset=\"https:\/\/poesialleida.paeria.cat\/wp-content\/uploads\/2025\/03\/POESIA-LLEIDA_Taller-EAM_1-200x90.jpg 200w, https:\/\/poesialleida.paeria.cat\/wp-content\/uploads\/2025\/03\/POESIA-LLEIDA_Taller-EAM_1-400x180.jpg 400w, https:\/\/poesialleida.paeria.cat\/wp-content\/uploads\/2025\/03\/POESIA-LLEIDA_Taller-EAM_1-600x270.jpg 600w, https:\/\/poesialleida.paeria.cat\/wp-content\/uploads\/2025\/03\/POESIA-LLEIDA_Taller-EAM_1-800x360.jpg 800w, https:\/\/poesialleida.paeria.cat\/wp-content\/uploads\/2025\/03\/POESIA-LLEIDA_Taller-EAM_1-1200x540.jpg 1200w, https:\/\/poesialleida.paeria.cat\/wp-content\/uploads\/2025\/03\/POESIA-LLEIDA_Taller-EAM_1.jpg 2000w\" sizes=\"(min-width: 2200px) 100vw, (min-width: 1399px) 191px, (min-width: 1307px) 229px, (min-width: 1215px) 286px, (min-width: 1124px) 382px, (min-width: 1032px) 573px, (min-width: 940px) 1032px, \" \/><\/a><\/div><\/div><div style=\"padding:5px;\" class=\"fusion-grid-column fusion-gallery-column fusion-gallery-column-6 hover-type-none\"><div class=\"fusion-gallery-image\"><a href=\"https:\/\/poesialleida.paeria.cat\/wp-content\/uploads\/2025\/03\/POESIA-LLEIDA_Taller-EAM_2.jpg\" rel=\"noreferrer\" data-rel=\"iLightbox[gallery_image_1]\" class=\"fusion-lightbox\" target=\"_self\"><img decoding=\"async\" src=\"https:\/\/poesialleida.paeria.cat\/wp-content\/uploads\/2025\/03\/POESIA-LLEIDA_Taller-EAM_2.jpg\" width=\"2000\" height=\"900\" alt=\"\" title=\"POESIA LLEIDA_Taller EAM_2\" aria-label=\"POESIA LLEIDA_Taller EAM_2\" class=\"img-responsive wp-image-3998\" srcset=\"https:\/\/poesialleida.paeria.cat\/wp-content\/uploads\/2025\/03\/POESIA-LLEIDA_Taller-EAM_2-200x90.jpg 200w, https:\/\/poesialleida.paeria.cat\/wp-content\/uploads\/2025\/03\/POESIA-LLEIDA_Taller-EAM_2-400x180.jpg 400w, https:\/\/poesialleida.paeria.cat\/wp-content\/uploads\/2025\/03\/POESIA-LLEIDA_Taller-EAM_2-600x270.jpg 600w, https:\/\/poesialleida.paeria.cat\/wp-content\/uploads\/2025\/03\/POESIA-LLEIDA_Taller-EAM_2-800x360.jpg 800w, https:\/\/poesialleida.paeria.cat\/wp-content\/uploads\/2025\/03\/POESIA-LLEIDA_Taller-EAM_2-1200x540.jpg 1200w, https:\/\/poesialleida.paeria.cat\/wp-content\/uploads\/2025\/03\/POESIA-LLEIDA_Taller-EAM_2.jpg 2000w\" sizes=\"(min-width: 2200px) 100vw, (min-width: 1399px) 191px, (min-width: 1307px) 229px, (min-width: 1215px) 286px, (min-width: 1124px) 382px, (min-width: 1032px) 573px, (min-width: 940px) 1032px, \" \/><\/a><\/div><\/div><div style=\"padding:5px;\" class=\"fusion-grid-column fusion-gallery-column fusion-gallery-column-6 hover-type-none\"><div class=\"fusion-gallery-image\"><a href=\"https:\/\/poesialleida.paeria.cat\/wp-content\/uploads\/2025\/03\/POESIA-LLEIDA_Taller-EAM_3.jpg\" rel=\"noreferrer\" data-rel=\"iLightbox[gallery_image_1]\" class=\"fusion-lightbox\" target=\"_self\"><img decoding=\"async\" src=\"https:\/\/poesialleida.paeria.cat\/wp-content\/uploads\/2025\/03\/POESIA-LLEIDA_Taller-EAM_3.jpg\" width=\"1800\" height=\"1802\" alt=\"\" title=\"POESIA LLEIDA_Taller EAM_3\" aria-label=\"POESIA LLEIDA_Taller EAM_3\" class=\"img-responsive wp-image-3999\" srcset=\"https:\/\/poesialleida.paeria.cat\/wp-content\/uploads\/2025\/03\/POESIA-LLEIDA_Taller-EAM_3-200x200.jpg 200w, https:\/\/poesialleida.paeria.cat\/wp-content\/uploads\/2025\/03\/POESIA-LLEIDA_Taller-EAM_3-400x400.jpg 400w, https:\/\/poesialleida.paeria.cat\/wp-content\/uploads\/2025\/03\/POESIA-LLEIDA_Taller-EAM_3-600x601.jpg 600w, https:\/\/poesialleida.paeria.cat\/wp-content\/uploads\/2025\/03\/POESIA-LLEIDA_Taller-EAM_3-800x801.jpg 800w, https:\/\/poesialleida.paeria.cat\/wp-content\/uploads\/2025\/03\/POESIA-LLEIDA_Taller-EAM_3-1200x1201.jpg 1200w, https:\/\/poesialleida.paeria.cat\/wp-content\/uploads\/2025\/03\/POESIA-LLEIDA_Taller-EAM_3.jpg 1800w\" sizes=\"(min-width: 2200px) 100vw, (min-width: 1399px) 191px, (min-width: 1307px) 229px, (min-width: 1215px) 286px, (min-width: 1124px) 382px, (min-width: 1032px) 573px, (min-width: 940px) 1032px, \" \/><\/a><\/div><\/div><div style=\"padding:5px;\" class=\"fusion-grid-column fusion-gallery-column fusion-gallery-column-6 hover-type-none\"><div class=\"fusion-gallery-image\"><a href=\"https:\/\/poesialleida.paeria.cat\/wp-content\/uploads\/2025\/03\/POESIA-LLEIDA_Taller-EAM_4.jpg\" rel=\"noreferrer\" data-rel=\"iLightbox[gallery_image_1]\" class=\"fusion-lightbox\" target=\"_self\"><img decoding=\"async\" src=\"https:\/\/poesialleida.paeria.cat\/wp-content\/uploads\/2025\/03\/POESIA-LLEIDA_Taller-EAM_4.jpg\" width=\"2000\" height=\"901\" alt=\"\" title=\"POESIA LLEIDA_Taller EAM_4\" aria-label=\"POESIA LLEIDA_Taller EAM_4\" class=\"img-responsive wp-image-4000\" srcset=\"https:\/\/poesialleida.paeria.cat\/wp-content\/uploads\/2025\/03\/POESIA-LLEIDA_Taller-EAM_4-200x90.jpg 200w, https:\/\/poesialleida.paeria.cat\/wp-content\/uploads\/2025\/03\/POESIA-LLEIDA_Taller-EAM_4-400x180.jpg 400w, https:\/\/poesialleida.paeria.cat\/wp-content\/uploads\/2025\/03\/POESIA-LLEIDA_Taller-EAM_4-600x270.jpg 600w, https:\/\/poesialleida.paeria.cat\/wp-content\/uploads\/2025\/03\/POESIA-LLEIDA_Taller-EAM_4-800x360.jpg 800w, https:\/\/poesialleida.paeria.cat\/wp-content\/uploads\/2025\/03\/POESIA-LLEIDA_Taller-EAM_4-1200x541.jpg 1200w, https:\/\/poesialleida.paeria.cat\/wp-content\/uploads\/2025\/03\/POESIA-LLEIDA_Taller-EAM_4.jpg 2000w\" sizes=\"(min-width: 2200px) 100vw, (min-width: 1399px) 191px, (min-width: 1307px) 229px, (min-width: 1215px) 286px, (min-width: 1124px) 382px, (min-width: 1032px) 573px, (min-width: 940px) 1032px, \" \/><\/a><\/div><\/div><div style=\"padding:5px;\" class=\"fusion-grid-column fusion-gallery-column fusion-gallery-column-6 hover-type-none\"><div class=\"fusion-gallery-image\"><a href=\"https:\/\/poesialleida.paeria.cat\/wp-content\/uploads\/2025\/03\/POESIA-LLEIDA_Taller-EAM_6.jpg\" rel=\"noreferrer\" data-rel=\"iLightbox[gallery_image_1]\" class=\"fusion-lightbox\" target=\"_self\"><img decoding=\"async\" src=\"https:\/\/poesialleida.paeria.cat\/wp-content\/uploads\/2025\/03\/POESIA-LLEIDA_Taller-EAM_6.jpg\" width=\"1291\" height=\"2000\" alt=\"\" title=\"POESIA LLEIDA_Taller EAM_6\" aria-label=\"POESIA LLEIDA_Taller EAM_6\" class=\"img-responsive wp-image-4002\" srcset=\"https:\/\/poesialleida.paeria.cat\/wp-content\/uploads\/2025\/03\/POESIA-LLEIDA_Taller-EAM_6-200x310.jpg 200w, https:\/\/poesialleida.paeria.cat\/wp-content\/uploads\/2025\/03\/POESIA-LLEIDA_Taller-EAM_6-400x620.jpg 400w, https:\/\/poesialleida.paeria.cat\/wp-content\/uploads\/2025\/03\/POESIA-LLEIDA_Taller-EAM_6-600x930.jpg 600w, https:\/\/poesialleida.paeria.cat\/wp-content\/uploads\/2025\/03\/POESIA-LLEIDA_Taller-EAM_6-800x1239.jpg 800w, https:\/\/poesialleida.paeria.cat\/wp-content\/uploads\/2025\/03\/POESIA-LLEIDA_Taller-EAM_6-1200x1859.jpg 1200w, https:\/\/poesialleida.paeria.cat\/wp-content\/uploads\/2025\/03\/POESIA-LLEIDA_Taller-EAM_6.jpg 1291w\" sizes=\"(min-width: 2200px) 100vw, (min-width: 1399px) 191px, (min-width: 1307px) 229px, (min-width: 1215px) 286px, (min-width: 1124px) 382px, (min-width: 1032px) 573px, (min-width: 940px) 1032px, \" \/><\/a><\/div><\/div><div style=\"padding:5px;\" class=\"fusion-grid-column fusion-gallery-column fusion-gallery-column-6 hover-type-none\"><div class=\"fusion-gallery-image\"><a href=\"https:\/\/poesialleida.paeria.cat\/wp-content\/uploads\/2025\/03\/POESIA-LLEIDA_Taller-EAM_8.jpg\" rel=\"noreferrer\" data-rel=\"iLightbox[gallery_image_1]\" class=\"fusion-lightbox\" target=\"_self\"><img decoding=\"async\" src=\"https:\/\/poesialleida.paeria.cat\/wp-content\/uploads\/2025\/03\/POESIA-LLEIDA_Taller-EAM_8.jpg\" width=\"2000\" height=\"901\" alt=\"\" title=\"POESIA LLEIDA_Taller EAM_8\" aria-label=\"POESIA LLEIDA_Taller EAM_8\" class=\"img-responsive wp-image-4003\" srcset=\"https:\/\/poesialleida.paeria.cat\/wp-content\/uploads\/2025\/03\/POESIA-LLEIDA_Taller-EAM_8-200x90.jpg 200w, https:\/\/poesialleida.paeria.cat\/wp-content\/uploads\/2025\/03\/POESIA-LLEIDA_Taller-EAM_8-400x180.jpg 400w, https:\/\/poesialleida.paeria.cat\/wp-content\/uploads\/2025\/03\/POESIA-LLEIDA_Taller-EAM_8-600x270.jpg 600w, https:\/\/poesialleida.paeria.cat\/wp-content\/uploads\/2025\/03\/POESIA-LLEIDA_Taller-EAM_8-800x360.jpg 800w, https:\/\/poesialleida.paeria.cat\/wp-content\/uploads\/2025\/03\/POESIA-LLEIDA_Taller-EAM_8-1200x541.jpg 1200w, https:\/\/poesialleida.paeria.cat\/wp-content\/uploads\/2025\/03\/POESIA-LLEIDA_Taller-EAM_8.jpg 2000w\" sizes=\"(min-width: 2200px) 100vw, (min-width: 1399px) 191px, (min-width: 1307px) 229px, (min-width: 1215px) 286px, (min-width: 1124px) 382px, (min-width: 1032px) 573px, (min-width: 940px) 1032px, \" \/><\/a><\/div><\/div><div class=\"clearfix\"><\/div><\/div><\/div><\/div><\/div><\/div><\/div><div class=\"fusion-fullwidth fullwidth-box fusion-builder-row-3 fusion-flex-container has-pattern-background has-mask-background hundred-percent-fullwidth non-hundred-percent-height-scrolling\" style=\"--awb-background-position:left top;--awb-border-radius-top-left:0px;--awb-border-radius-top-right:0px;--awb-border-radius-bottom-right:0px;--awb-border-radius-bottom-left:0px;--awb-padding-top:0px;--awb-padding-right:0px;--awb-padding-bottom:40px;--awb-padding-left:0px;--awb-padding-top-small:0px;--awb-padding-bottom-small:40px;--awb-flex-wrap:wrap;\" ><div class=\"fusion-builder-row fusion-row fusion-flex-align-items-flex-start fusion-flex-content-wrap\" style=\"width:104% !important;max-width:104% !important;margin-left: calc(-4% \/ 2 );margin-right: calc(-4% \/ 2 );\"><div class=\"fusion-layout-column fusion_builder_column fusion-builder-column-8 fusion_builder_column_4_5 4_5 fusion-flex-column fusion-flex-align-self-stretch\" style=\"--awb-padding-top:30px;--awb-padding-right:15%;--awb-padding-bottom:30px;--awb-padding-left:15%;--awb-padding-top-small:10px;--awb-padding-right-small:5%;--awb-padding-bottom-small:0px;--awb-padding-left-small:10%;--awb-bg-color:var(--awb-custom_color_5);--awb-bg-color-hover:var(--awb-custom_color_5);--awb-bg-size:cover;--awb-width-large:80%;--awb-margin-top-large:0px;--awb-spacing-right-large:0px;--awb-margin-bottom-large:0px;--awb-spacing-left-large:0px;--awb-width-medium:100%;--awb-order-medium:0;--awb-spacing-right-medium:1.92%;--awb-spacing-left-medium:1.92%;--awb-width-small:100%;--awb-order-small:0;--awb-margin-top-small:0px;--awb-spacing-right-small:1.92%;--awb-margin-bottom-small:0px;--awb-spacing-left-small:1.92%;\" data-scroll-devices=\"small-visibility,medium-visibility,large-visibility\"><div class=\"fusion-column-wrapper fusion-column-has-shadow fusion-flex-justify-content-space-between fusion-content-layout-column\"><div class=\"fusion-title title fusion-title-7 fusion-sep-none fusion-title-text fusion-title-size-three\" style=\"--awb-text-color:var(--awb-color8);--awb-margin-top-small:30px;--awb-margin-right-small:0px;--awb-margin-bottom-small:20px;--awb-margin-left-small:0px;--awb-font-size:26px;\"><h3 class=\"fusion-title-heading title-heading-left fusion-responsive-typography-calculated\" style=\"margin:0;font-size:1em;--fontSize:26;line-height:1.5;\"><strong><span style=\"font-size: 33px;\">12 <\/span><\/strong><span style=\"font-size: 33px;\"><span style=\"font-size: 20px;\">h<\/span><\/span> \u00b7 Institut M\u00e0rius Torres. <span style=\"font-size: 20px;\">c\/ Narc\u00eds Monturiol, 2.<\/span><\/h3><\/div><\/div><\/div><div class=\"fusion-layout-column fusion_builder_column fusion-builder-column-9 fusion_builder_column_1_5 1_5 fusion-flex-column fusion-flex-align-self-stretch fusion-no-small-visibility\" style=\"--awb-padding-top:15px;--awb-padding-bottom:10px;--awb-bg-color:var(--awb-custom_color_5);--awb-bg-color-hover:var(--awb-custom_color_5);--awb-bg-size:cover;--awb-width-large:20%;--awb-margin-top-large:0px;--awb-spacing-right-large:9.6%;--awb-margin-bottom-large:0px;--awb-spacing-left-large:0px;--awb-width-medium:100%;--awb-order-medium:0;--awb-spacing-right-medium:1.92%;--awb-spacing-left-medium:1.92%;--awb-width-small:100%;--awb-order-small:0;--awb-spacing-right-small:1.92%;--awb-spacing-left-small:1.92%;\" data-scroll-devices=\"small-visibility,medium-visibility,large-visibility\"><div class=\"fusion-column-wrapper fusion-column-has-shadow fusion-flex-justify-content-center fusion-content-layout-column\"><div class=\"fusion-image-element \" style=\"text-align:center;--awb-margin-top:0px;--awb-margin-bottom:0px;--awb-max-width:120px;--awb-caption-title-font-family:var(--h2_typography-font-family);--awb-caption-title-font-weight:var(--h2_typography-font-weight);--awb-caption-title-font-style:var(--h2_typography-font-style);--awb-caption-title-size:var(--h2_typography-font-size);--awb-caption-title-transform:var(--h2_typography-text-transform);--awb-caption-title-line-height:var(--h2_typography-line-height);--awb-caption-title-letter-spacing:var(--h2_typography-letter-spacing);\"><span class=\" fusion-imageframe imageframe-none imageframe-3 hover-type-none\"><img decoding=\"async\" width=\"600\" height=\"424\" title=\"INS M\u00e0rius Torres\" src=\"https:\/\/poesialleida.paeria.cat\/wp-content\/uploads\/2025\/02\/Marius-Torres.png\" alt class=\"img-responsive wp-image-3587\" srcset=\"https:\/\/poesialleida.paeria.cat\/wp-content\/uploads\/2025\/02\/Marius-Torres-200x141.png 200w, https:\/\/poesialleida.paeria.cat\/wp-content\/uploads\/2025\/02\/Marius-Torres-400x283.png 400w, https:\/\/poesialleida.paeria.cat\/wp-content\/uploads\/2025\/02\/Marius-Torres.png 600w\" sizes=\"(max-width: 800px) 100vw, (max-width: 640px) 100vw, 400px\" \/><\/span><\/div><\/div><\/div><div class=\"fusion-layout-column fusion_builder_column fusion-builder-column-10 fusion_builder_column_4_5 4_5 fusion-flex-column\" style=\"--awb-padding-top:30px;--awb-padding-right:15%;--awb-padding-bottom:30px;--awb-padding-left:10%;--awb-padding-top-small:40px;--awb-padding-right-small:10%;--awb-padding-bottom-small:0px;--awb-padding-left-small:10%;--awb-bg-color:var(--awb-color5);--awb-bg-color-hover:var(--awb-color5);--awb-bg-size:cover;--awb-width-large:80%;--awb-margin-top-large:0px;--awb-spacing-right-large:0px;--awb-margin-bottom-large:0px;--awb-spacing-left-large:0px;--awb-width-medium:100%;--awb-order-medium:0;--awb-spacing-right-medium:1.92%;--awb-spacing-left-medium:1.92%;--awb-width-small:100%;--awb-order-small:0;--awb-spacing-right-small:1.92%;--awb-spacing-left-small:1.92%;\" data-scroll-devices=\"small-visibility,medium-visibility,large-visibility\"><div class=\"fusion-column-wrapper fusion-column-has-shadow fusion-flex-justify-content-flex-start fusion-content-layout-column\"><div class=\"fusion-title title fusion-title-8 fusion-sep-none fusion-title-text fusion-title-size-two\" style=\"--awb-text-color:var(--awb-custom12);--awb-margin-top-small:0px;--awb-margin-right-small:0px;--awb-margin-bottom-small:20px;--awb-margin-left-small:0px;--awb-font-size:40px;\"><h2 class=\"fusion-title-heading title-heading-left fusion-responsive-typography-calculated\" style=\"margin:0;font-size:1em;--fontSize:40;line-height:1;\">Programaci\u00f3 educativa<\/h2><\/div><div class=\"fusion-title title fusion-title-9 fusion-sep-none fusion-title-text fusion-title-size-four\" style=\"--awb-text-color:var(--awb-color1);--awb-margin-top:10px;--awb-margin-top-small:0px;--awb-margin-right-small:0px;--awb-margin-bottom-small:20px;--awb-margin-left-small:0px;--awb-font-size:24px;\"><h4 class=\"fusion-title-heading title-heading-left fusion-responsive-typography-calculated\" style=\"margin:0;font-size:1em;--fontSize:24;line-height:1.5;\">Taller de poesia visual a c\u00e0rrec de Myriam Soteras dirigit a l&#8217;alumnat de 1er Batxillerat de l\u2019Institut M\u00e0rius Torres de l\u2019assignatura Creaci\u00f3 liter\u00e0ria<\/h4><\/div><\/div><\/div><div class=\"fusion-layout-column fusion_builder_column fusion-builder-column-11 fusion_builder_column_1_1 1_1 fusion-flex-column\" style=\"--awb-padding-right:100px;--awb-padding-bottom:30px;--awb-padding-left:100px;--awb-padding-top-small:0px;--awb-padding-right-small:5%;--awb-padding-bottom-small:0px;--awb-padding-left-small:5%;--awb-bg-size:cover;--awb-width-large:100%;--awb-margin-top-large:0px;--awb-spacing-right-large:1.92%;--awb-margin-bottom-large:0px;--awb-spacing-left-large:1.92%;--awb-width-medium:100%;--awb-order-medium:0;--awb-spacing-right-medium:1.92%;--awb-spacing-left-medium:1.92%;--awb-width-small:100%;--awb-order-small:0;--awb-margin-top-small:0px;--awb-spacing-right-small:1.92%;--awb-margin-bottom-small:0px;--awb-spacing-left-small:1.92%;\" data-scroll-devices=\"small-visibility,medium-visibility,large-visibility\"><div class=\"fusion-column-wrapper fusion-column-has-shadow fusion-flex-justify-content-flex-start fusion-content-layout-column\"><div class=\"fusion-builder-row fusion-builder-row-inner fusion-row fusion-flex-align-items-flex-start fusion-flex-content-wrap\" style=\"--awb-flex-grow:0;--awb-flex-grow-medium:0;--awb-flex-grow-small:0;--awb-flex-shrink:0;--awb-flex-shrink-medium:0;--awb-flex-shrink-small:0;width:104% !important;max-width:104% !important;margin-left: calc(-4% \/ 2 );margin-right: calc(-4% \/ 2 );\"><div class=\"fusion-layout-column fusion_builder_column_inner fusion-builder-nested-column-1 fusion_builder_column_inner_1_5 1_5 fusion-flex-column\" style=\"--awb-padding-right-small:10%;--awb-padding-bottom-small:20px;--awb-padding-left-small:10%;--awb-bg-size:cover;--awb-width-large:20%;--awb-margin-top-large:0px;--awb-spacing-right-large:-5px;--awb-margin-bottom-large:0px;--awb-spacing-left-large:9.6%;--awb-width-medium:100%;--awb-order-medium:0;--awb-spacing-right-medium:1.92%;--awb-spacing-left-medium:1.92%;--awb-width-small:100%;--awb-order-small:0;--awb-spacing-right-small:1.92%;--awb-spacing-left-small:1.92%;\" data-scroll-devices=\"small-visibility,medium-visibility,large-visibility\"><div class=\"fusion-column-wrapper fusion-column-has-shadow fusion-flex-justify-content-flex-start fusion-content-layout-column\"><div class=\"fusion-image-element \" style=\"--awb-caption-title-font-family:var(--h2_typography-font-family);--awb-caption-title-font-weight:var(--h2_typography-font-weight);--awb-caption-title-font-style:var(--h2_typography-font-style);--awb-caption-title-size:var(--h2_typography-font-size);--awb-caption-title-transform:var(--h2_typography-text-transform);--awb-caption-title-line-height:var(--h2_typography-line-height);--awb-caption-title-letter-spacing:var(--h2_typography-letter-spacing);\"><span class=\" fusion-imageframe imageframe-none imageframe-4 hover-type-none\"><img decoding=\"async\" width=\"1000\" height=\"1000\" title=\"Taller Poesia Visual\" src=\"https:\/\/poesialleida.paeria.cat\/wp-content\/uploads\/2025\/02\/Taller-Poesia-Visual_1.jpeg\" alt class=\"img-responsive wp-image-3578\" srcset=\"https:\/\/poesialleida.paeria.cat\/wp-content\/uploads\/2025\/02\/Taller-Poesia-Visual_1-200x200.jpeg 200w, https:\/\/poesialleida.paeria.cat\/wp-content\/uploads\/2025\/02\/Taller-Poesia-Visual_1-400x400.jpeg 400w, https:\/\/poesialleida.paeria.cat\/wp-content\/uploads\/2025\/02\/Taller-Poesia-Visual_1-600x600.jpeg 600w, https:\/\/poesialleida.paeria.cat\/wp-content\/uploads\/2025\/02\/Taller-Poesia-Visual_1-800x800.jpeg 800w, https:\/\/poesialleida.paeria.cat\/wp-content\/uploads\/2025\/02\/Taller-Poesia-Visual_1.jpeg 1000w\" sizes=\"(max-width: 800px) 100vw, (max-width: 640px) 100vw, 400px\" \/><\/span><\/div><div class=\"fusion-title title fusion-title-10 fusion-sep-none fusion-title-text fusion-title-size-paragraph\" style=\"--awb-text-color:var(--awb-custom10);--awb-margin-bottom:20px;--awb-margin-top-small:0px;--awb-margin-right-small:0px;--awb-margin-bottom-small:20px;--awb-margin-left-small:0px;--awb-font-size:14px;\"><p class=\"fusion-title-heading title-heading-right title-heading-tag fusion-responsive-typography-calculated\" style=\"margin:0;font-size:1em;--fontSize:14;--minFontSize:14;line-height:1.5;\"><\/p><\/div><div class=\"fusion-title title fusion-title-11 fusion-sep-none fusion-title-text fusion-title-size-two\" style=\"--awb-margin-left:20px;--awb-margin-top-small:0px;--awb-margin-right-small:0px;--awb-margin-bottom-small:20px;--awb-margin-left-small:0px;--awb-font-size:var(--awb-typography1-font-size);\"><h2 class=\"fusion-title-heading title-heading-right fusion-responsive-typography-calculated\" style=\"font-family:var(--awb-typography1-font-family);font-weight:var(--awb-typography1-font-weight);font-style:var(--awb-typography1-font-style);margin:0;letter-spacing:var(--awb-typography1-letter-spacing);text-transform:var(--awb-typography1-text-transform);font-size:1em;--fontSize:28;line-height:var(--awb-typography1-line-height);\">Taller de poesia visual<\/h2><\/div><\/div><\/div><\/div><\/div><\/div><div class=\"fusion-layout-column fusion_builder_column fusion-builder-column-12 fusion_builder_column_1_1 1_1 fusion-flex-column\" style=\"--awb-padding-top:30px;--awb-padding-right:10%;--awb-padding-bottom:20px;--awb-padding-left:10%;--awb-padding-top-small:0px;--awb-padding-bottom-small:20px;--awb-bg-size:cover;--awb-width-large:100%;--awb-margin-top-large:0px;--awb-spacing-right-large:1.92%;--awb-margin-bottom-large:0px;--awb-spacing-left-large:1.92%;--awb-width-medium:100%;--awb-order-medium:0;--awb-spacing-right-medium:1.92%;--awb-spacing-left-medium:1.92%;--awb-width-small:100%;--awb-order-small:0;--awb-spacing-right-small:1.92%;--awb-spacing-left-small:1.92%;\" data-scroll-devices=\"small-visibility,medium-visibility,large-visibility\"><div class=\"fusion-column-wrapper fusion-column-has-shadow fusion-flex-justify-content-center fusion-content-layout-column\"><div class=\"fusion-text fusion-text-3 fusion-text-no-margin\" style=\"--awb-text-color:var(--awb-color5);--awb-margin-bottom:10px;\"><p>Participants:<span style=\"font-size: 24px;\"><strong> Myriam Soteras<\/strong>, directora del taller i alumnes de l&#8217;Institut M\u00e0rius Torres<\/span><\/p>\n<\/div><div class=\"fusion-reading-box-container reading-box-container-2\" style=\"--awb-title-color:var(--awb-color8);--awb-margin-top:10px;--awb-margin-bottom:10px;\"><div class=\"reading-box\" style=\"background-color:var(--awb-custom_color_4);border-width:0px;border-color:var(--awb-color4);border-left-width:3px;border-left-color:var(--primary_color);border-style:solid;padding-top:30px;padding-bottom:30px;\"><div class=\"reading-box-additional\">\n<p>Dirigida per Myriam Soteras, tallerista i formadora a l\u2019Escola d\u2019Escriptura de l\u2019Ateneu Barcelon\u00e8s, 80g Escola d\u2019Escriptura, AELC, Biblioteques de Catalunya i Casa Golferichs.<\/p>\n<p>Aquesta activitat educativa combina la descoberta, la reflexi\u00f3 i la pr\u00e0ctica. Es donaran a con\u00e8ixer referents de la poesia visual cl\u00e0ssica i contempor\u00e0nia i es comentaran tot tipus de poemes visuals, des de la \u201ccode-poetry\u201d fins a la performance, la instal\u00b7laci\u00f3, el collage, el poema objecte o el cal\u00b7ligrama. Es debatr\u00e0 sobre els elements constitutius del fet po\u00e8tic (imatge, ritme, harmonia, misteri, codi) a partir del q\u00fcestionament del \u201cc\u00e0non\u201d literari i art\u00edstic.<\/p>\n<\/div><div class=\"fusion-clearfix\"><\/div><\/div><\/div><\/div><\/div><div class=\"fusion-layout-column fusion_builder_column fusion-builder-column-13 fusion_builder_column_1_1 1_1 fusion-flex-column\" style=\"--awb-padding-right:10%;--awb-padding-bottom:50px;--awb-padding-left:10%;--awb-padding-top-small:0px;--awb-padding-right-small:10%;--awb-padding-bottom-small:30px;--awb-padding-left-small:10%;--awb-bg-size:cover;--awb-width-large:100%;--awb-margin-top-large:0px;--awb-spacing-right-large:1.92%;--awb-margin-bottom-large:0px;--awb-spacing-left-large:1.92%;--awb-width-medium:100%;--awb-order-medium:0;--awb-spacing-right-medium:1.92%;--awb-spacing-left-medium:1.92%;--awb-width-small:100%;--awb-order-small:0;--awb-spacing-right-small:1.92%;--awb-spacing-left-small:1.92%;\" data-scroll-devices=\"small-visibility,medium-visibility,large-visibility\"><div class=\"fusion-column-wrapper fusion-column-has-shadow fusion-flex-justify-content-center fusion-content-layout-column\"><div class=\"fusion-separator fusion-full-width-sep\" style=\"align-self: center;margin-left: auto;margin-right: auto;margin-top:30px;margin-bottom:20px;width:100%;\"><div class=\"fusion-separator-border sep-single sep-solid\" style=\"--awb-height:20px;--awb-amount:20px;--awb-sep-color:var(--awb-color4);border-color:var(--awb-color4);border-top-width:1px;\"><\/div><\/div><div class=\"fusion-text fusion-text-4\" style=\"--awb-font-size:24px;--awb-text-font-family:&quot;Open Sans Condensed Light&quot;;--awb-text-font-style:normal;--awb-text-font-weight:400;\"><p>Galeria d&#8217;imatges<\/p>\n<\/div><div class=\"awb-gallery-wrapper awb-gallery-wrapper-2 button-span-no\" style=\"--more-btn-alignment:center;\"><div style=\"margin:-5px;--awb-aspect-ratio:1 \/ 1;--awb-bordersize:0px;\" class=\"fusion-gallery fusion-gallery-container fusion-grid-6 fusion-columns-total-5 fusion-gallery-layout-grid fusion-gallery-2 has-aspect-ratio\"><div style=\"padding:5px;\" class=\"fusion-grid-column fusion-gallery-column fusion-gallery-column-6 hover-type-none\"><div class=\"fusion-gallery-image\"><a href=\"https:\/\/poesialleida.paeria.cat\/wp-content\/uploads\/2025\/03\/POESIA-LLEIDA_Taller-Marius_1.jpeg\" rel=\"noreferrer\" data-rel=\"iLightbox[gallery_image_2]\" class=\"fusion-lightbox\" target=\"_self\"><img decoding=\"async\" src=\"https:\/\/poesialleida.paeria.cat\/wp-content\/uploads\/2025\/03\/POESIA-LLEIDA_Taller-Marius_1.jpeg\" width=\"1500\" height=\"2000\" alt=\"\" title=\"POESIA LLEIDA_Taller Marius_1\" aria-label=\"POESIA LLEIDA_Taller Marius_1\" class=\"img-responsive wp-image-4008\" srcset=\"https:\/\/poesialleida.paeria.cat\/wp-content\/uploads\/2025\/03\/POESIA-LLEIDA_Taller-Marius_1-200x267.jpeg 200w, https:\/\/poesialleida.paeria.cat\/wp-content\/uploads\/2025\/03\/POESIA-LLEIDA_Taller-Marius_1-400x533.jpeg 400w, https:\/\/poesialleida.paeria.cat\/wp-content\/uploads\/2025\/03\/POESIA-LLEIDA_Taller-Marius_1-600x800.jpeg 600w, https:\/\/poesialleida.paeria.cat\/wp-content\/uploads\/2025\/03\/POESIA-LLEIDA_Taller-Marius_1-800x1067.jpeg 800w, https:\/\/poesialleida.paeria.cat\/wp-content\/uploads\/2025\/03\/POESIA-LLEIDA_Taller-Marius_1-1200x1600.jpeg 1200w, https:\/\/poesialleida.paeria.cat\/wp-content\/uploads\/2025\/03\/POESIA-LLEIDA_Taller-Marius_1.jpeg 1500w\" sizes=\"(min-width: 2200px) 100vw, (min-width: 1399px) 191px, (min-width: 1307px) 229px, (min-width: 1215px) 286px, (min-width: 1124px) 382px, (min-width: 1032px) 573px, (min-width: 940px) 1032px, \" \/><\/a><\/div><\/div><div style=\"padding:5px;\" class=\"fusion-grid-column fusion-gallery-column fusion-gallery-column-6 hover-type-none\"><div class=\"fusion-gallery-image\"><a href=\"https:\/\/poesialleida.paeria.cat\/wp-content\/uploads\/2025\/03\/POESIA-LLEIDA_Taller-Marius_2.jpeg\" rel=\"noreferrer\" data-rel=\"iLightbox[gallery_image_2]\" class=\"fusion-lightbox\" target=\"_self\"><img decoding=\"async\" src=\"https:\/\/poesialleida.paeria.cat\/wp-content\/uploads\/2025\/03\/POESIA-LLEIDA_Taller-Marius_2.jpeg\" width=\"1500\" height=\"2000\" alt=\"\" title=\"POESIA LLEIDA_Taller Marius_2\" aria-label=\"POESIA LLEIDA_Taller Marius_2\" class=\"img-responsive wp-image-4009\" srcset=\"https:\/\/poesialleida.paeria.cat\/wp-content\/uploads\/2025\/03\/POESIA-LLEIDA_Taller-Marius_2-200x267.jpeg 200w, https:\/\/poesialleida.paeria.cat\/wp-content\/uploads\/2025\/03\/POESIA-LLEIDA_Taller-Marius_2-400x533.jpeg 400w, https:\/\/poesialleida.paeria.cat\/wp-content\/uploads\/2025\/03\/POESIA-LLEIDA_Taller-Marius_2-600x800.jpeg 600w, https:\/\/poesialleida.paeria.cat\/wp-content\/uploads\/2025\/03\/POESIA-LLEIDA_Taller-Marius_2-800x1067.jpeg 800w, https:\/\/poesialleida.paeria.cat\/wp-content\/uploads\/2025\/03\/POESIA-LLEIDA_Taller-Marius_2-1200x1600.jpeg 1200w, https:\/\/poesialleida.paeria.cat\/wp-content\/uploads\/2025\/03\/POESIA-LLEIDA_Taller-Marius_2.jpeg 1500w\" sizes=\"(min-width: 2200px) 100vw, (min-width: 1399px) 191px, (min-width: 1307px) 229px, (min-width: 1215px) 286px, (min-width: 1124px) 382px, (min-width: 1032px) 573px, (min-width: 940px) 1032px, \" \/><\/a><\/div><\/div><div style=\"padding:5px;\" class=\"fusion-grid-column fusion-gallery-column fusion-gallery-column-6 hover-type-none\"><div class=\"fusion-gallery-image\"><a href=\"https:\/\/poesialleida.paeria.cat\/wp-content\/uploads\/2025\/03\/POESIA-LLEIDA_Taller-Marius_4.jpeg\" rel=\"noreferrer\" data-rel=\"iLightbox[gallery_image_2]\" class=\"fusion-lightbox\" target=\"_self\"><img decoding=\"async\" src=\"https:\/\/poesialleida.paeria.cat\/wp-content\/uploads\/2025\/03\/POESIA-LLEIDA_Taller-Marius_4.jpeg\" width=\"1500\" height=\"2000\" alt=\"\" title=\"POESIA LLEIDA_Taller Marius_4\" aria-label=\"POESIA LLEIDA_Taller Marius_4\" class=\"img-responsive wp-image-4011\" srcset=\"https:\/\/poesialleida.paeria.cat\/wp-content\/uploads\/2025\/03\/POESIA-LLEIDA_Taller-Marius_4-200x267.jpeg 200w, https:\/\/poesialleida.paeria.cat\/wp-content\/uploads\/2025\/03\/POESIA-LLEIDA_Taller-Marius_4-400x533.jpeg 400w, https:\/\/poesialleida.paeria.cat\/wp-content\/uploads\/2025\/03\/POESIA-LLEIDA_Taller-Marius_4-600x800.jpeg 600w, https:\/\/poesialleida.paeria.cat\/wp-content\/uploads\/2025\/03\/POESIA-LLEIDA_Taller-Marius_4-800x1067.jpeg 800w, https:\/\/poesialleida.paeria.cat\/wp-content\/uploads\/2025\/03\/POESIA-LLEIDA_Taller-Marius_4-1200x1600.jpeg 1200w, https:\/\/poesialleida.paeria.cat\/wp-content\/uploads\/2025\/03\/POESIA-LLEIDA_Taller-Marius_4.jpeg 1500w\" sizes=\"(min-width: 2200px) 100vw, (min-width: 1399px) 191px, (min-width: 1307px) 229px, (min-width: 1215px) 286px, (min-width: 1124px) 382px, (min-width: 1032px) 573px, (min-width: 940px) 1032px, \" \/><\/a><\/div><\/div><div style=\"padding:5px;\" class=\"fusion-grid-column fusion-gallery-column fusion-gallery-column-6 hover-type-none\"><div class=\"fusion-gallery-image\"><a href=\"https:\/\/poesialleida.paeria.cat\/wp-content\/uploads\/2025\/03\/POESIA-LLEIDA_Taller-Marius_3.jpeg\" rel=\"noreferrer\" data-rel=\"iLightbox[gallery_image_2]\" class=\"fusion-lightbox\" target=\"_self\"><img decoding=\"async\" src=\"https:\/\/poesialleida.paeria.cat\/wp-content\/uploads\/2025\/03\/POESIA-LLEIDA_Taller-Marius_3.jpeg\" width=\"1500\" height=\"2000\" alt=\"\" title=\"POESIA LLEIDA_Taller Marius_3\" aria-label=\"POESIA LLEIDA_Taller Marius_3\" class=\"img-responsive wp-image-4010\" srcset=\"https:\/\/poesialleida.paeria.cat\/wp-content\/uploads\/2025\/03\/POESIA-LLEIDA_Taller-Marius_3-200x267.jpeg 200w, https:\/\/poesialleida.paeria.cat\/wp-content\/uploads\/2025\/03\/POESIA-LLEIDA_Taller-Marius_3-400x533.jpeg 400w, https:\/\/poesialleida.paeria.cat\/wp-content\/uploads\/2025\/03\/POESIA-LLEIDA_Taller-Marius_3-600x800.jpeg 600w, https:\/\/poesialleida.paeria.cat\/wp-content\/uploads\/2025\/03\/POESIA-LLEIDA_Taller-Marius_3-800x1067.jpeg 800w, https:\/\/poesialleida.paeria.cat\/wp-content\/uploads\/2025\/03\/POESIA-LLEIDA_Taller-Marius_3-1200x1600.jpeg 1200w, https:\/\/poesialleida.paeria.cat\/wp-content\/uploads\/2025\/03\/POESIA-LLEIDA_Taller-Marius_3.jpeg 1500w\" sizes=\"(min-width: 2200px) 100vw, (min-width: 1399px) 191px, (min-width: 1307px) 229px, (min-width: 1215px) 286px, (min-width: 1124px) 382px, (min-width: 1032px) 573px, (min-width: 940px) 1032px, \" \/><\/a><\/div><\/div><div style=\"padding:5px;\" class=\"fusion-grid-column fusion-gallery-column fusion-gallery-column-6 hover-type-none\"><div class=\"fusion-gallery-image\"><a href=\"https:\/\/poesialleida.paeria.cat\/wp-content\/uploads\/2025\/03\/POESIA-LLEIDA_Taller-Marius_5.jpeg\" rel=\"noreferrer\" data-rel=\"iLightbox[gallery_image_2]\" class=\"fusion-lightbox\" target=\"_self\"><img decoding=\"async\" src=\"https:\/\/poesialleida.paeria.cat\/wp-content\/uploads\/2025\/03\/POESIA-LLEIDA_Taller-Marius_5.jpeg\" width=\"1500\" height=\"2000\" alt=\"\" title=\"POESIA LLEIDA_Taller Marius_5\" aria-label=\"POESIA LLEIDA_Taller Marius_5\" class=\"img-responsive wp-image-4012\" srcset=\"https:\/\/poesialleida.paeria.cat\/wp-content\/uploads\/2025\/03\/POESIA-LLEIDA_Taller-Marius_5-200x267.jpeg 200w, https:\/\/poesialleida.paeria.cat\/wp-content\/uploads\/2025\/03\/POESIA-LLEIDA_Taller-Marius_5-400x533.jpeg 400w, https:\/\/poesialleida.paeria.cat\/wp-content\/uploads\/2025\/03\/POESIA-LLEIDA_Taller-Marius_5-600x800.jpeg 600w, https:\/\/poesialleida.paeria.cat\/wp-content\/uploads\/2025\/03\/POESIA-LLEIDA_Taller-Marius_5-800x1067.jpeg 800w, https:\/\/poesialleida.paeria.cat\/wp-content\/uploads\/2025\/03\/POESIA-LLEIDA_Taller-Marius_5-1200x1600.jpeg 1200w, https:\/\/poesialleida.paeria.cat\/wp-content\/uploads\/2025\/03\/POESIA-LLEIDA_Taller-Marius_5.jpeg 1500w\" sizes=\"(min-width: 2200px) 100vw, (min-width: 1399px) 191px, (min-width: 1307px) 229px, (min-width: 1215px) 286px, (min-width: 1124px) 382px, (min-width: 1032px) 573px, (min-width: 940px) 1032px, \" \/><\/a><\/div><\/div><\/div><\/div><\/div><\/div><\/div><\/div><div class=\"fusion-fullwidth fullwidth-box fusion-builder-row-4 fusion-flex-container has-pattern-background has-mask-background hundred-percent-fullwidth non-hundred-percent-height-scrolling\" style=\"--awb-background-position:left top;--awb-border-radius-top-left:0px;--awb-border-radius-top-right:0px;--awb-border-radius-bottom-right:0px;--awb-border-radius-bottom-left:0px;--awb-padding-top:0px;--awb-padding-right:0px;--awb-padding-bottom:40px;--awb-padding-left:0px;--awb-padding-top-small:0px;--awb-padding-bottom-small:40px;--awb-flex-wrap:wrap;\" ><div class=\"fusion-builder-row fusion-row fusion-flex-align-items-flex-start fusion-flex-content-wrap\" style=\"width:104% !important;max-width:104% !important;margin-left: calc(-4% \/ 2 );margin-right: calc(-4% \/ 2 );\"><div class=\"fusion-layout-column fusion_builder_column fusion-builder-column-14 fusion_builder_column_4_5 4_5 fusion-flex-column fusion-flex-align-self-stretch\" style=\"--awb-padding-top:30px;--awb-padding-right:15%;--awb-padding-bottom:30px;--awb-padding-left:15%;--awb-padding-top-small:10px;--awb-padding-right-small:5%;--awb-padding-bottom-small:0px;--awb-padding-left-small:10%;--awb-bg-color:var(--awb-custom_color_5);--awb-bg-color-hover:var(--awb-custom_color_5);--awb-bg-size:cover;--awb-width-large:80%;--awb-margin-top-large:0px;--awb-spacing-right-large:0px;--awb-margin-bottom-large:0px;--awb-spacing-left-large:0px;--awb-width-medium:100%;--awb-order-medium:0;--awb-spacing-right-medium:1.92%;--awb-spacing-left-medium:1.92%;--awb-width-small:100%;--awb-order-small:0;--awb-margin-top-small:0px;--awb-spacing-right-small:1.92%;--awb-margin-bottom-small:0px;--awb-spacing-left-small:1.92%;\" data-scroll-devices=\"small-visibility,medium-visibility,large-visibility\"><div class=\"fusion-column-wrapper fusion-column-has-shadow fusion-flex-justify-content-space-between fusion-content-layout-column\"><div class=\"fusion-title title fusion-title-12 fusion-sep-none fusion-title-text fusion-title-size-three\" style=\"--awb-text-color:var(--awb-color8);--awb-margin-top-small:30px;--awb-margin-right-small:0px;--awb-margin-bottom-small:20px;--awb-margin-left-small:0px;--awb-font-size:26px;\"><h3 class=\"fusion-title-heading title-heading-left fusion-responsive-typography-calculated\" style=\"margin:0;font-size:1em;--fontSize:26;line-height:1.5;\"><strong><span style=\"font-size: 33px;\">18<\/span><\/strong>\u00a0<span style=\"font-size: 20px;\">h<\/span> \u00b7 Caf\u00e8 del Teatre de l\u2019Escorxador. <span style=\"font-size: 20px;\">c\/ Roca Labrador, 2.<\/span><\/h3><\/div><\/div><\/div><div class=\"fusion-layout-column fusion_builder_column fusion-builder-column-15 fusion_builder_column_1_5 1_5 fusion-flex-column fusion-flex-align-self-stretch fusion-no-small-visibility\" style=\"--awb-padding-top:15px;--awb-padding-bottom:10px;--awb-bg-color:var(--awb-custom_color_5);--awb-bg-color-hover:var(--awb-custom_color_5);--awb-bg-size:cover;--awb-width-large:20%;--awb-margin-top-large:0px;--awb-spacing-right-large:9.6%;--awb-margin-bottom-large:0px;--awb-spacing-left-large:0px;--awb-width-medium:100%;--awb-order-medium:0;--awb-spacing-right-medium:1.92%;--awb-spacing-left-medium:1.92%;--awb-width-small:100%;--awb-order-small:0;--awb-spacing-right-small:1.92%;--awb-spacing-left-small:1.92%;\" data-scroll-devices=\"small-visibility,medium-visibility,large-visibility\"><div class=\"fusion-column-wrapper fusion-column-has-shadow fusion-flex-justify-content-center fusion-content-layout-column\"><div class=\"fusion-image-element \" style=\"text-align:center;--awb-margin-top:0px;--awb-margin-bottom:0px;--awb-max-width:80px;--awb-caption-title-font-family:var(--h2_typography-font-family);--awb-caption-title-font-weight:var(--h2_typography-font-weight);--awb-caption-title-font-style:var(--h2_typography-font-style);--awb-caption-title-size:var(--h2_typography-font-size);--awb-caption-title-transform:var(--h2_typography-text-transform);--awb-caption-title-line-height:var(--h2_typography-line-height);--awb-caption-title-letter-spacing:var(--h2_typography-letter-spacing);\"><span class=\" fusion-imageframe imageframe-none imageframe-5 hover-type-none\"><img decoding=\"async\" width=\"500\" height=\"500\" title=\"Caf\u00e8 del Teatre\" src=\"https:\/\/poesialleida.paeria.cat\/wp-content\/uploads\/2025\/01\/Cafe-del-Teatre.jpeg\" alt class=\"img-responsive wp-image-3122\" srcset=\"https:\/\/poesialleida.paeria.cat\/wp-content\/uploads\/2025\/01\/Cafe-del-Teatre-200x200.jpeg 200w, https:\/\/poesialleida.paeria.cat\/wp-content\/uploads\/2025\/01\/Cafe-del-Teatre-400x400.jpeg 400w, https:\/\/poesialleida.paeria.cat\/wp-content\/uploads\/2025\/01\/Cafe-del-Teatre.jpeg 500w\" sizes=\"(max-width: 800px) 100vw, (max-width: 640px) 100vw, 400px\" \/><\/span><\/div><\/div><\/div><div class=\"fusion-layout-column fusion_builder_column fusion-builder-column-16 fusion_builder_column_4_5 4_5 fusion-flex-column\" style=\"--awb-padding-top:30px;--awb-padding-right:15%;--awb-padding-bottom:30px;--awb-padding-left:15%;--awb-padding-top-small:40px;--awb-padding-right-small:10%;--awb-padding-bottom-small:0px;--awb-padding-left-small:10%;--awb-bg-color:var(--awb-color5);--awb-bg-color-hover:var(--awb-color5);--awb-bg-size:cover;--awb-width-large:80%;--awb-margin-top-large:0px;--awb-spacing-right-large:0px;--awb-margin-bottom-large:0px;--awb-spacing-left-large:0px;--awb-width-medium:100%;--awb-order-medium:0;--awb-spacing-right-medium:1.92%;--awb-spacing-left-medium:1.92%;--awb-width-small:100%;--awb-order-small:0;--awb-spacing-right-small:1.92%;--awb-spacing-left-small:1.92%;\" data-scroll-devices=\"small-visibility,medium-visibility,large-visibility\"><div class=\"fusion-column-wrapper fusion-column-has-shadow fusion-flex-justify-content-flex-start fusion-content-layout-column\"><div class=\"fusion-title title fusion-title-13 fusion-sep-none fusion-title-text fusion-title-size-two\" style=\"--awb-text-color:var(--awb-custom12);--awb-margin-top-small:0px;--awb-margin-right-small:0px;--awb-margin-bottom-small:20px;--awb-margin-left-small:0px;--awb-font-size:40px;\"><h2 class=\"fusion-title-heading title-heading-left fusion-responsive-typography-calculated\" style=\"margin:0;font-size:1em;--fontSize:40;line-height:1;\">Instruments i maniobres del temps mort<\/h2><\/div><div class=\"fusion-title title fusion-title-14 fusion-sep-none fusion-title-text fusion-title-size-four\" style=\"--awb-text-color:var(--awb-color1);--awb-margin-top:10px;--awb-margin-top-small:0px;--awb-margin-right-small:0px;--awb-margin-bottom-small:20px;--awb-margin-left-small:0px;--awb-font-size:24px;\"><h4 class=\"fusion-title-heading title-heading-left fusion-responsive-typography-calculated\" style=\"margin:0;font-size:1em;--fontSize:24;line-height:1.5;\">Recital po\u00e8tic<\/h4><\/div><\/div><\/div><div class=\"fusion-layout-column fusion_builder_column fusion-builder-column-17 fusion_builder_column_1_1 1_1 fusion-flex-column\" style=\"--awb-padding-right:100px;--awb-padding-bottom:30px;--awb-padding-left:100px;--awb-padding-top-small:0px;--awb-padding-right-small:5%;--awb-padding-bottom-small:0px;--awb-padding-left-small:5%;--awb-bg-size:cover;--awb-width-large:100%;--awb-margin-top-large:0px;--awb-spacing-right-large:1.92%;--awb-margin-bottom-large:0px;--awb-spacing-left-large:1.92%;--awb-width-medium:100%;--awb-order-medium:0;--awb-spacing-right-medium:1.92%;--awb-spacing-left-medium:1.92%;--awb-width-small:100%;--awb-order-small:0;--awb-margin-top-small:0px;--awb-spacing-right-small:1.92%;--awb-margin-bottom-small:0px;--awb-spacing-left-small:1.92%;\" data-scroll-devices=\"small-visibility,medium-visibility,large-visibility\"><div class=\"fusion-column-wrapper fusion-column-has-shadow fusion-flex-justify-content-flex-start fusion-content-layout-column\"><div class=\"fusion-builder-row fusion-builder-row-inner fusion-row fusion-flex-align-items-flex-start fusion-flex-content-wrap\" style=\"--awb-flex-grow:0;--awb-flex-grow-medium:0;--awb-flex-grow-small:0;--awb-flex-shrink:0;--awb-flex-shrink-medium:0;--awb-flex-shrink-small:0;width:104% !important;max-width:104% !important;margin-left: calc(-4% \/ 2 );margin-right: calc(-4% \/ 2 );\"><div class=\"fusion-layout-column fusion_builder_column_inner fusion-builder-nested-column-2 fusion_builder_column_inner_1_5 1_5 fusion-flex-column\" style=\"--awb-padding-right-small:10%;--awb-padding-bottom-small:20px;--awb-padding-left-small:10%;--awb-bg-size:cover;--awb-width-large:20%;--awb-margin-top-large:0px;--awb-spacing-right-large:-5px;--awb-margin-bottom-large:0px;--awb-spacing-left-large:9.6%;--awb-width-medium:100%;--awb-order-medium:0;--awb-spacing-right-medium:1.92%;--awb-spacing-left-medium:1.92%;--awb-width-small:100%;--awb-order-small:0;--awb-spacing-right-small:1.92%;--awb-spacing-left-small:1.92%;\" data-scroll-devices=\"small-visibility,medium-visibility,large-visibility\"><div class=\"fusion-column-wrapper fusion-column-has-shadow fusion-flex-justify-content-flex-start fusion-content-layout-column\"><div class=\"fusion-image-element \" style=\"--awb-caption-title-font-family:var(--h2_typography-font-family);--awb-caption-title-font-weight:var(--h2_typography-font-weight);--awb-caption-title-font-style:var(--h2_typography-font-style);--awb-caption-title-size:var(--h2_typography-font-size);--awb-caption-title-transform:var(--h2_typography-text-transform);--awb-caption-title-line-height:var(--h2_typography-line-height);--awb-caption-title-letter-spacing:var(--h2_typography-letter-spacing);\"><span class=\" fusion-imageframe imageframe-none imageframe-6 hover-type-none\"><img decoding=\"async\" width=\"1000\" height=\"1000\" title=\"Myriam Soteras\" src=\"https:\/\/poesialleida.paeria.cat\/wp-content\/uploads\/2025\/01\/Myriam-Soteras.jpg\" alt class=\"img-responsive wp-image-3230\" srcset=\"https:\/\/poesialleida.paeria.cat\/wp-content\/uploads\/2025\/01\/Myriam-Soteras-200x200.jpg 200w, https:\/\/poesialleida.paeria.cat\/wp-content\/uploads\/2025\/01\/Myriam-Soteras-400x400.jpg 400w, https:\/\/poesialleida.paeria.cat\/wp-content\/uploads\/2025\/01\/Myriam-Soteras-600x600.jpg 600w, https:\/\/poesialleida.paeria.cat\/wp-content\/uploads\/2025\/01\/Myriam-Soteras-800x800.jpg 800w, https:\/\/poesialleida.paeria.cat\/wp-content\/uploads\/2025\/01\/Myriam-Soteras.jpg 1000w\" sizes=\"(max-width: 800px) 100vw, (max-width: 640px) 100vw, 400px\" \/><\/span><\/div><div class=\"fusion-title title fusion-title-15 fusion-sep-none fusion-title-text fusion-title-size-paragraph\" style=\"--awb-text-color:var(--awb-custom10);--awb-margin-bottom:20px;--awb-margin-top-small:0px;--awb-margin-right-small:0px;--awb-margin-bottom-small:20px;--awb-margin-left-small:0px;--awb-font-size:14px;\"><p class=\"fusion-title-heading title-heading-right title-heading-tag fusion-responsive-typography-calculated\" style=\"margin:0;font-size:1em;--fontSize:14;--minFontSize:14;line-height:1.5;\">\u00a9 Laure\u00e0 Coll<\/p><\/div><div class=\"fusion-title title fusion-title-16 fusion-sep-none fusion-title-text fusion-title-size-two\" style=\"--awb-margin-left:20px;--awb-margin-top-small:0px;--awb-margin-right-small:0px;--awb-margin-bottom-small:20px;--awb-margin-left-small:0px;--awb-font-size:var(--awb-typography1-font-size);\"><h2 class=\"fusion-title-heading title-heading-right fusion-responsive-typography-calculated\" style=\"font-family:var(--awb-typography1-font-family);font-weight:var(--awb-typography1-font-weight);font-style:var(--awb-typography1-font-style);margin:0;letter-spacing:var(--awb-typography1-letter-spacing);text-transform:var(--awb-typography1-text-transform);font-size:1em;--fontSize:28;line-height:var(--awb-typography1-line-height);\">Myriam Soteras<\/h2><\/div><\/div><\/div><div class=\"fusion-layout-column fusion_builder_column_inner fusion-builder-nested-column-3 fusion_builder_column_inner_1_5 1_5 fusion-flex-column\" style=\"--awb-padding-right-small:10%;--awb-padding-bottom-small:20px;--awb-padding-left-small:10%;--awb-bg-size:cover;--awb-width-large:20%;--awb-margin-top-large:0px;--awb-spacing-right-large:-5px;--awb-margin-bottom-large:0px;--awb-spacing-left-large:9.6%;--awb-width-medium:100%;--awb-order-medium:0;--awb-spacing-right-medium:1.92%;--awb-spacing-left-medium:1.92%;--awb-width-small:100%;--awb-order-small:0;--awb-spacing-right-small:1.92%;--awb-spacing-left-small:1.92%;\" data-scroll-devices=\"small-visibility,medium-visibility,large-visibility\"><div class=\"fusion-column-wrapper fusion-column-has-shadow fusion-flex-justify-content-flex-start fusion-content-layout-column\"><div class=\"fusion-image-element \" style=\"--awb-caption-title-font-family:var(--h2_typography-font-family);--awb-caption-title-font-weight:var(--h2_typography-font-weight);--awb-caption-title-font-style:var(--h2_typography-font-style);--awb-caption-title-size:var(--h2_typography-font-size);--awb-caption-title-transform:var(--h2_typography-text-transform);--awb-caption-title-line-height:var(--h2_typography-line-height);--awb-caption-title-letter-spacing:var(--h2_typography-letter-spacing);\"><span class=\" fusion-imageframe imageframe-none imageframe-7 hover-type-none\"><img decoding=\"async\" width=\"1000\" height=\"1000\" title=\"Joan Vigo\u0301\" src=\"https:\/\/poesialleida.paeria.cat\/wp-content\/uploads\/2025\/01\/Joan-Vigo.jpg\" alt class=\"img-responsive wp-image-3231\" srcset=\"https:\/\/poesialleida.paeria.cat\/wp-content\/uploads\/2025\/01\/Joan-Vigo-200x200.jpg 200w, https:\/\/poesialleida.paeria.cat\/wp-content\/uploads\/2025\/01\/Joan-Vigo-400x400.jpg 400w, https:\/\/poesialleida.paeria.cat\/wp-content\/uploads\/2025\/01\/Joan-Vigo-600x600.jpg 600w, https:\/\/poesialleida.paeria.cat\/wp-content\/uploads\/2025\/01\/Joan-Vigo-800x800.jpg 800w, https:\/\/poesialleida.paeria.cat\/wp-content\/uploads\/2025\/01\/Joan-Vigo.jpg 1000w\" sizes=\"(max-width: 800px) 100vw, (max-width: 640px) 100vw, 400px\" \/><\/span><\/div><div class=\"fusion-title title fusion-title-17 fusion-sep-none fusion-title-text fusion-title-size-paragraph\" style=\"--awb-text-color:var(--awb-custom10);--awb-margin-bottom:20px;--awb-margin-top-small:0px;--awb-margin-right-small:0px;--awb-margin-bottom-small:20px;--awb-margin-left-small:0px;--awb-font-size:14px;\"><p class=\"fusion-title-heading title-heading-right title-heading-tag fusion-responsive-typography-calculated\" style=\"margin:0;font-size:1em;--fontSize:14;--minFontSize:14;line-height:1.5;\">\u00a9 Frederic Sala Mauri<\/p><\/div><div class=\"fusion-title title fusion-title-18 fusion-sep-none fusion-title-text fusion-title-size-two\" style=\"--awb-margin-left:20px;--awb-margin-top-small:0px;--awb-margin-right-small:0px;--awb-margin-bottom-small:20px;--awb-margin-left-small:0px;--awb-font-size:var(--awb-typography1-font-size);\"><h2 class=\"fusion-title-heading title-heading-right fusion-responsive-typography-calculated\" style=\"font-family:var(--awb-typography1-font-family);font-weight:var(--awb-typography1-font-weight);font-style:var(--awb-typography1-font-style);margin:0;letter-spacing:var(--awb-typography1-letter-spacing);text-transform:var(--awb-typography1-text-transform);font-size:1em;--fontSize:28;line-height:var(--awb-typography1-line-height);\">Joan Vig\u00f3<\/h2><\/div><\/div><\/div><\/div><\/div><\/div><div class=\"fusion-layout-column fusion_builder_column fusion-builder-column-18 fusion_builder_column_1_1 1_1 fusion-flex-column\" style=\"--awb-padding-top:30px;--awb-padding-right:10%;--awb-padding-bottom:20px;--awb-padding-left:10%;--awb-padding-top-small:0px;--awb-padding-bottom-small:20px;--awb-bg-size:cover;--awb-width-large:100%;--awb-margin-top-large:0px;--awb-spacing-right-large:1.92%;--awb-margin-bottom-large:0px;--awb-spacing-left-large:1.92%;--awb-width-medium:100%;--awb-order-medium:0;--awb-spacing-right-medium:1.92%;--awb-spacing-left-medium:1.92%;--awb-width-small:100%;--awb-order-small:0;--awb-spacing-right-small:1.92%;--awb-spacing-left-small:1.92%;\" data-scroll-devices=\"small-visibility,medium-visibility,large-visibility\"><div class=\"fusion-column-wrapper fusion-column-has-shadow fusion-flex-justify-content-center fusion-content-layout-column\"><div class=\"fusion-text fusion-text-5 fusion-text-no-margin\" style=\"--awb-text-color:var(--awb-color5);--awb-margin-bottom:10px;\"><p>Participants:<span style=\"font-size: 24px;\"><strong> Myriam Soteras <\/strong>i<strong> Joan Vig\u00f3 <\/strong><\/span><\/p>\n<\/div><div class=\"fusion-reading-box-container reading-box-container-3\" style=\"--awb-title-color:var(--awb-color8);--awb-margin-top:10px;--awb-margin-bottom:10px;\"><div class=\"reading-box\" style=\"background-color:var(--awb-custom_color_4);border-width:0px;border-color:var(--awb-color4);border-left-width:3px;border-left-color:var(--primary_color);border-style:solid;padding-top:30px;padding-bottom:30px;\"><div class=\"reading-box-additional\">\n<p>Myriam Soteras i Joan Vig\u00f3 formen un t\u00e0ndem teixit a base de complicitat po\u00e8tica i vital sobre l\u2019escenari que no hav\u00edem tingut l\u2019oportunitat de gaudir a Lleida.<\/p>\n<p>A m\u00e9s de donar forma a la seva obra liter\u00e0ria, Myriam Soteras es dedica professionalment a l\u2019edici\u00f3, la programaci\u00f3 cultural i la formaci\u00f3 i divulgaci\u00f3 a trav\u00e9s de cursos, tallers i clubs de lectura. Joan Vig\u00f3 \u00e9s un activista cultural de llarg recorregut que endinsa les seves arrels en la iconocl\u00e0stia i enlaira les branques cap a la poesia i la narrativa. Les seves veus singulars es complementen i s\u2019interpel\u00b7len en un recital \u00fanic.<\/p>\n<\/div><div class=\"fusion-clearfix\"><\/div><\/div><\/div><div class=\"fusion-text fusion-text-6\" style=\"--awb-text-color:var(--awb-custom12);--awb-margin-top:10px;\"><p>Entrada lliure i gratu\u00efta<\/p>\n<\/div><\/div><\/div><div class=\"fusion-layout-column fusion_builder_column fusion-builder-column-19 fusion_builder_column_1_1 1_1 fusion-flex-column\" style=\"--awb-padding-right:10%;--awb-padding-bottom:50px;--awb-padding-left:10%;--awb-padding-top-small:0px;--awb-padding-right-small:10%;--awb-padding-bottom-small:30px;--awb-padding-left-small:10%;--awb-bg-size:cover;--awb-width-large:100%;--awb-margin-top-large:0px;--awb-spacing-right-large:1.92%;--awb-margin-bottom-large:0px;--awb-spacing-left-large:1.92%;--awb-width-medium:100%;--awb-order-medium:0;--awb-spacing-right-medium:1.92%;--awb-spacing-left-medium:1.92%;--awb-width-small:100%;--awb-order-small:0;--awb-spacing-right-small:1.92%;--awb-spacing-left-small:1.92%;\" data-scroll-devices=\"small-visibility,medium-visibility,large-visibility\"><div class=\"fusion-column-wrapper fusion-column-has-shadow fusion-flex-justify-content-center fusion-content-layout-column\"><div class=\"fusion-separator fusion-full-width-sep\" style=\"align-self: center;margin-left: auto;margin-right: auto;margin-top:30px;margin-bottom:20px;width:100%;\"><div class=\"fusion-separator-border sep-single sep-solid\" style=\"--awb-height:20px;--awb-amount:20px;--awb-sep-color:var(--awb-color4);border-color:var(--awb-color4);border-top-width:1px;\"><\/div><\/div><div class=\"fusion-text fusion-text-7\" style=\"--awb-font-size:24px;--awb-text-font-family:&quot;Open Sans Condensed Light&quot;;--awb-text-font-style:normal;--awb-text-font-weight:400;\"><p>Galeria d&#8217;imatges<\/p>\n<\/div><div class=\"awb-gallery-wrapper awb-gallery-wrapper-3 button-span-no\" style=\"--more-btn-alignment:center;\"><div style=\"margin:-5px;--awb-aspect-ratio:1 \/ 1;--awb-bordersize:0px;\" class=\"fusion-gallery fusion-gallery-container fusion-grid-6 fusion-columns-total-5 fusion-gallery-layout-grid fusion-gallery-3 has-aspect-ratio\"><div style=\"padding:5px;\" class=\"fusion-grid-column fusion-gallery-column fusion-gallery-column-6 hover-type-none\"><div class=\"fusion-gallery-image\"><a href=\"https:\/\/poesialleida.paeria.cat\/wp-content\/uploads\/2025\/03\/PoesiaLleida25_Soteras_Vigo_1.jpg\" rel=\"noreferrer\" data-rel=\"iLightbox[gallery_image_3]\" class=\"fusion-lightbox\" target=\"_self\"><img decoding=\"async\" src=\"https:\/\/poesialleida.paeria.cat\/wp-content\/uploads\/2025\/03\/PoesiaLleida25_Soteras_Vigo_1.jpg\" width=\"950\" height=\"713\" alt=\"\" title=\"PoesiaLleida25_Soteras_Vigo_1\" aria-label=\"PoesiaLleida25_Soteras_Vigo_1\" class=\"img-responsive wp-image-4021\" srcset=\"https:\/\/poesialleida.paeria.cat\/wp-content\/uploads\/2025\/03\/PoesiaLleida25_Soteras_Vigo_1-200x150.jpg 200w, https:\/\/poesialleida.paeria.cat\/wp-content\/uploads\/2025\/03\/PoesiaLleida25_Soteras_Vigo_1-400x300.jpg 400w, https:\/\/poesialleida.paeria.cat\/wp-content\/uploads\/2025\/03\/PoesiaLleida25_Soteras_Vigo_1-600x450.jpg 600w, https:\/\/poesialleida.paeria.cat\/wp-content\/uploads\/2025\/03\/PoesiaLleida25_Soteras_Vigo_1-800x600.jpg 800w, https:\/\/poesialleida.paeria.cat\/wp-content\/uploads\/2025\/03\/PoesiaLleida25_Soteras_Vigo_1.jpg 950w\" sizes=\"(min-width: 2200px) 100vw, (min-width: 1399px) 191px, (min-width: 1307px) 229px, (min-width: 1215px) 286px, (min-width: 1124px) 382px, (min-width: 1032px) 573px, (min-width: 940px) 1032px, \" \/><\/a><\/div><\/div><div class=\"clearfix\"><\/div><div style=\"padding:5px;\" class=\"fusion-grid-column fusion-gallery-column fusion-gallery-column-6 hover-type-none\"><div class=\"fusion-gallery-image\"><a href=\"https:\/\/poesialleida.paeria.cat\/wp-content\/uploads\/2025\/03\/PoesiaLleida25_Soteras_Vigo_2.jpg\" rel=\"noreferrer\" data-rel=\"iLightbox[gallery_image_3]\" class=\"fusion-lightbox\" target=\"_self\"><img decoding=\"async\" src=\"https:\/\/poesialleida.paeria.cat\/wp-content\/uploads\/2025\/03\/PoesiaLleida25_Soteras_Vigo_2.jpg\" width=\"950\" height=\"713\" alt=\"\" title=\"PoesiaLleida25_Soteras_Vigo_2\" aria-label=\"PoesiaLleida25_Soteras_Vigo_2\" class=\"img-responsive wp-image-4022\" srcset=\"https:\/\/poesialleida.paeria.cat\/wp-content\/uploads\/2025\/03\/PoesiaLleida25_Soteras_Vigo_2-200x150.jpg 200w, https:\/\/poesialleida.paeria.cat\/wp-content\/uploads\/2025\/03\/PoesiaLleida25_Soteras_Vigo_2-400x300.jpg 400w, https:\/\/poesialleida.paeria.cat\/wp-content\/uploads\/2025\/03\/PoesiaLleida25_Soteras_Vigo_2-600x450.jpg 600w, https:\/\/poesialleida.paeria.cat\/wp-content\/uploads\/2025\/03\/PoesiaLleida25_Soteras_Vigo_2-800x600.jpg 800w, https:\/\/poesialleida.paeria.cat\/wp-content\/uploads\/2025\/03\/PoesiaLleida25_Soteras_Vigo_2.jpg 950w\" sizes=\"(min-width: 2200px) 100vw, (min-width: 1399px) 191px, (min-width: 1307px) 229px, (min-width: 1215px) 286px, (min-width: 1124px) 382px, (min-width: 1032px) 573px, (min-width: 940px) 1032px, \" \/><\/a><\/div><\/div><div style=\"padding:5px;\" class=\"fusion-grid-column fusion-gallery-column fusion-gallery-column-6 hover-type-none\"><div class=\"fusion-gallery-image\"><a href=\"https:\/\/poesialleida.paeria.cat\/wp-content\/uploads\/2025\/03\/PoesiaLleida25_Soteras_Vigo_3.jpg\" rel=\"noreferrer\" data-rel=\"iLightbox[gallery_image_3]\" class=\"fusion-lightbox\" target=\"_self\"><img decoding=\"async\" src=\"https:\/\/poesialleida.paeria.cat\/wp-content\/uploads\/2025\/03\/PoesiaLleida25_Soteras_Vigo_3.jpg\" width=\"950\" height=\"713\" alt=\"\" title=\"PoesiaLleida25_Soteras_Vigo_3\" aria-label=\"PoesiaLleida25_Soteras_Vigo_3\" class=\"img-responsive wp-image-4023\" srcset=\"https:\/\/poesialleida.paeria.cat\/wp-content\/uploads\/2025\/03\/PoesiaLleida25_Soteras_Vigo_3-200x150.jpg 200w, https:\/\/poesialleida.paeria.cat\/wp-content\/uploads\/2025\/03\/PoesiaLleida25_Soteras_Vigo_3-400x300.jpg 400w, https:\/\/poesialleida.paeria.cat\/wp-content\/uploads\/2025\/03\/PoesiaLleida25_Soteras_Vigo_3-600x450.jpg 600w, https:\/\/poesialleida.paeria.cat\/wp-content\/uploads\/2025\/03\/PoesiaLleida25_Soteras_Vigo_3-800x600.jpg 800w, https:\/\/poesialleida.paeria.cat\/wp-content\/uploads\/2025\/03\/PoesiaLleida25_Soteras_Vigo_3.jpg 950w\" sizes=\"(min-width: 2200px) 100vw, (min-width: 1399px) 191px, (min-width: 1307px) 229px, (min-width: 1215px) 286px, (min-width: 1124px) 382px, (min-width: 1032px) 573px, (min-width: 940px) 1032px, \" \/><\/a><\/div><\/div><div style=\"padding:5px;\" class=\"fusion-grid-column fusion-gallery-column fusion-gallery-column-6 hover-type-none\"><div class=\"fusion-gallery-image\"><a href=\"https:\/\/poesialleida.paeria.cat\/wp-content\/uploads\/2025\/03\/PoesiaLleida25_Soteras_Vigo_4.jpg\" rel=\"noreferrer\" data-rel=\"iLightbox[gallery_image_3]\" class=\"fusion-lightbox\" target=\"_self\"><img decoding=\"async\" src=\"https:\/\/poesialleida.paeria.cat\/wp-content\/uploads\/2025\/03\/PoesiaLleida25_Soteras_Vigo_4.jpg\" width=\"950\" height=\"713\" alt=\"\" title=\"PoesiaLleida25_Soteras_Vigo_4\" aria-label=\"PoesiaLleida25_Soteras_Vigo_4\" class=\"img-responsive wp-image-4024\" srcset=\"https:\/\/poesialleida.paeria.cat\/wp-content\/uploads\/2025\/03\/PoesiaLleida25_Soteras_Vigo_4-200x150.jpg 200w, https:\/\/poesialleida.paeria.cat\/wp-content\/uploads\/2025\/03\/PoesiaLleida25_Soteras_Vigo_4-400x300.jpg 400w, https:\/\/poesialleida.paeria.cat\/wp-content\/uploads\/2025\/03\/PoesiaLleida25_Soteras_Vigo_4-600x450.jpg 600w, https:\/\/poesialleida.paeria.cat\/wp-content\/uploads\/2025\/03\/PoesiaLleida25_Soteras_Vigo_4-800x600.jpg 800w, https:\/\/poesialleida.paeria.cat\/wp-content\/uploads\/2025\/03\/PoesiaLleida25_Soteras_Vigo_4.jpg 950w\" sizes=\"(min-width: 2200px) 100vw, (min-width: 1399px) 191px, (min-width: 1307px) 229px, (min-width: 1215px) 286px, (min-width: 1124px) 382px, (min-width: 1032px) 573px, (min-width: 940px) 1032px, \" \/><\/a><\/div><\/div><div style=\"padding:5px;\" class=\"fusion-grid-column fusion-gallery-column fusion-gallery-column-6 hover-type-none\"><div class=\"fusion-gallery-image\"><a href=\"https:\/\/poesialleida.paeria.cat\/wp-content\/uploads\/2025\/03\/PoesiaLleida25_Soteras_Vigo_5.jpg\" rel=\"noreferrer\" data-rel=\"iLightbox[gallery_image_3]\" class=\"fusion-lightbox\" target=\"_self\"><img decoding=\"async\" src=\"https:\/\/poesialleida.paeria.cat\/wp-content\/uploads\/2025\/03\/PoesiaLleida25_Soteras_Vigo_5.jpg\" width=\"713\" height=\"950\" alt=\"\" title=\"PoesiaLleida25_Soteras_Vigo_5\" aria-label=\"PoesiaLleida25_Soteras_Vigo_5\" class=\"img-responsive wp-image-4025\" srcset=\"https:\/\/poesialleida.paeria.cat\/wp-content\/uploads\/2025\/03\/PoesiaLleida25_Soteras_Vigo_5-200x266.jpg 200w, https:\/\/poesialleida.paeria.cat\/wp-content\/uploads\/2025\/03\/PoesiaLleida25_Soteras_Vigo_5-400x533.jpg 400w, https:\/\/poesialleida.paeria.cat\/wp-content\/uploads\/2025\/03\/PoesiaLleida25_Soteras_Vigo_5-600x799.jpg 600w, https:\/\/poesialleida.paeria.cat\/wp-content\/uploads\/2025\/03\/PoesiaLleida25_Soteras_Vigo_5.jpg 713w\" sizes=\"(min-width: 2200px) 100vw, (min-width: 1399px) 191px, (min-width: 1307px) 229px, (min-width: 1215px) 286px, (min-width: 1124px) 382px, (min-width: 1032px) 573px, (min-width: 940px) 1032px, \" \/><\/a><\/div><\/div><\/div><\/div><\/div><\/div><\/div><\/div><div class=\"fusion-fullwidth fullwidth-box fusion-builder-row-5 fusion-flex-container has-pattern-background has-mask-background hundred-percent-fullwidth non-hundred-percent-height-scrolling\" style=\"--awb-background-position:left top;--awb-border-radius-top-left:0px;--awb-border-radius-top-right:0px;--awb-border-radius-bottom-right:0px;--awb-border-radius-bottom-left:0px;--awb-padding-top:0px;--awb-padding-right:0px;--awb-padding-bottom:40px;--awb-padding-left:0px;--awb-padding-top-small:0px;--awb-padding-bottom-small:40px;--awb-flex-wrap:wrap;\" ><div class=\"fusion-builder-row fusion-row fusion-flex-align-items-flex-start fusion-flex-content-wrap\" style=\"width:104% !important;max-width:104% !important;margin-left: calc(-4% \/ 2 );margin-right: calc(-4% \/ 2 );\"><div class=\"fusion-layout-column fusion_builder_column fusion-builder-column-20 fusion_builder_column_4_5 4_5 fusion-flex-column fusion-flex-align-self-stretch\" style=\"--awb-padding-top:30px;--awb-padding-right:15%;--awb-padding-bottom:30px;--awb-padding-left:15%;--awb-padding-top-small:10px;--awb-padding-right-small:5%;--awb-padding-bottom-small:0px;--awb-padding-left-small:10%;--awb-bg-color:var(--awb-custom_color_5);--awb-bg-color-hover:var(--awb-custom_color_5);--awb-bg-size:cover;--awb-width-large:80%;--awb-margin-top-large:0px;--awb-spacing-right-large:0px;--awb-margin-bottom-large:0px;--awb-spacing-left-large:0px;--awb-width-medium:100%;--awb-order-medium:0;--awb-spacing-right-medium:1.92%;--awb-spacing-left-medium:1.92%;--awb-width-small:100%;--awb-order-small:0;--awb-margin-top-small:0px;--awb-spacing-right-small:1.92%;--awb-margin-bottom-small:0px;--awb-spacing-left-small:1.92%;\" data-scroll-devices=\"small-visibility,medium-visibility,large-visibility\"><div class=\"fusion-column-wrapper fusion-column-has-shadow fusion-flex-justify-content-space-between fusion-content-layout-column\"><div class=\"fusion-title title fusion-title-19 fusion-sep-none fusion-title-text fusion-title-size-three\" style=\"--awb-text-color:var(--awb-color8);--awb-margin-top-small:30px;--awb-margin-right-small:0px;--awb-margin-bottom-small:20px;--awb-margin-left-small:0px;--awb-font-size:26px;\"><h3 class=\"fusion-title-heading title-heading-left fusion-responsive-typography-calculated\" style=\"margin:0;font-size:1em;--fontSize:26;line-height:1.5;\"><strong><span style=\"font-size: 33px;\">18.30<\/span><\/strong>\u00a0<span style=\"font-size: 20px;\">h<\/span> \u00b7 Llibreria la irreductible. <span style=\"font-size: 20px;\">c\/ Jaume II, 7.<\/span><\/h3><\/div><\/div><\/div><div class=\"fusion-layout-column fusion_builder_column fusion-builder-column-21 fusion_builder_column_1_5 1_5 fusion-flex-column fusion-flex-align-self-stretch fusion-no-small-visibility\" style=\"--awb-padding-top:15px;--awb-padding-bottom:10px;--awb-bg-color:var(--awb-custom_color_5);--awb-bg-color-hover:var(--awb-custom_color_5);--awb-bg-size:cover;--awb-width-large:20%;--awb-margin-top-large:0px;--awb-spacing-right-large:9.6%;--awb-margin-bottom-large:0px;--awb-spacing-left-large:0px;--awb-width-medium:100%;--awb-order-medium:0;--awb-spacing-right-medium:1.92%;--awb-spacing-left-medium:1.92%;--awb-width-small:100%;--awb-order-small:0;--awb-spacing-right-small:1.92%;--awb-spacing-left-small:1.92%;\" data-scroll-devices=\"small-visibility,medium-visibility,large-visibility\"><div class=\"fusion-column-wrapper fusion-column-has-shadow fusion-flex-justify-content-center fusion-content-layout-column\"><div class=\"fusion-image-element \" style=\"text-align:center;--awb-margin-top:0px;--awb-margin-bottom:0px;--awb-max-width:80px;--awb-caption-title-font-family:var(--h2_typography-font-family);--awb-caption-title-font-weight:var(--h2_typography-font-weight);--awb-caption-title-font-style:var(--h2_typography-font-style);--awb-caption-title-size:var(--h2_typography-font-size);--awb-caption-title-transform:var(--h2_typography-text-transform);--awb-caption-title-line-height:var(--h2_typography-line-height);--awb-caption-title-letter-spacing:var(--h2_typography-letter-spacing);\"><span class=\" fusion-imageframe imageframe-none imageframe-8 hover-type-none\"><img decoding=\"async\" width=\"467\" height=\"467\" title=\"la irreductible\" src=\"https:\/\/poesialleida.paeria.cat\/wp-content\/uploads\/2025\/02\/la-irreductible.png\" alt class=\"img-responsive wp-image-3686\" srcset=\"https:\/\/poesialleida.paeria.cat\/wp-content\/uploads\/2025\/02\/la-irreductible-200x200.png 200w, https:\/\/poesialleida.paeria.cat\/wp-content\/uploads\/2025\/02\/la-irreductible-400x400.png 400w, https:\/\/poesialleida.paeria.cat\/wp-content\/uploads\/2025\/02\/la-irreductible.png 467w\" sizes=\"(max-width: 800px) 100vw, (max-width: 640px) 100vw, 400px\" \/><\/span><\/div><\/div><\/div><div class=\"fusion-layout-column fusion_builder_column fusion-builder-column-22 fusion_builder_column_4_5 4_5 fusion-flex-column\" style=\"--awb-padding-top:30px;--awb-padding-right:15%;--awb-padding-bottom:30px;--awb-padding-left:15%;--awb-padding-top-small:40px;--awb-padding-right-small:10%;--awb-padding-bottom-small:0px;--awb-padding-left-small:10%;--awb-bg-color:var(--awb-color5);--awb-bg-color-hover:var(--awb-color5);--awb-bg-size:cover;--awb-width-large:80%;--awb-margin-top-large:0px;--awb-spacing-right-large:0px;--awb-margin-bottom-large:0px;--awb-spacing-left-large:0px;--awb-width-medium:100%;--awb-order-medium:0;--awb-spacing-right-medium:1.92%;--awb-spacing-left-medium:1.92%;--awb-width-small:100%;--awb-order-small:0;--awb-spacing-right-small:1.92%;--awb-spacing-left-small:1.92%;\" data-scroll-devices=\"small-visibility,medium-visibility,large-visibility\"><div class=\"fusion-column-wrapper fusion-column-has-shadow fusion-flex-justify-content-flex-start fusion-content-layout-column\"><div class=\"fusion-title title fusion-title-20 fusion-sep-none fusion-title-text fusion-title-size-two\" style=\"--awb-text-color:var(--awb-custom12);--awb-margin-top-small:0px;--awb-margin-right-small:0px;--awb-margin-bottom-small:20px;--awb-margin-left-small:0px;--awb-font-size:40px;\"><h2 class=\"fusion-title-heading title-heading-left fusion-responsive-typography-calculated\" style=\"margin:0;font-size:1em;--fontSize:40;line-height:1;\">Esqueix po\u00e8tic<\/h2><\/div><div class=\"fusion-title title fusion-title-21 fusion-sep-none fusion-title-text fusion-title-size-four\" style=\"--awb-text-color:var(--awb-color1);--awb-margin-top:10px;--awb-margin-top-small:0px;--awb-margin-right-small:0px;--awb-margin-bottom-small:20px;--awb-margin-left-small:0px;--awb-font-size:24px;\"><h4 class=\"fusion-title-heading title-heading-left fusion-responsive-typography-calculated\" style=\"margin:0;font-size:1em;--fontSize:24;line-height:1.5;\">Intercanvi d&#8217;esqueixos de plantes i de versos<\/h4><\/div><\/div><\/div><div class=\"fusion-layout-column fusion_builder_column fusion-builder-column-23 fusion_builder_column_1_1 1_1 fusion-flex-column\" style=\"--awb-padding-right:100px;--awb-padding-bottom:30px;--awb-padding-left:100px;--awb-padding-top-small:0px;--awb-padding-right-small:5%;--awb-padding-bottom-small:0px;--awb-padding-left-small:5%;--awb-bg-size:cover;--awb-width-large:100%;--awb-margin-top-large:0px;--awb-spacing-right-large:1.92%;--awb-margin-bottom-large:0px;--awb-spacing-left-large:1.92%;--awb-width-medium:100%;--awb-order-medium:0;--awb-spacing-right-medium:1.92%;--awb-spacing-left-medium:1.92%;--awb-width-small:100%;--awb-order-small:0;--awb-margin-top-small:0px;--awb-spacing-right-small:1.92%;--awb-margin-bottom-small:0px;--awb-spacing-left-small:1.92%;\" data-scroll-devices=\"small-visibility,medium-visibility,large-visibility\"><div class=\"fusion-column-wrapper fusion-column-has-shadow fusion-flex-justify-content-flex-start fusion-content-layout-column\"><div class=\"fusion-builder-row fusion-builder-row-inner fusion-row fusion-flex-align-items-flex-start fusion-flex-content-wrap\" style=\"--awb-flex-grow:0;--awb-flex-grow-medium:0;--awb-flex-grow-small:0;--awb-flex-shrink:0;--awb-flex-shrink-medium:0;--awb-flex-shrink-small:0;width:104% !important;max-width:104% !important;margin-left: calc(-4% \/ 2 );margin-right: calc(-4% \/ 2 );\"><div class=\"fusion-layout-column fusion_builder_column_inner fusion-builder-nested-column-4 fusion_builder_column_inner_1_5 1_5 fusion-flex-column\" style=\"--awb-padding-right-small:10%;--awb-padding-bottom-small:20px;--awb-padding-left-small:10%;--awb-bg-size:cover;--awb-width-large:20%;--awb-margin-top-large:0px;--awb-spacing-right-large:-5px;--awb-margin-bottom-large:0px;--awb-spacing-left-large:9.6%;--awb-width-medium:100%;--awb-order-medium:0;--awb-spacing-right-medium:1.92%;--awb-spacing-left-medium:1.92%;--awb-width-small:100%;--awb-order-small:0;--awb-spacing-right-small:1.92%;--awb-spacing-left-small:1.92%;\" data-scroll-devices=\"small-visibility,medium-visibility,large-visibility\"><div class=\"fusion-column-wrapper fusion-column-has-shadow fusion-flex-justify-content-flex-start fusion-content-layout-column\"><div class=\"fusion-image-element \" style=\"--awb-caption-title-font-family:var(--h2_typography-font-family);--awb-caption-title-font-weight:var(--h2_typography-font-weight);--awb-caption-title-font-style:var(--h2_typography-font-style);--awb-caption-title-size:var(--h2_typography-font-size);--awb-caption-title-transform:var(--h2_typography-text-transform);--awb-caption-title-line-height:var(--h2_typography-line-height);--awb-caption-title-letter-spacing:var(--h2_typography-letter-spacing);\"><span class=\" fusion-imageframe imageframe-none imageframe-9 hover-type-none\"><img decoding=\"async\" width=\"1000\" height=\"1000\" title=\"club_saudade\" src=\"https:\/\/poesialleida.paeria.cat\/wp-content\/uploads\/2025\/02\/club_saudade.jpg\" alt class=\"img-responsive wp-image-3912\" srcset=\"https:\/\/poesialleida.paeria.cat\/wp-content\/uploads\/2025\/02\/club_saudade-200x200.jpg 200w, https:\/\/poesialleida.paeria.cat\/wp-content\/uploads\/2025\/02\/club_saudade-400x400.jpg 400w, https:\/\/poesialleida.paeria.cat\/wp-content\/uploads\/2025\/02\/club_saudade-600x600.jpg 600w, https:\/\/poesialleida.paeria.cat\/wp-content\/uploads\/2025\/02\/club_saudade-800x800.jpg 800w, https:\/\/poesialleida.paeria.cat\/wp-content\/uploads\/2025\/02\/club_saudade.jpg 1000w\" sizes=\"(max-width: 800px) 100vw, (max-width: 640px) 100vw, 400px\" \/><\/span><\/div><div class=\"fusion-title title fusion-title-22 fusion-sep-none fusion-title-text fusion-title-size-paragraph\" style=\"--awb-text-color:var(--awb-custom10);--awb-margin-bottom:20px;--awb-margin-top-small:0px;--awb-margin-right-small:0px;--awb-margin-bottom-small:20px;--awb-margin-left-small:0px;--awb-font-size:14px;\"><p class=\"fusion-title-heading title-heading-right title-heading-tag fusion-responsive-typography-calculated\" style=\"margin:0;font-size:1em;--fontSize:14;--minFontSize:14;line-height:1.5;\"><\/p><\/div><div class=\"fusion-title title fusion-title-23 fusion-sep-none fusion-title-text fusion-title-size-two\" style=\"--awb-margin-left:20px;--awb-margin-top-small:0px;--awb-margin-right-small:0px;--awb-margin-bottom-small:20px;--awb-margin-left-small:0px;--awb-font-size:var(--awb-typography1-font-size);\"><h2 class=\"fusion-title-heading title-heading-right fusion-responsive-typography-calculated\" style=\"font-family:var(--awb-typography1-font-family);font-weight:var(--awb-typography1-font-weight);font-style:var(--awb-typography1-font-style);margin:0;letter-spacing:var(--awb-typography1-letter-spacing);text-transform:var(--awb-typography1-text-transform);font-size:1em;--fontSize:28;line-height:var(--awb-typography1-line-height);\">Club de Lectura Saudade de la llibreria la irreductible<\/h2><\/div><\/div><\/div><\/div><\/div><\/div><div class=\"fusion-layout-column fusion_builder_column fusion-builder-column-24 fusion_builder_column_1_1 1_1 fusion-flex-column\" style=\"--awb-padding-top:30px;--awb-padding-right:10%;--awb-padding-bottom:20px;--awb-padding-left:10%;--awb-padding-top-small:0px;--awb-padding-bottom-small:20px;--awb-bg-size:cover;--awb-width-large:100%;--awb-margin-top-large:0px;--awb-spacing-right-large:1.92%;--awb-margin-bottom-large:0px;--awb-spacing-left-large:1.92%;--awb-width-medium:100%;--awb-order-medium:0;--awb-spacing-right-medium:1.92%;--awb-spacing-left-medium:1.92%;--awb-width-small:100%;--awb-order-small:0;--awb-spacing-right-small:1.92%;--awb-spacing-left-small:1.92%;\" data-scroll-devices=\"small-visibility,medium-visibility,large-visibility\"><div class=\"fusion-column-wrapper fusion-column-has-shadow fusion-flex-justify-content-center fusion-content-layout-column\"><div class=\"fusion-text fusion-text-8 fusion-text-no-margin\" style=\"--awb-text-color:var(--awb-color5);--awb-margin-bottom:10px;\"><p>Participants:<span style=\"font-size: 24px;\"><strong>\u00a0Membres del Club de Lectura Saudade <\/strong><\/span><\/p>\n<\/div><div class=\"fusion-reading-box-container reading-box-container-4\" style=\"--awb-title-color:var(--awb-color8);--awb-margin-top:10px;--awb-margin-bottom:10px;\"><div class=\"reading-box\" style=\"background-color:var(--awb-custom_color_4);border-width:0px;border-color:var(--awb-color4);border-left-width:3px;border-left-color:var(--primary_color);border-style:solid;padding-top:30px;padding-bottom:30px;\"><div class=\"reading-box-additional\">\n<p>Cultiva la teva passi\u00f3 per la natura i la poesia en una trobada \u00fanica!\u00a0<em>Esqueix po\u00e8tic<\/em>\u00a0\u00e9s un intercanvi d\u2019esqueixos de plantes i de versos, una experi\u00e8ncia que combina el verd de les fulles amb la for\u00e7a de les paraules.<\/p>\n<p>Porta un esqueix i un poema, i emporta\u2019t una nova arrel per al teu jard\u00ed i uns versos que et connectin amb la terra. Un espai per compartir, cr\u00e9ixer i florir juntes a trav\u00e9s de la literatura i la natura. T\u2019hi esperem per fer cr\u00e9ixer aquesta xarxa de paraules i plantes!<\/p>\n<\/div><div class=\"fusion-clearfix\"><\/div><\/div><\/div><div class=\"fusion-text fusion-text-9\" style=\"--awb-text-color:var(--awb-custom12);--awb-margin-top:10px;\"><p>Entrada lliure i gratu\u00efta<\/p>\n<\/div><\/div><\/div><div class=\"fusion-layout-column fusion_builder_column fusion-builder-column-25 fusion_builder_column_1_1 1_1 fusion-flex-column\" style=\"--awb-padding-right:10%;--awb-padding-bottom:20px;--awb-padding-left:10%;--awb-padding-top-small:0px;--awb-padding-bottom-small:20px;--awb-bg-size:cover;--awb-width-large:100%;--awb-margin-top-large:0px;--awb-spacing-right-large:1.92%;--awb-margin-bottom-large:0px;--awb-spacing-left-large:1.92%;--awb-width-medium:100%;--awb-order-medium:0;--awb-spacing-right-medium:1.92%;--awb-spacing-left-medium:1.92%;--awb-width-small:100%;--awb-order-small:0;--awb-spacing-right-small:1.92%;--awb-spacing-left-small:1.92%;\" data-scroll-devices=\"small-visibility,medium-visibility,large-visibility\"><div class=\"fusion-column-wrapper fusion-column-has-shadow fusion-flex-justify-content-flex-start fusion-content-layout-row\"><div class=\"fusion-image-element \" style=\"--awb-max-width:120px;--awb-caption-title-font-family:var(--h2_typography-font-family);--awb-caption-title-font-weight:var(--h2_typography-font-weight);--awb-caption-title-font-style:var(--h2_typography-font-style);--awb-caption-title-size:var(--h2_typography-font-size);--awb-caption-title-transform:var(--h2_typography-text-transform);--awb-caption-title-line-height:var(--h2_typography-line-height);--awb-caption-title-letter-spacing:var(--h2_typography-letter-spacing);\"><span class=\" fusion-imageframe imageframe-none imageframe-10 hover-type-none\"><img decoding=\"async\" width=\"467\" height=\"467\" title=\"la irreductible\" src=\"https:\/\/poesialleida.paeria.cat\/wp-content\/uploads\/2025\/02\/la-irreductible.png\" alt class=\"img-responsive wp-image-3686\" srcset=\"https:\/\/poesialleida.paeria.cat\/wp-content\/uploads\/2025\/02\/la-irreductible-200x200.png 200w, https:\/\/poesialleida.paeria.cat\/wp-content\/uploads\/2025\/02\/la-irreductible-400x400.png 400w, https:\/\/poesialleida.paeria.cat\/wp-content\/uploads\/2025\/02\/la-irreductible.png 467w\" sizes=\"(max-width: 800px) 100vw, (max-width: 640px) 100vw, 467px\" \/><\/span><\/div><div class=\"fusion-image-element \" style=\"--awb-margin-left:40px;--awb-max-width:120px;--awb-caption-title-font-family:var(--h2_typography-font-family);--awb-caption-title-font-weight:var(--h2_typography-font-weight);--awb-caption-title-font-style:var(--h2_typography-font-style);--awb-caption-title-size:var(--h2_typography-font-size);--awb-caption-title-transform:var(--h2_typography-text-transform);--awb-caption-title-line-height:var(--h2_typography-line-height);--awb-caption-title-letter-spacing:var(--h2_typography-letter-spacing);\"><span class=\" fusion-imageframe imageframe-none imageframe-11 hover-type-none\"><img decoding=\"async\" width=\"338\" height=\"343\" title=\"Club de Lectura Saudade de la Irreductible\" src=\"https:\/\/poesialleida.paeria.cat\/wp-content\/uploads\/2025\/02\/Club-de-Lectura-Saudade-de-la-Irreductible.jpg\" alt class=\"img-responsive wp-image-3717\" srcset=\"https:\/\/poesialleida.paeria.cat\/wp-content\/uploads\/2025\/02\/Club-de-Lectura-Saudade-de-la-Irreductible-200x203.jpg 200w, https:\/\/poesialleida.paeria.cat\/wp-content\/uploads\/2025\/02\/Club-de-Lectura-Saudade-de-la-Irreductible.jpg 338w\" sizes=\"(max-width: 800px) 100vw, (max-width: 640px) 100vw, 338px\" \/><\/span><\/div><\/div><\/div><div class=\"fusion-layout-column fusion_builder_column fusion-builder-column-26 fusion_builder_column_1_1 1_1 fusion-flex-column\" style=\"--awb-padding-right:10%;--awb-padding-bottom:50px;--awb-padding-left:10%;--awb-padding-top-small:0px;--awb-padding-right-small:10%;--awb-padding-bottom-small:30px;--awb-padding-left-small:10%;--awb-bg-size:cover;--awb-width-large:100%;--awb-margin-top-large:0px;--awb-spacing-right-large:1.92%;--awb-margin-bottom-large:0px;--awb-spacing-left-large:1.92%;--awb-width-medium:100%;--awb-order-medium:0;--awb-spacing-right-medium:1.92%;--awb-spacing-left-medium:1.92%;--awb-width-small:100%;--awb-order-small:0;--awb-spacing-right-small:1.92%;--awb-spacing-left-small:1.92%;\" data-scroll-devices=\"small-visibility,medium-visibility,large-visibility\"><div class=\"fusion-column-wrapper fusion-column-has-shadow fusion-flex-justify-content-center fusion-content-layout-column\"><div class=\"fusion-separator fusion-full-width-sep\" style=\"align-self: center;margin-left: auto;margin-right: auto;margin-top:30px;margin-bottom:20px;width:100%;\"><div class=\"fusion-separator-border sep-single sep-solid\" style=\"--awb-height:20px;--awb-amount:20px;--awb-sep-color:var(--awb-color4);border-color:var(--awb-color4);border-top-width:1px;\"><\/div><\/div><div class=\"fusion-text fusion-text-10\" style=\"--awb-font-size:24px;--awb-text-font-family:&quot;Open Sans Condensed Light&quot;;--awb-text-font-style:normal;--awb-text-font-weight:400;\"><p>Galeria d&#8217;imatges<\/p>\n<\/div><div class=\"awb-gallery-wrapper awb-gallery-wrapper-4 button-span-no\" style=\"--more-btn-alignment:center;\"><div style=\"margin:-5px;--awb-aspect-ratio:1 \/ 1;--awb-bordersize:0px;\" class=\"fusion-gallery fusion-gallery-container fusion-grid-6 fusion-columns-total-5 fusion-gallery-layout-grid fusion-gallery-4 has-aspect-ratio\"><div style=\"padding:5px;\" class=\"fusion-grid-column fusion-gallery-column fusion-gallery-column-6 hover-type-none\"><div class=\"fusion-gallery-image\"><a href=\"https:\/\/poesialleida.paeria.cat\/wp-content\/uploads\/2025\/03\/poesia_lleida_esqueix_1.jpg\" rel=\"noreferrer\" data-rel=\"iLightbox[gallery_image_4]\" class=\"fusion-lightbox\" target=\"_self\"><img decoding=\"async\" src=\"https:\/\/poesialleida.paeria.cat\/wp-content\/uploads\/2025\/03\/poesia_lleida_esqueix_1.jpg\" width=\"1167\" height=\"1255\" alt=\"\" title=\"poesia_lleida_esqueix_1\" aria-label=\"poesia_lleida_esqueix_1\" class=\"img-responsive wp-image-4015\" srcset=\"https:\/\/poesialleida.paeria.cat\/wp-content\/uploads\/2025\/03\/poesia_lleida_esqueix_1-200x215.jpg 200w, https:\/\/poesialleida.paeria.cat\/wp-content\/uploads\/2025\/03\/poesia_lleida_esqueix_1-400x430.jpg 400w, https:\/\/poesialleida.paeria.cat\/wp-content\/uploads\/2025\/03\/poesia_lleida_esqueix_1-600x645.jpg 600w, https:\/\/poesialleida.paeria.cat\/wp-content\/uploads\/2025\/03\/poesia_lleida_esqueix_1-800x860.jpg 800w, https:\/\/poesialleida.paeria.cat\/wp-content\/uploads\/2025\/03\/poesia_lleida_esqueix_1.jpg 1167w\" sizes=\"(min-width: 2200px) 100vw, (min-width: 1399px) 191px, (min-width: 1307px) 229px, (min-width: 1215px) 286px, (min-width: 1124px) 382px, (min-width: 1032px) 573px, (min-width: 940px) 1032px, \" \/><\/a><\/div><\/div><div style=\"padding:5px;\" class=\"fusion-grid-column fusion-gallery-column fusion-gallery-column-6 hover-type-none\"><div class=\"fusion-gallery-image\"><a href=\"https:\/\/poesialleida.paeria.cat\/wp-content\/uploads\/2025\/03\/poesia_lleida_esqueix_3.jpeg\" rel=\"noreferrer\" data-rel=\"iLightbox[gallery_image_4]\" class=\"fusion-lightbox\" target=\"_self\"><img decoding=\"async\" src=\"https:\/\/poesialleida.paeria.cat\/wp-content\/uploads\/2025\/03\/poesia_lleida_esqueix_3.jpeg\" width=\"713\" height=\"950\" alt=\"\" title=\"poesia_lleida_esqueix_3\" aria-label=\"poesia_lleida_esqueix_3\" class=\"img-responsive wp-image-4018\" srcset=\"https:\/\/poesialleida.paeria.cat\/wp-content\/uploads\/2025\/03\/poesia_lleida_esqueix_3-200x266.jpeg 200w, https:\/\/poesialleida.paeria.cat\/wp-content\/uploads\/2025\/03\/poesia_lleida_esqueix_3-400x533.jpeg 400w, https:\/\/poesialleida.paeria.cat\/wp-content\/uploads\/2025\/03\/poesia_lleida_esqueix_3-600x799.jpeg 600w, https:\/\/poesialleida.paeria.cat\/wp-content\/uploads\/2025\/03\/poesia_lleida_esqueix_3.jpeg 713w\" sizes=\"(min-width: 2200px) 100vw, (min-width: 1399px) 191px, (min-width: 1307px) 229px, (min-width: 1215px) 286px, (min-width: 1124px) 382px, (min-width: 1032px) 573px, (min-width: 940px) 1032px, \" \/><\/a><\/div><\/div><div class=\"clearfix\"><\/div><div style=\"padding:5px;\" class=\"fusion-grid-column fusion-gallery-column fusion-gallery-column-6 hover-type-none\"><div class=\"fusion-gallery-image\"><a href=\"https:\/\/poesialleida.paeria.cat\/wp-content\/uploads\/2025\/03\/poesia_lleida_esqueix_4.jpeg\" rel=\"noreferrer\" data-rel=\"iLightbox[gallery_image_4]\" class=\"fusion-lightbox\" target=\"_self\"><img decoding=\"async\" src=\"https:\/\/poesialleida.paeria.cat\/wp-content\/uploads\/2025\/03\/poesia_lleida_esqueix_4.jpeg\" width=\"1500\" height=\"2000\" alt=\"\" title=\"poesia_lleida_esqueix_4\" aria-label=\"poesia_lleida_esqueix_4\" class=\"img-responsive wp-image-4016\" srcset=\"https:\/\/poesialleida.paeria.cat\/wp-content\/uploads\/2025\/03\/poesia_lleida_esqueix_4-200x267.jpeg 200w, https:\/\/poesialleida.paeria.cat\/wp-content\/uploads\/2025\/03\/poesia_lleida_esqueix_4-400x533.jpeg 400w, https:\/\/poesialleida.paeria.cat\/wp-content\/uploads\/2025\/03\/poesia_lleida_esqueix_4-600x800.jpeg 600w, https:\/\/poesialleida.paeria.cat\/wp-content\/uploads\/2025\/03\/poesia_lleida_esqueix_4-800x1067.jpeg 800w, https:\/\/poesialleida.paeria.cat\/wp-content\/uploads\/2025\/03\/poesia_lleida_esqueix_4-1200x1600.jpeg 1200w, https:\/\/poesialleida.paeria.cat\/wp-content\/uploads\/2025\/03\/poesia_lleida_esqueix_4.jpeg 1500w\" sizes=\"(min-width: 2200px) 100vw, (min-width: 1399px) 191px, (min-width: 1307px) 229px, (min-width: 1215px) 286px, (min-width: 1124px) 382px, (min-width: 1032px) 573px, (min-width: 940px) 1032px, \" \/><\/a><\/div><\/div><div style=\"padding:5px;\" class=\"fusion-grid-column fusion-gallery-column fusion-gallery-column-6 hover-type-none\"><div class=\"fusion-gallery-image\"><a href=\"https:\/\/poesialleida.paeria.cat\/wp-content\/uploads\/2025\/03\/poesia_lleida_esqueix_2.jpeg\" rel=\"noreferrer\" data-rel=\"iLightbox[gallery_image_4]\" class=\"fusion-lightbox\" target=\"_self\"><img decoding=\"async\" src=\"https:\/\/poesialleida.paeria.cat\/wp-content\/uploads\/2025\/03\/poesia_lleida_esqueix_2.jpeg\" width=\"713\" height=\"950\" alt=\"\" title=\"poesia_lleida_esqueix_2\" aria-label=\"poesia_lleida_esqueix_2\" class=\"img-responsive wp-image-4017\" srcset=\"https:\/\/poesialleida.paeria.cat\/wp-content\/uploads\/2025\/03\/poesia_lleida_esqueix_2-200x266.jpeg 200w, https:\/\/poesialleida.paeria.cat\/wp-content\/uploads\/2025\/03\/poesia_lleida_esqueix_2-400x533.jpeg 400w, https:\/\/poesialleida.paeria.cat\/wp-content\/uploads\/2025\/03\/poesia_lleida_esqueix_2-600x799.jpeg 600w, https:\/\/poesialleida.paeria.cat\/wp-content\/uploads\/2025\/03\/poesia_lleida_esqueix_2.jpeg 713w\" sizes=\"(min-width: 2200px) 100vw, (min-width: 1399px) 191px, (min-width: 1307px) 229px, (min-width: 1215px) 286px, (min-width: 1124px) 382px, (min-width: 1032px) 573px, (min-width: 940px) 1032px, \" \/><\/a><\/div><\/div><div style=\"padding:5px;\" class=\"fusion-grid-column fusion-gallery-column fusion-gallery-column-6 hover-type-none\"><div class=\"fusion-gallery-image\"><a href=\"https:\/\/poesialleida.paeria.cat\/wp-content\/uploads\/2025\/03\/poesia_lleida_esqueix_5.jpeg\" rel=\"noreferrer\" data-rel=\"iLightbox[gallery_image_4]\" class=\"fusion-lightbox\" target=\"_self\"><img decoding=\"async\" src=\"https:\/\/poesialleida.paeria.cat\/wp-content\/uploads\/2025\/03\/poesia_lleida_esqueix_5.jpeg\" width=\"713\" height=\"950\" alt=\"\" title=\"poesia_lleida_esqueix_5\" aria-label=\"poesia_lleida_esqueix_5\" class=\"img-responsive wp-image-4019\" srcset=\"https:\/\/poesialleida.paeria.cat\/wp-content\/uploads\/2025\/03\/poesia_lleida_esqueix_5-200x266.jpeg 200w, https:\/\/poesialleida.paeria.cat\/wp-content\/uploads\/2025\/03\/poesia_lleida_esqueix_5-400x533.jpeg 400w, https:\/\/poesialleida.paeria.cat\/wp-content\/uploads\/2025\/03\/poesia_lleida_esqueix_5-600x799.jpeg 600w, https:\/\/poesialleida.paeria.cat\/wp-content\/uploads\/2025\/03\/poesia_lleida_esqueix_5.jpeg 713w\" sizes=\"(min-width: 2200px) 100vw, (min-width: 1399px) 191px, (min-width: 1307px) 229px, (min-width: 1215px) 286px, (min-width: 1124px) 382px, (min-width: 1032px) 573px, (min-width: 940px) 1032px, \" \/><\/a><\/div><\/div><\/div><\/div><\/div><\/div><\/div><\/div><div class=\"fusion-fullwidth fullwidth-box fusion-builder-row-6 fusion-flex-container has-pattern-background has-mask-background hundred-percent-fullwidth non-hundred-percent-height-scrolling\" style=\"--awb-background-position:left top;--awb-border-radius-top-left:0px;--awb-border-radius-top-right:0px;--awb-border-radius-bottom-right:0px;--awb-border-radius-bottom-left:0px;--awb-padding-top:0px;--awb-padding-right:0px;--awb-padding-bottom:40px;--awb-padding-left:0px;--awb-padding-top-small:0px;--awb-padding-bottom-small:40px;--awb-flex-wrap:wrap;\" ><div class=\"fusion-builder-row fusion-row fusion-flex-align-items-flex-start fusion-flex-content-wrap\" style=\"width:104% !important;max-width:104% !important;margin-left: calc(-4% \/ 2 );margin-right: calc(-4% \/ 2 );\"><div class=\"fusion-layout-column fusion_builder_column fusion-builder-column-27 fusion_builder_column_4_5 4_5 fusion-flex-column fusion-flex-align-self-stretch\" style=\"--awb-padding-top:30px;--awb-padding-right:15%;--awb-padding-bottom:30px;--awb-padding-left:15%;--awb-padding-top-small:10px;--awb-padding-right-small:5%;--awb-padding-bottom-small:0px;--awb-padding-left-small:10%;--awb-bg-color:var(--awb-custom_color_5);--awb-bg-color-hover:var(--awb-custom_color_5);--awb-bg-size:cover;--awb-width-large:80%;--awb-margin-top-large:0px;--awb-spacing-right-large:0px;--awb-margin-bottom-large:0px;--awb-spacing-left-large:0px;--awb-width-medium:100%;--awb-order-medium:0;--awb-spacing-right-medium:1.92%;--awb-spacing-left-medium:1.92%;--awb-width-small:100%;--awb-order-small:0;--awb-margin-top-small:0px;--awb-spacing-right-small:1.92%;--awb-margin-bottom-small:0px;--awb-spacing-left-small:1.92%;\" data-scroll-devices=\"small-visibility,medium-visibility,large-visibility\"><div class=\"fusion-column-wrapper fusion-column-has-shadow fusion-flex-justify-content-space-between fusion-content-layout-column\"><div class=\"fusion-title title fusion-title-24 fusion-sep-none fusion-title-text fusion-title-size-three\" style=\"--awb-text-color:var(--awb-color8);--awb-margin-top-small:30px;--awb-margin-right-small:0px;--awb-margin-bottom-small:20px;--awb-margin-left-small:0px;--awb-font-size:26px;\"><h3 class=\"fusion-title-heading title-heading-left fusion-responsive-typography-calculated\" style=\"margin:0;font-size:1em;--fontSize:26;line-height:1.5;\"><strong><span style=\"font-size: 33px;\">19<\/span><\/strong>\u00a0<span style=\"font-size: 20px;\">h<\/span> \u00b7 Caf\u00e8 del Teatre de l\u2019Escorxador. <span style=\"font-size: 20px;\">c\/ Roca Labrador, 2<\/span><\/h3><\/div><\/div><\/div><div class=\"fusion-layout-column fusion_builder_column fusion-builder-column-28 fusion_builder_column_1_5 1_5 fusion-flex-column fusion-flex-align-self-stretch fusion-no-small-visibility\" style=\"--awb-padding-top:15px;--awb-padding-bottom:10px;--awb-bg-color:var(--awb-custom_color_5);--awb-bg-color-hover:var(--awb-custom_color_5);--awb-bg-size:cover;--awb-width-large:20%;--awb-margin-top-large:0px;--awb-spacing-right-large:9.6%;--awb-margin-bottom-large:0px;--awb-spacing-left-large:0px;--awb-width-medium:100%;--awb-order-medium:0;--awb-spacing-right-medium:1.92%;--awb-spacing-left-medium:1.92%;--awb-width-small:100%;--awb-order-small:0;--awb-spacing-right-small:1.92%;--awb-spacing-left-small:1.92%;\" data-scroll-devices=\"small-visibility,medium-visibility,large-visibility\"><div class=\"fusion-column-wrapper fusion-column-has-shadow fusion-flex-justify-content-center fusion-content-layout-column\"><div class=\"fusion-image-element \" style=\"text-align:center;--awb-margin-top:0px;--awb-margin-bottom:0px;--awb-max-width:80px;--awb-caption-title-font-family:var(--h2_typography-font-family);--awb-caption-title-font-weight:var(--h2_typography-font-weight);--awb-caption-title-font-style:var(--h2_typography-font-style);--awb-caption-title-size:var(--h2_typography-font-size);--awb-caption-title-transform:var(--h2_typography-text-transform);--awb-caption-title-line-height:var(--h2_typography-line-height);--awb-caption-title-letter-spacing:var(--h2_typography-letter-spacing);\"><span class=\" fusion-imageframe imageframe-none imageframe-12 hover-type-none\"><img decoding=\"async\" width=\"500\" height=\"500\" title=\"Caf\u00e8 del Teatre\" src=\"https:\/\/poesialleida.paeria.cat\/wp-content\/uploads\/2025\/01\/Cafe-del-Teatre.jpeg\" alt class=\"img-responsive wp-image-3122\" srcset=\"https:\/\/poesialleida.paeria.cat\/wp-content\/uploads\/2025\/01\/Cafe-del-Teatre-200x200.jpeg 200w, https:\/\/poesialleida.paeria.cat\/wp-content\/uploads\/2025\/01\/Cafe-del-Teatre-400x400.jpeg 400w, https:\/\/poesialleida.paeria.cat\/wp-content\/uploads\/2025\/01\/Cafe-del-Teatre.jpeg 500w\" sizes=\"(max-width: 800px) 100vw, (max-width: 640px) 100vw, 400px\" \/><\/span><\/div><\/div><\/div><div class=\"fusion-layout-column fusion_builder_column fusion-builder-column-29 fusion_builder_column_4_5 4_5 fusion-flex-column\" style=\"--awb-padding-top:30px;--awb-padding-right:15%;--awb-padding-bottom:30px;--awb-padding-left:15%;--awb-padding-top-small:40px;--awb-padding-right-small:10%;--awb-padding-bottom-small:0px;--awb-padding-left-small:10%;--awb-bg-color:var(--awb-color5);--awb-bg-color-hover:var(--awb-color5);--awb-bg-size:cover;--awb-width-large:80%;--awb-margin-top-large:0px;--awb-spacing-right-large:0px;--awb-margin-bottom-large:0px;--awb-spacing-left-large:0px;--awb-width-medium:100%;--awb-order-medium:0;--awb-spacing-right-medium:1.92%;--awb-spacing-left-medium:1.92%;--awb-width-small:100%;--awb-order-small:0;--awb-spacing-right-small:1.92%;--awb-spacing-left-small:1.92%;\" data-scroll-devices=\"small-visibility,medium-visibility,large-visibility\"><div class=\"fusion-column-wrapper fusion-column-has-shadow fusion-flex-justify-content-flex-start fusion-content-layout-column\"><div class=\"fusion-title title fusion-title-25 fusion-sep-none fusion-title-text fusion-title-size-two\" style=\"--awb-text-color:var(--awb-custom12);--awb-margin-top-small:0px;--awb-margin-right-small:0px;--awb-margin-bottom-small:20px;--awb-margin-left-small:0px;--awb-font-size:40px;\"><h2 class=\"fusion-title-heading title-heading-left fusion-responsive-typography-calculated\" style=\"margin:0;font-size:1em;--fontSize:40;line-height:1;\">Silvestres<\/h2><\/div><div class=\"fusion-title title fusion-title-26 fusion-sep-none fusion-title-text fusion-title-size-four\" style=\"--awb-text-color:var(--awb-color1);--awb-margin-top:10px;--awb-margin-top-small:0px;--awb-margin-right-small:0px;--awb-margin-bottom-small:20px;--awb-margin-left-small:0px;--awb-font-size:24px;\"><h4 class=\"fusion-title-heading title-heading-left fusion-responsive-typography-calculated\" style=\"margin:0;font-size:1em;--fontSize:24;line-height:1.5;\">Concert<\/h4><\/div><\/div><\/div><div class=\"fusion-layout-column fusion_builder_column fusion-builder-column-30 fusion_builder_column_1_1 1_1 fusion-flex-column\" style=\"--awb-padding-right:100px;--awb-padding-bottom:30px;--awb-padding-left:100px;--awb-padding-top-small:0px;--awb-padding-right-small:5%;--awb-padding-bottom-small:0px;--awb-padding-left-small:5%;--awb-bg-size:cover;--awb-width-large:100%;--awb-margin-top-large:0px;--awb-spacing-right-large:1.92%;--awb-margin-bottom-large:0px;--awb-spacing-left-large:1.92%;--awb-width-medium:100%;--awb-order-medium:0;--awb-spacing-right-medium:1.92%;--awb-spacing-left-medium:1.92%;--awb-width-small:100%;--awb-order-small:0;--awb-margin-top-small:0px;--awb-spacing-right-small:1.92%;--awb-margin-bottom-small:0px;--awb-spacing-left-small:1.92%;\" data-scroll-devices=\"small-visibility,medium-visibility,large-visibility\"><div class=\"fusion-column-wrapper fusion-column-has-shadow fusion-flex-justify-content-flex-start fusion-content-layout-column\"><div class=\"fusion-builder-row fusion-builder-row-inner fusion-row fusion-flex-align-items-flex-start fusion-flex-content-wrap\" style=\"--awb-flex-grow:0;--awb-flex-grow-medium:0;--awb-flex-grow-small:0;--awb-flex-shrink:0;--awb-flex-shrink-medium:0;--awb-flex-shrink-small:0;width:104% !important;max-width:104% !important;margin-left: calc(-4% \/ 2 );margin-right: calc(-4% \/ 2 );\"><div class=\"fusion-layout-column fusion_builder_column_inner fusion-builder-nested-column-5 fusion_builder_column_inner_1_5 1_5 fusion-flex-column\" style=\"--awb-padding-right-small:10%;--awb-padding-bottom-small:20px;--awb-padding-left-small:10%;--awb-bg-size:cover;--awb-width-large:20%;--awb-margin-top-large:0px;--awb-spacing-right-large:-5px;--awb-margin-bottom-large:0px;--awb-spacing-left-large:9.6%;--awb-width-medium:100%;--awb-order-medium:0;--awb-spacing-right-medium:1.92%;--awb-spacing-left-medium:1.92%;--awb-width-small:100%;--awb-order-small:0;--awb-spacing-right-small:1.92%;--awb-spacing-left-small:1.92%;\" data-scroll-devices=\"small-visibility,medium-visibility,large-visibility\"><div class=\"fusion-column-wrapper fusion-column-has-shadow fusion-flex-justify-content-flex-start fusion-content-layout-column\"><div class=\"fusion-image-element \" style=\"--awb-caption-title-font-family:var(--h2_typography-font-family);--awb-caption-title-font-weight:var(--h2_typography-font-weight);--awb-caption-title-font-style:var(--h2_typography-font-style);--awb-caption-title-size:var(--h2_typography-font-size);--awb-caption-title-transform:var(--h2_typography-text-transform);--awb-caption-title-line-height:var(--h2_typography-line-height);--awb-caption-title-letter-spacing:var(--h2_typography-letter-spacing);\"><span class=\" fusion-imageframe imageframe-none imageframe-13 hover-type-none\"><img decoding=\"async\" width=\"1000\" height=\"1000\" title=\"Silvestres\" src=\"https:\/\/poesialleida.paeria.cat\/wp-content\/uploads\/2025\/01\/Silvestres.jpg\" alt class=\"img-responsive wp-image-3237\" srcset=\"https:\/\/poesialleida.paeria.cat\/wp-content\/uploads\/2025\/01\/Silvestres-200x200.jpg 200w, https:\/\/poesialleida.paeria.cat\/wp-content\/uploads\/2025\/01\/Silvestres-400x400.jpg 400w, https:\/\/poesialleida.paeria.cat\/wp-content\/uploads\/2025\/01\/Silvestres-600x600.jpg 600w, https:\/\/poesialleida.paeria.cat\/wp-content\/uploads\/2025\/01\/Silvestres-800x800.jpg 800w, https:\/\/poesialleida.paeria.cat\/wp-content\/uploads\/2025\/01\/Silvestres.jpg 1000w\" sizes=\"(max-width: 800px) 100vw, (max-width: 640px) 100vw, 400px\" \/><\/span><\/div><div class=\"fusion-title title fusion-title-27 fusion-sep-none fusion-title-text fusion-title-size-paragraph\" style=\"--awb-text-color:var(--awb-custom10);--awb-margin-bottom:20px;--awb-margin-top-small:0px;--awb-margin-right-small:0px;--awb-margin-bottom-small:20px;--awb-margin-left-small:0px;--awb-font-size:14px;\"><p class=\"fusion-title-heading title-heading-right title-heading-tag fusion-responsive-typography-calculated\" style=\"margin:0;font-size:1em;--fontSize:14;--minFontSize:14;line-height:1.5;\">\u00a9 Roger Tutusaus<\/p><\/div><div class=\"fusion-title title fusion-title-28 fusion-sep-none fusion-title-text fusion-title-size-two\" style=\"--awb-margin-left:20px;--awb-margin-top-small:0px;--awb-margin-right-small:0px;--awb-margin-bottom-small:20px;--awb-margin-left-small:0px;--awb-font-size:var(--awb-typography1-font-size);\"><h2 class=\"fusion-title-heading title-heading-right fusion-responsive-typography-calculated\" style=\"font-family:var(--awb-typography1-font-family);font-weight:var(--awb-typography1-font-weight);font-style:var(--awb-typography1-font-style);margin:0;letter-spacing:var(--awb-typography1-letter-spacing);text-transform:var(--awb-typography1-text-transform);font-size:1em;--fontSize:28;line-height:var(--awb-typography1-line-height);\">Silvestres<\/h2><\/div><\/div><\/div><\/div><\/div><\/div><div class=\"fusion-layout-column fusion_builder_column fusion-builder-column-31 fusion_builder_column_1_1 1_1 fusion-flex-column\" style=\"--awb-padding-top:30px;--awb-padding-right:10%;--awb-padding-bottom:20px;--awb-padding-left:10%;--awb-padding-top-small:0px;--awb-padding-bottom-small:20px;--awb-bg-size:cover;--awb-width-large:100%;--awb-margin-top-large:0px;--awb-spacing-right-large:1.92%;--awb-margin-bottom-large:0px;--awb-spacing-left-large:1.92%;--awb-width-medium:100%;--awb-order-medium:0;--awb-spacing-right-medium:1.92%;--awb-spacing-left-medium:1.92%;--awb-width-small:100%;--awb-order-small:0;--awb-spacing-right-small:1.92%;--awb-spacing-left-small:1.92%;\" data-scroll-devices=\"small-visibility,medium-visibility,large-visibility\"><div class=\"fusion-column-wrapper fusion-column-has-shadow fusion-flex-justify-content-center fusion-content-layout-column\"><div class=\"fusion-text fusion-text-11 fusion-text-no-margin\" style=\"--awb-text-color:var(--awb-color5);--awb-margin-bottom:10px;\"><p>Participants:<span style=\"font-size: 24px;\"><strong>\u00a0Silvestres <\/strong><\/span><\/p>\n<\/div><div class=\"fusion-reading-box-container reading-box-container-5\" style=\"--awb-title-color:var(--awb-color8);--awb-margin-top:10px;--awb-margin-bottom:10px;\"><div class=\"reading-box\" style=\"background-color:var(--awb-custom_color_4);border-width:0px;border-color:var(--awb-color4);border-left-width:3px;border-left-color:var(--primary_color);border-style:solid;padding-top:30px;padding-bottom:30px;\"><div class=\"reading-box-additional\">\n<p>Silvestres s\u00f3n un grup de polifonia d\u2019arrel tradicional. Tres cantants de terres lleidatanes amb una llarga traject\u00f2ria en el m\u00f3n de la m\u00fasica s\u2019han unit per donar forma a aquest projecte que partint de les maneres de fer pr\u00f2pies de la polifonia vocal antiga, una tradici\u00f3 comuna amb manifestacions per tota la Mediterr\u00e0nia, s\u2019endinsa en sonoritats contempor\u00e0nies.<\/p>\n<p>Can\u00e7\u00f3 tradicional, poesia i bases de m\u00fasica electr\u00f2nica es donen la m\u00e0 a Silvestres, que ens visiten amb el seu primer disc tot just acabat d\u2019estrenar i que interpretaran per primera vegada en un escenari lleidat\u00e0. Una actuaci\u00f3 especial en el marc de POESIA LLEIDA que inclour\u00e0 alguna sorpresa que no us podeu perdre.<\/p>\n<\/div><div class=\"fusion-clearfix\"><\/div><\/div><\/div><div class=\"fusion-text fusion-text-12\" style=\"--awb-text-color:var(--awb-custom12);--awb-margin-top:10px;\"><p>Entrada lliure i gratu\u00efta<\/p>\n<\/div><\/div><\/div><div class=\"fusion-layout-column fusion_builder_column fusion-builder-column-32 fusion_builder_column_1_1 1_1 fusion-flex-column\" style=\"--awb-padding-right:10%;--awb-padding-bottom:50px;--awb-padding-left:10%;--awb-padding-top-small:0px;--awb-padding-right-small:10%;--awb-padding-bottom-small:30px;--awb-padding-left-small:10%;--awb-bg-size:cover;--awb-width-large:100%;--awb-margin-top-large:0px;--awb-spacing-right-large:1.92%;--awb-margin-bottom-large:0px;--awb-spacing-left-large:1.92%;--awb-width-medium:100%;--awb-order-medium:0;--awb-spacing-right-medium:1.92%;--awb-spacing-left-medium:1.92%;--awb-width-small:100%;--awb-order-small:0;--awb-spacing-right-small:1.92%;--awb-spacing-left-small:1.92%;\" data-scroll-devices=\"small-visibility,medium-visibility,large-visibility\"><div class=\"fusion-column-wrapper fusion-column-has-shadow fusion-flex-justify-content-center fusion-content-layout-column\"><div class=\"fusion-separator fusion-full-width-sep\" style=\"align-self: center;margin-left: auto;margin-right: auto;margin-top:30px;margin-bottom:20px;width:100%;\"><div class=\"fusion-separator-border sep-single sep-solid\" style=\"--awb-height:20px;--awb-amount:20px;--awb-sep-color:var(--awb-color4);border-color:var(--awb-color4);border-top-width:1px;\"><\/div><\/div><div class=\"fusion-text fusion-text-13\" style=\"--awb-font-size:24px;--awb-text-font-family:&quot;Open Sans Condensed Light&quot;;--awb-text-font-style:normal;--awb-text-font-weight:400;\"><p>Galeria d&#8217;imatges<\/p>\n<\/div><div class=\"awb-gallery-wrapper awb-gallery-wrapper-5 button-span-no\" style=\"--more-btn-alignment:center;\"><div style=\"margin:-5px;--awb-aspect-ratio:1 \/ 1;--awb-bordersize:0px;\" class=\"fusion-gallery fusion-gallery-container fusion-grid-6 fusion-columns-total-6 fusion-gallery-layout-grid fusion-gallery-5 has-aspect-ratio\"><div style=\"padding:5px;\" class=\"fusion-grid-column fusion-gallery-column fusion-gallery-column-6 hover-type-none\"><div class=\"fusion-gallery-image\"><a href=\"https:\/\/poesialleida.paeria.cat\/wp-content\/uploads\/2025\/03\/PoesiaLleida_silvestres_1.jpg\" rel=\"noreferrer\" data-rel=\"iLightbox[gallery_image_5]\" class=\"fusion-lightbox\" target=\"_self\"><img decoding=\"async\" src=\"https:\/\/poesialleida.paeria.cat\/wp-content\/uploads\/2025\/03\/PoesiaLleida_silvestres_1.jpg\" width=\"1000\" height=\"668\" alt=\"\" title=\"PoesiaLleida_silvestres_1\" aria-label=\"PoesiaLleida_silvestres_1\" class=\"img-responsive wp-image-4027\" srcset=\"https:\/\/poesialleida.paeria.cat\/wp-content\/uploads\/2025\/03\/PoesiaLleida_silvestres_1-200x134.jpg 200w, https:\/\/poesialleida.paeria.cat\/wp-content\/uploads\/2025\/03\/PoesiaLleida_silvestres_1-400x267.jpg 400w, https:\/\/poesialleida.paeria.cat\/wp-content\/uploads\/2025\/03\/PoesiaLleida_silvestres_1-600x401.jpg 600w, https:\/\/poesialleida.paeria.cat\/wp-content\/uploads\/2025\/03\/PoesiaLleida_silvestres_1-800x534.jpg 800w, https:\/\/poesialleida.paeria.cat\/wp-content\/uploads\/2025\/03\/PoesiaLleida_silvestres_1.jpg 1000w\" sizes=\"(min-width: 2200px) 100vw, (min-width: 1399px) 191px, (min-width: 1307px) 229px, (min-width: 1215px) 286px, (min-width: 1124px) 382px, (min-width: 1032px) 573px, (min-width: 940px) 1032px, \" \/><\/a><\/div><\/div><div style=\"padding:5px;\" class=\"fusion-grid-column fusion-gallery-column fusion-gallery-column-6 hover-type-none\"><div class=\"fusion-gallery-image\"><a href=\"https:\/\/poesialleida.paeria.cat\/wp-content\/uploads\/2025\/03\/PoesiaLleida_silvestres_2.jpg\" rel=\"noreferrer\" data-rel=\"iLightbox[gallery_image_5]\" class=\"fusion-lightbox\" target=\"_self\"><img decoding=\"async\" src=\"https:\/\/poesialleida.paeria.cat\/wp-content\/uploads\/2025\/03\/PoesiaLleida_silvestres_2.jpg\" width=\"1000\" height=\"668\" alt=\"\" title=\"PoesiaLleida_silvestres_2\" aria-label=\"PoesiaLleida_silvestres_2\" class=\"img-responsive wp-image-4028\" srcset=\"https:\/\/poesialleida.paeria.cat\/wp-content\/uploads\/2025\/03\/PoesiaLleida_silvestres_2-200x134.jpg 200w, https:\/\/poesialleida.paeria.cat\/wp-content\/uploads\/2025\/03\/PoesiaLleida_silvestres_2-400x267.jpg 400w, https:\/\/poesialleida.paeria.cat\/wp-content\/uploads\/2025\/03\/PoesiaLleida_silvestres_2-600x401.jpg 600w, https:\/\/poesialleida.paeria.cat\/wp-content\/uploads\/2025\/03\/PoesiaLleida_silvestres_2-800x534.jpg 800w, https:\/\/poesialleida.paeria.cat\/wp-content\/uploads\/2025\/03\/PoesiaLleida_silvestres_2.jpg 1000w\" sizes=\"(min-width: 2200px) 100vw, (min-width: 1399px) 191px, (min-width: 1307px) 229px, (min-width: 1215px) 286px, (min-width: 1124px) 382px, (min-width: 1032px) 573px, (min-width: 940px) 1032px, \" \/><\/a><\/div><\/div><div style=\"padding:5px;\" class=\"fusion-grid-column fusion-gallery-column fusion-gallery-column-6 hover-type-none\"><div class=\"fusion-gallery-image\"><a href=\"https:\/\/poesialleida.paeria.cat\/wp-content\/uploads\/2025\/03\/PoesiaLleida_silvestres_3.jpg\" rel=\"noreferrer\" data-rel=\"iLightbox[gallery_image_5]\" class=\"fusion-lightbox\" target=\"_self\"><img decoding=\"async\" src=\"https:\/\/poesialleida.paeria.cat\/wp-content\/uploads\/2025\/03\/PoesiaLleida_silvestres_3.jpg\" width=\"1000\" height=\"668\" alt=\"\" title=\"PoesiaLleida_silvestres_3\" aria-label=\"PoesiaLleida_silvestres_3\" class=\"img-responsive wp-image-4029\" srcset=\"https:\/\/poesialleida.paeria.cat\/wp-content\/uploads\/2025\/03\/PoesiaLleida_silvestres_3-200x134.jpg 200w, https:\/\/poesialleida.paeria.cat\/wp-content\/uploads\/2025\/03\/PoesiaLleida_silvestres_3-400x267.jpg 400w, https:\/\/poesialleida.paeria.cat\/wp-content\/uploads\/2025\/03\/PoesiaLleida_silvestres_3-600x401.jpg 600w, https:\/\/poesialleida.paeria.cat\/wp-content\/uploads\/2025\/03\/PoesiaLleida_silvestres_3-800x534.jpg 800w, https:\/\/poesialleida.paeria.cat\/wp-content\/uploads\/2025\/03\/PoesiaLleida_silvestres_3.jpg 1000w\" sizes=\"(min-width: 2200px) 100vw, (min-width: 1399px) 191px, (min-width: 1307px) 229px, (min-width: 1215px) 286px, (min-width: 1124px) 382px, (min-width: 1032px) 573px, (min-width: 940px) 1032px, \" \/><\/a><\/div><\/div><div class=\"clearfix\"><\/div><div style=\"padding:5px;\" class=\"fusion-grid-column fusion-gallery-column fusion-gallery-column-6 hover-type-none\"><div class=\"fusion-gallery-image\"><a href=\"https:\/\/poesialleida.paeria.cat\/wp-content\/uploads\/2025\/03\/PoesiaLleida_silvestres_4.jpg\" rel=\"noreferrer\" data-rel=\"iLightbox[gallery_image_5]\" class=\"fusion-lightbox\" target=\"_self\"><img decoding=\"async\" src=\"https:\/\/poesialleida.paeria.cat\/wp-content\/uploads\/2025\/03\/PoesiaLleida_silvestres_4.jpg\" width=\"1000\" height=\"668\" alt=\"\" title=\"PoesiaLleida_silvestres_4\" aria-label=\"PoesiaLleida_silvestres_4\" class=\"img-responsive wp-image-4030\" srcset=\"https:\/\/poesialleida.paeria.cat\/wp-content\/uploads\/2025\/03\/PoesiaLleida_silvestres_4-200x134.jpg 200w, https:\/\/poesialleida.paeria.cat\/wp-content\/uploads\/2025\/03\/PoesiaLleida_silvestres_4-400x267.jpg 400w, https:\/\/poesialleida.paeria.cat\/wp-content\/uploads\/2025\/03\/PoesiaLleida_silvestres_4-600x401.jpg 600w, https:\/\/poesialleida.paeria.cat\/wp-content\/uploads\/2025\/03\/PoesiaLleida_silvestres_4-800x534.jpg 800w, https:\/\/poesialleida.paeria.cat\/wp-content\/uploads\/2025\/03\/PoesiaLleida_silvestres_4.jpg 1000w\" sizes=\"(min-width: 2200px) 100vw, (min-width: 1399px) 191px, (min-width: 1307px) 229px, (min-width: 1215px) 286px, (min-width: 1124px) 382px, (min-width: 1032px) 573px, (min-width: 940px) 1032px, \" \/><\/a><\/div><\/div><div style=\"padding:5px;\" class=\"fusion-grid-column fusion-gallery-column fusion-gallery-column-6 hover-type-none\"><div class=\"fusion-gallery-image\"><a href=\"https:\/\/poesialleida.paeria.cat\/wp-content\/uploads\/2025\/03\/PoesiaLleida_silvestres_6.jpg\" rel=\"noreferrer\" data-rel=\"iLightbox[gallery_image_5]\" class=\"fusion-lightbox\" target=\"_self\"><img decoding=\"async\" src=\"https:\/\/poesialleida.paeria.cat\/wp-content\/uploads\/2025\/03\/PoesiaLleida_silvestres_6.jpg\" width=\"1000\" height=\"668\" alt=\"\" title=\"PoesiaLleida_silvestres_6\" aria-label=\"PoesiaLleida_silvestres_6\" class=\"img-responsive wp-image-4031\" srcset=\"https:\/\/poesialleida.paeria.cat\/wp-content\/uploads\/2025\/03\/PoesiaLleida_silvestres_6-200x134.jpg 200w, https:\/\/poesialleida.paeria.cat\/wp-content\/uploads\/2025\/03\/PoesiaLleida_silvestres_6-400x267.jpg 400w, https:\/\/poesialleida.paeria.cat\/wp-content\/uploads\/2025\/03\/PoesiaLleida_silvestres_6-600x401.jpg 600w, https:\/\/poesialleida.paeria.cat\/wp-content\/uploads\/2025\/03\/PoesiaLleida_silvestres_6-800x534.jpg 800w, https:\/\/poesialleida.paeria.cat\/wp-content\/uploads\/2025\/03\/PoesiaLleida_silvestres_6.jpg 1000w\" sizes=\"(min-width: 2200px) 100vw, (min-width: 1399px) 191px, (min-width: 1307px) 229px, (min-width: 1215px) 286px, (min-width: 1124px) 382px, (min-width: 1032px) 573px, (min-width: 940px) 1032px, \" \/><\/a><\/div><\/div><div style=\"padding:5px;\" class=\"fusion-grid-column fusion-gallery-column fusion-gallery-column-6 hover-type-none\"><div class=\"fusion-gallery-image\"><a href=\"https:\/\/poesialleida.paeria.cat\/wp-content\/uploads\/2025\/03\/PoesiaLleida_silvestres_7.jpg\" rel=\"noreferrer\" data-rel=\"iLightbox[gallery_image_5]\" class=\"fusion-lightbox\" target=\"_self\"><img decoding=\"async\" src=\"https:\/\/poesialleida.paeria.cat\/wp-content\/uploads\/2025\/03\/PoesiaLleida_silvestres_7.jpg\" width=\"1000\" height=\"668\" alt=\"\" title=\"PoesiaLleida_silvestres_7\" aria-label=\"PoesiaLleida_silvestres_7\" class=\"img-responsive wp-image-4032\" srcset=\"https:\/\/poesialleida.paeria.cat\/wp-content\/uploads\/2025\/03\/PoesiaLleida_silvestres_7-200x134.jpg 200w, https:\/\/poesialleida.paeria.cat\/wp-content\/uploads\/2025\/03\/PoesiaLleida_silvestres_7-400x267.jpg 400w, https:\/\/poesialleida.paeria.cat\/wp-content\/uploads\/2025\/03\/PoesiaLleida_silvestres_7-600x401.jpg 600w, https:\/\/poesialleida.paeria.cat\/wp-content\/uploads\/2025\/03\/PoesiaLleida_silvestres_7-800x534.jpg 800w, https:\/\/poesialleida.paeria.cat\/wp-content\/uploads\/2025\/03\/PoesiaLleida_silvestres_7.jpg 1000w\" sizes=\"(min-width: 2200px) 100vw, (min-width: 1399px) 191px, (min-width: 1307px) 229px, (min-width: 1215px) 286px, (min-width: 1124px) 382px, (min-width: 1032px) 573px, (min-width: 940px) 1032px, \" \/><\/a><\/div><\/div><\/div><\/div><\/div><\/div><\/div><\/div><div class=\"fusion-fullwidth fullwidth-box fusion-builder-row-7 fusion-flex-container has-pattern-background has-mask-background hundred-percent-fullwidth non-hundred-percent-height-scrolling\" style=\"--awb-background-position:left top;--awb-border-radius-top-left:0px;--awb-border-radius-top-right:0px;--awb-border-radius-bottom-right:0px;--awb-border-radius-bottom-left:0px;--awb-padding-top:0px;--awb-padding-right:0px;--awb-padding-bottom:40px;--awb-padding-left:0px;--awb-padding-top-small:0px;--awb-padding-bottom-small:40px;--awb-flex-wrap:wrap;\" ><div class=\"fusion-builder-row fusion-row fusion-flex-align-items-flex-start fusion-flex-content-wrap\" style=\"width:104% !important;max-width:104% !important;margin-left: calc(-4% \/ 2 );margin-right: calc(-4% \/ 2 );\"><div class=\"fusion-layout-column fusion_builder_column fusion-builder-column-33 fusion_builder_column_4_5 4_5 fusion-flex-column fusion-flex-align-self-stretch\" style=\"--awb-padding-top:30px;--awb-padding-right:15%;--awb-padding-bottom:30px;--awb-padding-left:15%;--awb-padding-top-small:10px;--awb-padding-right-small:5%;--awb-padding-bottom-small:0px;--awb-padding-left-small:10%;--awb-bg-color:var(--awb-custom_color_5);--awb-bg-color-hover:var(--awb-custom_color_5);--awb-bg-size:cover;--awb-width-large:80%;--awb-margin-top-large:0px;--awb-spacing-right-large:0px;--awb-margin-bottom-large:0px;--awb-spacing-left-large:0px;--awb-width-medium:100%;--awb-order-medium:0;--awb-spacing-right-medium:1.92%;--awb-spacing-left-medium:1.92%;--awb-width-small:100%;--awb-order-small:0;--awb-margin-top-small:0px;--awb-spacing-right-small:1.92%;--awb-margin-bottom-small:0px;--awb-spacing-left-small:1.92%;\" data-scroll-devices=\"small-visibility,medium-visibility,large-visibility\"><div class=\"fusion-column-wrapper fusion-column-has-shadow fusion-flex-justify-content-space-between fusion-content-layout-column\"><div class=\"fusion-title title fusion-title-29 fusion-sep-none fusion-title-text fusion-title-size-three\" style=\"--awb-text-color:var(--awb-color8);--awb-margin-top-small:30px;--awb-margin-right-small:0px;--awb-margin-bottom-small:20px;--awb-margin-left-small:0px;--awb-font-size:26px;\"><h3 class=\"fusion-title-heading title-heading-left fusion-responsive-typography-calculated\" style=\"margin:0;font-size:1em;--fontSize:26;line-height:1.5;\"><strong><span style=\"font-size: 33px;\">20<\/span><\/strong>\u00a0<span style=\"font-size: 20px;\">h<\/span> \u00b7 Caf\u00e8 del Teatre de l\u2019Escorxador. <span style=\"font-size: 20px;\">c\/ Roca Labrador, 2.<\/span><\/h3><\/div><\/div><\/div><div class=\"fusion-layout-column fusion_builder_column fusion-builder-column-34 fusion_builder_column_1_5 1_5 fusion-flex-column fusion-flex-align-self-stretch fusion-no-small-visibility\" style=\"--awb-padding-top:15px;--awb-padding-bottom:10px;--awb-bg-color:var(--awb-custom_color_5);--awb-bg-color-hover:var(--awb-custom_color_5);--awb-bg-size:cover;--awb-width-large:20%;--awb-margin-top-large:0px;--awb-spacing-right-large:9.6%;--awb-margin-bottom-large:0px;--awb-spacing-left-large:0px;--awb-width-medium:100%;--awb-order-medium:0;--awb-spacing-right-medium:1.92%;--awb-spacing-left-medium:1.92%;--awb-width-small:100%;--awb-order-small:0;--awb-spacing-right-small:1.92%;--awb-spacing-left-small:1.92%;\" data-scroll-devices=\"small-visibility,medium-visibility,large-visibility\"><div class=\"fusion-column-wrapper fusion-column-has-shadow fusion-flex-justify-content-center fusion-content-layout-column\"><div class=\"fusion-image-element \" style=\"text-align:center;--awb-margin-top:0px;--awb-margin-bottom:0px;--awb-max-width:80px;--awb-caption-title-font-family:var(--h2_typography-font-family);--awb-caption-title-font-weight:var(--h2_typography-font-weight);--awb-caption-title-font-style:var(--h2_typography-font-style);--awb-caption-title-size:var(--h2_typography-font-size);--awb-caption-title-transform:var(--h2_typography-text-transform);--awb-caption-title-line-height:var(--h2_typography-line-height);--awb-caption-title-letter-spacing:var(--h2_typography-letter-spacing);\"><span class=\" fusion-imageframe imageframe-none imageframe-14 hover-type-none\"><img decoding=\"async\" width=\"500\" height=\"500\" title=\"Caf\u00e8 del Teatre\" src=\"https:\/\/poesialleida.paeria.cat\/wp-content\/uploads\/2025\/01\/Cafe-del-Teatre.jpeg\" alt class=\"img-responsive wp-image-3122\" srcset=\"https:\/\/poesialleida.paeria.cat\/wp-content\/uploads\/2025\/01\/Cafe-del-Teatre-200x200.jpeg 200w, https:\/\/poesialleida.paeria.cat\/wp-content\/uploads\/2025\/01\/Cafe-del-Teatre-400x400.jpeg 400w, https:\/\/poesialleida.paeria.cat\/wp-content\/uploads\/2025\/01\/Cafe-del-Teatre.jpeg 500w\" sizes=\"(max-width: 800px) 100vw, (max-width: 640px) 100vw, 400px\" \/><\/span><\/div><\/div><\/div><div class=\"fusion-layout-column fusion_builder_column fusion-builder-column-35 fusion_builder_column_4_5 4_5 fusion-flex-column\" style=\"--awb-padding-top:30px;--awb-padding-right:15%;--awb-padding-bottom:30px;--awb-padding-left:15%;--awb-padding-top-small:40px;--awb-padding-right-small:10%;--awb-padding-bottom-small:0px;--awb-padding-left-small:10%;--awb-bg-color:var(--awb-color5);--awb-bg-color-hover:var(--awb-color5);--awb-bg-size:cover;--awb-width-large:80%;--awb-margin-top-large:0px;--awb-spacing-right-large:0px;--awb-margin-bottom-large:0px;--awb-spacing-left-large:0px;--awb-width-medium:100%;--awb-order-medium:0;--awb-spacing-right-medium:1.92%;--awb-spacing-left-medium:1.92%;--awb-width-small:100%;--awb-order-small:0;--awb-spacing-right-small:1.92%;--awb-spacing-left-small:1.92%;\" data-scroll-devices=\"small-visibility,medium-visibility,large-visibility\"><div class=\"fusion-column-wrapper fusion-column-has-shadow fusion-flex-justify-content-flex-start fusion-content-layout-column\"><div class=\"fusion-title title fusion-title-30 fusion-sep-none fusion-title-text fusion-title-size-two\" style=\"--awb-text-color:var(--awb-custom12);--awb-margin-top-small:0px;--awb-margin-right-small:0px;--awb-margin-bottom-small:20px;--awb-margin-left-small:0px;--awb-font-size:40px;\"><h2 class=\"fusion-title-heading title-heading-left fusion-responsive-typography-calculated\" style=\"margin:0;font-size:1em;--fontSize:40;line-height:1;\">Entrella\u00e7ats<\/h2><\/div><div class=\"fusion-title title fusion-title-31 fusion-sep-none fusion-title-text fusion-title-size-four\" style=\"--awb-text-color:var(--awb-color1);--awb-margin-top:10px;--awb-margin-top-small:0px;--awb-margin-right-small:0px;--awb-margin-bottom-small:20px;--awb-margin-left-small:0px;--awb-font-size:24px;\"><h4 class=\"fusion-title-heading title-heading-left fusion-responsive-typography-calculated\" style=\"margin:0;font-size:1em;--fontSize:24;line-height:1.5;\">Recital po\u00e8tic<\/h4><\/div><\/div><\/div><div class=\"fusion-layout-column fusion_builder_column fusion-builder-column-36 fusion_builder_column_1_1 1_1 fusion-flex-column\" style=\"--awb-padding-right:100px;--awb-padding-bottom:30px;--awb-padding-left:100px;--awb-padding-top-small:0px;--awb-padding-right-small:5%;--awb-padding-bottom-small:0px;--awb-padding-left-small:5%;--awb-bg-size:cover;--awb-width-large:100%;--awb-margin-top-large:0px;--awb-spacing-right-large:1.92%;--awb-margin-bottom-large:0px;--awb-spacing-left-large:1.92%;--awb-width-medium:100%;--awb-order-medium:0;--awb-spacing-right-medium:1.92%;--awb-spacing-left-medium:1.92%;--awb-width-small:100%;--awb-order-small:0;--awb-margin-top-small:0px;--awb-spacing-right-small:1.92%;--awb-margin-bottom-small:0px;--awb-spacing-left-small:1.92%;\" data-scroll-devices=\"small-visibility,medium-visibility,large-visibility\"><div class=\"fusion-column-wrapper fusion-column-has-shadow fusion-flex-justify-content-flex-start fusion-content-layout-column\"><div class=\"fusion-builder-row fusion-builder-row-inner fusion-row fusion-flex-align-items-flex-start fusion-flex-content-wrap\" style=\"--awb-flex-grow:0;--awb-flex-grow-medium:0;--awb-flex-grow-small:0;--awb-flex-shrink:0;--awb-flex-shrink-medium:0;--awb-flex-shrink-small:0;width:104% !important;max-width:104% !important;margin-left: calc(-4% \/ 2 );margin-right: calc(-4% \/ 2 );\"><div class=\"fusion-layout-column fusion_builder_column_inner fusion-builder-nested-column-6 fusion_builder_column_inner_1_5 1_5 fusion-flex-column\" style=\"--awb-padding-right-small:10%;--awb-padding-bottom-small:20px;--awb-padding-left-small:10%;--awb-bg-size:cover;--awb-width-large:20%;--awb-margin-top-large:0px;--awb-spacing-right-large:-5px;--awb-margin-bottom-large:0px;--awb-spacing-left-large:9.6%;--awb-width-medium:100%;--awb-order-medium:0;--awb-spacing-right-medium:1.92%;--awb-spacing-left-medium:1.92%;--awb-width-small:100%;--awb-order-small:0;--awb-spacing-right-small:1.92%;--awb-spacing-left-small:1.92%;\" data-scroll-devices=\"small-visibility,medium-visibility,large-visibility\"><div class=\"fusion-column-wrapper fusion-column-has-shadow fusion-flex-justify-content-flex-start fusion-content-layout-column\"><div class=\"fusion-image-element \" style=\"--awb-caption-title-font-family:var(--h2_typography-font-family);--awb-caption-title-font-weight:var(--h2_typography-font-weight);--awb-caption-title-font-style:var(--h2_typography-font-style);--awb-caption-title-size:var(--h2_typography-font-size);--awb-caption-title-transform:var(--h2_typography-text-transform);--awb-caption-title-line-height:var(--h2_typography-line-height);--awb-caption-title-letter-spacing:var(--h2_typography-letter-spacing);\"><span class=\" fusion-imageframe imageframe-none imageframe-15 hover-type-none\"><img decoding=\"async\" width=\"1000\" height=\"1000\" title=\"Lola Miquel\" src=\"https:\/\/poesialleida.paeria.cat\/wp-content\/uploads\/2025\/01\/Lola-Miquel.jpg\" alt class=\"img-responsive wp-image-3235\" srcset=\"https:\/\/poesialleida.paeria.cat\/wp-content\/uploads\/2025\/01\/Lola-Miquel-200x200.jpg 200w, https:\/\/poesialleida.paeria.cat\/wp-content\/uploads\/2025\/01\/Lola-Miquel-400x400.jpg 400w, https:\/\/poesialleida.paeria.cat\/wp-content\/uploads\/2025\/01\/Lola-Miquel-600x600.jpg 600w, https:\/\/poesialleida.paeria.cat\/wp-content\/uploads\/2025\/01\/Lola-Miquel-800x800.jpg 800w, https:\/\/poesialleida.paeria.cat\/wp-content\/uploads\/2025\/01\/Lola-Miquel.jpg 1000w\" sizes=\"(max-width: 800px) 100vw, (max-width: 640px) 100vw, 400px\" \/><\/span><\/div><div class=\"fusion-title title fusion-title-32 fusion-sep-none fusion-title-text fusion-title-size-paragraph\" style=\"--awb-text-color:var(--awb-custom10);--awb-margin-bottom:20px;--awb-margin-top-small:0px;--awb-margin-right-small:0px;--awb-margin-bottom-small:20px;--awb-margin-left-small:0px;--awb-font-size:14px;\"><p class=\"fusion-title-heading title-heading-right title-heading-tag fusion-responsive-typography-calculated\" style=\"margin:0;font-size:1em;--fontSize:14;--minFontSize:14;line-height:1.5;\">\u00a9 Lola Miquel<\/p><\/div><div class=\"fusion-title title fusion-title-33 fusion-sep-none fusion-title-text fusion-title-size-two\" style=\"--awb-margin-left:20px;--awb-margin-top-small:0px;--awb-margin-right-small:0px;--awb-margin-bottom-small:20px;--awb-margin-left-small:0px;--awb-font-size:var(--awb-typography1-font-size);\"><h2 class=\"fusion-title-heading title-heading-right fusion-responsive-typography-calculated\" style=\"font-family:var(--awb-typography1-font-family);font-weight:var(--awb-typography1-font-weight);font-style:var(--awb-typography1-font-style);margin:0;letter-spacing:var(--awb-typography1-letter-spacing);text-transform:var(--awb-typography1-text-transform);font-size:1em;--fontSize:28;line-height:var(--awb-typography1-line-height);\">Lola Miquel<\/h2><\/div><\/div><\/div><div class=\"fusion-layout-column fusion_builder_column_inner fusion-builder-nested-column-7 fusion_builder_column_inner_1_5 1_5 fusion-flex-column\" style=\"--awb-padding-right-small:10%;--awb-padding-bottom-small:20px;--awb-padding-left-small:10%;--awb-bg-size:cover;--awb-width-large:20%;--awb-margin-top-large:0px;--awb-spacing-right-large:-5px;--awb-margin-bottom-large:0px;--awb-spacing-left-large:9.6%;--awb-width-medium:100%;--awb-order-medium:0;--awb-spacing-right-medium:1.92%;--awb-spacing-left-medium:1.92%;--awb-width-small:100%;--awb-order-small:0;--awb-spacing-right-small:1.92%;--awb-spacing-left-small:1.92%;\" data-scroll-devices=\"small-visibility,medium-visibility,large-visibility\"><div class=\"fusion-column-wrapper fusion-column-has-shadow fusion-flex-justify-content-flex-start fusion-content-layout-column\"><div class=\"fusion-image-element \" style=\"--awb-caption-title-font-family:var(--h2_typography-font-family);--awb-caption-title-font-weight:var(--h2_typography-font-weight);--awb-caption-title-font-style:var(--h2_typography-font-style);--awb-caption-title-size:var(--h2_typography-font-size);--awb-caption-title-transform:var(--h2_typography-text-transform);--awb-caption-title-line-height:var(--h2_typography-line-height);--awb-caption-title-letter-spacing:var(--h2_typography-letter-spacing);\"><span class=\" fusion-imageframe imageframe-none imageframe-16 hover-type-none\"><img decoding=\"async\" width=\"1000\" height=\"1000\" title=\"Perejaume\" src=\"https:\/\/poesialleida.paeria.cat\/wp-content\/uploads\/2025\/01\/Perejaume.jpg\" alt class=\"img-responsive wp-image-3236\" srcset=\"https:\/\/poesialleida.paeria.cat\/wp-content\/uploads\/2025\/01\/Perejaume-200x200.jpg 200w, https:\/\/poesialleida.paeria.cat\/wp-content\/uploads\/2025\/01\/Perejaume-400x400.jpg 400w, https:\/\/poesialleida.paeria.cat\/wp-content\/uploads\/2025\/01\/Perejaume-600x600.jpg 600w, https:\/\/poesialleida.paeria.cat\/wp-content\/uploads\/2025\/01\/Perejaume-800x800.jpg 800w, https:\/\/poesialleida.paeria.cat\/wp-content\/uploads\/2025\/01\/Perejaume.jpg 1000w\" sizes=\"(max-width: 800px) 100vw, (max-width: 640px) 100vw, 400px\" \/><\/span><\/div><div class=\"fusion-title title fusion-title-34 fusion-sep-none fusion-title-text fusion-title-size-paragraph\" style=\"--awb-text-color:var(--awb-custom10);--awb-margin-bottom:20px;--awb-margin-top-small:0px;--awb-margin-right-small:0px;--awb-margin-bottom-small:20px;--awb-margin-left-small:0px;--awb-font-size:14px;\"><p class=\"fusion-title-heading title-heading-right title-heading-tag fusion-responsive-typography-calculated\" style=\"margin:0;font-size:1em;--fontSize:14;--minFontSize:14;line-height:1.5;\">\u00a9 Mart\u00edn Garcia<\/p><\/div><div class=\"fusion-title title fusion-title-35 fusion-sep-none fusion-title-text fusion-title-size-two\" style=\"--awb-margin-left:20px;--awb-margin-top-small:0px;--awb-margin-right-small:0px;--awb-margin-bottom-small:20px;--awb-margin-left-small:0px;--awb-font-size:var(--awb-typography1-font-size);\"><h2 class=\"fusion-title-heading title-heading-right fusion-responsive-typography-calculated\" style=\"font-family:var(--awb-typography1-font-family);font-weight:var(--awb-typography1-font-weight);font-style:var(--awb-typography1-font-style);margin:0;letter-spacing:var(--awb-typography1-letter-spacing);text-transform:var(--awb-typography1-text-transform);font-size:1em;--fontSize:28;line-height:var(--awb-typography1-line-height);\">Perejaume<\/h2><\/div><\/div><\/div><\/div><\/div><\/div><div class=\"fusion-layout-column fusion_builder_column fusion-builder-column-37 fusion_builder_column_1_1 1_1 fusion-flex-column\" style=\"--awb-padding-top:30px;--awb-padding-right:10%;--awb-padding-bottom:20px;--awb-padding-left:10%;--awb-padding-top-small:0px;--awb-padding-bottom-small:20px;--awb-bg-size:cover;--awb-width-large:100%;--awb-margin-top-large:0px;--awb-spacing-right-large:1.92%;--awb-margin-bottom-large:0px;--awb-spacing-left-large:1.92%;--awb-width-medium:100%;--awb-order-medium:0;--awb-spacing-right-medium:1.92%;--awb-spacing-left-medium:1.92%;--awb-width-small:100%;--awb-order-small:0;--awb-spacing-right-small:1.92%;--awb-spacing-left-small:1.92%;\" data-scroll-devices=\"small-visibility,medium-visibility,large-visibility\"><div class=\"fusion-column-wrapper fusion-column-has-shadow fusion-flex-justify-content-center fusion-content-layout-column\"><div class=\"fusion-text fusion-text-14 fusion-text-no-margin\" style=\"--awb-text-color:var(--awb-color5);--awb-margin-bottom:10px;\"><p>Participants:<span style=\"font-size: 24px;\"><strong> Lola Miquel <\/strong>i<strong> Perejaume <\/strong><\/span><\/p>\n<\/div><div class=\"fusion-reading-box-container reading-box-container-6\" style=\"--awb-title-color:var(--awb-color8);--awb-margin-top:10px;--awb-margin-bottom:10px;\"><div class=\"reading-box\" style=\"background-color:var(--awb-custom_color_4);border-width:0px;border-color:var(--awb-color4);border-left-width:3px;border-left-color:var(--primary_color);border-style:solid;padding-top:30px;padding-bottom:30px;\"><div class=\"reading-box-additional\">\n<p>Hi ha lla\u00e7os que ordeixen i relliguen, hi ha lla\u00e7os que germinen com llavors. El festival acull una trobada extraordin\u00e0ria entre dues veus cabdals de la creaci\u00f3 catalana contempor\u00e0nia: <strong>Lola<\/strong><strong> Miquel<\/strong> i <strong>Perejaume<\/strong>.<\/p>\n<p>Dos artistes radicals per la seva independ\u00e8ncia i estils molt singulars amb una relaci\u00f3 personal i creativa que s\u2019ha teixit al llarg dels anys. Els seus versos dialoguen amb la natura, l\u2019art, la identitat, creant un profund univers po\u00e8tic que ens ha fet reflexionar sobre la nostra condici\u00f3 des de la literatura i des de la pl\u00e0stica. Una vetllada per celebrar la poesia com un camp de trobada i complicitat.<\/p>\n<\/div><div class=\"fusion-clearfix\"><\/div><\/div><\/div><div class=\"fusion-text fusion-text-15\" style=\"--awb-text-color:var(--awb-custom12);--awb-margin-top:10px;\"><p>Entrada lliure i gratu\u00efta<\/p>\n<\/div><\/div><\/div><div class=\"fusion-layout-column fusion_builder_column fusion-builder-column-38 fusion_builder_column_1_1 1_1 fusion-flex-column\" style=\"--awb-padding-right:10%;--awb-padding-bottom:50px;--awb-padding-left:10%;--awb-padding-top-small:0px;--awb-padding-right-small:10%;--awb-padding-bottom-small:30px;--awb-padding-left-small:10%;--awb-bg-size:cover;--awb-width-large:100%;--awb-margin-top-large:0px;--awb-spacing-right-large:1.92%;--awb-margin-bottom-large:0px;--awb-spacing-left-large:1.92%;--awb-width-medium:100%;--awb-order-medium:0;--awb-spacing-right-medium:1.92%;--awb-spacing-left-medium:1.92%;--awb-width-small:100%;--awb-order-small:0;--awb-spacing-right-small:1.92%;--awb-spacing-left-small:1.92%;\" data-scroll-devices=\"small-visibility,medium-visibility,large-visibility\"><div class=\"fusion-column-wrapper fusion-column-has-shadow fusion-flex-justify-content-center fusion-content-layout-column\"><div class=\"fusion-separator fusion-full-width-sep\" style=\"align-self: center;margin-left: auto;margin-right: auto;margin-top:30px;margin-bottom:20px;width:100%;\"><div class=\"fusion-separator-border sep-single sep-solid\" style=\"--awb-height:20px;--awb-amount:20px;--awb-sep-color:var(--awb-color4);border-color:var(--awb-color4);border-top-width:1px;\"><\/div><\/div><div class=\"fusion-text fusion-text-16\" style=\"--awb-font-size:24px;--awb-text-font-family:&quot;Open Sans Condensed Light&quot;;--awb-text-font-style:normal;--awb-text-font-weight:400;\"><p>Galeria d&#8217;imatges<\/p>\n<\/div><div class=\"awb-gallery-wrapper awb-gallery-wrapper-6 button-span-no\" style=\"--more-btn-alignment:center;\"><div style=\"margin:-5px;--awb-aspect-ratio:1 \/ 1;--awb-bordersize:0px;\" class=\"fusion-gallery fusion-gallery-container fusion-grid-6 fusion-columns-total-5 fusion-gallery-layout-grid fusion-gallery-6 has-aspect-ratio\"><div style=\"padding:5px;\" class=\"fusion-grid-column fusion-gallery-column fusion-gallery-column-6 hover-type-none\"><div class=\"fusion-gallery-image\"><a href=\"https:\/\/poesialleida.paeria.cat\/wp-content\/uploads\/2025\/03\/PoesiaLleida25_dia21_026.jpg\" rel=\"noreferrer\" data-rel=\"iLightbox[gallery_image_6]\" class=\"fusion-lightbox\" target=\"_self\"><img decoding=\"async\" src=\"https:\/\/poesialleida.paeria.cat\/wp-content\/uploads\/2025\/03\/PoesiaLleida25_dia21_026.jpg\" width=\"2000\" height=\"1335\" alt=\"\" title=\"PoesiaLleida25_dia21_026\" aria-label=\"PoesiaLleida25_dia21_026\" class=\"img-responsive wp-image-4034\" srcset=\"https:\/\/poesialleida.paeria.cat\/wp-content\/uploads\/2025\/03\/PoesiaLleida25_dia21_026-200x134.jpg 200w, https:\/\/poesialleida.paeria.cat\/wp-content\/uploads\/2025\/03\/PoesiaLleida25_dia21_026-400x267.jpg 400w, https:\/\/poesialleida.paeria.cat\/wp-content\/uploads\/2025\/03\/PoesiaLleida25_dia21_026-600x401.jpg 600w, https:\/\/poesialleida.paeria.cat\/wp-content\/uploads\/2025\/03\/PoesiaLleida25_dia21_026-800x534.jpg 800w, https:\/\/poesialleida.paeria.cat\/wp-content\/uploads\/2025\/03\/PoesiaLleida25_dia21_026-1200x801.jpg 1200w, https:\/\/poesialleida.paeria.cat\/wp-content\/uploads\/2025\/03\/PoesiaLleida25_dia21_026.jpg 2000w\" sizes=\"(min-width: 2200px) 100vw, (min-width: 1399px) 191px, (min-width: 1307px) 229px, (min-width: 1215px) 286px, (min-width: 1124px) 382px, (min-width: 1032px) 573px, (min-width: 940px) 1032px, \" \/><\/a><\/div><\/div><div style=\"padding:5px;\" class=\"fusion-grid-column fusion-gallery-column fusion-gallery-column-6 hover-type-none\"><div class=\"fusion-gallery-image\"><a href=\"https:\/\/poesialleida.paeria.cat\/wp-content\/uploads\/2025\/03\/PoesiaLleida25_dia21_029.jpg\" rel=\"noreferrer\" data-rel=\"iLightbox[gallery_image_6]\" class=\"fusion-lightbox\" target=\"_self\"><img decoding=\"async\" src=\"https:\/\/poesialleida.paeria.cat\/wp-content\/uploads\/2025\/03\/PoesiaLleida25_dia21_029.jpg\" width=\"2000\" height=\"1335\" alt=\"\" title=\"PoesiaLleida25_dia21_029\" aria-label=\"PoesiaLleida25_dia21_029\" class=\"img-responsive wp-image-4035\" srcset=\"https:\/\/poesialleida.paeria.cat\/wp-content\/uploads\/2025\/03\/PoesiaLleida25_dia21_029-200x134.jpg 200w, https:\/\/poesialleida.paeria.cat\/wp-content\/uploads\/2025\/03\/PoesiaLleida25_dia21_029-400x267.jpg 400w, https:\/\/poesialleida.paeria.cat\/wp-content\/uploads\/2025\/03\/PoesiaLleida25_dia21_029-600x401.jpg 600w, https:\/\/poesialleida.paeria.cat\/wp-content\/uploads\/2025\/03\/PoesiaLleida25_dia21_029-800x534.jpg 800w, https:\/\/poesialleida.paeria.cat\/wp-content\/uploads\/2025\/03\/PoesiaLleida25_dia21_029-1200x801.jpg 1200w, https:\/\/poesialleida.paeria.cat\/wp-content\/uploads\/2025\/03\/PoesiaLleida25_dia21_029.jpg 2000w\" sizes=\"(min-width: 2200px) 100vw, (min-width: 1399px) 191px, (min-width: 1307px) 229px, (min-width: 1215px) 286px, (min-width: 1124px) 382px, (min-width: 1032px) 573px, (min-width: 940px) 1032px, \" \/><\/a><\/div><\/div><div style=\"padding:5px;\" class=\"fusion-grid-column fusion-gallery-column fusion-gallery-column-6 hover-type-none\"><div class=\"fusion-gallery-image\"><a href=\"https:\/\/poesialleida.paeria.cat\/wp-content\/uploads\/2025\/03\/PoesiaLleida25_dia21_030.jpg\" rel=\"noreferrer\" data-rel=\"iLightbox[gallery_image_6]\" class=\"fusion-lightbox\" target=\"_self\"><img decoding=\"async\" src=\"https:\/\/poesialleida.paeria.cat\/wp-content\/uploads\/2025\/03\/PoesiaLleida25_dia21_030.jpg\" width=\"1335\" height=\"2000\" alt=\"\" title=\"PoesiaLleida25_dia21_030\" aria-label=\"PoesiaLleida25_dia21_030\" class=\"img-responsive wp-image-4036\" srcset=\"https:\/\/poesialleida.paeria.cat\/wp-content\/uploads\/2025\/03\/PoesiaLleida25_dia21_030-200x300.jpg 200w, https:\/\/poesialleida.paeria.cat\/wp-content\/uploads\/2025\/03\/PoesiaLleida25_dia21_030-400x599.jpg 400w, https:\/\/poesialleida.paeria.cat\/wp-content\/uploads\/2025\/03\/PoesiaLleida25_dia21_030-600x899.jpg 600w, https:\/\/poesialleida.paeria.cat\/wp-content\/uploads\/2025\/03\/PoesiaLleida25_dia21_030-800x1199.jpg 800w, https:\/\/poesialleida.paeria.cat\/wp-content\/uploads\/2025\/03\/PoesiaLleida25_dia21_030-1200x1798.jpg 1200w, https:\/\/poesialleida.paeria.cat\/wp-content\/uploads\/2025\/03\/PoesiaLleida25_dia21_030.jpg 1335w\" sizes=\"(min-width: 2200px) 100vw, (min-width: 1399px) 191px, (min-width: 1307px) 229px, (min-width: 1215px) 286px, (min-width: 1124px) 382px, (min-width: 1032px) 573px, (min-width: 940px) 1032px, \" \/><\/a><\/div><\/div><div class=\"clearfix\"><\/div><div style=\"padding:5px;\" class=\"fusion-grid-column fusion-gallery-column fusion-gallery-column-6 hover-type-none\"><div class=\"fusion-gallery-image\"><a href=\"https:\/\/poesialleida.paeria.cat\/wp-content\/uploads\/2025\/03\/PoesiaLleida25_dia21_033.jpg\" rel=\"noreferrer\" data-rel=\"iLightbox[gallery_image_6]\" class=\"fusion-lightbox\" target=\"_self\"><img decoding=\"async\" src=\"https:\/\/poesialleida.paeria.cat\/wp-content\/uploads\/2025\/03\/PoesiaLleida25_dia21_033.jpg\" width=\"2000\" height=\"1335\" alt=\"\" title=\"PoesiaLleida25_dia21_033\" aria-label=\"PoesiaLleida25_dia21_033\" class=\"img-responsive wp-image-4037\" srcset=\"https:\/\/poesialleida.paeria.cat\/wp-content\/uploads\/2025\/03\/PoesiaLleida25_dia21_033-200x134.jpg 200w, https:\/\/poesialleida.paeria.cat\/wp-content\/uploads\/2025\/03\/PoesiaLleida25_dia21_033-400x267.jpg 400w, https:\/\/poesialleida.paeria.cat\/wp-content\/uploads\/2025\/03\/PoesiaLleida25_dia21_033-600x401.jpg 600w, https:\/\/poesialleida.paeria.cat\/wp-content\/uploads\/2025\/03\/PoesiaLleida25_dia21_033-800x534.jpg 800w, https:\/\/poesialleida.paeria.cat\/wp-content\/uploads\/2025\/03\/PoesiaLleida25_dia21_033-1200x801.jpg 1200w, https:\/\/poesialleida.paeria.cat\/wp-content\/uploads\/2025\/03\/PoesiaLleida25_dia21_033.jpg 2000w\" sizes=\"(min-width: 2200px) 100vw, (min-width: 1399px) 191px, (min-width: 1307px) 229px, (min-width: 1215px) 286px, (min-width: 1124px) 382px, (min-width: 1032px) 573px, (min-width: 940px) 1032px, \" \/><\/a><\/div><\/div><div style=\"padding:5px;\" class=\"fusion-grid-column fusion-gallery-column fusion-gallery-column-6 hover-type-none\"><div class=\"fusion-gallery-image\"><a href=\"https:\/\/poesialleida.paeria.cat\/wp-content\/uploads\/2025\/03\/PoesiaLleida25_dia21_034.jpg\" rel=\"noreferrer\" data-rel=\"iLightbox[gallery_image_6]\" class=\"fusion-lightbox\" target=\"_self\"><img decoding=\"async\" src=\"https:\/\/poesialleida.paeria.cat\/wp-content\/uploads\/2025\/03\/PoesiaLleida25_dia21_034.jpg\" width=\"2000\" height=\"1335\" alt=\"\" title=\"PoesiaLleida25_dia21_034\" aria-label=\"PoesiaLleida25_dia21_034\" class=\"img-responsive wp-image-4038\" srcset=\"https:\/\/poesialleida.paeria.cat\/wp-content\/uploads\/2025\/03\/PoesiaLleida25_dia21_034-200x134.jpg 200w, https:\/\/poesialleida.paeria.cat\/wp-content\/uploads\/2025\/03\/PoesiaLleida25_dia21_034-400x267.jpg 400w, https:\/\/poesialleida.paeria.cat\/wp-content\/uploads\/2025\/03\/PoesiaLleida25_dia21_034-600x401.jpg 600w, https:\/\/poesialleida.paeria.cat\/wp-content\/uploads\/2025\/03\/PoesiaLleida25_dia21_034-800x534.jpg 800w, https:\/\/poesialleida.paeria.cat\/wp-content\/uploads\/2025\/03\/PoesiaLleida25_dia21_034-1200x801.jpg 1200w, https:\/\/poesialleida.paeria.cat\/wp-content\/uploads\/2025\/03\/PoesiaLleida25_dia21_034.jpg 2000w\" sizes=\"(min-width: 2200px) 100vw, (min-width: 1399px) 191px, (min-width: 1307px) 229px, (min-width: 1215px) 286px, (min-width: 1124px) 382px, (min-width: 1032px) 573px, (min-width: 940px) 1032px, \" \/><\/a><\/div><\/div><\/div><\/div><\/div><\/div><\/div><\/div><\/p>\n","protected":false},"excerpt":{"rendered":"","protected":false},"author":1,"featured_media":0,"parent":0,"menu_order":0,"comment_status":"closed","ping_status":"closed","template":"100-width.php","meta":{"footnotes":""},"class_list":["post-3002","page","type-page","status-publish","hentry"],"yoast_head":"<!-- This site is optimized with the Yoast SEO plugin v27.5 - https:\/\/yoast.com\/product\/yoast-seo-wordpress\/ -->\n<title>Divendres 21 - Poesia Lleida<\/title>\n<meta name=\"robots\" content=\"index, follow, max-snippet:-1, max-image-preview:large, max-video-preview:-1\" \/>\n<link rel=\"canonical\" href=\"https:\/\/poesialleida.paeria.cat\/index.php\/2025-divendres-21\/\" \/>\n<meta property=\"og:locale\" content=\"es_ES\" \/>\n<meta property=\"og:type\" content=\"article\" \/>\n<meta property=\"og:title\" content=\"Divendres 21 - Poesia Lleida\" \/>\n<meta property=\"og:url\" content=\"https:\/\/poesialleida.paeria.cat\/index.php\/2025-divendres-21\/\" \/>\n<meta property=\"og:site_name\" content=\"Poesia Lleida\" \/>\n<meta property=\"article:modified_time\" content=\"2025-03-24T08:09:18+00:00\" \/>\n<meta name=\"twitter:card\" content=\"summary_large_image\" \/>\n<meta name=\"twitter:label1\" content=\"Tiempo de lectura\" \/>\n\t<meta name=\"twitter:data1\" content=\"13 minutos\" \/>\n<script type=\"application\/ld+json\" class=\"yoast-schema-graph\">{\"@context\":\"https:\\\/\\\/schema.org\",\"@graph\":[{\"@type\":\"WebPage\",\"@id\":\"https:\\\/\\\/poesialleida.paeria.cat\\\/index.php\\\/2025-divendres-21\\\/\",\"url\":\"https:\\\/\\\/poesialleida.paeria.cat\\\/index.php\\\/2025-divendres-21\\\/\",\"name\":\"Divendres 21 - Poesia Lleida\",\"isPartOf\":{\"@id\":\"https:\\\/\\\/poesialleida.paeria.cat\\\/#website\"},\"datePublished\":\"2025-01-14T11:33:19+00:00\",\"dateModified\":\"2025-03-24T08:09:18+00:00\",\"breadcrumb\":{\"@id\":\"https:\\\/\\\/poesialleida.paeria.cat\\\/index.php\\\/2025-divendres-21\\\/#breadcrumb\"},\"inLanguage\":\"es\",\"potentialAction\":[{\"@type\":\"ReadAction\",\"target\":[\"https:\\\/\\\/poesialleida.paeria.cat\\\/index.php\\\/2025-divendres-21\\\/\"]}]},{\"@type\":\"BreadcrumbList\",\"@id\":\"https:\\\/\\\/poesialleida.paeria.cat\\\/index.php\\\/2025-divendres-21\\\/#breadcrumb\",\"itemListElement\":[{\"@type\":\"ListItem\",\"position\":1,\"name\":\"Portada\",\"item\":\"https:\\\/\\\/poesialleida.paeria.cat\\\/\"},{\"@type\":\"ListItem\",\"position\":2,\"name\":\"Divendres 21\"}]},{\"@type\":\"WebSite\",\"@id\":\"https:\\\/\\\/poesialleida.paeria.cat\\\/#website\",\"url\":\"https:\\\/\\\/poesialleida.paeria.cat\\\/\",\"name\":\"Poesia Lleida\",\"description\":\"Festival de Poesia a Lleida\",\"potentialAction\":[{\"@type\":\"SearchAction\",\"target\":{\"@type\":\"EntryPoint\",\"urlTemplate\":\"https:\\\/\\\/poesialleida.paeria.cat\\\/?s={search_term_string}\"},\"query-input\":{\"@type\":\"PropertyValueSpecification\",\"valueRequired\":true,\"valueName\":\"search_term_string\"}}],\"inLanguage\":\"es\"}]}<\/script>\n<!-- \/ Yoast SEO plugin. -->","yoast_head_json":{"title":"Divendres 21 - Poesia Lleida","robots":{"index":"index","follow":"follow","max-snippet":"max-snippet:-1","max-image-preview":"max-image-preview:large","max-video-preview":"max-video-preview:-1"},"canonical":"https:\/\/poesialleida.paeria.cat\/index.php\/2025-divendres-21\/","og_locale":"es_ES","og_type":"article","og_title":"Divendres 21 - Poesia Lleida","og_url":"https:\/\/poesialleida.paeria.cat\/index.php\/2025-divendres-21\/","og_site_name":"Poesia Lleida","article_modified_time":"2025-03-24T08:09:18+00:00","twitter_card":"summary_large_image","twitter_misc":{"Tiempo de lectura":"13 minutos"},"schema":{"@context":"https:\/\/schema.org","@graph":[{"@type":"WebPage","@id":"https:\/\/poesialleida.paeria.cat\/index.php\/2025-divendres-21\/","url":"https:\/\/poesialleida.paeria.cat\/index.php\/2025-divendres-21\/","name":"Divendres 21 - Poesia Lleida","isPartOf":{"@id":"https:\/\/poesialleida.paeria.cat\/#website"},"datePublished":"2025-01-14T11:33:19+00:00","dateModified":"2025-03-24T08:09:18+00:00","breadcrumb":{"@id":"https:\/\/poesialleida.paeria.cat\/index.php\/2025-divendres-21\/#breadcrumb"},"inLanguage":"es","potentialAction":[{"@type":"ReadAction","target":["https:\/\/poesialleida.paeria.cat\/index.php\/2025-divendres-21\/"]}]},{"@type":"BreadcrumbList","@id":"https:\/\/poesialleida.paeria.cat\/index.php\/2025-divendres-21\/#breadcrumb","itemListElement":[{"@type":"ListItem","position":1,"name":"Portada","item":"https:\/\/poesialleida.paeria.cat\/"},{"@type":"ListItem","position":2,"name":"Divendres 21"}]},{"@type":"WebSite","@id":"https:\/\/poesialleida.paeria.cat\/#website","url":"https:\/\/poesialleida.paeria.cat\/","name":"Poesia Lleida","description":"Festival de Poesia a Lleida","potentialAction":[{"@type":"SearchAction","target":{"@type":"EntryPoint","urlTemplate":"https:\/\/poesialleida.paeria.cat\/?s={search_term_string}"},"query-input":{"@type":"PropertyValueSpecification","valueRequired":true,"valueName":"search_term_string"}}],"inLanguage":"es"}]}},"_links":{"self":[{"href":"https:\/\/poesialleida.paeria.cat\/index.php\/wp-json\/wp\/v2\/pages\/3002","targetHints":{"allow":["GET"]}}],"collection":[{"href":"https:\/\/poesialleida.paeria.cat\/index.php\/wp-json\/wp\/v2\/pages"}],"about":[{"href":"https:\/\/poesialleida.paeria.cat\/index.php\/wp-json\/wp\/v2\/types\/page"}],"author":[{"embeddable":true,"href":"https:\/\/poesialleida.paeria.cat\/index.php\/wp-json\/wp\/v2\/users\/1"}],"replies":[{"embeddable":true,"href":"https:\/\/poesialleida.paeria.cat\/index.php\/wp-json\/wp\/v2\/comments?post=3002"}],"version-history":[{"count":127,"href":"https:\/\/poesialleida.paeria.cat\/index.php\/wp-json\/wp\/v2\/pages\/3002\/revisions"}],"predecessor-version":[{"id":4039,"href":"https:\/\/poesialleida.paeria.cat\/index.php\/wp-json\/wp\/v2\/pages\/3002\/revisions\/4039"}],"wp:attachment":[{"href":"https:\/\/poesialleida.paeria.cat\/index.php\/wp-json\/wp\/v2\/media?parent=3002"}],"curies":[{"name":"wp","href":"https:\/\/api.w.org\/{rel}","templated":true}]}}