{"id":2204,"date":"2024-01-26T09:59:09","date_gmt":"2024-01-26T09:59:09","guid":{"rendered":"https:\/\/poesialleida.paeria.cat\/?page_id=2204"},"modified":"2025-02-24T07:55:41","modified_gmt":"2025-02-24T07:55:41","slug":"dimecres-20","status":"publish","type":"page","link":"https:\/\/poesialleida.paeria.cat\/index.php\/dimecres-20\/","title":{"rendered":"2024 Dimecres 20"},"content":{"rendered":"<p><div class=\"fusion-fullwidth fullwidth-box fusion-builder-row-1 fusion-flex-container has-pattern-background has-mask-background hundred-percent-fullwidth non-hundred-percent-height-scrolling\" style=\"--awb-background-position:left top;--awb-border-radius-top-left:0px;--awb-border-radius-top-right:0px;--awb-border-radius-bottom-right:0px;--awb-border-radius-bottom-left:0px;--awb-padding-top:120px;--awb-padding-right:100px;--awb-padding-bottom:60px;--awb-padding-left:100px;--awb-padding-top-small:420px;--awb-padding-right-small:10%;--awb-padding-bottom-small:40px;--awb-padding-left-small:10%;--awb-background-color:#e6e5df;--awb-flex-wrap:wrap;\" ><div class=\"fusion-builder-row fusion-row fusion-flex-align-items-flex-start fusion-flex-content-wrap\" style=\"width:104% !important;max-width:104% !important;margin-left: calc(-4% \/ 2 );margin-right: calc(-4% \/ 2 );\"><div class=\"fusion-layout-column fusion_builder_column fusion-builder-column-0 fusion_builder_column_1_1 1_1 fusion-flex-column\" style=\"--awb-padding-top:100px;--awb-padding-right:10%;--awb-padding-bottom:30px;--awb-padding-left:10%;--awb-bg-color:var(--awb-color5);--awb-bg-color-hover:var(--awb-color5);--awb-bg-size:cover;--awb-width-large:100%;--awb-margin-top-large:0px;--awb-spacing-right-large:1.92%;--awb-margin-bottom-large:0px;--awb-spacing-left-large:1.92%;--awb-width-medium:100%;--awb-order-medium:0;--awb-spacing-right-medium:1.92%;--awb-spacing-left-medium:1.92%;--awb-width-small:100%;--awb-order-small:0;--awb-spacing-right-small:1.92%;--awb-spacing-left-small:1.92%;\" data-scroll-devices=\"small-visibility,medium-visibility,large-visibility\"><div class=\"fusion-column-wrapper fusion-column-has-shadow fusion-flex-justify-content-flex-start fusion-content-layout-column\"><div class=\"fusion-title title fusion-title-1 fusion-sep-none fusion-title-text fusion-title-size-one\" style=\"--awb-text-color:var(--awb-custom12);--awb-margin-top-small:0px;--awb-margin-right-small:0px;--awb-margin-bottom-small:20px;--awb-margin-left-small:0px;--awb-font-size:50px;\"><h1 class=\"fusion-title-heading title-heading-left fusion-responsive-typography-calculated\" style=\"margin:0;font-size:1em;--fontSize:50;line-height:1;\">Dimecres 20<\/h1><\/div><\/div><\/div><div class=\"fusion-layout-column fusion_builder_column fusion-builder-column-1 fusion_builder_column_4_5 4_5 fusion-flex-column fusion-flex-align-self-center\" style=\"--awb-padding-top:30px;--awb-padding-bottom:30px;--awb-padding-left:10%;--awb-padding-top-small:10px;--awb-padding-bottom-small:0px;--awb-bg-color:var(--awb-color7);--awb-bg-color-hover:var(--awb-color7);--awb-bg-size:cover;--awb-width-large:80%;--awb-margin-top-large:0px;--awb-spacing-right-large:0px;--awb-margin-bottom-large:0px;--awb-spacing-left-large:2.4%;--awb-width-medium:100%;--awb-order-medium:0;--awb-spacing-right-medium:1.92%;--awb-spacing-left-medium:1.92%;--awb-width-small:100%;--awb-order-small:0;--awb-margin-top-small:0px;--awb-spacing-right-small:1.92%;--awb-margin-bottom-small:0px;--awb-spacing-left-small:1.92%;\" data-scroll-devices=\"small-visibility,medium-visibility,large-visibility\"><div class=\"fusion-column-wrapper fusion-column-has-shadow fusion-flex-justify-content-center fusion-content-layout-column\"><div class=\"fusion-title title fusion-title-2 fusion-sep-none fusion-title-text fusion-title-size-three\" style=\"--awb-text-color:var(--awb-color5);--awb-margin-top-small:30px;--awb-margin-right-small:0px;--awb-margin-bottom-small:20px;--awb-margin-left-small:0px;--awb-font-size:24px;\"><h3 class=\"fusion-title-heading title-heading-left fusion-responsive-typography-calculated\" style=\"margin:0;font-size:1em;--fontSize:24;line-height:1.5;\">18 h \u00b7 Pla\u00e7a l\u2019Escorxador (en cas de pluja, l&#8217;acte es traslladar\u00e0 al Caf\u00e8 del Teatre)<\/h3><\/div><\/div><\/div><div class=\"fusion-layout-column fusion_builder_column fusion-builder-column-2 fusion_builder_column_1_5 1_5 fusion-flex-column fusion-flex-align-self-stretch fusion-no-small-visibility\" style=\"--awb-padding-top:30px;--awb-padding-bottom:30px;--awb-bg-color:var(--awb-color7);--awb-bg-color-hover:var(--awb-color7);--awb-bg-size:cover;--awb-width-large:20%;--awb-margin-top-large:0px;--awb-spacing-right-large:9.6%;--awb-margin-bottom-large:0px;--awb-spacing-left-large:0px;--awb-width-medium:100%;--awb-order-medium:0;--awb-spacing-right-medium:1.92%;--awb-spacing-left-medium:1.92%;--awb-width-small:100%;--awb-order-small:0;--awb-spacing-right-small:1.92%;--awb-spacing-left-small:1.92%;\" data-scroll-devices=\"small-visibility,medium-visibility,large-visibility\"><div class=\"fusion-column-wrapper fusion-column-has-shadow fusion-flex-justify-content-space-between fusion-content-layout-column\"><\/div><\/div><div class=\"fusion-layout-column fusion_builder_column fusion-builder-column-3 fusion_builder_column_1_1 1_1 fusion-flex-column\" style=\"--awb-padding-bottom:30px;--awb-padding-top-small:0px;--awb-padding-right-small:10%;--awb-padding-bottom-small:0px;--awb-padding-left-small:10%;--awb-bg-color:var(--awb-color2);--awb-bg-color-hover:var(--awb-color2);--awb-bg-size:cover;--awb-border-color:var(--awb-color4);--awb-border-top:0;--awb-border-right:0;--awb-border-bottom:0;--awb-border-left:0;--awb-border-style:solid;--awb-width-large:100%;--awb-margin-top-large:0px;--awb-spacing-right-large:1.92%;--awb-margin-bottom-large:0px;--awb-spacing-left-large:1.92%;--awb-width-medium:100%;--awb-order-medium:0;--awb-spacing-right-medium:1.92%;--awb-spacing-left-medium:1.92%;--awb-width-small:100%;--awb-order-small:0;--awb-margin-top-small:0px;--awb-spacing-right-small:1.92%;--awb-margin-bottom-small:0px;--awb-spacing-left-small:1.92%;\" data-scroll-devices=\"small-visibility,medium-visibility,large-visibility\"><div class=\"fusion-column-wrapper fusion-column-has-shadow fusion-flex-justify-content-flex-start fusion-content-layout-column\"><div class=\"fusion-builder-row fusion-builder-row-inner fusion-row fusion-flex-align-items-flex-start fusion-flex-content-wrap\" style=\"--awb-flex-grow:0;--awb-flex-grow-medium:0;--awb-flex-grow-small:0;--awb-flex-shrink:0;--awb-flex-shrink-medium:0;--awb-flex-shrink-small:0;width:104% !important;max-width:104% !important;margin-left: calc(-4% \/ 2 );margin-right: calc(-4% \/ 2 );\"><div class=\"fusion-layout-column fusion_builder_column_inner fusion-builder-nested-column-0 fusion_builder_column_inner_1_5 1_5 fusion-flex-column\" style=\"--awb-bg-size:cover;--awb-width-large:20%;--awb-margin-top-large:0px;--awb-spacing-right-large:-3px;--awb-margin-bottom-large:0px;--awb-spacing-left-large:9.6%;--awb-width-medium:100%;--awb-order-medium:0;--awb-spacing-right-medium:1.92%;--awb-spacing-left-medium:1.92%;--awb-width-small:100%;--awb-order-small:0;--awb-spacing-right-small:1.92%;--awb-spacing-left-small:1.92%;\" data-scroll-devices=\"small-visibility,medium-visibility,large-visibility\"><div class=\"fusion-column-wrapper fusion-column-has-shadow fusion-flex-justify-content-flex-start fusion-content-layout-column\"><div class=\"fusion-image-element \" style=\"--awb-caption-title-font-family:var(--h2_typography-font-family);--awb-caption-title-font-weight:var(--h2_typography-font-weight);--awb-caption-title-font-style:var(--h2_typography-font-style);--awb-caption-title-size:var(--h2_typography-font-size);--awb-caption-title-transform:var(--h2_typography-text-transform);--awb-caption-title-line-height:var(--h2_typography-line-height);--awb-caption-title-letter-spacing:var(--h2_typography-letter-spacing);\"><span class=\" fusion-imageframe imageframe-none imageframe-1 hover-type-none\"><img decoding=\"async\" width=\"1000\" height=\"1000\" title=\"Laia Claver\" src=\"https:\/\/poesialleida.paeria.cat\/wp-content\/uploads\/2024\/02\/Laia-Claver.png\" alt class=\"img-responsive wp-image-2326\" srcset=\"https:\/\/poesialleida.paeria.cat\/wp-content\/uploads\/2024\/02\/Laia-Claver-200x200.png 200w, https:\/\/poesialleida.paeria.cat\/wp-content\/uploads\/2024\/02\/Laia-Claver-400x400.png 400w, https:\/\/poesialleida.paeria.cat\/wp-content\/uploads\/2024\/02\/Laia-Claver-600x600.png 600w, https:\/\/poesialleida.paeria.cat\/wp-content\/uploads\/2024\/02\/Laia-Claver-800x800.png 800w, https:\/\/poesialleida.paeria.cat\/wp-content\/uploads\/2024\/02\/Laia-Claver.png 1000w\" sizes=\"(max-width: 800px) 100vw, (max-width: 640px) 100vw, 400px\" \/><\/span><\/div><div class=\"fusion-title title fusion-title-3 fusion-sep-none fusion-title-text fusion-title-size-three\" style=\"--awb-text-color:var(--awb-custom10);--awb-margin-bottom:20px;--awb-margin-top-small:0px;--awb-margin-right-small:0px;--awb-margin-bottom-small:20px;--awb-margin-left-small:0px;--awb-font-size:14px;\"><h3 class=\"fusion-title-heading title-heading-right fusion-responsive-typography-calculated\" style=\"margin:0;font-size:1em;--fontSize:14;--minFontSize:14;line-height:1.5;\"><p class=\"p1\" style=\"text-align: right;\"><span style=\"color: #d1cfca;\">&#8230;.<\/span><\/p><\/h3><\/div><div class=\"fusion-title title fusion-title-4 fusion-sep-none fusion-title-text fusion-title-size-two\" style=\"--awb-margin-left:20px;--awb-margin-top-small:0px;--awb-margin-right-small:0px;--awb-margin-bottom-small:20px;--awb-margin-left-small:0px;--awb-font-size:24px;\"><h2 class=\"fusion-title-heading title-heading-right fusion-responsive-typography-calculated\" style=\"margin:0;font-size:1em;--fontSize:24;line-height:1;\">Laia Claver<\/h2><\/div><div class=\"fusion-separator fusion-no-medium-visibility fusion-no-large-visibility fusion-full-width-sep\" style=\"align-self: center;margin-left: auto;margin-right: auto;margin-top:20px;margin-bottom:0px;width:100%;\"><div class=\"fusion-separator-border sep-single sep-solid\" style=\"--awb-height:20px;--awb-amount:20px;--awb-sep-color:#e6e5df;border-color:#e6e5df;border-top-width:15px;\"><\/div><\/div><\/div><\/div><div class=\"fusion-layout-column fusion_builder_column_inner fusion-builder-nested-column-1 fusion_builder_column_inner_1_5 1_5 fusion-flex-column\" style=\"--awb-bg-size:cover;--awb-width-large:20%;--awb-margin-top-large:0px;--awb-spacing-right-large:-3px;--awb-margin-bottom-large:0px;--awb-spacing-left-large:9.6%;--awb-width-medium:100%;--awb-order-medium:0;--awb-spacing-right-medium:1.92%;--awb-spacing-left-medium:1.92%;--awb-width-small:100%;--awb-order-small:0;--awb-spacing-right-small:1.92%;--awb-spacing-left-small:1.92%;\" data-scroll-devices=\"small-visibility,medium-visibility,large-visibility\"><div class=\"fusion-column-wrapper fusion-column-has-shadow fusion-flex-justify-content-flex-start fusion-content-layout-column\"><div class=\"fusion-image-element \" style=\"--awb-caption-title-font-family:var(--h2_typography-font-family);--awb-caption-title-font-weight:var(--h2_typography-font-weight);--awb-caption-title-font-style:var(--h2_typography-font-style);--awb-caption-title-size:var(--h2_typography-font-size);--awb-caption-title-transform:var(--h2_typography-text-transform);--awb-caption-title-line-height:var(--h2_typography-line-height);--awb-caption-title-letter-spacing:var(--h2_typography-letter-spacing);\"><span class=\" fusion-imageframe imageframe-none imageframe-2 hover-type-none\"><img decoding=\"async\" width=\"1000\" height=\"1000\" title=\"Olza Olzeta\" src=\"https:\/\/poesialleida.paeria.cat\/wp-content\/uploads\/2024\/02\/Olza-Olzeta.png\" alt class=\"img-responsive wp-image-2327\" srcset=\"https:\/\/poesialleida.paeria.cat\/wp-content\/uploads\/2024\/02\/Olza-Olzeta-200x200.png 200w, https:\/\/poesialleida.paeria.cat\/wp-content\/uploads\/2024\/02\/Olza-Olzeta-400x400.png 400w, https:\/\/poesialleida.paeria.cat\/wp-content\/uploads\/2024\/02\/Olza-Olzeta-600x600.png 600w, https:\/\/poesialleida.paeria.cat\/wp-content\/uploads\/2024\/02\/Olza-Olzeta-800x800.png 800w, https:\/\/poesialleida.paeria.cat\/wp-content\/uploads\/2024\/02\/Olza-Olzeta.png 1000w\" sizes=\"(max-width: 800px) 100vw, (max-width: 640px) 100vw, 400px\" \/><\/span><\/div><div class=\"fusion-title title fusion-title-5 fusion-sep-none fusion-title-text fusion-title-size-three\" style=\"--awb-text-color:var(--awb-custom10);--awb-margin-bottom:20px;--awb-margin-top-small:0px;--awb-margin-right-small:0px;--awb-margin-bottom-small:20px;--awb-margin-left-small:0px;--awb-font-size:14px;\"><h3 class=\"fusion-title-heading title-heading-right fusion-responsive-typography-calculated\" style=\"margin:0;font-size:1em;--fontSize:14;--minFontSize:14;line-height:1.5;\"><p class=\"p1\" style=\"text-align: right;\"><span style=\"color: #d1cfca;\">&#8230;.<\/span><\/p><\/h3><\/div><div class=\"fusion-title title fusion-title-6 fusion-sep-none fusion-title-text fusion-title-size-two\" style=\"--awb-margin-left:20px;--awb-margin-top-small:0px;--awb-margin-right-small:0px;--awb-margin-bottom-small:20px;--awb-margin-left-small:0px;--awb-font-size:24px;\"><h2 class=\"fusion-title-heading title-heading-right fusion-responsive-typography-calculated\" style=\"margin:0;font-size:1em;--fontSize:24;line-height:1;\">Olza Olzeta<\/h2><\/div><div class=\"fusion-separator fusion-no-medium-visibility fusion-no-large-visibility fusion-full-width-sep\" style=\"align-self: center;margin-left: auto;margin-right: auto;margin-top:20px;margin-bottom:0px;width:100%;\"><div class=\"fusion-separator-border sep-single sep-solid\" style=\"--awb-height:20px;--awb-amount:20px;--awb-sep-color:#e6e5df;border-color:#e6e5df;border-top-width:15px;\"><\/div><\/div><\/div><\/div><\/div><\/div><\/div><div class=\"fusion-layout-column fusion_builder_column fusion-builder-column-4 fusion_builder_column_4_5 4_5 fusion-flex-column\" style=\"--awb-padding-top:30px;--awb-padding-right:10%;--awb-padding-bottom:30px;--awb-padding-left:10%;--awb-padding-right-small:10%;--awb-padding-left-small:10%;--awb-bg-color:var(--awb-custom10);--awb-bg-color-hover:var(--awb-custom10);--awb-bg-size:cover;--awb-width-large:80%;--awb-margin-top-large:0px;--awb-spacing-right-large:0px;--awb-margin-bottom-large:0px;--awb-spacing-left-large:2.4%;--awb-width-medium:100%;--awb-order-medium:0;--awb-spacing-right-medium:1.92%;--awb-spacing-left-medium:1.92%;--awb-width-small:100%;--awb-order-small:0;--awb-spacing-right-small:1.92%;--awb-spacing-left-small:1.92%;\" data-scroll-devices=\"small-visibility,medium-visibility,large-visibility\"><div class=\"fusion-column-wrapper fusion-column-has-shadow fusion-flex-justify-content-flex-start fusion-content-layout-column\"><div class=\"fusion-title title fusion-title-7 fusion-sep-none fusion-title-text fusion-title-size-two\" style=\"--awb-text-color:var(--awb-custom12);--awb-margin-top-small:0px;--awb-margin-right-small:0px;--awb-margin-bottom-small:20px;--awb-margin-left-small:0px;--awb-font-size:40px;\"><h2 class=\"fusion-title-heading title-heading-left fusion-responsive-typography-calculated\" style=\"margin:0;font-size:1em;--fontSize:40;line-height:1;\">La SubVERSiva<\/h2><\/div><div class=\"fusion-title title fusion-title-8 fusion-sep-none fusion-title-text fusion-title-size-four\" style=\"--awb-text-color:var(--awb-color1);--awb-margin-top:10px;--awb-margin-top-small:0px;--awb-margin-right-small:0px;--awb-margin-bottom-small:20px;--awb-margin-left-small:0px;--awb-font-size:24px;\"><h4 class=\"fusion-title-heading title-heading-left fusion-responsive-typography-calculated\" style=\"margin:0;font-size:1em;--fontSize:24;line-height:1.5;\">Versos, feminismes i m\u00e9s&#8230;<\/h4><\/div><\/div><\/div><div class=\"fusion-layout-column fusion_builder_column fusion-builder-column-5 fusion_builder_column_1_5 1_5 fusion-flex-column fusion-flex-align-self-stretch fusion-no-small-visibility\" style=\"--awb-padding-top:30px;--awb-padding-bottom:30px;--awb-bg-color:var(--awb-color2);--awb-bg-color-hover:var(--awb-color2);--awb-bg-size:cover;--awb-width-large:20%;--awb-margin-top-large:0px;--awb-spacing-right-large:9.6%;--awb-margin-bottom-large:0px;--awb-spacing-left-large:0px;--awb-width-medium:100%;--awb-order-medium:0;--awb-spacing-right-medium:1.92%;--awb-spacing-left-medium:1.92%;--awb-width-small:100%;--awb-order-small:0;--awb-spacing-right-small:1.92%;--awb-spacing-left-small:1.92%;\" data-scroll-devices=\"small-visibility,medium-visibility,large-visibility\"><div class=\"fusion-column-wrapper fusion-column-has-shadow fusion-flex-justify-content-space-between fusion-content-layout-column\"><\/div><\/div><div class=\"fusion-layout-column fusion_builder_column fusion-builder-column-6 fusion_builder_column_1_1 1_1 fusion-flex-column\" style=\"--awb-padding-top:30px;--awb-padding-right:10%;--awb-padding-bottom:30px;--awb-padding-left:10%;--awb-bg-color:var(--awb-color2);--awb-bg-color-hover:var(--awb-color2);--awb-bg-size:cover;--awb-width-large:100%;--awb-margin-top-large:0px;--awb-spacing-right-large:1.92%;--awb-margin-bottom-large:0px;--awb-spacing-left-large:1.92%;--awb-width-medium:100%;--awb-order-medium:0;--awb-spacing-right-medium:1.92%;--awb-spacing-left-medium:1.92%;--awb-width-small:100%;--awb-order-small:0;--awb-spacing-right-small:1.92%;--awb-spacing-left-small:1.92%;\" data-scroll-devices=\"small-visibility,medium-visibility,large-visibility\"><div class=\"fusion-column-wrapper fusion-column-has-shadow fusion-flex-justify-content-center fusion-content-layout-column\"><div class=\"fusion-text fusion-text-1 fusion-text-no-margin\" style=\"--awb-font-size:24px;--awb-text-color:var(--awb-color5);--awb-margin-bottom:10px;\"><h3>Participants: <strong>Laia Claver <\/strong>i <strong>Olza Olzeta<\/strong><\/h3>\n<\/div><div class=\"fusion-reading-box-container reading-box-container-1\" style=\"--awb-title-color:#595f6b;--awb-margin-top:10px;--awb-margin-bottom:10px;\"><div class=\"reading-box\" style=\"background-color:#e6e5df;border-width:0px;border-color:var(--awb-color4);border-left-width:3px;border-left-color:var(--primary_color);border-style:solid;padding-top:30px;padding-bottom:30px;\"><div class=\"reading-box-additional\">\n<p><strong>La SubVERSiva<\/strong>, recital po\u00e8tic a cavall entre la poesia <em>slam<\/em>, la polipoesia i la poesia esc\u00e8nica. Amb una posada en escena minimalista, amb un marcat to feminista i reivindicatiu, les poetes <strong>Olza Olzeta<\/strong> i <strong>Laia Claver<\/strong> interpreten textos i cites de poetes i pensadores feministes de la hist\u00f2ria, que intercalen amb textos propis. El recital transita per temes com les relacions interpersonals, l\u2019empoderament o l\u2019alliberament dels cossos, entre altres.<\/p>\n<p>La SubVERSiva \u00e9s un espectacle apte per a tots els p\u00fablics de ment oberta i escolta activa, on la paraula esdev\u00e9 vehicle d\u2019emocions, agent de cohesi\u00f3, revulsiu de consci\u00e8ncies i eina de transformaci\u00f3 social.<\/p>\n<\/div><div class=\"fusion-clearfix\"><\/div><\/div><\/div><div class=\"fusion-text fusion-text-2\" style=\"--awb-font-size:25px;--awb-margin-top:30px;--awb-text-font-family:&quot;Open Sans Condensed Light&quot;;--awb-text-font-style:normal;--awb-text-font-weight:400;\"><p>Galeria d&#8217;imatges<\/p>\n<\/div><div class=\"awb-gallery-wrapper awb-gallery-wrapper-1 button-span-no\" style=\"--more-btn-alignment:center;\"><div style=\"margin:-5px;--awb-aspect-ratio:1 \/ 1;--awb-bordersize:0px;\" class=\"fusion-gallery fusion-gallery-container fusion-grid-6 fusion-columns-total-12 fusion-gallery-layout-grid fusion-gallery-1 has-aspect-ratio\"><div style=\"padding:5px;\" class=\"fusion-grid-column fusion-gallery-column fusion-gallery-column-6 hover-type-none\"><div class=\"fusion-gallery-image\"><a href=\"https:\/\/poesialleida.paeria.cat\/wp-content\/uploads\/2024\/03\/subversiva_1.jpg\" rel=\"noreferrer\" data-rel=\"iLightbox[gallery_image_1]\" class=\"fusion-lightbox\" target=\"_self\"><img decoding=\"async\" src=\"https:\/\/poesialleida.paeria.cat\/wp-content\/uploads\/2024\/03\/subversiva_1.jpg\" width=\"1600\" height=\"1200\" alt=\"\" title=\"subversiva_1\" aria-label=\"subversiva_1\" class=\"img-responsive wp-image-2784\" srcset=\"https:\/\/poesialleida.paeria.cat\/wp-content\/uploads\/2024\/03\/subversiva_1-200x150.jpg 200w, https:\/\/poesialleida.paeria.cat\/wp-content\/uploads\/2024\/03\/subversiva_1-400x300.jpg 400w, https:\/\/poesialleida.paeria.cat\/wp-content\/uploads\/2024\/03\/subversiva_1-600x450.jpg 600w, https:\/\/poesialleida.paeria.cat\/wp-content\/uploads\/2024\/03\/subversiva_1-800x600.jpg 800w, https:\/\/poesialleida.paeria.cat\/wp-content\/uploads\/2024\/03\/subversiva_1-1200x900.jpg 1200w, https:\/\/poesialleida.paeria.cat\/wp-content\/uploads\/2024\/03\/subversiva_1.jpg 1600w\" sizes=\"(min-width: 2200px) 100vw, (min-width: 1399px) 191px, (min-width: 1307px) 229px, (min-width: 1215px) 286px, (min-width: 1124px) 382px, (min-width: 1032px) 573px, (min-width: 940px) 1032px, \" \/><\/a><\/div><\/div><div style=\"padding:5px;\" class=\"fusion-grid-column fusion-gallery-column fusion-gallery-column-6 hover-type-none\"><div class=\"fusion-gallery-image\"><a href=\"https:\/\/poesialleida.paeria.cat\/wp-content\/uploads\/2024\/03\/subversiva_2.jpg\" rel=\"noreferrer\" data-rel=\"iLightbox[gallery_image_1]\" class=\"fusion-lightbox\" target=\"_self\"><img decoding=\"async\" src=\"https:\/\/poesialleida.paeria.cat\/wp-content\/uploads\/2024\/03\/subversiva_2.jpg\" width=\"2000\" height=\"1500\" alt=\"\" title=\"subversiva_2\" aria-label=\"subversiva_2\" class=\"img-responsive wp-image-2785\" srcset=\"https:\/\/poesialleida.paeria.cat\/wp-content\/uploads\/2024\/03\/subversiva_2-200x150.jpg 200w, https:\/\/poesialleida.paeria.cat\/wp-content\/uploads\/2024\/03\/subversiva_2-400x300.jpg 400w, https:\/\/poesialleida.paeria.cat\/wp-content\/uploads\/2024\/03\/subversiva_2-600x450.jpg 600w, https:\/\/poesialleida.paeria.cat\/wp-content\/uploads\/2024\/03\/subversiva_2-800x600.jpg 800w, https:\/\/poesialleida.paeria.cat\/wp-content\/uploads\/2024\/03\/subversiva_2-1200x900.jpg 1200w, https:\/\/poesialleida.paeria.cat\/wp-content\/uploads\/2024\/03\/subversiva_2.jpg 2000w\" sizes=\"(min-width: 2200px) 100vw, (min-width: 1399px) 191px, (min-width: 1307px) 229px, (min-width: 1215px) 286px, (min-width: 1124px) 382px, (min-width: 1032px) 573px, (min-width: 940px) 1032px, \" \/><\/a><\/div><\/div><div style=\"padding:5px;\" class=\"fusion-grid-column fusion-gallery-column fusion-gallery-column-6 hover-type-none\"><div class=\"fusion-gallery-image\"><a href=\"https:\/\/poesialleida.paeria.cat\/wp-content\/uploads\/2024\/03\/subversiva_3.jpg\" rel=\"noreferrer\" data-rel=\"iLightbox[gallery_image_1]\" class=\"fusion-lightbox\" target=\"_self\"><img decoding=\"async\" src=\"https:\/\/poesialleida.paeria.cat\/wp-content\/uploads\/2024\/03\/subversiva_3.jpg\" width=\"1600\" height=\"1200\" alt=\"\" title=\"subversiva_3\" aria-label=\"subversiva_3\" class=\"img-responsive wp-image-2786\" srcset=\"https:\/\/poesialleida.paeria.cat\/wp-content\/uploads\/2024\/03\/subversiva_3-200x150.jpg 200w, https:\/\/poesialleida.paeria.cat\/wp-content\/uploads\/2024\/03\/subversiva_3-400x300.jpg 400w, https:\/\/poesialleida.paeria.cat\/wp-content\/uploads\/2024\/03\/subversiva_3-600x450.jpg 600w, https:\/\/poesialleida.paeria.cat\/wp-content\/uploads\/2024\/03\/subversiva_3-800x600.jpg 800w, https:\/\/poesialleida.paeria.cat\/wp-content\/uploads\/2024\/03\/subversiva_3-1200x900.jpg 1200w, https:\/\/poesialleida.paeria.cat\/wp-content\/uploads\/2024\/03\/subversiva_3.jpg 1600w\" sizes=\"(min-width: 2200px) 100vw, (min-width: 1399px) 191px, (min-width: 1307px) 229px, (min-width: 1215px) 286px, (min-width: 1124px) 382px, (min-width: 1032px) 573px, (min-width: 940px) 1032px, \" \/><\/a><\/div><\/div><div style=\"padding:5px;\" class=\"fusion-grid-column fusion-gallery-column fusion-gallery-column-6 hover-type-none\"><div class=\"fusion-gallery-image\"><a href=\"https:\/\/poesialleida.paeria.cat\/wp-content\/uploads\/2024\/03\/subversiva_4.jpg\" rel=\"noreferrer\" data-rel=\"iLightbox[gallery_image_1]\" class=\"fusion-lightbox\" target=\"_self\"><img decoding=\"async\" src=\"https:\/\/poesialleida.paeria.cat\/wp-content\/uploads\/2024\/03\/subversiva_4.jpg\" width=\"1500\" height=\"2000\" alt=\"\" title=\"subversiva_4\" aria-label=\"subversiva_4\" class=\"img-responsive wp-image-2787\" srcset=\"https:\/\/poesialleida.paeria.cat\/wp-content\/uploads\/2024\/03\/subversiva_4-200x267.jpg 200w, https:\/\/poesialleida.paeria.cat\/wp-content\/uploads\/2024\/03\/subversiva_4-400x533.jpg 400w, https:\/\/poesialleida.paeria.cat\/wp-content\/uploads\/2024\/03\/subversiva_4-600x800.jpg 600w, https:\/\/poesialleida.paeria.cat\/wp-content\/uploads\/2024\/03\/subversiva_4-800x1067.jpg 800w, https:\/\/poesialleida.paeria.cat\/wp-content\/uploads\/2024\/03\/subversiva_4-1200x1600.jpg 1200w, https:\/\/poesialleida.paeria.cat\/wp-content\/uploads\/2024\/03\/subversiva_4.jpg 1500w\" sizes=\"(min-width: 2200px) 100vw, (min-width: 1399px) 191px, (min-width: 1307px) 229px, (min-width: 1215px) 286px, (min-width: 1124px) 382px, (min-width: 1032px) 573px, (min-width: 940px) 1032px, \" \/><\/a><\/div><\/div><div style=\"padding:5px;\" class=\"fusion-grid-column fusion-gallery-column fusion-gallery-column-6 hover-type-none\"><div class=\"fusion-gallery-image\"><a href=\"https:\/\/poesialleida.paeria.cat\/wp-content\/uploads\/2024\/03\/subversiva_5.jpg\" rel=\"noreferrer\" data-rel=\"iLightbox[gallery_image_1]\" class=\"fusion-lightbox\" target=\"_self\"><img decoding=\"async\" src=\"https:\/\/poesialleida.paeria.cat\/wp-content\/uploads\/2024\/03\/subversiva_5.jpg\" width=\"2000\" height=\"1500\" alt=\"\" title=\"subversiva_5\" aria-label=\"subversiva_5\" class=\"img-responsive wp-image-2788\" srcset=\"https:\/\/poesialleida.paeria.cat\/wp-content\/uploads\/2024\/03\/subversiva_5-200x150.jpg 200w, https:\/\/poesialleida.paeria.cat\/wp-content\/uploads\/2024\/03\/subversiva_5-400x300.jpg 400w, https:\/\/poesialleida.paeria.cat\/wp-content\/uploads\/2024\/03\/subversiva_5-600x450.jpg 600w, https:\/\/poesialleida.paeria.cat\/wp-content\/uploads\/2024\/03\/subversiva_5-800x600.jpg 800w, https:\/\/poesialleida.paeria.cat\/wp-content\/uploads\/2024\/03\/subversiva_5-1200x900.jpg 1200w, https:\/\/poesialleida.paeria.cat\/wp-content\/uploads\/2024\/03\/subversiva_5.jpg 2000w\" sizes=\"(min-width: 2200px) 100vw, (min-width: 1399px) 191px, (min-width: 1307px) 229px, (min-width: 1215px) 286px, (min-width: 1124px) 382px, (min-width: 1032px) 573px, (min-width: 940px) 1032px, \" \/><\/a><\/div><\/div><div style=\"padding:5px;\" class=\"fusion-grid-column fusion-gallery-column fusion-gallery-column-6 hover-type-none\"><div class=\"fusion-gallery-image\"><a href=\"https:\/\/poesialleida.paeria.cat\/wp-content\/uploads\/2024\/03\/subversiva_6.jpg\" rel=\"noreferrer\" data-rel=\"iLightbox[gallery_image_1]\" class=\"fusion-lightbox\" target=\"_self\"><img decoding=\"async\" src=\"https:\/\/poesialleida.paeria.cat\/wp-content\/uploads\/2024\/03\/subversiva_6.jpg\" width=\"1600\" height=\"1200\" alt=\"\" title=\"subversiva_6\" aria-label=\"subversiva_6\" class=\"img-responsive wp-image-2789\" srcset=\"https:\/\/poesialleida.paeria.cat\/wp-content\/uploads\/2024\/03\/subversiva_6-200x150.jpg 200w, https:\/\/poesialleida.paeria.cat\/wp-content\/uploads\/2024\/03\/subversiva_6-400x300.jpg 400w, https:\/\/poesialleida.paeria.cat\/wp-content\/uploads\/2024\/03\/subversiva_6-600x450.jpg 600w, https:\/\/poesialleida.paeria.cat\/wp-content\/uploads\/2024\/03\/subversiva_6-800x600.jpg 800w, https:\/\/poesialleida.paeria.cat\/wp-content\/uploads\/2024\/03\/subversiva_6-1200x900.jpg 1200w, https:\/\/poesialleida.paeria.cat\/wp-content\/uploads\/2024\/03\/subversiva_6.jpg 1600w\" sizes=\"(min-width: 2200px) 100vw, (min-width: 1399px) 191px, (min-width: 1307px) 229px, (min-width: 1215px) 286px, (min-width: 1124px) 382px, (min-width: 1032px) 573px, (min-width: 940px) 1032px, \" \/><\/a><\/div><\/div><div class=\"clearfix\"><\/div><div style=\"padding:5px;\" class=\"fusion-grid-column fusion-gallery-column fusion-gallery-column-6 hover-type-none\"><div class=\"fusion-gallery-image\"><a href=\"https:\/\/poesialleida.paeria.cat\/wp-content\/uploads\/2024\/03\/subversiva_7.jpg\" rel=\"noreferrer\" data-rel=\"iLightbox[gallery_image_1]\" class=\"fusion-lightbox\" target=\"_self\"><img decoding=\"async\" src=\"https:\/\/poesialleida.paeria.cat\/wp-content\/uploads\/2024\/03\/subversiva_7.jpg\" width=\"2000\" height=\"1500\" alt=\"\" title=\"subversiva_7\" aria-label=\"subversiva_7\" class=\"img-responsive wp-image-2790\" srcset=\"https:\/\/poesialleida.paeria.cat\/wp-content\/uploads\/2024\/03\/subversiva_7-200x150.jpg 200w, https:\/\/poesialleida.paeria.cat\/wp-content\/uploads\/2024\/03\/subversiva_7-400x300.jpg 400w, https:\/\/poesialleida.paeria.cat\/wp-content\/uploads\/2024\/03\/subversiva_7-600x450.jpg 600w, https:\/\/poesialleida.paeria.cat\/wp-content\/uploads\/2024\/03\/subversiva_7-800x600.jpg 800w, https:\/\/poesialleida.paeria.cat\/wp-content\/uploads\/2024\/03\/subversiva_7-1200x900.jpg 1200w, https:\/\/poesialleida.paeria.cat\/wp-content\/uploads\/2024\/03\/subversiva_7.jpg 2000w\" sizes=\"(min-width: 2200px) 100vw, (min-width: 1399px) 191px, (min-width: 1307px) 229px, (min-width: 1215px) 286px, (min-width: 1124px) 382px, (min-width: 1032px) 573px, (min-width: 940px) 1032px, \" \/><\/a><\/div><\/div><div style=\"padding:5px;\" class=\"fusion-grid-column fusion-gallery-column fusion-gallery-column-6 hover-type-none\"><div class=\"fusion-gallery-image\"><a href=\"https:\/\/poesialleida.paeria.cat\/wp-content\/uploads\/2024\/03\/subversiva_8.jpg\" rel=\"noreferrer\" data-rel=\"iLightbox[gallery_image_1]\" class=\"fusion-lightbox\" target=\"_self\"><img decoding=\"async\" src=\"https:\/\/poesialleida.paeria.cat\/wp-content\/uploads\/2024\/03\/subversiva_8.jpg\" width=\"1600\" height=\"1200\" alt=\"\" title=\"subversiva_8\" aria-label=\"subversiva_8\" class=\"img-responsive wp-image-2791\" srcset=\"https:\/\/poesialleida.paeria.cat\/wp-content\/uploads\/2024\/03\/subversiva_8-200x150.jpg 200w, https:\/\/poesialleida.paeria.cat\/wp-content\/uploads\/2024\/03\/subversiva_8-400x300.jpg 400w, https:\/\/poesialleida.paeria.cat\/wp-content\/uploads\/2024\/03\/subversiva_8-600x450.jpg 600w, https:\/\/poesialleida.paeria.cat\/wp-content\/uploads\/2024\/03\/subversiva_8-800x600.jpg 800w, https:\/\/poesialleida.paeria.cat\/wp-content\/uploads\/2024\/03\/subversiva_8-1200x900.jpg 1200w, https:\/\/poesialleida.paeria.cat\/wp-content\/uploads\/2024\/03\/subversiva_8.jpg 1600w\" sizes=\"(min-width: 2200px) 100vw, (min-width: 1399px) 191px, (min-width: 1307px) 229px, (min-width: 1215px) 286px, (min-width: 1124px) 382px, (min-width: 1032px) 573px, (min-width: 940px) 1032px, \" \/><\/a><\/div><\/div><div style=\"padding:5px;\" class=\"fusion-grid-column fusion-gallery-column fusion-gallery-column-6 hover-type-none\"><div class=\"fusion-gallery-image\"><a href=\"https:\/\/poesialleida.paeria.cat\/wp-content\/uploads\/2024\/03\/subversiva_9.jpg\" rel=\"noreferrer\" data-rel=\"iLightbox[gallery_image_1]\" class=\"fusion-lightbox\" target=\"_self\"><img decoding=\"async\" src=\"https:\/\/poesialleida.paeria.cat\/wp-content\/uploads\/2024\/03\/subversiva_9.jpg\" width=\"1500\" height=\"2000\" alt=\"\" title=\"subversiva_9\" aria-label=\"subversiva_9\" class=\"img-responsive wp-image-2792\" srcset=\"https:\/\/poesialleida.paeria.cat\/wp-content\/uploads\/2024\/03\/subversiva_9-200x267.jpg 200w, https:\/\/poesialleida.paeria.cat\/wp-content\/uploads\/2024\/03\/subversiva_9-400x533.jpg 400w, https:\/\/poesialleida.paeria.cat\/wp-content\/uploads\/2024\/03\/subversiva_9-600x800.jpg 600w, https:\/\/poesialleida.paeria.cat\/wp-content\/uploads\/2024\/03\/subversiva_9-800x1067.jpg 800w, https:\/\/poesialleida.paeria.cat\/wp-content\/uploads\/2024\/03\/subversiva_9-1200x1600.jpg 1200w, https:\/\/poesialleida.paeria.cat\/wp-content\/uploads\/2024\/03\/subversiva_9.jpg 1500w\" sizes=\"(min-width: 2200px) 100vw, (min-width: 1399px) 191px, (min-width: 1307px) 229px, (min-width: 1215px) 286px, (min-width: 1124px) 382px, (min-width: 1032px) 573px, (min-width: 940px) 1032px, \" \/><\/a><\/div><\/div><div style=\"padding:5px;\" class=\"fusion-grid-column fusion-gallery-column fusion-gallery-column-6 hover-type-none\"><div class=\"fusion-gallery-image\"><a href=\"https:\/\/poesialleida.paeria.cat\/wp-content\/uploads\/2024\/03\/subversiva_10.jpg\" rel=\"noreferrer\" data-rel=\"iLightbox[gallery_image_1]\" class=\"fusion-lightbox\" target=\"_self\"><img decoding=\"async\" src=\"https:\/\/poesialleida.paeria.cat\/wp-content\/uploads\/2024\/03\/subversiva_10.jpg\" width=\"2000\" height=\"1331\" alt=\"\" title=\"subversiva_10\" aria-label=\"subversiva_10\" class=\"img-responsive wp-image-2804\" srcset=\"https:\/\/poesialleida.paeria.cat\/wp-content\/uploads\/2024\/03\/subversiva_10-200x133.jpg 200w, https:\/\/poesialleida.paeria.cat\/wp-content\/uploads\/2024\/03\/subversiva_10-400x266.jpg 400w, https:\/\/poesialleida.paeria.cat\/wp-content\/uploads\/2024\/03\/subversiva_10-600x399.jpg 600w, https:\/\/poesialleida.paeria.cat\/wp-content\/uploads\/2024\/03\/subversiva_10-800x532.jpg 800w, https:\/\/poesialleida.paeria.cat\/wp-content\/uploads\/2024\/03\/subversiva_10-1200x799.jpg 1200w, https:\/\/poesialleida.paeria.cat\/wp-content\/uploads\/2024\/03\/subversiva_10.jpg 2000w\" sizes=\"(min-width: 2200px) 100vw, (min-width: 1399px) 191px, (min-width: 1307px) 229px, (min-width: 1215px) 286px, (min-width: 1124px) 382px, (min-width: 1032px) 573px, (min-width: 940px) 1032px, \" \/><\/a><\/div><\/div><div style=\"padding:5px;\" class=\"fusion-grid-column fusion-gallery-column fusion-gallery-column-6 hover-type-none\"><div class=\"fusion-gallery-image\"><a href=\"https:\/\/poesialleida.paeria.cat\/wp-content\/uploads\/2024\/03\/subversiva_11.jpg\" rel=\"noreferrer\" data-rel=\"iLightbox[gallery_image_1]\" class=\"fusion-lightbox\" target=\"_self\"><img decoding=\"async\" src=\"https:\/\/poesialleida.paeria.cat\/wp-content\/uploads\/2024\/03\/subversiva_11.jpg\" width=\"2000\" height=\"1331\" alt=\"\" title=\"subversiva_11\" aria-label=\"subversiva_11\" class=\"img-responsive wp-image-2805\" srcset=\"https:\/\/poesialleida.paeria.cat\/wp-content\/uploads\/2024\/03\/subversiva_11-200x133.jpg 200w, https:\/\/poesialleida.paeria.cat\/wp-content\/uploads\/2024\/03\/subversiva_11-400x266.jpg 400w, https:\/\/poesialleida.paeria.cat\/wp-content\/uploads\/2024\/03\/subversiva_11-600x399.jpg 600w, https:\/\/poesialleida.paeria.cat\/wp-content\/uploads\/2024\/03\/subversiva_11-800x532.jpg 800w, https:\/\/poesialleida.paeria.cat\/wp-content\/uploads\/2024\/03\/subversiva_11-1200x799.jpg 1200w, https:\/\/poesialleida.paeria.cat\/wp-content\/uploads\/2024\/03\/subversiva_11.jpg 2000w\" sizes=\"(min-width: 2200px) 100vw, (min-width: 1399px) 191px, (min-width: 1307px) 229px, (min-width: 1215px) 286px, (min-width: 1124px) 382px, (min-width: 1032px) 573px, (min-width: 940px) 1032px, \" \/><\/a><\/div><\/div><div style=\"padding:5px;\" class=\"fusion-grid-column fusion-gallery-column fusion-gallery-column-6 hover-type-none\"><div class=\"fusion-gallery-image\"><a href=\"https:\/\/poesialleida.paeria.cat\/wp-content\/uploads\/2024\/03\/subversiva_12.jpg\" rel=\"noreferrer\" data-rel=\"iLightbox[gallery_image_1]\" class=\"fusion-lightbox\" target=\"_self\"><img decoding=\"async\" src=\"https:\/\/poesialleida.paeria.cat\/wp-content\/uploads\/2024\/03\/subversiva_12.jpg\" width=\"2000\" height=\"1331\" alt=\"\" title=\"subversiva_12\" aria-label=\"subversiva_12\" class=\"img-responsive wp-image-2806\" srcset=\"https:\/\/poesialleida.paeria.cat\/wp-content\/uploads\/2024\/03\/subversiva_12-200x133.jpg 200w, https:\/\/poesialleida.paeria.cat\/wp-content\/uploads\/2024\/03\/subversiva_12-400x266.jpg 400w, https:\/\/poesialleida.paeria.cat\/wp-content\/uploads\/2024\/03\/subversiva_12-600x399.jpg 600w, https:\/\/poesialleida.paeria.cat\/wp-content\/uploads\/2024\/03\/subversiva_12-800x532.jpg 800w, https:\/\/poesialleida.paeria.cat\/wp-content\/uploads\/2024\/03\/subversiva_12-1200x799.jpg 1200w, https:\/\/poesialleida.paeria.cat\/wp-content\/uploads\/2024\/03\/subversiva_12.jpg 2000w\" sizes=\"(min-width: 2200px) 100vw, (min-width: 1399px) 191px, (min-width: 1307px) 229px, (min-width: 1215px) 286px, (min-width: 1124px) 382px, (min-width: 1032px) 573px, (min-width: 940px) 1032px, \" \/><\/a><\/div><\/div><div class=\"clearfix\"><\/div><\/div><\/div><\/div><\/div><\/div><\/div><div class=\"fusion-fullwidth fullwidth-box fusion-builder-row-2 fusion-flex-container has-pattern-background has-mask-background hundred-percent-fullwidth non-hundred-percent-height-scrolling\" style=\"--awb-background-position:left top;--awb-border-radius-top-left:0px;--awb-border-radius-top-right:0px;--awb-border-radius-bottom-right:0px;--awb-border-radius-bottom-left:0px;--awb-padding-top:60px;--awb-padding-right:100px;--awb-padding-bottom:60px;--awb-padding-left:100px;--awb-padding-top-small:30px;--awb-padding-right-small:10%;--awb-padding-bottom-small:40px;--awb-padding-left-small:10%;--awb-background-color:#e6e5df;--awb-flex-wrap:wrap;\" ><div class=\"fusion-builder-row fusion-row fusion-flex-align-items-flex-start fusion-flex-content-wrap\" style=\"width:104% !important;max-width:104% !important;margin-left: calc(-4% \/ 2 );margin-right: calc(-4% \/ 2 );\"><div class=\"fusion-layout-column fusion_builder_column fusion-builder-column-7 fusion_builder_column_4_5 4_5 fusion-flex-column fusion-flex-align-self-center\" style=\"--awb-padding-top:30px;--awb-padding-bottom:30px;--awb-padding-left:10%;--awb-padding-top-small:10px;--awb-padding-bottom-small:0px;--awb-bg-color:var(--awb-color7);--awb-bg-color-hover:var(--awb-color7);--awb-bg-size:cover;--awb-width-large:80%;--awb-margin-top-large:0px;--awb-spacing-right-large:0px;--awb-margin-bottom-large:0px;--awb-spacing-left-large:2.4%;--awb-width-medium:100%;--awb-order-medium:0;--awb-spacing-right-medium:1.92%;--awb-spacing-left-medium:1.92%;--awb-width-small:100%;--awb-order-small:0;--awb-margin-top-small:0px;--awb-spacing-right-small:1.92%;--awb-margin-bottom-small:0px;--awb-spacing-left-small:1.92%;\" data-scroll-devices=\"small-visibility,medium-visibility,large-visibility\"><div class=\"fusion-column-wrapper fusion-column-has-shadow fusion-flex-justify-content-center fusion-content-layout-column\"><div class=\"fusion-title title fusion-title-9 fusion-sep-none fusion-title-text fusion-title-size-three\" style=\"--awb-text-color:var(--awb-color5);--awb-margin-top-small:30px;--awb-margin-right-small:0px;--awb-margin-bottom-small:20px;--awb-margin-left-small:0px;--awb-font-size:24px;\"><h3 class=\"fusion-title-heading title-heading-left fusion-responsive-typography-calculated\" style=\"margin:0;font-size:1em;--fontSize:24;line-height:1.5;\">19 h \u00b7 Caf\u00e8 del Teatre de l\u2019Escorxador<\/h3><\/div><\/div><\/div><div class=\"fusion-layout-column fusion_builder_column fusion-builder-column-8 fusion_builder_column_1_5 1_5 fusion-flex-column fusion-flex-align-self-stretch fusion-no-small-visibility\" style=\"--awb-padding-top:10px;--awb-padding-bottom:10px;--awb-bg-color:var(--awb-color7);--awb-bg-color-hover:var(--awb-color7);--awb-bg-size:cover;--awb-width-large:20%;--awb-margin-top-large:0px;--awb-spacing-right-large:9.6%;--awb-margin-bottom-large:0px;--awb-spacing-left-large:0px;--awb-width-medium:100%;--awb-order-medium:0;--awb-spacing-right-medium:1.92%;--awb-spacing-left-medium:1.92%;--awb-width-small:100%;--awb-order-small:0;--awb-spacing-right-small:1.92%;--awb-spacing-left-small:1.92%;\" data-scroll-devices=\"small-visibility,medium-visibility,large-visibility\"><div class=\"fusion-column-wrapper fusion-column-has-shadow fusion-flex-justify-content-center fusion-content-layout-column\"><div class=\"fusion-image-element \" style=\"text-align:center;--awb-margin-top:0px;--awb-margin-bottom:0px;--awb-max-width:100px;--awb-caption-title-font-family:var(--h2_typography-font-family);--awb-caption-title-font-weight:var(--h2_typography-font-weight);--awb-caption-title-font-style:var(--h2_typography-font-style);--awb-caption-title-size:var(--h2_typography-font-size);--awb-caption-title-transform:var(--h2_typography-text-transform);--awb-caption-title-line-height:var(--h2_typography-line-height);--awb-caption-title-letter-spacing:var(--h2_typography-letter-spacing);\"><span class=\" fusion-imageframe imageframe-none imageframe-3 hover-type-none\"><img decoding=\"async\" width=\"2560\" height=\"1167\" title=\"cafeteatre\" src=\"https:\/\/poesialleida.paeria.cat\/wp-content\/uploads\/2022\/03\/cafeteatre-scaled.jpg\" alt class=\"img-responsive wp-image-1702\" srcset=\"https:\/\/poesialleida.paeria.cat\/wp-content\/uploads\/2022\/03\/cafeteatre-200x91.jpg 200w, https:\/\/poesialleida.paeria.cat\/wp-content\/uploads\/2022\/03\/cafeteatre-400x182.jpg 400w, https:\/\/poesialleida.paeria.cat\/wp-content\/uploads\/2022\/03\/cafeteatre-600x274.jpg 600w, https:\/\/poesialleida.paeria.cat\/wp-content\/uploads\/2022\/03\/cafeteatre-800x365.jpg 800w, https:\/\/poesialleida.paeria.cat\/wp-content\/uploads\/2022\/03\/cafeteatre-1200x547.jpg 1200w, https:\/\/poesialleida.paeria.cat\/wp-content\/uploads\/2022\/03\/cafeteatre-scaled.jpg 2560w\" sizes=\"(max-width: 800px) 100vw, (max-width: 640px) 100vw, 400px\" \/><\/span><\/div><\/div><\/div><div class=\"fusion-layout-column fusion_builder_column fusion-builder-column-9 fusion_builder_column_1_1 1_1 fusion-flex-column\" style=\"--awb-padding-bottom:30px;--awb-padding-top-small:0px;--awb-padding-right-small:10%;--awb-padding-bottom-small:0px;--awb-padding-left-small:10%;--awb-bg-color:var(--awb-color2);--awb-bg-color-hover:var(--awb-color2);--awb-bg-size:cover;--awb-width-large:100%;--awb-margin-top-large:0px;--awb-spacing-right-large:1.92%;--awb-margin-bottom-large:0px;--awb-spacing-left-large:1.92%;--awb-width-medium:100%;--awb-order-medium:0;--awb-spacing-right-medium:1.92%;--awb-spacing-left-medium:1.92%;--awb-width-small:100%;--awb-order-small:0;--awb-margin-top-small:0px;--awb-spacing-right-small:1.92%;--awb-margin-bottom-small:0px;--awb-spacing-left-small:1.92%;\" data-scroll-devices=\"small-visibility,medium-visibility,large-visibility\"><div class=\"fusion-column-wrapper fusion-column-has-shadow fusion-flex-justify-content-flex-start fusion-content-layout-column\"><div class=\"fusion-builder-row fusion-builder-row-inner fusion-row fusion-flex-align-items-flex-start fusion-flex-content-wrap\" style=\"--awb-flex-grow:0;--awb-flex-grow-medium:0;--awb-flex-grow-small:0;--awb-flex-shrink:0;--awb-flex-shrink-medium:0;--awb-flex-shrink-small:0;width:104% !important;max-width:104% !important;margin-left: calc(-4% \/ 2 );margin-right: calc(-4% \/ 2 );\"><div class=\"fusion-layout-column fusion_builder_column_inner fusion-builder-nested-column-2 fusion_builder_column_inner_1_5 1_5 fusion-flex-column\" style=\"--awb-bg-size:cover;--awb-width-large:20%;--awb-margin-top-large:0px;--awb-spacing-right-large:-3px;--awb-margin-bottom-large:0px;--awb-spacing-left-large:9.6%;--awb-width-medium:100%;--awb-order-medium:0;--awb-spacing-right-medium:1.92%;--awb-spacing-left-medium:1.92%;--awb-width-small:100%;--awb-order-small:0;--awb-spacing-right-small:1.92%;--awb-spacing-left-small:1.92%;\" data-scroll-devices=\"small-visibility,medium-visibility,large-visibility\"><div class=\"fusion-column-wrapper fusion-column-has-shadow fusion-flex-justify-content-flex-start fusion-content-layout-column\"><div class=\"fusion-image-element \" style=\"--awb-caption-title-font-family:var(--h2_typography-font-family);--awb-caption-title-font-weight:var(--h2_typography-font-weight);--awb-caption-title-font-style:var(--h2_typography-font-style);--awb-caption-title-size:var(--h2_typography-font-size);--awb-caption-title-transform:var(--h2_typography-text-transform);--awb-caption-title-line-height:var(--h2_typography-line-height);--awb-caption-title-letter-spacing:var(--h2_typography-letter-spacing);\"><span class=\" fusion-imageframe imageframe-none imageframe-4 hover-type-none\"><img decoding=\"async\" width=\"1000\" height=\"1000\" title=\"Jordi Pamias\" src=\"https:\/\/poesialleida.paeria.cat\/wp-content\/uploads\/2024\/02\/Jordi-Pamias.jpg\" alt class=\"img-responsive wp-image-2236\" srcset=\"https:\/\/poesialleida.paeria.cat\/wp-content\/uploads\/2024\/02\/Jordi-Pamias-200x200.jpg 200w, https:\/\/poesialleida.paeria.cat\/wp-content\/uploads\/2024\/02\/Jordi-Pamias-400x400.jpg 400w, https:\/\/poesialleida.paeria.cat\/wp-content\/uploads\/2024\/02\/Jordi-Pamias-600x600.jpg 600w, https:\/\/poesialleida.paeria.cat\/wp-content\/uploads\/2024\/02\/Jordi-Pamias-800x800.jpg 800w, https:\/\/poesialleida.paeria.cat\/wp-content\/uploads\/2024\/02\/Jordi-Pamias.jpg 1000w\" sizes=\"(max-width: 800px) 100vw, (max-width: 640px) 100vw, 400px\" \/><\/span><\/div><div class=\"fusion-title title fusion-title-10 fusion-sep-none fusion-title-text fusion-title-size-three\" style=\"--awb-text-color:var(--awb-custom10);--awb-margin-bottom:20px;--awb-margin-top-small:0px;--awb-margin-right-small:0px;--awb-margin-bottom-small:20px;--awb-margin-left-small:0px;--awb-font-size:14px;\"><h3 class=\"fusion-title-heading title-heading-right fusion-responsive-typography-calculated\" style=\"margin:0;font-size:1em;--fontSize:14;--minFontSize:14;line-height:1.5;\"><p class=\"p1\" style=\"text-align: right;\">\u00a9 Jordi Larios<span style=\"color: #d1cfca;\">&#8230;.<\/span><\/p><\/h3><\/div><div class=\"fusion-title title fusion-title-11 fusion-sep-none fusion-title-text fusion-title-size-two\" style=\"--awb-margin-left:20px;--awb-margin-top-small:0px;--awb-margin-right-small:0px;--awb-margin-bottom-small:20px;--awb-margin-left-small:0px;--awb-font-size:24px;\"><h2 class=\"fusion-title-heading title-heading-right fusion-responsive-typography-calculated\" style=\"margin:0;font-size:1em;--fontSize:24;line-height:1;\">Jordi P\u00e0mias<\/h2><\/div><div class=\"fusion-separator fusion-no-medium-visibility fusion-no-large-visibility fusion-full-width-sep\" style=\"align-self: center;margin-left: auto;margin-right: auto;margin-top:20px;margin-bottom:0px;width:100%;\"><div class=\"fusion-separator-border sep-single sep-solid\" style=\"--awb-height:20px;--awb-amount:20px;--awb-sep-color:#e6e5df;border-color:#e6e5df;border-top-width:15px;\"><\/div><\/div><\/div><\/div><div class=\"fusion-layout-column fusion_builder_column_inner fusion-builder-nested-column-3 fusion_builder_column_inner_1_5 1_5 fusion-flex-column\" style=\"--awb-bg-size:cover;--awb-width-large:20%;--awb-margin-top-large:0px;--awb-spacing-right-large:-3px;--awb-margin-bottom-large:0px;--awb-spacing-left-large:9.6%;--awb-width-medium:100%;--awb-order-medium:0;--awb-spacing-right-medium:1.92%;--awb-spacing-left-medium:1.92%;--awb-width-small:100%;--awb-order-small:0;--awb-spacing-right-small:1.92%;--awb-spacing-left-small:1.92%;\" data-scroll-devices=\"small-visibility,medium-visibility,large-visibility\"><div class=\"fusion-column-wrapper fusion-column-has-shadow fusion-flex-justify-content-flex-start fusion-content-layout-column\"><div class=\"fusion-image-element \" style=\"--awb-caption-title-font-family:var(--h2_typography-font-family);--awb-caption-title-font-weight:var(--h2_typography-font-weight);--awb-caption-title-font-style:var(--h2_typography-font-style);--awb-caption-title-size:var(--h2_typography-font-size);--awb-caption-title-transform:var(--h2_typography-text-transform);--awb-caption-title-line-height:var(--h2_typography-line-height);--awb-caption-title-letter-spacing:var(--h2_typography-letter-spacing);\"><span class=\" fusion-imageframe imageframe-none imageframe-5 hover-type-none\"><img decoding=\"async\" width=\"1000\" height=\"1000\" title=\"Jordi Prenafeta\" src=\"https:\/\/poesialleida.paeria.cat\/wp-content\/uploads\/2024\/02\/Jordi-Prenafeta.jpg\" alt class=\"img-responsive wp-image-2237\" srcset=\"https:\/\/poesialleida.paeria.cat\/wp-content\/uploads\/2024\/02\/Jordi-Prenafeta-200x200.jpg 200w, https:\/\/poesialleida.paeria.cat\/wp-content\/uploads\/2024\/02\/Jordi-Prenafeta-400x400.jpg 400w, https:\/\/poesialleida.paeria.cat\/wp-content\/uploads\/2024\/02\/Jordi-Prenafeta-600x600.jpg 600w, https:\/\/poesialleida.paeria.cat\/wp-content\/uploads\/2024\/02\/Jordi-Prenafeta-800x800.jpg 800w, https:\/\/poesialleida.paeria.cat\/wp-content\/uploads\/2024\/02\/Jordi-Prenafeta.jpg 1000w\" sizes=\"(max-width: 800px) 100vw, (max-width: 640px) 100vw, 400px\" \/><\/span><\/div><div class=\"fusion-title title fusion-title-12 fusion-sep-none fusion-title-text fusion-title-size-three\" style=\"--awb-text-color:var(--awb-custom10);--awb-margin-bottom:20px;--awb-margin-top-small:0px;--awb-margin-right-small:0px;--awb-margin-bottom-small:20px;--awb-margin-left-small:0px;--awb-font-size:14px;\"><h3 class=\"fusion-title-heading title-heading-right fusion-responsive-typography-calculated\" style=\"margin:0;font-size:1em;--fontSize:14;--minFontSize:14;line-height:1.5;\"><p class=\"p1\" style=\"text-align: right;\">\u00a9 Roser Arques<span style=\"color: #d1cfca;\">&#8230;.<\/span><\/p><\/h3><\/div><div class=\"fusion-title title fusion-title-13 fusion-sep-none fusion-title-text fusion-title-size-two\" style=\"--awb-margin-left:20px;--awb-margin-top-small:0px;--awb-margin-right-small:0px;--awb-margin-bottom-small:20px;--awb-margin-left-small:0px;--awb-font-size:24px;\"><h2 class=\"fusion-title-heading title-heading-right fusion-responsive-typography-calculated\" style=\"margin:0;font-size:1em;--fontSize:24;line-height:1;\">Jordi Prenafeta<\/h2><\/div><div class=\"fusion-separator fusion-no-medium-visibility fusion-no-large-visibility fusion-full-width-sep\" style=\"align-self: center;margin-left: auto;margin-right: auto;margin-top:20px;margin-bottom:0px;width:100%;\"><div class=\"fusion-separator-border sep-single sep-solid\" style=\"--awb-height:20px;--awb-amount:20px;--awb-sep-color:#e6e5df;border-color:#e6e5df;border-top-width:15px;\"><\/div><\/div><\/div><\/div><\/div><\/div><\/div><div class=\"fusion-layout-column fusion_builder_column fusion-builder-column-10 fusion_builder_column_4_5 4_5 fusion-flex-column\" style=\"--awb-padding-top:30px;--awb-padding-right:10%;--awb-padding-bottom:30px;--awb-padding-left:10%;--awb-padding-right-small:10%;--awb-padding-left-small:10%;--awb-bg-color:var(--awb-custom10);--awb-bg-color-hover:var(--awb-custom10);--awb-bg-size:cover;--awb-width-large:80%;--awb-margin-top-large:0px;--awb-spacing-right-large:0px;--awb-margin-bottom-large:0px;--awb-spacing-left-large:2.4%;--awb-width-medium:100%;--awb-order-medium:0;--awb-spacing-right-medium:1.92%;--awb-spacing-left-medium:1.92%;--awb-width-small:100%;--awb-order-small:0;--awb-spacing-right-small:1.92%;--awb-spacing-left-small:1.92%;\" data-scroll-devices=\"small-visibility,medium-visibility,large-visibility\"><div class=\"fusion-column-wrapper fusion-column-has-shadow fusion-flex-justify-content-flex-start fusion-content-layout-column\"><div class=\"fusion-title title fusion-title-14 fusion-sep-none fusion-title-text fusion-title-size-two\" style=\"--awb-text-color:var(--awb-custom12);--awb-margin-top-small:0px;--awb-margin-right-small:0px;--awb-margin-bottom-small:20px;--awb-margin-left-small:0px;--awb-font-size:40px;\"><h2 class=\"fusion-title-heading title-heading-left fusion-responsive-typography-calculated\" style=\"margin:0;font-size:1em;--fontSize:40;line-height:1;\">DUES VEUS PER UNA TERRA<\/h2><\/div><div class=\"fusion-title title fusion-title-15 fusion-sep-none fusion-title-text fusion-title-size-four\" style=\"--awb-text-color:var(--awb-color1);--awb-margin-top:10px;--awb-margin-top-small:0px;--awb-margin-right-small:0px;--awb-margin-bottom-small:20px;--awb-margin-left-small:0px;--awb-font-size:24px;\"><h4 class=\"fusion-title-heading title-heading-left fusion-responsive-typography-calculated\" style=\"margin:0;font-size:1em;--fontSize:24;line-height:1.5;\">Jordi P\u00e0mias i Jordi Prenafeta a escena<\/h4><\/div><\/div><\/div><div class=\"fusion-layout-column fusion_builder_column fusion-builder-column-11 fusion_builder_column_1_5 1_5 fusion-flex-column fusion-flex-align-self-stretch fusion-no-small-visibility\" style=\"--awb-padding-top:30px;--awb-padding-bottom:30px;--awb-bg-color:var(--awb-color2);--awb-bg-color-hover:var(--awb-color2);--awb-bg-size:cover;--awb-width-large:20%;--awb-margin-top-large:0px;--awb-spacing-right-large:9.6%;--awb-margin-bottom-large:0px;--awb-spacing-left-large:0px;--awb-width-medium:100%;--awb-order-medium:0;--awb-spacing-right-medium:1.92%;--awb-spacing-left-medium:1.92%;--awb-width-small:100%;--awb-order-small:0;--awb-spacing-right-small:1.92%;--awb-spacing-left-small:1.92%;\" data-scroll-devices=\"small-visibility,medium-visibility,large-visibility\"><div class=\"fusion-column-wrapper fusion-column-has-shadow fusion-flex-justify-content-space-between fusion-content-layout-column\"><\/div><\/div><div class=\"fusion-layout-column fusion_builder_column fusion-builder-column-12 fusion_builder_column_1_1 1_1 fusion-flex-column\" style=\"--awb-padding-top:30px;--awb-padding-right:10%;--awb-padding-bottom:30px;--awb-padding-left:10%;--awb-bg-color:var(--awb-color2);--awb-bg-color-hover:var(--awb-color2);--awb-bg-size:cover;--awb-width-large:100%;--awb-margin-top-large:0px;--awb-spacing-right-large:1.92%;--awb-margin-bottom-large:0px;--awb-spacing-left-large:1.92%;--awb-width-medium:100%;--awb-order-medium:0;--awb-spacing-right-medium:1.92%;--awb-spacing-left-medium:1.92%;--awb-width-small:100%;--awb-order-small:0;--awb-spacing-right-small:1.92%;--awb-spacing-left-small:1.92%;\" data-scroll-devices=\"small-visibility,medium-visibility,large-visibility\"><div class=\"fusion-column-wrapper fusion-column-has-shadow fusion-flex-justify-content-center fusion-content-layout-column\"><div class=\"fusion-text fusion-text-3 fusion-text-no-margin\" style=\"--awb-font-size:24px;--awb-text-color:var(--awb-color5);--awb-margin-bottom:10px;\"><h3>Participants: <strong>Jordi P\u00e0mias<\/strong> i <strong>Jordi Prenafeta <\/strong><\/h3>\n<\/div><div class=\"fusion-reading-box-container reading-box-container-2\" style=\"--awb-title-color:#595f6b;--awb-margin-top:10px;--awb-margin-bottom:10px;\"><div class=\"reading-box\" style=\"background-color:#e6e5df;border-width:0px;border-color:var(--awb-color4);border-left-width:3px;border-left-color:var(--primary_color);border-style:solid;padding-top:30px;padding-bottom:30px;\"><div class=\"reading-box-additional\">\n<p>Ens trobem amb una ocasi\u00f3 \u00fanica per gaudir de la poesia de dos grans autors lleidatans i catalans: Jordi P\u00e0mias i Jordi Prenafeta. Dos representants de dues generacions diferents es troben sobre un mateix escenari des d\u2019on els podrem escoltar recitant els seus versos. Jordi P\u00e0mias \u00e9s un dels referents de la seva generaci\u00f3, tot un s\u00e8nior de la literatura catalana, amb una extensa obra po\u00e8tica que ens agrada sentir com a patrimoni propi. Jordi Prenafeta \u00e9s escriptor i tamb\u00e9 un artista polifac\u00e8tic, que explora la poesia visual, la m\u00fasica i el recital esc\u00e8nic. Dues generacions, dues veus, una llengua sorgida d\u2019una mateixa terra.<\/p>\n<\/div><div class=\"fusion-clearfix\"><\/div><\/div><\/div><div class=\"fusion-text fusion-text-4 fusion-text-no-margin\" style=\"--awb-font-size:24px;--awb-text-color:var(--awb-color5);--awb-margin-bottom:10px;\"><h3>Llibreria participant: <strong>Abacus<\/strong><\/h3>\n<\/div><div class=\"fusion-text fusion-text-5\" style=\"--awb-font-size:25px;--awb-margin-top:30px;--awb-text-font-family:&quot;Open Sans Condensed Light&quot;;--awb-text-font-style:normal;--awb-text-font-weight:400;\"><p>Galeria d&#8217;imatges<\/p>\n<\/div><div class=\"awb-gallery-wrapper awb-gallery-wrapper-2 button-span-no\" style=\"--more-btn-alignment:center;\"><div style=\"margin:-5px;--awb-aspect-ratio:1 \/ 1;--awb-bordersize:0px;\" class=\"fusion-gallery fusion-gallery-container fusion-grid-6 fusion-columns-total-12 fusion-gallery-layout-grid fusion-gallery-2 has-aspect-ratio\"><div style=\"padding:5px;\" class=\"fusion-grid-column fusion-gallery-column fusion-gallery-column-6 hover-type-none\"><div class=\"fusion-gallery-image\"><a href=\"https:\/\/poesialleida.paeria.cat\/wp-content\/uploads\/2024\/03\/jordis_2.jpg\" rel=\"noreferrer\" data-rel=\"iLightbox[gallery_image_2]\" class=\"fusion-lightbox\" target=\"_self\"><img decoding=\"async\" src=\"https:\/\/poesialleida.paeria.cat\/wp-content\/uploads\/2024\/03\/jordis_2.jpg\" width=\"1500\" height=\"2000\" alt=\"\" title=\"jordis_2\" aria-label=\"jordis_2\" class=\"img-responsive wp-image-2780\" srcset=\"https:\/\/poesialleida.paeria.cat\/wp-content\/uploads\/2024\/03\/jordis_2-200x267.jpg 200w, https:\/\/poesialleida.paeria.cat\/wp-content\/uploads\/2024\/03\/jordis_2-400x533.jpg 400w, https:\/\/poesialleida.paeria.cat\/wp-content\/uploads\/2024\/03\/jordis_2-600x800.jpg 600w, https:\/\/poesialleida.paeria.cat\/wp-content\/uploads\/2024\/03\/jordis_2-800x1067.jpg 800w, https:\/\/poesialleida.paeria.cat\/wp-content\/uploads\/2024\/03\/jordis_2-1200x1600.jpg 1200w, https:\/\/poesialleida.paeria.cat\/wp-content\/uploads\/2024\/03\/jordis_2.jpg 1500w\" sizes=\"(min-width: 2200px) 100vw, (min-width: 1399px) 191px, (min-width: 1307px) 229px, (min-width: 1215px) 286px, (min-width: 1124px) 382px, (min-width: 1032px) 573px, (min-width: 940px) 1032px, \" \/><\/a><\/div><\/div><div style=\"padding:5px;\" class=\"fusion-grid-column fusion-gallery-column fusion-gallery-column-6 hover-type-none\"><div class=\"fusion-gallery-image\"><a href=\"https:\/\/poesialleida.paeria.cat\/wp-content\/uploads\/2024\/03\/jordis_4.jpg\" rel=\"noreferrer\" data-rel=\"iLightbox[gallery_image_2]\" class=\"fusion-lightbox\" target=\"_self\"><img decoding=\"async\" src=\"https:\/\/poesialleida.paeria.cat\/wp-content\/uploads\/2024\/03\/jordis_4.jpg\" width=\"1500\" height=\"2000\" alt=\"\" title=\"jordis_4\" aria-label=\"jordis_4\" class=\"img-responsive wp-image-2782\" srcset=\"https:\/\/poesialleida.paeria.cat\/wp-content\/uploads\/2024\/03\/jordis_4-200x267.jpg 200w, https:\/\/poesialleida.paeria.cat\/wp-content\/uploads\/2024\/03\/jordis_4-400x533.jpg 400w, https:\/\/poesialleida.paeria.cat\/wp-content\/uploads\/2024\/03\/jordis_4-600x800.jpg 600w, https:\/\/poesialleida.paeria.cat\/wp-content\/uploads\/2024\/03\/jordis_4-800x1067.jpg 800w, https:\/\/poesialleida.paeria.cat\/wp-content\/uploads\/2024\/03\/jordis_4-1200x1600.jpg 1200w, https:\/\/poesialleida.paeria.cat\/wp-content\/uploads\/2024\/03\/jordis_4.jpg 1500w\" sizes=\"(min-width: 2200px) 100vw, (min-width: 1399px) 191px, (min-width: 1307px) 229px, (min-width: 1215px) 286px, (min-width: 1124px) 382px, (min-width: 1032px) 573px, (min-width: 940px) 1032px, \" \/><\/a><\/div><\/div><div style=\"padding:5px;\" class=\"fusion-grid-column fusion-gallery-column fusion-gallery-column-6 hover-type-none\"><div class=\"fusion-gallery-image\"><a href=\"https:\/\/poesialleida.paeria.cat\/wp-content\/uploads\/2024\/03\/jordis_3.jpg\" rel=\"noreferrer\" data-rel=\"iLightbox[gallery_image_2]\" class=\"fusion-lightbox\" target=\"_self\"><img decoding=\"async\" src=\"https:\/\/poesialleida.paeria.cat\/wp-content\/uploads\/2024\/03\/jordis_3.jpg\" width=\"2000\" height=\"1500\" alt=\"\" title=\"jordis_3\" aria-label=\"jordis_3\" class=\"img-responsive wp-image-2781\" srcset=\"https:\/\/poesialleida.paeria.cat\/wp-content\/uploads\/2024\/03\/jordis_3-200x150.jpg 200w, https:\/\/poesialleida.paeria.cat\/wp-content\/uploads\/2024\/03\/jordis_3-400x300.jpg 400w, https:\/\/poesialleida.paeria.cat\/wp-content\/uploads\/2024\/03\/jordis_3-600x450.jpg 600w, https:\/\/poesialleida.paeria.cat\/wp-content\/uploads\/2024\/03\/jordis_3-800x600.jpg 800w, https:\/\/poesialleida.paeria.cat\/wp-content\/uploads\/2024\/03\/jordis_3-1200x900.jpg 1200w, https:\/\/poesialleida.paeria.cat\/wp-content\/uploads\/2024\/03\/jordis_3.jpg 2000w\" sizes=\"(min-width: 2200px) 100vw, (min-width: 1399px) 191px, (min-width: 1307px) 229px, (min-width: 1215px) 286px, (min-width: 1124px) 382px, (min-width: 1032px) 573px, (min-width: 940px) 1032px, \" \/><\/a><\/div><\/div><div style=\"padding:5px;\" class=\"fusion-grid-column fusion-gallery-column fusion-gallery-column-6 hover-type-none\"><div class=\"fusion-gallery-image\"><a href=\"https:\/\/poesialleida.paeria.cat\/wp-content\/uploads\/2024\/03\/jordis_5.jpg\" rel=\"noreferrer\" data-rel=\"iLightbox[gallery_image_2]\" class=\"fusion-lightbox\" target=\"_self\"><img decoding=\"async\" src=\"https:\/\/poesialleida.paeria.cat\/wp-content\/uploads\/2024\/03\/jordis_5.jpg\" width=\"1500\" height=\"2000\" alt=\"\" title=\"jordis_5\" aria-label=\"jordis_5\" class=\"img-responsive wp-image-2794\" srcset=\"https:\/\/poesialleida.paeria.cat\/wp-content\/uploads\/2024\/03\/jordis_5-200x267.jpg 200w, https:\/\/poesialleida.paeria.cat\/wp-content\/uploads\/2024\/03\/jordis_5-400x533.jpg 400w, https:\/\/poesialleida.paeria.cat\/wp-content\/uploads\/2024\/03\/jordis_5-600x800.jpg 600w, https:\/\/poesialleida.paeria.cat\/wp-content\/uploads\/2024\/03\/jordis_5-800x1067.jpg 800w, https:\/\/poesialleida.paeria.cat\/wp-content\/uploads\/2024\/03\/jordis_5-1200x1600.jpg 1200w, https:\/\/poesialleida.paeria.cat\/wp-content\/uploads\/2024\/03\/jordis_5.jpg 1500w\" sizes=\"(min-width: 2200px) 100vw, (min-width: 1399px) 191px, (min-width: 1307px) 229px, (min-width: 1215px) 286px, (min-width: 1124px) 382px, (min-width: 1032px) 573px, (min-width: 940px) 1032px, \" \/><\/a><\/div><\/div><div style=\"padding:5px;\" class=\"fusion-grid-column fusion-gallery-column fusion-gallery-column-6 hover-type-none\"><div class=\"fusion-gallery-image\"><a href=\"https:\/\/poesialleida.paeria.cat\/wp-content\/uploads\/2024\/03\/jordis_6.jpg\" rel=\"noreferrer\" data-rel=\"iLightbox[gallery_image_2]\" class=\"fusion-lightbox\" target=\"_self\"><img decoding=\"async\" src=\"https:\/\/poesialleida.paeria.cat\/wp-content\/uploads\/2024\/03\/jordis_6.jpg\" width=\"1500\" height=\"2000\" alt=\"\" title=\"jordis_6\" aria-label=\"jordis_6\" class=\"img-responsive wp-image-2795\" srcset=\"https:\/\/poesialleida.paeria.cat\/wp-content\/uploads\/2024\/03\/jordis_6-200x267.jpg 200w, https:\/\/poesialleida.paeria.cat\/wp-content\/uploads\/2024\/03\/jordis_6-400x533.jpg 400w, https:\/\/poesialleida.paeria.cat\/wp-content\/uploads\/2024\/03\/jordis_6-600x800.jpg 600w, https:\/\/poesialleida.paeria.cat\/wp-content\/uploads\/2024\/03\/jordis_6-800x1067.jpg 800w, https:\/\/poesialleida.paeria.cat\/wp-content\/uploads\/2024\/03\/jordis_6-1200x1600.jpg 1200w, https:\/\/poesialleida.paeria.cat\/wp-content\/uploads\/2024\/03\/jordis_6.jpg 1500w\" sizes=\"(min-width: 2200px) 100vw, (min-width: 1399px) 191px, (min-width: 1307px) 229px, (min-width: 1215px) 286px, (min-width: 1124px) 382px, (min-width: 1032px) 573px, (min-width: 940px) 1032px, \" \/><\/a><\/div><\/div><div style=\"padding:5px;\" class=\"fusion-grid-column fusion-gallery-column fusion-gallery-column-6 hover-type-none\"><div class=\"fusion-gallery-image\"><a href=\"https:\/\/poesialleida.paeria.cat\/wp-content\/uploads\/2024\/03\/jordis_7.jpg\" rel=\"noreferrer\" data-rel=\"iLightbox[gallery_image_2]\" class=\"fusion-lightbox\" target=\"_self\"><img decoding=\"async\" src=\"https:\/\/poesialleida.paeria.cat\/wp-content\/uploads\/2024\/03\/jordis_7.jpg\" width=\"1537\" height=\"1800\" alt=\"\" title=\"jordis_7\" aria-label=\"jordis_7\" class=\"img-responsive wp-image-2796\" srcset=\"https:\/\/poesialleida.paeria.cat\/wp-content\/uploads\/2024\/03\/jordis_7-200x234.jpg 200w, https:\/\/poesialleida.paeria.cat\/wp-content\/uploads\/2024\/03\/jordis_7-400x468.jpg 400w, https:\/\/poesialleida.paeria.cat\/wp-content\/uploads\/2024\/03\/jordis_7-600x703.jpg 600w, https:\/\/poesialleida.paeria.cat\/wp-content\/uploads\/2024\/03\/jordis_7-800x937.jpg 800w, https:\/\/poesialleida.paeria.cat\/wp-content\/uploads\/2024\/03\/jordis_7-1200x1405.jpg 1200w, https:\/\/poesialleida.paeria.cat\/wp-content\/uploads\/2024\/03\/jordis_7.jpg 1537w\" sizes=\"(min-width: 2200px) 100vw, (min-width: 1399px) 191px, (min-width: 1307px) 229px, (min-width: 1215px) 286px, (min-width: 1124px) 382px, (min-width: 1032px) 573px, (min-width: 940px) 1032px, \" \/><\/a><\/div><\/div><div class=\"clearfix\"><\/div><div style=\"padding:5px;\" class=\"fusion-grid-column fusion-gallery-column fusion-gallery-column-6 hover-type-none\"><div class=\"fusion-gallery-image\"><a href=\"https:\/\/poesialleida.paeria.cat\/wp-content\/uploads\/2024\/03\/jordis_8.jpg\" rel=\"noreferrer\" data-rel=\"iLightbox[gallery_image_2]\" class=\"fusion-lightbox\" target=\"_self\"><img decoding=\"async\" src=\"https:\/\/poesialleida.paeria.cat\/wp-content\/uploads\/2024\/03\/jordis_8.jpg\" width=\"1500\" height=\"2000\" alt=\"\" title=\"jordis_8\" aria-label=\"jordis_8\" class=\"img-responsive wp-image-2797\" srcset=\"https:\/\/poesialleida.paeria.cat\/wp-content\/uploads\/2024\/03\/jordis_8-200x267.jpg 200w, https:\/\/poesialleida.paeria.cat\/wp-content\/uploads\/2024\/03\/jordis_8-400x533.jpg 400w, https:\/\/poesialleida.paeria.cat\/wp-content\/uploads\/2024\/03\/jordis_8-600x800.jpg 600w, https:\/\/poesialleida.paeria.cat\/wp-content\/uploads\/2024\/03\/jordis_8-800x1067.jpg 800w, https:\/\/poesialleida.paeria.cat\/wp-content\/uploads\/2024\/03\/jordis_8-1200x1600.jpg 1200w, https:\/\/poesialleida.paeria.cat\/wp-content\/uploads\/2024\/03\/jordis_8.jpg 1500w\" sizes=\"(min-width: 2200px) 100vw, (min-width: 1399px) 191px, (min-width: 1307px) 229px, (min-width: 1215px) 286px, (min-width: 1124px) 382px, (min-width: 1032px) 573px, (min-width: 940px) 1032px, \" \/><\/a><\/div><\/div><div style=\"padding:5px;\" class=\"fusion-grid-column fusion-gallery-column fusion-gallery-column-6 hover-type-none\"><div class=\"fusion-gallery-image\"><a href=\"https:\/\/poesialleida.paeria.cat\/wp-content\/uploads\/2024\/03\/jordis_9.jpg\" rel=\"noreferrer\" data-rel=\"iLightbox[gallery_image_2]\" class=\"fusion-lightbox\" target=\"_self\"><img decoding=\"async\" src=\"https:\/\/poesialleida.paeria.cat\/wp-content\/uploads\/2024\/03\/jordis_9.jpg\" width=\"1500\" height=\"2000\" alt=\"\" title=\"jordis_9\" aria-label=\"jordis_9\" class=\"img-responsive wp-image-2798\" srcset=\"https:\/\/poesialleida.paeria.cat\/wp-content\/uploads\/2024\/03\/jordis_9-200x267.jpg 200w, https:\/\/poesialleida.paeria.cat\/wp-content\/uploads\/2024\/03\/jordis_9-400x533.jpg 400w, https:\/\/poesialleida.paeria.cat\/wp-content\/uploads\/2024\/03\/jordis_9-600x800.jpg 600w, https:\/\/poesialleida.paeria.cat\/wp-content\/uploads\/2024\/03\/jordis_9-800x1067.jpg 800w, https:\/\/poesialleida.paeria.cat\/wp-content\/uploads\/2024\/03\/jordis_9-1200x1600.jpg 1200w, https:\/\/poesialleida.paeria.cat\/wp-content\/uploads\/2024\/03\/jordis_9.jpg 1500w\" sizes=\"(min-width: 2200px) 100vw, (min-width: 1399px) 191px, (min-width: 1307px) 229px, (min-width: 1215px) 286px, (min-width: 1124px) 382px, (min-width: 1032px) 573px, (min-width: 940px) 1032px, \" \/><\/a><\/div><\/div><div style=\"padding:5px;\" class=\"fusion-grid-column fusion-gallery-column fusion-gallery-column-6 hover-type-none\"><div class=\"fusion-gallery-image\"><a href=\"https:\/\/poesialleida.paeria.cat\/wp-content\/uploads\/2024\/03\/jordis_10.jpg\" rel=\"noreferrer\" data-rel=\"iLightbox[gallery_image_2]\" class=\"fusion-lightbox\" target=\"_self\"><img decoding=\"async\" src=\"https:\/\/poesialleida.paeria.cat\/wp-content\/uploads\/2024\/03\/jordis_10.jpg\" width=\"2000\" height=\"1500\" alt=\"\" title=\"jordis_10\" aria-label=\"jordis_10\" class=\"img-responsive wp-image-2799\" style=\"object-position:55% 49%;\" srcset=\"https:\/\/poesialleida.paeria.cat\/wp-content\/uploads\/2024\/03\/jordis_10-200x150.jpg 200w, https:\/\/poesialleida.paeria.cat\/wp-content\/uploads\/2024\/03\/jordis_10-400x300.jpg 400w, https:\/\/poesialleida.paeria.cat\/wp-content\/uploads\/2024\/03\/jordis_10-600x450.jpg 600w, https:\/\/poesialleida.paeria.cat\/wp-content\/uploads\/2024\/03\/jordis_10-800x600.jpg 800w, https:\/\/poesialleida.paeria.cat\/wp-content\/uploads\/2024\/03\/jordis_10-1200x900.jpg 1200w, https:\/\/poesialleida.paeria.cat\/wp-content\/uploads\/2024\/03\/jordis_10.jpg 2000w\" sizes=\"(min-width: 2200px) 100vw, (min-width: 1399px) 191px, (min-width: 1307px) 229px, (min-width: 1215px) 286px, (min-width: 1124px) 382px, (min-width: 1032px) 573px, (min-width: 940px) 1032px, \" \/><\/a><\/div><\/div><div style=\"padding:5px;\" class=\"fusion-grid-column fusion-gallery-column fusion-gallery-column-6 hover-type-none\"><div class=\"fusion-gallery-image\"><a href=\"https:\/\/poesialleida.paeria.cat\/wp-content\/uploads\/2024\/03\/jordis_11.jpg\" rel=\"noreferrer\" data-rel=\"iLightbox[gallery_image_2]\" class=\"fusion-lightbox\" target=\"_self\"><img decoding=\"async\" src=\"https:\/\/poesialleida.paeria.cat\/wp-content\/uploads\/2024\/03\/jordis_11.jpg\" width=\"2000\" height=\"1500\" alt=\"\" title=\"jordis_11\" aria-label=\"jordis_11\" class=\"img-responsive wp-image-2800\" srcset=\"https:\/\/poesialleida.paeria.cat\/wp-content\/uploads\/2024\/03\/jordis_11-200x150.jpg 200w, https:\/\/poesialleida.paeria.cat\/wp-content\/uploads\/2024\/03\/jordis_11-400x300.jpg 400w, https:\/\/poesialleida.paeria.cat\/wp-content\/uploads\/2024\/03\/jordis_11-600x450.jpg 600w, https:\/\/poesialleida.paeria.cat\/wp-content\/uploads\/2024\/03\/jordis_11-800x600.jpg 800w, https:\/\/poesialleida.paeria.cat\/wp-content\/uploads\/2024\/03\/jordis_11-1200x900.jpg 1200w, https:\/\/poesialleida.paeria.cat\/wp-content\/uploads\/2024\/03\/jordis_11.jpg 2000w\" sizes=\"(min-width: 2200px) 100vw, (min-width: 1399px) 191px, (min-width: 1307px) 229px, (min-width: 1215px) 286px, (min-width: 1124px) 382px, (min-width: 1032px) 573px, (min-width: 940px) 1032px, \" \/><\/a><\/div><\/div><div style=\"padding:5px;\" class=\"fusion-grid-column fusion-gallery-column fusion-gallery-column-6 hover-type-none\"><div class=\"fusion-gallery-image\"><a href=\"https:\/\/poesialleida.paeria.cat\/wp-content\/uploads\/2024\/03\/jordis_12.jpg\" rel=\"noreferrer\" data-rel=\"iLightbox[gallery_image_2]\" class=\"fusion-lightbox\" target=\"_self\"><img decoding=\"async\" src=\"https:\/\/poesialleida.paeria.cat\/wp-content\/uploads\/2024\/03\/jordis_12.jpg\" width=\"2000\" height=\"1500\" alt=\"\" title=\"jordis_12\" aria-label=\"jordis_12\" class=\"img-responsive wp-image-2801\" srcset=\"https:\/\/poesialleida.paeria.cat\/wp-content\/uploads\/2024\/03\/jordis_12-200x150.jpg 200w, https:\/\/poesialleida.paeria.cat\/wp-content\/uploads\/2024\/03\/jordis_12-400x300.jpg 400w, https:\/\/poesialleida.paeria.cat\/wp-content\/uploads\/2024\/03\/jordis_12-600x450.jpg 600w, https:\/\/poesialleida.paeria.cat\/wp-content\/uploads\/2024\/03\/jordis_12-800x600.jpg 800w, https:\/\/poesialleida.paeria.cat\/wp-content\/uploads\/2024\/03\/jordis_12-1200x900.jpg 1200w, https:\/\/poesialleida.paeria.cat\/wp-content\/uploads\/2024\/03\/jordis_12.jpg 2000w\" sizes=\"(min-width: 2200px) 100vw, (min-width: 1399px) 191px, (min-width: 1307px) 229px, (min-width: 1215px) 286px, (min-width: 1124px) 382px, (min-width: 1032px) 573px, (min-width: 940px) 1032px, \" \/><\/a><\/div><\/div><div style=\"padding:5px;\" class=\"fusion-grid-column fusion-gallery-column fusion-gallery-column-6 hover-type-none\"><div class=\"fusion-gallery-image\"><a href=\"https:\/\/poesialleida.paeria.cat\/wp-content\/uploads\/2024\/03\/jordis_1.jpg\" rel=\"noreferrer\" data-rel=\"iLightbox[gallery_image_2]\" class=\"fusion-lightbox\" target=\"_self\"><img decoding=\"async\" src=\"https:\/\/poesialleida.paeria.cat\/wp-content\/uploads\/2024\/03\/jordis_1.jpg\" width=\"1825\" height=\"2000\" alt=\"\" title=\"jordis_1\" aria-label=\"jordis_1\" class=\"img-responsive wp-image-2779\" srcset=\"https:\/\/poesialleida.paeria.cat\/wp-content\/uploads\/2024\/03\/jordis_1-200x219.jpg 200w, https:\/\/poesialleida.paeria.cat\/wp-content\/uploads\/2024\/03\/jordis_1-400x438.jpg 400w, https:\/\/poesialleida.paeria.cat\/wp-content\/uploads\/2024\/03\/jordis_1-600x658.jpg 600w, https:\/\/poesialleida.paeria.cat\/wp-content\/uploads\/2024\/03\/jordis_1-800x877.jpg 800w, https:\/\/poesialleida.paeria.cat\/wp-content\/uploads\/2024\/03\/jordis_1-1200x1315.jpg 1200w, https:\/\/poesialleida.paeria.cat\/wp-content\/uploads\/2024\/03\/jordis_1.jpg 1825w\" sizes=\"(min-width: 2200px) 100vw, (min-width: 1399px) 191px, (min-width: 1307px) 229px, (min-width: 1215px) 286px, (min-width: 1124px) 382px, (min-width: 1032px) 573px, (min-width: 940px) 1032px, \" \/><\/a><\/div><\/div><div class=\"clearfix\"><\/div><\/div><\/div><\/div><\/div><\/div><\/div><div class=\"fusion-fullwidth fullwidth-box fusion-builder-row-3 fusion-flex-container has-pattern-background has-mask-background hundred-percent-fullwidth non-hundred-percent-height-scrolling\" style=\"--awb-background-position:left top;--awb-border-radius-top-left:0px;--awb-border-radius-top-right:0px;--awb-border-radius-bottom-right:0px;--awb-border-radius-bottom-left:0px;--awb-padding-top:60px;--awb-padding-right:100px;--awb-padding-bottom:60px;--awb-padding-left:100px;--awb-padding-top-small:30px;--awb-padding-right-small:10%;--awb-padding-bottom-small:40px;--awb-padding-left-small:10%;--awb-background-color:#e6e5df;--awb-flex-wrap:wrap;\" ><div class=\"fusion-builder-row fusion-row fusion-flex-align-items-flex-start fusion-flex-content-wrap\" style=\"width:104% !important;max-width:104% !important;margin-left: calc(-4% \/ 2 );margin-right: calc(-4% \/ 2 );\"><div class=\"fusion-layout-column fusion_builder_column fusion-builder-column-13 fusion_builder_column_4_5 4_5 fusion-flex-column fusion-flex-align-self-center\" style=\"--awb-padding-top:30px;--awb-padding-bottom:30px;--awb-padding-left:10%;--awb-padding-top-small:10px;--awb-padding-bottom-small:0px;--awb-bg-color:var(--awb-color7);--awb-bg-color-hover:var(--awb-color7);--awb-bg-size:cover;--awb-width-large:80%;--awb-margin-top-large:0px;--awb-spacing-right-large:0px;--awb-margin-bottom-large:0px;--awb-spacing-left-large:2.4%;--awb-width-medium:100%;--awb-order-medium:0;--awb-spacing-right-medium:1.92%;--awb-spacing-left-medium:1.92%;--awb-width-small:100%;--awb-order-small:0;--awb-margin-top-small:0px;--awb-spacing-right-small:1.92%;--awb-margin-bottom-small:0px;--awb-spacing-left-small:1.92%;\" data-scroll-devices=\"small-visibility,medium-visibility,large-visibility\"><div class=\"fusion-column-wrapper fusion-column-has-shadow fusion-flex-justify-content-center fusion-content-layout-column\"><div class=\"fusion-title title fusion-title-16 fusion-sep-none fusion-title-text fusion-title-size-three\" style=\"--awb-text-color:var(--awb-color5);--awb-margin-top-small:30px;--awb-margin-right-small:0px;--awb-margin-bottom-small:20px;--awb-margin-left-small:0px;--awb-font-size:24px;\"><h3 class=\"fusion-title-heading title-heading-left fusion-responsive-typography-calculated\" style=\"margin:0;font-size:1em;--fontSize:24;line-height:1.5;\">20 h \u00b7 Caf\u00e8 del Teatre de l\u2019Escorxador<\/h3><\/div><\/div><\/div><div class=\"fusion-layout-column fusion_builder_column fusion-builder-column-14 fusion_builder_column_1_5 1_5 fusion-flex-column fusion-flex-align-self-stretch fusion-no-small-visibility\" style=\"--awb-padding-top:10px;--awb-padding-bottom:10px;--awb-bg-color:var(--awb-color7);--awb-bg-color-hover:var(--awb-color7);--awb-bg-size:cover;--awb-width-large:20%;--awb-margin-top-large:0px;--awb-spacing-right-large:9.6%;--awb-margin-bottom-large:0px;--awb-spacing-left-large:0px;--awb-width-medium:100%;--awb-order-medium:0;--awb-spacing-right-medium:1.92%;--awb-spacing-left-medium:1.92%;--awb-width-small:100%;--awb-order-small:0;--awb-spacing-right-small:1.92%;--awb-spacing-left-small:1.92%;\" data-scroll-devices=\"small-visibility,medium-visibility,large-visibility\"><div class=\"fusion-column-wrapper fusion-column-has-shadow fusion-flex-justify-content-center fusion-content-layout-column\"><div class=\"fusion-image-element \" style=\"text-align:center;--awb-margin-top:0px;--awb-margin-bottom:0px;--awb-max-width:100px;--awb-caption-title-font-family:var(--h2_typography-font-family);--awb-caption-title-font-weight:var(--h2_typography-font-weight);--awb-caption-title-font-style:var(--h2_typography-font-style);--awb-caption-title-size:var(--h2_typography-font-size);--awb-caption-title-transform:var(--h2_typography-text-transform);--awb-caption-title-line-height:var(--h2_typography-line-height);--awb-caption-title-letter-spacing:var(--h2_typography-letter-spacing);\"><span class=\" fusion-imageframe imageframe-none imageframe-6 hover-type-none\"><img decoding=\"async\" width=\"2560\" height=\"1167\" title=\"cafeteatre\" src=\"https:\/\/poesialleida.paeria.cat\/wp-content\/uploads\/2022\/03\/cafeteatre-scaled.jpg\" alt class=\"img-responsive wp-image-1702\" srcset=\"https:\/\/poesialleida.paeria.cat\/wp-content\/uploads\/2022\/03\/cafeteatre-200x91.jpg 200w, https:\/\/poesialleida.paeria.cat\/wp-content\/uploads\/2022\/03\/cafeteatre-400x182.jpg 400w, https:\/\/poesialleida.paeria.cat\/wp-content\/uploads\/2022\/03\/cafeteatre-600x274.jpg 600w, https:\/\/poesialleida.paeria.cat\/wp-content\/uploads\/2022\/03\/cafeteatre-800x365.jpg 800w, https:\/\/poesialleida.paeria.cat\/wp-content\/uploads\/2022\/03\/cafeteatre-1200x547.jpg 1200w, https:\/\/poesialleida.paeria.cat\/wp-content\/uploads\/2022\/03\/cafeteatre-scaled.jpg 2560w\" sizes=\"(max-width: 800px) 100vw, (max-width: 640px) 100vw, 400px\" \/><\/span><\/div><\/div><\/div><div class=\"fusion-layout-column fusion_builder_column fusion-builder-column-15 fusion_builder_column_1_1 1_1 fusion-flex-column\" style=\"--awb-padding-bottom:30px;--awb-padding-top-small:0px;--awb-padding-right-small:10%;--awb-padding-bottom-small:0px;--awb-padding-left-small:10%;--awb-bg-color:var(--awb-color2);--awb-bg-color-hover:var(--awb-color2);--awb-bg-size:cover;--awb-width-large:100%;--awb-margin-top-large:0px;--awb-spacing-right-large:1.92%;--awb-margin-bottom-large:0px;--awb-spacing-left-large:1.92%;--awb-width-medium:100%;--awb-order-medium:0;--awb-spacing-right-medium:1.92%;--awb-spacing-left-medium:1.92%;--awb-width-small:100%;--awb-order-small:0;--awb-margin-top-small:0px;--awb-spacing-right-small:1.92%;--awb-margin-bottom-small:0px;--awb-spacing-left-small:1.92%;\" data-scroll-devices=\"small-visibility,medium-visibility,large-visibility\"><div class=\"fusion-column-wrapper fusion-column-has-shadow fusion-flex-justify-content-flex-start fusion-content-layout-column\"><div class=\"fusion-builder-row fusion-builder-row-inner fusion-row fusion-flex-align-items-flex-start fusion-flex-content-wrap\" style=\"--awb-flex-grow:0;--awb-flex-grow-medium:0;--awb-flex-grow-small:0;--awb-flex-shrink:0;--awb-flex-shrink-medium:0;--awb-flex-shrink-small:0;width:104% !important;max-width:104% !important;margin-left: calc(-4% \/ 2 );margin-right: calc(-4% \/ 2 );\"><div class=\"fusion-layout-column fusion_builder_column_inner fusion-builder-nested-column-4 fusion_builder_column_inner_1_5 1_5 fusion-flex-column\" style=\"--awb-bg-size:cover;--awb-width-large:20%;--awb-margin-top-large:0px;--awb-spacing-right-large:-3px;--awb-margin-bottom-large:0px;--awb-spacing-left-large:9.6%;--awb-width-medium:100%;--awb-order-medium:0;--awb-spacing-right-medium:1.92%;--awb-spacing-left-medium:1.92%;--awb-width-small:100%;--awb-order-small:0;--awb-spacing-right-small:1.92%;--awb-spacing-left-small:1.92%;\" data-scroll-devices=\"small-visibility,medium-visibility,large-visibility\"><div class=\"fusion-column-wrapper fusion-column-has-shadow fusion-flex-justify-content-flex-start fusion-content-layout-column\"><div class=\"fusion-image-element \" style=\"--awb-caption-title-font-family:var(--h2_typography-font-family);--awb-caption-title-font-weight:var(--h2_typography-font-weight);--awb-caption-title-font-style:var(--h2_typography-font-style);--awb-caption-title-size:var(--h2_typography-font-size);--awb-caption-title-transform:var(--h2_typography-text-transform);--awb-caption-title-line-height:var(--h2_typography-line-height);--awb-caption-title-letter-spacing:var(--h2_typography-letter-spacing);\"><span class=\" fusion-imageframe imageframe-none imageframe-7 hover-type-none\"><img decoding=\"async\" width=\"1000\" height=\"1000\" title=\"Vicent Andre\u0301s Estelle\u0301s\" src=\"https:\/\/poesialleida.paeria.cat\/wp-content\/uploads\/2024\/02\/Vicent-Andres-Estelles.jpg\" alt class=\"img-responsive wp-image-2241\" srcset=\"https:\/\/poesialleida.paeria.cat\/wp-content\/uploads\/2024\/02\/Vicent-Andres-Estelles-200x200.jpg 200w, https:\/\/poesialleida.paeria.cat\/wp-content\/uploads\/2024\/02\/Vicent-Andres-Estelles-400x400.jpg 400w, https:\/\/poesialleida.paeria.cat\/wp-content\/uploads\/2024\/02\/Vicent-Andres-Estelles-600x600.jpg 600w, https:\/\/poesialleida.paeria.cat\/wp-content\/uploads\/2024\/02\/Vicent-Andres-Estelles-800x800.jpg 800w, https:\/\/poesialleida.paeria.cat\/wp-content\/uploads\/2024\/02\/Vicent-Andres-Estelles.jpg 1000w\" sizes=\"(max-width: 800px) 100vw, (max-width: 640px) 100vw, 400px\" \/><\/span><\/div><div class=\"fusion-title title fusion-title-17 fusion-sep-none fusion-title-text fusion-title-size-three\" style=\"--awb-text-color:var(--awb-custom10);--awb-margin-bottom:20px;--awb-margin-top-small:0px;--awb-margin-right-small:0px;--awb-margin-bottom-small:20px;--awb-margin-left-small:0px;--awb-font-size:14px;\"><h3 class=\"fusion-title-heading title-heading-right fusion-responsive-typography-calculated\" style=\"margin:0;font-size:1em;--fontSize:14;--minFontSize:14;line-height:1.5;\"><p class=\"p1\" style=\"text-align: right;\"><span style=\"color: #d1cfca;\">&#8230;.<\/span><\/p><\/h3><\/div><div class=\"fusion-title title fusion-title-18 fusion-sep-none fusion-title-text fusion-title-size-two\" style=\"--awb-margin-left:20px;--awb-margin-top-small:0px;--awb-margin-right-small:0px;--awb-margin-bottom-small:20px;--awb-margin-left-small:0px;--awb-font-size:24px;\"><h2 class=\"fusion-title-heading title-heading-right fusion-responsive-typography-calculated\" style=\"margin:0;font-size:1em;--fontSize:24;line-height:1;\">Vicent Andre\u0301s Estelle\u0301s<\/h2><\/div><div class=\"fusion-separator fusion-no-medium-visibility fusion-no-large-visibility fusion-full-width-sep\" style=\"align-self: center;margin-left: auto;margin-right: auto;margin-top:20px;margin-bottom:0px;width:100%;\"><div class=\"fusion-separator-border sep-single sep-solid\" style=\"--awb-height:20px;--awb-amount:20px;--awb-sep-color:#e6e5df;border-color:#e6e5df;border-top-width:15px;\"><\/div><\/div><\/div><\/div><\/div><\/div><\/div><div class=\"fusion-layout-column fusion_builder_column fusion-builder-column-16 fusion_builder_column_1_1 1_1 fusion-flex-column\" style=\"--awb-padding-bottom:30px;--awb-padding-top-small:0px;--awb-padding-right-small:10%;--awb-padding-bottom-small:0px;--awb-padding-left-small:10%;--awb-bg-color:var(--awb-color2);--awb-bg-color-hover:var(--awb-color2);--awb-bg-size:cover;--awb-width-large:100%;--awb-margin-top-large:0px;--awb-spacing-right-large:1.92%;--awb-margin-bottom-large:0px;--awb-spacing-left-large:1.92%;--awb-width-medium:100%;--awb-order-medium:0;--awb-spacing-right-medium:1.92%;--awb-spacing-left-medium:1.92%;--awb-width-small:100%;--awb-order-small:0;--awb-margin-top-small:0px;--awb-spacing-right-small:1.92%;--awb-margin-bottom-small:0px;--awb-spacing-left-small:1.92%;\" data-scroll-devices=\"small-visibility,medium-visibility,large-visibility\"><div class=\"fusion-column-wrapper fusion-column-has-shadow fusion-flex-justify-content-flex-start fusion-content-layout-column\"><div class=\"fusion-builder-row fusion-builder-row-inner fusion-row fusion-flex-align-items-flex-start fusion-flex-content-wrap\" style=\"--awb-flex-grow:0;--awb-flex-grow-medium:0;--awb-flex-grow-small:0;--awb-flex-shrink:0;--awb-flex-shrink-medium:0;--awb-flex-shrink-small:0;width:104% !important;max-width:104% !important;margin-left: calc(-4% \/ 2 );margin-right: calc(-4% \/ 2 );\"><div class=\"fusion-layout-column fusion_builder_column_inner fusion-builder-nested-column-5 fusion_builder_column_inner_1_5 1_5 fusion-flex-column\" style=\"--awb-bg-size:cover;--awb-width-large:20%;--awb-margin-top-large:0px;--awb-spacing-right-large:-3px;--awb-margin-bottom-large:0px;--awb-spacing-left-large:9.6%;--awb-width-medium:100%;--awb-order-medium:0;--awb-spacing-right-medium:1.92%;--awb-spacing-left-medium:1.92%;--awb-width-small:100%;--awb-order-small:0;--awb-spacing-right-small:1.92%;--awb-spacing-left-small:1.92%;\" data-scroll-devices=\"small-visibility,medium-visibility,large-visibility\"><div class=\"fusion-column-wrapper fusion-column-has-shadow fusion-flex-justify-content-flex-start fusion-content-layout-column\"><div class=\"fusion-image-element \" style=\"--awb-caption-title-font-family:var(--h2_typography-font-family);--awb-caption-title-font-weight:var(--h2_typography-font-weight);--awb-caption-title-font-style:var(--h2_typography-font-style);--awb-caption-title-size:var(--h2_typography-font-size);--awb-caption-title-transform:var(--h2_typography-text-transform);--awb-caption-title-line-height:var(--h2_typography-line-height);--awb-caption-title-letter-spacing:var(--h2_typography-letter-spacing);\"><span class=\" fusion-imageframe imageframe-none imageframe-8 hover-type-none\"><img decoding=\"async\" width=\"1000\" height=\"1000\" title=\"Josep Ballester\" src=\"https:\/\/poesialleida.paeria.cat\/wp-content\/uploads\/2024\/02\/Josep-Ballester.jpg\" alt class=\"img-responsive wp-image-2242\" srcset=\"https:\/\/poesialleida.paeria.cat\/wp-content\/uploads\/2024\/02\/Josep-Ballester-200x200.jpg 200w, https:\/\/poesialleida.paeria.cat\/wp-content\/uploads\/2024\/02\/Josep-Ballester-400x400.jpg 400w, https:\/\/poesialleida.paeria.cat\/wp-content\/uploads\/2024\/02\/Josep-Ballester-600x600.jpg 600w, https:\/\/poesialleida.paeria.cat\/wp-content\/uploads\/2024\/02\/Josep-Ballester-800x800.jpg 800w, https:\/\/poesialleida.paeria.cat\/wp-content\/uploads\/2024\/02\/Josep-Ballester.jpg 1000w\" sizes=\"(max-width: 800px) 100vw, (max-width: 640px) 100vw, 400px\" \/><\/span><\/div><div class=\"fusion-title title fusion-title-19 fusion-sep-none fusion-title-text fusion-title-size-three\" style=\"--awb-text-color:var(--awb-custom10);--awb-margin-bottom:20px;--awb-margin-top-small:0px;--awb-margin-right-small:0px;--awb-margin-bottom-small:20px;--awb-margin-left-small:0px;--awb-font-size:14px;\"><h3 class=\"fusion-title-heading title-heading-right fusion-responsive-typography-calculated\" style=\"margin:0;font-size:1em;--fontSize:14;--minFontSize:14;line-height:1.5;\"><p class=\"p1\" style=\"text-align: right;\">\u00a9 Rafa Gil<span style=\"color: #d1cfca;\">&#8230;.<\/span><\/p><\/h3><\/div><div class=\"fusion-title title fusion-title-20 fusion-sep-none fusion-title-text fusion-title-size-two\" style=\"--awb-margin-left:20px;--awb-margin-top-small:0px;--awb-margin-right-small:0px;--awb-margin-bottom-small:20px;--awb-margin-left-small:0px;--awb-font-size:24px;\"><h2 class=\"fusion-title-heading title-heading-right fusion-responsive-typography-calculated\" style=\"margin:0;font-size:1em;--fontSize:24;line-height:1;\">Josep Ballester<\/h2><\/div><div class=\"fusion-separator fusion-no-medium-visibility fusion-no-large-visibility fusion-full-width-sep\" style=\"align-self: center;margin-left: auto;margin-right: auto;margin-top:20px;margin-bottom:0px;width:100%;\"><div class=\"fusion-separator-border sep-single sep-solid\" style=\"--awb-height:20px;--awb-amount:20px;--awb-sep-color:#e6e5df;border-color:#e6e5df;border-top-width:15px;\"><\/div><\/div><\/div><\/div><div class=\"fusion-layout-column fusion_builder_column_inner fusion-builder-nested-column-6 fusion_builder_column_inner_1_5 1_5 fusion-flex-column\" style=\"--awb-bg-size:cover;--awb-width-large:20%;--awb-margin-top-large:0px;--awb-spacing-right-large:-3px;--awb-margin-bottom-large:0px;--awb-spacing-left-large:9.6%;--awb-width-medium:100%;--awb-order-medium:0;--awb-spacing-right-medium:1.92%;--awb-spacing-left-medium:1.92%;--awb-width-small:100%;--awb-order-small:0;--awb-spacing-right-small:1.92%;--awb-spacing-left-small:1.92%;\" data-scroll-devices=\"small-visibility,medium-visibility,large-visibility\"><div class=\"fusion-column-wrapper fusion-column-has-shadow fusion-flex-justify-content-flex-start fusion-content-layout-column\"><div class=\"fusion-image-element \" style=\"--awb-caption-title-font-family:var(--h2_typography-font-family);--awb-caption-title-font-weight:var(--h2_typography-font-weight);--awb-caption-title-font-style:var(--h2_typography-font-style);--awb-caption-title-size:var(--h2_typography-font-size);--awb-caption-title-transform:var(--h2_typography-text-transform);--awb-caption-title-line-height:var(--h2_typography-line-height);--awb-caption-title-letter-spacing:var(--h2_typography-letter-spacing);\"><span class=\" fusion-imageframe imageframe-none imageframe-9 hover-type-none\"><img decoding=\"async\" width=\"1000\" height=\"1000\" title=\"Maria Josep Escriva\u0300\" src=\"https:\/\/poesialleida.paeria.cat\/wp-content\/uploads\/2024\/02\/Maria-Josep-Escriva.jpg\" alt class=\"img-responsive wp-image-2240\" srcset=\"https:\/\/poesialleida.paeria.cat\/wp-content\/uploads\/2024\/02\/Maria-Josep-Escriva-200x200.jpg 200w, https:\/\/poesialleida.paeria.cat\/wp-content\/uploads\/2024\/02\/Maria-Josep-Escriva-400x400.jpg 400w, https:\/\/poesialleida.paeria.cat\/wp-content\/uploads\/2024\/02\/Maria-Josep-Escriva-600x600.jpg 600w, https:\/\/poesialleida.paeria.cat\/wp-content\/uploads\/2024\/02\/Maria-Josep-Escriva-800x800.jpg 800w, https:\/\/poesialleida.paeria.cat\/wp-content\/uploads\/2024\/02\/Maria-Josep-Escriva.jpg 1000w\" sizes=\"(max-width: 800px) 100vw, (max-width: 640px) 100vw, 400px\" \/><\/span><\/div><div class=\"fusion-title title fusion-title-21 fusion-sep-none fusion-title-text fusion-title-size-three\" style=\"--awb-text-color:var(--awb-custom10);--awb-margin-bottom:20px;--awb-margin-top-small:0px;--awb-margin-right-small:0px;--awb-margin-bottom-small:20px;--awb-margin-left-small:0px;--awb-font-size:14px;\"><h3 class=\"fusion-title-heading title-heading-right fusion-responsive-typography-calculated\" style=\"margin:0;font-size:1em;--fontSize:14;--minFontSize:14;line-height:1.5;\"><p class=\"p1\" style=\"text-align: right;\">\u00a9 Sergi Escriv\u00e0<span style=\"color: #d1cfca;\">&#8230;.<\/span><\/p><\/h3><\/div><div class=\"fusion-title title fusion-title-22 fusion-sep-none fusion-title-text fusion-title-size-two\" style=\"--awb-margin-left:20px;--awb-margin-top-small:0px;--awb-margin-right-small:0px;--awb-margin-bottom-small:20px;--awb-margin-left-small:0px;--awb-font-size:24px;\"><h2 class=\"fusion-title-heading title-heading-right fusion-responsive-typography-calculated\" style=\"margin:0;font-size:1em;--fontSize:24;line-height:1;\">Maria Josep Escriva\u0300<\/h2><\/div><div class=\"fusion-separator fusion-no-medium-visibility fusion-no-large-visibility fusion-full-width-sep\" style=\"align-self: center;margin-left: auto;margin-right: auto;margin-top:20px;margin-bottom:0px;width:100%;\"><div class=\"fusion-separator-border sep-single sep-solid\" style=\"--awb-height:20px;--awb-amount:20px;--awb-sep-color:#e6e5df;border-color:#e6e5df;border-top-width:15px;\"><\/div><\/div><\/div><\/div><div class=\"fusion-layout-column fusion_builder_column_inner fusion-builder-nested-column-7 fusion_builder_column_inner_1_5 1_5 fusion-flex-column\" style=\"--awb-bg-size:cover;--awb-width-large:20%;--awb-margin-top-large:0px;--awb-spacing-right-large:-3px;--awb-margin-bottom-large:0px;--awb-spacing-left-large:9.6%;--awb-width-medium:100%;--awb-order-medium:0;--awb-spacing-right-medium:1.92%;--awb-spacing-left-medium:1.92%;--awb-width-small:100%;--awb-order-small:0;--awb-spacing-right-small:1.92%;--awb-spacing-left-small:1.92%;\" data-scroll-devices=\"small-visibility,medium-visibility,large-visibility\"><div class=\"fusion-column-wrapper fusion-column-has-shadow fusion-flex-justify-content-flex-start fusion-content-layout-column\"><div class=\"fusion-image-element \" style=\"--awb-caption-title-font-family:var(--h2_typography-font-family);--awb-caption-title-font-weight:var(--h2_typography-font-weight);--awb-caption-title-font-style:var(--h2_typography-font-style);--awb-caption-title-size:var(--h2_typography-font-size);--awb-caption-title-transform:var(--h2_typography-text-transform);--awb-caption-title-line-height:var(--h2_typography-line-height);--awb-caption-title-letter-spacing:var(--h2_typography-letter-spacing);\"><span class=\" fusion-imageframe imageframe-none imageframe-10 hover-type-none\"><img decoding=\"async\" width=\"1000\" height=\"1000\" title=\"A\u0300ngels Gregori\" src=\"https:\/\/poesialleida.paeria.cat\/wp-content\/uploads\/2024\/02\/Angels-Gregori.jpg\" alt class=\"img-responsive wp-image-2238\" srcset=\"https:\/\/poesialleida.paeria.cat\/wp-content\/uploads\/2024\/02\/Angels-Gregori-200x200.jpg 200w, https:\/\/poesialleida.paeria.cat\/wp-content\/uploads\/2024\/02\/Angels-Gregori-400x400.jpg 400w, https:\/\/poesialleida.paeria.cat\/wp-content\/uploads\/2024\/02\/Angels-Gregori-600x600.jpg 600w, https:\/\/poesialleida.paeria.cat\/wp-content\/uploads\/2024\/02\/Angels-Gregori-800x800.jpg 800w, https:\/\/poesialleida.paeria.cat\/wp-content\/uploads\/2024\/02\/Angels-Gregori.jpg 1000w\" sizes=\"(max-width: 800px) 100vw, (max-width: 640px) 100vw, 400px\" \/><\/span><\/div><div class=\"fusion-title title fusion-title-23 fusion-sep-none fusion-title-text fusion-title-size-three\" style=\"--awb-text-color:var(--awb-custom10);--awb-margin-bottom:20px;--awb-margin-top-small:0px;--awb-margin-right-small:0px;--awb-margin-bottom-small:20px;--awb-margin-left-small:0px;--awb-font-size:14px;\"><h3 class=\"fusion-title-heading title-heading-right fusion-responsive-typography-calculated\" style=\"margin:0;font-size:1em;--fontSize:14;--minFontSize:14;line-height:1.5;\"><p class=\"p1\" style=\"text-align: right;\">\u00a9 Jes\u00fas Ciscar<span style=\"color: #d1cfca;\">&#8230;.<\/span><\/p><\/h3><\/div><div class=\"fusion-title title fusion-title-24 fusion-sep-none fusion-title-text fusion-title-size-two\" style=\"--awb-margin-left:20px;--awb-margin-top-small:0px;--awb-margin-right-small:0px;--awb-margin-bottom-small:20px;--awb-margin-left-small:0px;--awb-font-size:24px;\"><h2 class=\"fusion-title-heading title-heading-right fusion-responsive-typography-calculated\" style=\"margin:0;font-size:1em;--fontSize:24;line-height:1;\">\u00c0ngels Gregori<\/h2><\/div><div class=\"fusion-separator fusion-no-medium-visibility fusion-no-large-visibility fusion-full-width-sep\" style=\"align-self: center;margin-left: auto;margin-right: auto;margin-top:20px;margin-bottom:0px;width:100%;\"><div class=\"fusion-separator-border sep-single sep-solid\" style=\"--awb-height:20px;--awb-amount:20px;--awb-sep-color:#e6e5df;border-color:#e6e5df;border-top-width:15px;\"><\/div><\/div><\/div><\/div><\/div><\/div><\/div><div class=\"fusion-layout-column fusion_builder_column fusion-builder-column-17 fusion_builder_column_4_5 4_5 fusion-flex-column\" style=\"--awb-padding-top:30px;--awb-padding-right:10%;--awb-padding-bottom:30px;--awb-padding-left:10%;--awb-padding-right-small:10%;--awb-padding-left-small:10%;--awb-bg-color:var(--awb-custom10);--awb-bg-color-hover:var(--awb-custom10);--awb-bg-size:cover;--awb-width-large:80%;--awb-margin-top-large:0px;--awb-spacing-right-large:0px;--awb-margin-bottom-large:0px;--awb-spacing-left-large:2.4%;--awb-width-medium:100%;--awb-order-medium:0;--awb-spacing-right-medium:1.92%;--awb-spacing-left-medium:1.92%;--awb-width-small:100%;--awb-order-small:0;--awb-spacing-right-small:1.92%;--awb-spacing-left-small:1.92%;\" data-scroll-devices=\"small-visibility,medium-visibility,large-visibility\"><div class=\"fusion-column-wrapper fusion-column-has-shadow fusion-flex-justify-content-flex-start fusion-content-layout-column\"><div class=\"fusion-title title fusion-title-25 fusion-sep-none fusion-title-text fusion-title-size-two\" style=\"--awb-text-color:var(--awb-custom12);--awb-margin-top-small:0px;--awb-margin-right-small:0px;--awb-margin-bottom-small:20px;--awb-margin-left-small:0px;--awb-font-size:40px;\"><h2 class=\"fusion-title-heading title-heading-left fusion-responsive-typography-calculated\" style=\"margin:0;font-size:1em;--fontSize:40;line-height:1;\">AMANTS COM NOSALTRES<\/h2><\/div><div class=\"fusion-title title fusion-title-26 fusion-sep-none fusion-title-text fusion-title-size-four\" style=\"--awb-text-color:var(--awb-color1);--awb-margin-top:10px;--awb-margin-top-small:0px;--awb-margin-right-small:0px;--awb-margin-bottom-small:20px;--awb-margin-left-small:0px;--awb-font-size:24px;\"><h4 class=\"fusion-title-heading title-heading-left fusion-responsive-typography-calculated\" style=\"margin:0;font-size:1em;--fontSize:24;line-height:1.5;\">Centenari Vicent Andr\u00e9s Estell\u00e9s<\/h4><\/div><\/div><\/div><div class=\"fusion-layout-column fusion_builder_column fusion-builder-column-18 fusion_builder_column_1_5 1_5 fusion-flex-column fusion-flex-align-self-stretch fusion-no-small-visibility\" style=\"--awb-padding-top:30px;--awb-padding-bottom:30px;--awb-bg-color:var(--awb-color2);--awb-bg-color-hover:var(--awb-color2);--awb-bg-size:cover;--awb-width-large:20%;--awb-margin-top-large:0px;--awb-spacing-right-large:9.6%;--awb-margin-bottom-large:0px;--awb-spacing-left-large:0px;--awb-width-medium:100%;--awb-order-medium:0;--awb-spacing-right-medium:1.92%;--awb-spacing-left-medium:1.92%;--awb-width-small:100%;--awb-order-small:0;--awb-spacing-right-small:1.92%;--awb-spacing-left-small:1.92%;\" data-scroll-devices=\"small-visibility,medium-visibility,large-visibility\"><div class=\"fusion-column-wrapper fusion-column-has-shadow fusion-flex-justify-content-space-between fusion-content-layout-column\"><\/div><\/div><div class=\"fusion-layout-column fusion_builder_column fusion-builder-column-19 fusion_builder_column_1_1 1_1 fusion-flex-column\" style=\"--awb-padding-top:30px;--awb-padding-right:10%;--awb-padding-bottom:30px;--awb-padding-left:10%;--awb-bg-color:var(--awb-color2);--awb-bg-color-hover:var(--awb-color2);--awb-bg-size:cover;--awb-width-large:100%;--awb-margin-top-large:0px;--awb-spacing-right-large:1.92%;--awb-margin-bottom-large:0px;--awb-spacing-left-large:1.92%;--awb-width-medium:100%;--awb-order-medium:0;--awb-spacing-right-medium:1.92%;--awb-spacing-left-medium:1.92%;--awb-width-small:100%;--awb-order-small:0;--awb-spacing-right-small:1.92%;--awb-spacing-left-small:1.92%;\" data-scroll-devices=\"small-visibility,medium-visibility,large-visibility\"><div class=\"fusion-column-wrapper fusion-column-has-shadow fusion-flex-justify-content-center fusion-content-layout-column\"><div class=\"fusion-text fusion-text-6 fusion-text-no-margin\" style=\"--awb-font-size:24px;--awb-text-color:var(--awb-color5);--awb-margin-bottom:10px;\"><h3>Participants: <strong>Josep Ballester<\/strong>, <strong>Maria Josep Escriv\u00e0<\/strong> i <strong>\u00c0ngels Gregori<\/strong><\/h3>\n<\/div><div class=\"fusion-reading-box-container reading-box-container-3\" style=\"--awb-title-color:#595f6b;--awb-margin-top:10px;--awb-margin-bottom:10px;\"><div class=\"reading-box\" style=\"background-color:#e6e5df;border-width:0px;border-color:var(--awb-color4);border-left-width:3px;border-left-color:var(--primary_color);border-style:solid;padding-top:30px;padding-bottom:30px;\"><div class=\"reading-box-additional\">\n<p><em>No hi havia a Val\u00e8ncia dos amants com nosaltres,\/ car d\u2019amants com nosaltres en s\u00f3n parits ben pocs<\/em>. Ben pocs, n\u2019hi ha ben pocs de fen\u00f2mens po\u00e8tics com els que tindrem amb nosaltres. Hem aconseguit reunir tres figures excepcionals per parlar de Vicent Andr\u00e9s Estell\u00e9s. Tres valencians que poc a poc, a base d\u2019anys i ganes, cada vegada ens els hem fet m\u00e9s nostres. Ens acompanyar\u00e0 Josep Ballester, que ha estat guanyador del Premi Josep Vallverd\u00fa d\u2019assaig i del Premi Maria-Merc\u00e8 Mar\u00e7al de poesia. Per altra banda, comptarem amb Maria Josep Escriv\u00e0, que ha publicat a Pag\u00e8s Editors una antologia de la seva obra i ha participat a l\u2019Hort po\u00e8tic de Bellv\u00eds. I per \u00faltim, la comiss\u00e0ria de l&#8217;Any Estell\u00e9s, l&#8217;\u00c0ngels Gregori, que ha format part de l\u2019equip POESIA LLEIDA diversos anys i que ens la sentim de casa nostra. Ben pocs com aquests, ben nostres.<\/p>\n<\/div><div class=\"fusion-clearfix\"><\/div><\/div><\/div><div class=\"fusion-text fusion-text-7 fusion-text-no-margin\" style=\"--awb-font-size:24px;--awb-text-color:var(--awb-color5);--awb-margin-bottom:10px;\"><h3>Llibreria participant: <strong>Abacus<\/strong><\/h3>\n<\/div><div class=\"fusion-text fusion-text-8\" style=\"--awb-font-size:25px;--awb-margin-top:30px;--awb-text-font-family:&quot;Open Sans Condensed Light&quot;;--awb-text-font-style:normal;--awb-text-font-weight:400;\"><p>Galeria d&#8217;imatges<\/p>\n<\/div><div class=\"awb-gallery-wrapper awb-gallery-wrapper-3 button-span-no\" style=\"--more-btn-alignment:center;\"><div style=\"margin:-5px;--awb-aspect-ratio:1 \/ 1;--awb-bordersize:0px;\" class=\"fusion-gallery fusion-gallery-container fusion-grid-6 fusion-columns-total-12 fusion-gallery-layout-grid fusion-gallery-3 has-aspect-ratio\"><div style=\"padding:5px;\" class=\"fusion-grid-column fusion-gallery-column fusion-gallery-column-6 hover-type-none\"><div class=\"fusion-gallery-image\"><a href=\"https:\/\/poesialleida.paeria.cat\/wp-content\/uploads\/2024\/03\/estelles_1.jpg\" rel=\"noreferrer\" data-rel=\"iLightbox[gallery_image_3]\" class=\"fusion-lightbox\" target=\"_self\"><img decoding=\"async\" src=\"https:\/\/poesialleida.paeria.cat\/wp-content\/uploads\/2024\/03\/estelles_1.jpg\" width=\"2000\" height=\"1500\" alt=\"\" title=\"estelles_1\" aria-label=\"estelles_1\" class=\"img-responsive wp-image-2808\" srcset=\"https:\/\/poesialleida.paeria.cat\/wp-content\/uploads\/2024\/03\/estelles_1-200x150.jpg 200w, https:\/\/poesialleida.paeria.cat\/wp-content\/uploads\/2024\/03\/estelles_1-400x300.jpg 400w, https:\/\/poesialleida.paeria.cat\/wp-content\/uploads\/2024\/03\/estelles_1-600x450.jpg 600w, https:\/\/poesialleida.paeria.cat\/wp-content\/uploads\/2024\/03\/estelles_1-800x600.jpg 800w, https:\/\/poesialleida.paeria.cat\/wp-content\/uploads\/2024\/03\/estelles_1-1200x900.jpg 1200w, https:\/\/poesialleida.paeria.cat\/wp-content\/uploads\/2024\/03\/estelles_1.jpg 2000w\" sizes=\"(min-width: 2200px) 100vw, (min-width: 1399px) 191px, (min-width: 1307px) 229px, (min-width: 1215px) 286px, (min-width: 1124px) 382px, (min-width: 1032px) 573px, (min-width: 940px) 1032px, \" \/><\/a><\/div><\/div><div style=\"padding:5px;\" class=\"fusion-grid-column fusion-gallery-column fusion-gallery-column-6 hover-type-none\"><div class=\"fusion-gallery-image\"><a href=\"https:\/\/poesialleida.paeria.cat\/wp-content\/uploads\/2024\/03\/estelles_2.jpg\" rel=\"noreferrer\" data-rel=\"iLightbox[gallery_image_3]\" class=\"fusion-lightbox\" target=\"_self\"><img decoding=\"async\" src=\"https:\/\/poesialleida.paeria.cat\/wp-content\/uploads\/2024\/03\/estelles_2.jpg\" width=\"2000\" height=\"1331\" alt=\"\" title=\"estelles_2\" aria-label=\"estelles_2\" class=\"img-responsive wp-image-2809\" srcset=\"https:\/\/poesialleida.paeria.cat\/wp-content\/uploads\/2024\/03\/estelles_2-200x133.jpg 200w, https:\/\/poesialleida.paeria.cat\/wp-content\/uploads\/2024\/03\/estelles_2-400x266.jpg 400w, https:\/\/poesialleida.paeria.cat\/wp-content\/uploads\/2024\/03\/estelles_2-600x399.jpg 600w, https:\/\/poesialleida.paeria.cat\/wp-content\/uploads\/2024\/03\/estelles_2-800x532.jpg 800w, https:\/\/poesialleida.paeria.cat\/wp-content\/uploads\/2024\/03\/estelles_2-1200x799.jpg 1200w, https:\/\/poesialleida.paeria.cat\/wp-content\/uploads\/2024\/03\/estelles_2.jpg 2000w\" sizes=\"(min-width: 2200px) 100vw, (min-width: 1399px) 191px, (min-width: 1307px) 229px, (min-width: 1215px) 286px, (min-width: 1124px) 382px, (min-width: 1032px) 573px, (min-width: 940px) 1032px, \" \/><\/a><\/div><\/div><div style=\"padding:5px;\" class=\"fusion-grid-column fusion-gallery-column fusion-gallery-column-6 hover-type-none\"><div class=\"fusion-gallery-image\"><a href=\"https:\/\/poesialleida.paeria.cat\/wp-content\/uploads\/2024\/03\/estelles_3.jpg\" rel=\"noreferrer\" data-rel=\"iLightbox[gallery_image_3]\" class=\"fusion-lightbox\" target=\"_self\"><img decoding=\"async\" src=\"https:\/\/poesialleida.paeria.cat\/wp-content\/uploads\/2024\/03\/estelles_3.jpg\" width=\"2000\" height=\"1331\" alt=\"\" title=\"estelles_3\" aria-label=\"estelles_3\" class=\"img-responsive wp-image-2810\" srcset=\"https:\/\/poesialleida.paeria.cat\/wp-content\/uploads\/2024\/03\/estelles_3-200x133.jpg 200w, https:\/\/poesialleida.paeria.cat\/wp-content\/uploads\/2024\/03\/estelles_3-400x266.jpg 400w, https:\/\/poesialleida.paeria.cat\/wp-content\/uploads\/2024\/03\/estelles_3-600x399.jpg 600w, https:\/\/poesialleida.paeria.cat\/wp-content\/uploads\/2024\/03\/estelles_3-800x532.jpg 800w, https:\/\/poesialleida.paeria.cat\/wp-content\/uploads\/2024\/03\/estelles_3-1200x799.jpg 1200w, https:\/\/poesialleida.paeria.cat\/wp-content\/uploads\/2024\/03\/estelles_3.jpg 2000w\" sizes=\"(min-width: 2200px) 100vw, (min-width: 1399px) 191px, (min-width: 1307px) 229px, (min-width: 1215px) 286px, (min-width: 1124px) 382px, (min-width: 1032px) 573px, (min-width: 940px) 1032px, \" \/><\/a><\/div><\/div><div style=\"padding:5px;\" class=\"fusion-grid-column fusion-gallery-column fusion-gallery-column-6 hover-type-none\"><div class=\"fusion-gallery-image\"><a href=\"https:\/\/poesialleida.paeria.cat\/wp-content\/uploads\/2024\/03\/estelles_12.jpg\" rel=\"noreferrer\" data-rel=\"iLightbox[gallery_image_3]\" class=\"fusion-lightbox\" target=\"_self\"><img decoding=\"async\" src=\"https:\/\/poesialleida.paeria.cat\/wp-content\/uploads\/2024\/03\/estelles_12.jpg\" width=\"2000\" height=\"1537\" alt=\"\" title=\"estelles_12\" aria-label=\"estelles_12\" class=\"img-responsive wp-image-2820\" srcset=\"https:\/\/poesialleida.paeria.cat\/wp-content\/uploads\/2024\/03\/estelles_12-200x154.jpg 200w, https:\/\/poesialleida.paeria.cat\/wp-content\/uploads\/2024\/03\/estelles_12-400x307.jpg 400w, https:\/\/poesialleida.paeria.cat\/wp-content\/uploads\/2024\/03\/estelles_12-600x461.jpg 600w, https:\/\/poesialleida.paeria.cat\/wp-content\/uploads\/2024\/03\/estelles_12-800x615.jpg 800w, https:\/\/poesialleida.paeria.cat\/wp-content\/uploads\/2024\/03\/estelles_12-1200x922.jpg 1200w, https:\/\/poesialleida.paeria.cat\/wp-content\/uploads\/2024\/03\/estelles_12.jpg 2000w\" sizes=\"(min-width: 2200px) 100vw, (min-width: 1399px) 191px, (min-width: 1307px) 229px, (min-width: 1215px) 286px, (min-width: 1124px) 382px, (min-width: 1032px) 573px, (min-width: 940px) 1032px, \" \/><\/a><\/div><\/div><div style=\"padding:5px;\" class=\"fusion-grid-column fusion-gallery-column fusion-gallery-column-6 hover-type-none\"><div class=\"fusion-gallery-image\"><a href=\"https:\/\/poesialleida.paeria.cat\/wp-content\/uploads\/2024\/03\/estelles_4.jpg\" rel=\"noreferrer\" data-rel=\"iLightbox[gallery_image_3]\" class=\"fusion-lightbox\" target=\"_self\"><img decoding=\"async\" src=\"https:\/\/poesialleida.paeria.cat\/wp-content\/uploads\/2024\/03\/estelles_4.jpg\" width=\"2000\" height=\"1331\" alt=\"\" title=\"estelles_4\" aria-label=\"estelles_4\" class=\"img-responsive wp-image-2811\" srcset=\"https:\/\/poesialleida.paeria.cat\/wp-content\/uploads\/2024\/03\/estelles_4-200x133.jpg 200w, https:\/\/poesialleida.paeria.cat\/wp-content\/uploads\/2024\/03\/estelles_4-400x266.jpg 400w, https:\/\/poesialleida.paeria.cat\/wp-content\/uploads\/2024\/03\/estelles_4-600x399.jpg 600w, https:\/\/poesialleida.paeria.cat\/wp-content\/uploads\/2024\/03\/estelles_4-800x532.jpg 800w, https:\/\/poesialleida.paeria.cat\/wp-content\/uploads\/2024\/03\/estelles_4-1200x799.jpg 1200w, https:\/\/poesialleida.paeria.cat\/wp-content\/uploads\/2024\/03\/estelles_4.jpg 2000w\" sizes=\"(min-width: 2200px) 100vw, (min-width: 1399px) 191px, (min-width: 1307px) 229px, (min-width: 1215px) 286px, (min-width: 1124px) 382px, (min-width: 1032px) 573px, (min-width: 940px) 1032px, \" \/><\/a><\/div><\/div><div style=\"padding:5px;\" class=\"fusion-grid-column fusion-gallery-column fusion-gallery-column-6 hover-type-none\"><div class=\"fusion-gallery-image\"><a href=\"https:\/\/poesialleida.paeria.cat\/wp-content\/uploads\/2024\/03\/estelles_6.jpg\" rel=\"noreferrer\" data-rel=\"iLightbox[gallery_image_3]\" class=\"fusion-lightbox\" target=\"_self\"><img decoding=\"async\" src=\"https:\/\/poesialleida.paeria.cat\/wp-content\/uploads\/2024\/03\/estelles_6.jpg\" width=\"2000\" height=\"1333\" alt=\"\" title=\"estelles_6\" aria-label=\"estelles_6\" class=\"img-responsive wp-image-2813\" srcset=\"https:\/\/poesialleida.paeria.cat\/wp-content\/uploads\/2024\/03\/estelles_6-200x133.jpg 200w, https:\/\/poesialleida.paeria.cat\/wp-content\/uploads\/2024\/03\/estelles_6-400x267.jpg 400w, https:\/\/poesialleida.paeria.cat\/wp-content\/uploads\/2024\/03\/estelles_6-600x400.jpg 600w, https:\/\/poesialleida.paeria.cat\/wp-content\/uploads\/2024\/03\/estelles_6-800x533.jpg 800w, https:\/\/poesialleida.paeria.cat\/wp-content\/uploads\/2024\/03\/estelles_6-1200x800.jpg 1200w, https:\/\/poesialleida.paeria.cat\/wp-content\/uploads\/2024\/03\/estelles_6.jpg 2000w\" sizes=\"(min-width: 2200px) 100vw, (min-width: 1399px) 191px, (min-width: 1307px) 229px, (min-width: 1215px) 286px, (min-width: 1124px) 382px, (min-width: 1032px) 573px, (min-width: 940px) 1032px, \" \/><\/a><\/div><\/div><div class=\"clearfix\"><\/div><div style=\"padding:5px;\" class=\"fusion-grid-column fusion-gallery-column fusion-gallery-column-6 hover-type-none\"><div class=\"fusion-gallery-image\"><a href=\"https:\/\/poesialleida.paeria.cat\/wp-content\/uploads\/2024\/03\/estelles_7.jpg\" rel=\"noreferrer\" data-rel=\"iLightbox[gallery_image_3]\" class=\"fusion-lightbox\" target=\"_self\"><img decoding=\"async\" src=\"https:\/\/poesialleida.paeria.cat\/wp-content\/uploads\/2024\/03\/estelles_7.jpg\" width=\"2000\" height=\"1331\" alt=\"\" title=\"estelles_7\" aria-label=\"estelles_7\" class=\"img-responsive wp-image-2814\" srcset=\"https:\/\/poesialleida.paeria.cat\/wp-content\/uploads\/2024\/03\/estelles_7-200x133.jpg 200w, https:\/\/poesialleida.paeria.cat\/wp-content\/uploads\/2024\/03\/estelles_7-400x266.jpg 400w, https:\/\/poesialleida.paeria.cat\/wp-content\/uploads\/2024\/03\/estelles_7-600x399.jpg 600w, https:\/\/poesialleida.paeria.cat\/wp-content\/uploads\/2024\/03\/estelles_7-800x532.jpg 800w, https:\/\/poesialleida.paeria.cat\/wp-content\/uploads\/2024\/03\/estelles_7-1200x799.jpg 1200w, https:\/\/poesialleida.paeria.cat\/wp-content\/uploads\/2024\/03\/estelles_7.jpg 2000w\" sizes=\"(min-width: 2200px) 100vw, (min-width: 1399px) 191px, (min-width: 1307px) 229px, (min-width: 1215px) 286px, (min-width: 1124px) 382px, (min-width: 1032px) 573px, (min-width: 940px) 1032px, \" \/><\/a><\/div><\/div><div style=\"padding:5px;\" class=\"fusion-grid-column fusion-gallery-column fusion-gallery-column-6 hover-type-none\"><div class=\"fusion-gallery-image\"><a href=\"https:\/\/poesialleida.paeria.cat\/wp-content\/uploads\/2024\/03\/estelles_8.jpg\" rel=\"noreferrer\" data-rel=\"iLightbox[gallery_image_3]\" class=\"fusion-lightbox\" target=\"_self\"><img decoding=\"async\" src=\"https:\/\/poesialleida.paeria.cat\/wp-content\/uploads\/2024\/03\/estelles_8.jpg\" width=\"1500\" height=\"2000\" alt=\"\" title=\"estelles_8\" aria-label=\"estelles_8\" class=\"img-responsive wp-image-2815\" srcset=\"https:\/\/poesialleida.paeria.cat\/wp-content\/uploads\/2024\/03\/estelles_8-200x267.jpg 200w, https:\/\/poesialleida.paeria.cat\/wp-content\/uploads\/2024\/03\/estelles_8-400x533.jpg 400w, https:\/\/poesialleida.paeria.cat\/wp-content\/uploads\/2024\/03\/estelles_8-600x800.jpg 600w, https:\/\/poesialleida.paeria.cat\/wp-content\/uploads\/2024\/03\/estelles_8-800x1067.jpg 800w, https:\/\/poesialleida.paeria.cat\/wp-content\/uploads\/2024\/03\/estelles_8-1200x1600.jpg 1200w, https:\/\/poesialleida.paeria.cat\/wp-content\/uploads\/2024\/03\/estelles_8.jpg 1500w\" sizes=\"(min-width: 2200px) 100vw, (min-width: 1399px) 191px, (min-width: 1307px) 229px, (min-width: 1215px) 286px, (min-width: 1124px) 382px, (min-width: 1032px) 573px, (min-width: 940px) 1032px, \" \/><\/a><\/div><\/div><div style=\"padding:5px;\" class=\"fusion-grid-column fusion-gallery-column fusion-gallery-column-6 hover-type-none\"><div class=\"fusion-gallery-image\"><a href=\"https:\/\/poesialleida.paeria.cat\/wp-content\/uploads\/2024\/03\/estelles_9.jpg\" rel=\"noreferrer\" data-rel=\"iLightbox[gallery_image_3]\" class=\"fusion-lightbox\" target=\"_self\"><img decoding=\"async\" src=\"https:\/\/poesialleida.paeria.cat\/wp-content\/uploads\/2024\/03\/estelles_9.jpg\" width=\"2000\" height=\"1331\" alt=\"\" title=\"estelles_9\" aria-label=\"estelles_9\" class=\"img-responsive wp-image-2816\" srcset=\"https:\/\/poesialleida.paeria.cat\/wp-content\/uploads\/2024\/03\/estelles_9-200x133.jpg 200w, https:\/\/poesialleida.paeria.cat\/wp-content\/uploads\/2024\/03\/estelles_9-400x266.jpg 400w, https:\/\/poesialleida.paeria.cat\/wp-content\/uploads\/2024\/03\/estelles_9-600x399.jpg 600w, https:\/\/poesialleida.paeria.cat\/wp-content\/uploads\/2024\/03\/estelles_9-800x532.jpg 800w, https:\/\/poesialleida.paeria.cat\/wp-content\/uploads\/2024\/03\/estelles_9-1200x799.jpg 1200w, https:\/\/poesialleida.paeria.cat\/wp-content\/uploads\/2024\/03\/estelles_9.jpg 2000w\" sizes=\"(min-width: 2200px) 100vw, (min-width: 1399px) 191px, (min-width: 1307px) 229px, (min-width: 1215px) 286px, (min-width: 1124px) 382px, (min-width: 1032px) 573px, (min-width: 940px) 1032px, \" \/><\/a><\/div><\/div><div style=\"padding:5px;\" class=\"fusion-grid-column fusion-gallery-column fusion-gallery-column-6 hover-type-none\"><div class=\"fusion-gallery-image\"><a href=\"https:\/\/poesialleida.paeria.cat\/wp-content\/uploads\/2024\/03\/estelles_5.jpg\" rel=\"noreferrer\" data-rel=\"iLightbox[gallery_image_3]\" class=\"fusion-lightbox\" target=\"_self\"><img decoding=\"async\" src=\"https:\/\/poesialleida.paeria.cat\/wp-content\/uploads\/2024\/03\/estelles_5.jpg\" width=\"2000\" height=\"1331\" alt=\"\" title=\"estelles_5\" aria-label=\"estelles_5\" class=\"img-responsive wp-image-2812\" srcset=\"https:\/\/poesialleida.paeria.cat\/wp-content\/uploads\/2024\/03\/estelles_5-200x133.jpg 200w, https:\/\/poesialleida.paeria.cat\/wp-content\/uploads\/2024\/03\/estelles_5-400x266.jpg 400w, https:\/\/poesialleida.paeria.cat\/wp-content\/uploads\/2024\/03\/estelles_5-600x399.jpg 600w, https:\/\/poesialleida.paeria.cat\/wp-content\/uploads\/2024\/03\/estelles_5-800x532.jpg 800w, https:\/\/poesialleida.paeria.cat\/wp-content\/uploads\/2024\/03\/estelles_5-1200x799.jpg 1200w, https:\/\/poesialleida.paeria.cat\/wp-content\/uploads\/2024\/03\/estelles_5.jpg 2000w\" sizes=\"(min-width: 2200px) 100vw, (min-width: 1399px) 191px, (min-width: 1307px) 229px, (min-width: 1215px) 286px, (min-width: 1124px) 382px, (min-width: 1032px) 573px, (min-width: 940px) 1032px, \" \/><\/a><\/div><\/div><div style=\"padding:5px;\" class=\"fusion-grid-column fusion-gallery-column fusion-gallery-column-6 hover-type-none\"><div class=\"fusion-gallery-image\"><a href=\"https:\/\/poesialleida.paeria.cat\/wp-content\/uploads\/2024\/03\/estelles_10.jpg\" rel=\"noreferrer\" data-rel=\"iLightbox[gallery_image_3]\" class=\"fusion-lightbox\" target=\"_self\"><img decoding=\"async\" src=\"https:\/\/poesialleida.paeria.cat\/wp-content\/uploads\/2024\/03\/estelles_10.jpg\" width=\"1500\" height=\"2000\" alt=\"\" title=\"estelles_10\" aria-label=\"estelles_10\" class=\"img-responsive wp-image-2817\" srcset=\"https:\/\/poesialleida.paeria.cat\/wp-content\/uploads\/2024\/03\/estelles_10-200x267.jpg 200w, https:\/\/poesialleida.paeria.cat\/wp-content\/uploads\/2024\/03\/estelles_10-400x533.jpg 400w, https:\/\/poesialleida.paeria.cat\/wp-content\/uploads\/2024\/03\/estelles_10-600x800.jpg 600w, https:\/\/poesialleida.paeria.cat\/wp-content\/uploads\/2024\/03\/estelles_10-800x1067.jpg 800w, https:\/\/poesialleida.paeria.cat\/wp-content\/uploads\/2024\/03\/estelles_10-1200x1600.jpg 1200w, https:\/\/poesialleida.paeria.cat\/wp-content\/uploads\/2024\/03\/estelles_10.jpg 1500w\" sizes=\"(min-width: 2200px) 100vw, (min-width: 1399px) 191px, (min-width: 1307px) 229px, (min-width: 1215px) 286px, (min-width: 1124px) 382px, (min-width: 1032px) 573px, (min-width: 940px) 1032px, \" \/><\/a><\/div><\/div><div style=\"padding:5px;\" class=\"fusion-grid-column fusion-gallery-column fusion-gallery-column-6 hover-type-none\"><div class=\"fusion-gallery-image\"><a href=\"https:\/\/poesialleida.paeria.cat\/wp-content\/uploads\/2024\/03\/estelles_11.jpg\" rel=\"noreferrer\" data-rel=\"iLightbox[gallery_image_3]\" class=\"fusion-lightbox\" target=\"_self\"><img decoding=\"async\" src=\"https:\/\/poesialleida.paeria.cat\/wp-content\/uploads\/2024\/03\/estelles_11.jpg\" width=\"2000\" height=\"1500\" alt=\"\" title=\"estelles_11\" aria-label=\"estelles_11\" class=\"img-responsive wp-image-2819\" srcset=\"https:\/\/poesialleida.paeria.cat\/wp-content\/uploads\/2024\/03\/estelles_11-200x150.jpg 200w, https:\/\/poesialleida.paeria.cat\/wp-content\/uploads\/2024\/03\/estelles_11-400x300.jpg 400w, https:\/\/poesialleida.paeria.cat\/wp-content\/uploads\/2024\/03\/estelles_11-600x450.jpg 600w, https:\/\/poesialleida.paeria.cat\/wp-content\/uploads\/2024\/03\/estelles_11-800x600.jpg 800w, https:\/\/poesialleida.paeria.cat\/wp-content\/uploads\/2024\/03\/estelles_11-1200x900.jpg 1200w, https:\/\/poesialleida.paeria.cat\/wp-content\/uploads\/2024\/03\/estelles_11.jpg 2000w\" sizes=\"(min-width: 2200px) 100vw, (min-width: 1399px) 191px, (min-width: 1307px) 229px, (min-width: 1215px) 286px, (min-width: 1124px) 382px, (min-width: 1032px) 573px, (min-width: 940px) 1032px, \" \/><\/a><\/div><\/div><div class=\"clearfix\"><\/div><\/div><\/div><\/div><\/div><\/div><\/div><div class=\"fusion-fullwidth fullwidth-box fusion-builder-row-4 hundred-percent-fullwidth non-hundred-percent-height-scrolling fusion-no-medium-visibility fusion-no-large-visibility\" style=\"--awb-border-radius-top-left:0px;--awb-border-radius-top-right:0px;--awb-border-radius-bottom-right:0px;--awb-border-radius-bottom-left:0px;--awb-padding-top:20px;--awb-padding-bottom:0px;--awb-background-color:#000000;--awb-flex-wrap:wrap;\" ><div class=\"fusion-builder-row fusion-row\"><div class=\"fusion-layout-column fusion_builder_column fusion-builder-column-20 fusion_builder_column_1_1 1_1 fusion-one-full fusion-column-first fusion-column-last\" style=\"--awb-bg-size:cover;\" data-scroll-devices=\"small-visibility,medium-visibility,large-visibility\"><div class=\"fusion-column-wrapper fusion-column-has-shadow fusion-flex-column-wrapper-legacy\"><div class=\"fusion-text fusion-text-9\"><h3 class=\"p1\" style=\"text-align: center;\"><span class=\"s1\" style=\"color: #c7ce9c;\">#poesialleida2024<\/span><\/h3>\n<\/div><div class=\"fusion-clearfix\"><\/div><\/div><\/div><\/div><\/div>\n<\/p>\n","protected":false},"excerpt":{"rendered":"","protected":false},"author":1,"featured_media":0,"parent":0,"menu_order":0,"comment_status":"closed","ping_status":"closed","template":"100-width.php","meta":{"footnotes":""},"class_list":["post-2204","page","type-page","status-publish","hentry"],"yoast_head":"<!-- This site is optimized with the Yoast SEO plugin v27.5 - https:\/\/yoast.com\/product\/yoast-seo-wordpress\/ -->\n<title>2024 Dimecres 20 - Poesia Lleida<\/title>\n<meta name=\"robots\" content=\"index, follow, max-snippet:-1, max-image-preview:large, max-video-preview:-1\" \/>\n<link rel=\"canonical\" href=\"https:\/\/poesialleida.paeria.cat\/index.php\/dimecres-20\/\" \/>\n<meta property=\"og:locale\" content=\"es_ES\" \/>\n<meta property=\"og:type\" content=\"article\" \/>\n<meta property=\"og:title\" content=\"2024 Dimecres 20 - Poesia Lleida\" \/>\n<meta property=\"og:url\" content=\"https:\/\/poesialleida.paeria.cat\/index.php\/dimecres-20\/\" \/>\n<meta property=\"og:site_name\" content=\"Poesia Lleida\" \/>\n<meta property=\"article:modified_time\" content=\"2025-02-24T07:55:41+00:00\" \/>\n<meta name=\"twitter:card\" content=\"summary_large_image\" \/>\n<meta name=\"twitter:label1\" content=\"Tiempo de lectura\" \/>\n\t<meta name=\"twitter:data1\" content=\"12 minutos\" \/>\n<script type=\"application\/ld+json\" class=\"yoast-schema-graph\">{\"@context\":\"https:\\\/\\\/schema.org\",\"@graph\":[{\"@type\":\"WebPage\",\"@id\":\"https:\\\/\\\/poesialleida.paeria.cat\\\/index.php\\\/dimecres-20\\\/\",\"url\":\"https:\\\/\\\/poesialleida.paeria.cat\\\/index.php\\\/dimecres-20\\\/\",\"name\":\"2024 Dimecres 20 - Poesia Lleida\",\"isPartOf\":{\"@id\":\"https:\\\/\\\/poesialleida.paeria.cat\\\/#website\"},\"datePublished\":\"2024-01-26T09:59:09+00:00\",\"dateModified\":\"2025-02-24T07:55:41+00:00\",\"breadcrumb\":{\"@id\":\"https:\\\/\\\/poesialleida.paeria.cat\\\/index.php\\\/dimecres-20\\\/#breadcrumb\"},\"inLanguage\":\"es\",\"potentialAction\":[{\"@type\":\"ReadAction\",\"target\":[\"https:\\\/\\\/poesialleida.paeria.cat\\\/index.php\\\/dimecres-20\\\/\"]}]},{\"@type\":\"BreadcrumbList\",\"@id\":\"https:\\\/\\\/poesialleida.paeria.cat\\\/index.php\\\/dimecres-20\\\/#breadcrumb\",\"itemListElement\":[{\"@type\":\"ListItem\",\"position\":1,\"name\":\"Portada\",\"item\":\"https:\\\/\\\/poesialleida.paeria.cat\\\/\"},{\"@type\":\"ListItem\",\"position\":2,\"name\":\"2024 Dimecres 20\"}]},{\"@type\":\"WebSite\",\"@id\":\"https:\\\/\\\/poesialleida.paeria.cat\\\/#website\",\"url\":\"https:\\\/\\\/poesialleida.paeria.cat\\\/\",\"name\":\"Poesia Lleida\",\"description\":\"Festival de Poesia a Lleida\",\"potentialAction\":[{\"@type\":\"SearchAction\",\"target\":{\"@type\":\"EntryPoint\",\"urlTemplate\":\"https:\\\/\\\/poesialleida.paeria.cat\\\/?s={search_term_string}\"},\"query-input\":{\"@type\":\"PropertyValueSpecification\",\"valueRequired\":true,\"valueName\":\"search_term_string\"}}],\"inLanguage\":\"es\"}]}<\/script>\n<!-- \/ Yoast SEO plugin. -->","yoast_head_json":{"title":"2024 Dimecres 20 - Poesia Lleida","robots":{"index":"index","follow":"follow","max-snippet":"max-snippet:-1","max-image-preview":"max-image-preview:large","max-video-preview":"max-video-preview:-1"},"canonical":"https:\/\/poesialleida.paeria.cat\/index.php\/dimecres-20\/","og_locale":"es_ES","og_type":"article","og_title":"2024 Dimecres 20 - Poesia Lleida","og_url":"https:\/\/poesialleida.paeria.cat\/index.php\/dimecres-20\/","og_site_name":"Poesia Lleida","article_modified_time":"2025-02-24T07:55:41+00:00","twitter_card":"summary_large_image","twitter_misc":{"Tiempo de lectura":"12 minutos"},"schema":{"@context":"https:\/\/schema.org","@graph":[{"@type":"WebPage","@id":"https:\/\/poesialleida.paeria.cat\/index.php\/dimecres-20\/","url":"https:\/\/poesialleida.paeria.cat\/index.php\/dimecres-20\/","name":"2024 Dimecres 20 - Poesia Lleida","isPartOf":{"@id":"https:\/\/poesialleida.paeria.cat\/#website"},"datePublished":"2024-01-26T09:59:09+00:00","dateModified":"2025-02-24T07:55:41+00:00","breadcrumb":{"@id":"https:\/\/poesialleida.paeria.cat\/index.php\/dimecres-20\/#breadcrumb"},"inLanguage":"es","potentialAction":[{"@type":"ReadAction","target":["https:\/\/poesialleida.paeria.cat\/index.php\/dimecres-20\/"]}]},{"@type":"BreadcrumbList","@id":"https:\/\/poesialleida.paeria.cat\/index.php\/dimecres-20\/#breadcrumb","itemListElement":[{"@type":"ListItem","position":1,"name":"Portada","item":"https:\/\/poesialleida.paeria.cat\/"},{"@type":"ListItem","position":2,"name":"2024 Dimecres 20"}]},{"@type":"WebSite","@id":"https:\/\/poesialleida.paeria.cat\/#website","url":"https:\/\/poesialleida.paeria.cat\/","name":"Poesia Lleida","description":"Festival de Poesia a Lleida","potentialAction":[{"@type":"SearchAction","target":{"@type":"EntryPoint","urlTemplate":"https:\/\/poesialleida.paeria.cat\/?s={search_term_string}"},"query-input":{"@type":"PropertyValueSpecification","valueRequired":true,"valueName":"search_term_string"}}],"inLanguage":"es"}]}},"_links":{"self":[{"href":"https:\/\/poesialleida.paeria.cat\/index.php\/wp-json\/wp\/v2\/pages\/2204","targetHints":{"allow":["GET"]}}],"collection":[{"href":"https:\/\/poesialleida.paeria.cat\/index.php\/wp-json\/wp\/v2\/pages"}],"about":[{"href":"https:\/\/poesialleida.paeria.cat\/index.php\/wp-json\/wp\/v2\/types\/page"}],"author":[{"embeddable":true,"href":"https:\/\/poesialleida.paeria.cat\/index.php\/wp-json\/wp\/v2\/users\/1"}],"replies":[{"embeddable":true,"href":"https:\/\/poesialleida.paeria.cat\/index.php\/wp-json\/wp\/v2\/comments?post=2204"}],"version-history":[{"count":54,"href":"https:\/\/poesialleida.paeria.cat\/index.php\/wp-json\/wp\/v2\/pages\/2204\/revisions"}],"predecessor-version":[{"id":3805,"href":"https:\/\/poesialleida.paeria.cat\/index.php\/wp-json\/wp\/v2\/pages\/2204\/revisions\/3805"}],"wp:attachment":[{"href":"https:\/\/poesialleida.paeria.cat\/index.php\/wp-json\/wp\/v2\/media?parent=2204"}],"curies":[{"name":"wp","href":"https:\/\/api.w.org\/{rel}","templated":true}]}}