{"id":2142,"date":"2024-01-25T16:30:54","date_gmt":"2024-01-25T16:30:54","guid":{"rendered":"https:\/\/poesialleida.paeria.cat\/?page_id=2142"},"modified":"2025-02-24T07:55:21","modified_gmt":"2025-02-24T07:55:21","slug":"programa-2024","status":"publish","type":"page","link":"https:\/\/poesialleida.paeria.cat\/index.php\/programa-2024\/","title":{"rendered":"2024 Programa"},"content":{"rendered":"<p><div class=\"fusion-fullwidth fullwidth-box fusion-builder-row-1 has-pattern-background has-mask-background hundred-percent-fullwidth non-hundred-percent-height-scrolling\" style=\"--awb-background-position:left top;--awb-border-radius-top-left:0px;--awb-border-radius-top-right:0px;--awb-border-radius-bottom-right:0px;--awb-border-radius-bottom-left:0px;--awb-padding-top:100px;--awb-padding-right:100px;--awb-padding-bottom:10px;--awb-padding-left:100px;--awb-background-color:#e6e5df;--awb-flex-wrap:wrap;\" ><div class=\"fusion-builder-row fusion-row\"><div class=\"fusion-layout-column fusion_builder_column fusion-builder-column-0 fusion_builder_column_1_1 1_1 fusion-one-full fusion-column-first fusion-column-last\" style=\"--awb-bg-color:#d1cfca;--awb-bg-color-hover:#d1cfca;--awb-bg-size:cover;\" data-scroll-devices=\"small-visibility,medium-visibility,large-visibility\"><div class=\"fusion-column-wrapper fusion-column-has-shadow fusion-flex-column-wrapper-legacy\"><div class=\"fusion-builder-row fusion-builder-row-inner fusion-row\"><div class=\"fusion-layout-column fusion_builder_column_inner fusion-builder-nested-column-0 fusion_builder_column_inner_1_1 1_1 fusion-one-full fusion-column-first fusion-column-last\" style=\"--awb-padding-top:30px;--awb-padding-right:10%;--awb-padding-bottom:30px;--awb-padding-left:10%;--awb-bg-color:var(--awb-color5);--awb-bg-color-hover:var(--awb-color5);--awb-bg-size:cover;\" data-scroll-devices=\"small-visibility,medium-visibility,large-visibility\"><div class=\"fusion-column-wrapper fusion-column-has-shadow fusion-flex-column-wrapper-legacy\"><div class=\"fusion-sep-clear\"><\/div><div class=\"fusion-separator fusion-full-width-sep\" style=\"margin-left: auto;margin-right: auto;margin-top:75px;width:100%;\"><\/div><div class=\"fusion-sep-clear\"><\/div><div class=\"fusion-title title fusion-title-1 fusion-sep-none fusion-title-text fusion-title-size-one\" style=\"--awb-text-color:var(--awb-color4);--awb-margin-top-small:0px;--awb-margin-right-small:0px;--awb-margin-bottom-small:20px;--awb-margin-left-small:0px;--awb-font-size:40px;\"><h1 class=\"fusion-title-heading title-heading-left fusion-responsive-typography-calculated\" style=\"margin:0;font-size:1em;--fontSize:40;line-height:1;\"><strong>POESIA LLEIDA 2024<\/strong><\/h1><\/div><div class=\"fusion-clearfix\"><\/div><\/div><\/div><\/div><div class=\"fusion-clearfix\"><\/div><\/div><\/div><\/div><\/div><div class=\"fusion-fullwidth fullwidth-box fusion-builder-row-2 fusion-flex-container has-pattern-background has-mask-background hundred-percent-fullwidth non-hundred-percent-height-scrolling\" style=\"--link_hover_color: var(--awb-custom12);--link_color: var(--awb-color1);--awb-background-position:left top;--awb-border-radius-top-left:0px;--awb-border-radius-top-right:0px;--awb-border-radius-bottom-right:0px;--awb-border-radius-bottom-left:0px;--awb-padding-top:30px;--awb-padding-right:100px;--awb-padding-bottom:50px;--awb-padding-left:100px;--awb-padding-top-small:380px;--awb-padding-right-small:10%;--awb-padding-bottom-small:40px;--awb-padding-left-small:10%;--awb-background-color:#e6e5df;--awb-flex-wrap:wrap;\" ><div class=\"fusion-builder-row fusion-row fusion-flex-align-items-flex-start fusion-flex-content-wrap\" style=\"width:104% !important;max-width:104% !important;margin-left: calc(-4% \/ 2 );margin-right: calc(-4% \/ 2 );\"><div class=\"fusion-layout-column fusion_builder_column fusion-builder-column-1 fusion-flex-column\" style=\"--awb-padding-top:20px;--awb-bg-color:var(--awb-color8);--awb-bg-color-hover:var(--awb-color8);--awb-bg-size:cover;--awb-border-color:#e6e5df;--awb-border-top:60px;--awb-border-style:solid;--awb-width-large:14%;--awb-margin-top-large:0px;--awb-spacing-right-large:5px;--awb-margin-bottom-large:0px;--awb-spacing-left-large:5px;--awb-width-medium:100%;--awb-order-medium:0;--awb-spacing-right-medium:1.92%;--awb-spacing-left-medium:1.92%;--awb-width-small:100%;--awb-order-small:0;--awb-spacing-right-small:1.92%;--awb-spacing-left-small:1.92%;\" data-scroll-devices=\"small-visibility,medium-visibility,large-visibility\"><div class=\"fusion-column-wrapper fusion-column-has-shadow fusion-flex-justify-content-flex-start fusion-content-layout-column\"><div class=\"fusion-title title fusion-title-2 fusion-sep-none fusion-title-text fusion-title-size-one\" style=\"--awb-text-color:var(--awb-custom12);--awb-margin-top:20px;--awb-margin-right:20px;--awb-margin-bottom:20px;--awb-margin-left:20px;--awb-margin-top-small:20px;--awb-margin-right-small:20px;--awb-margin-bottom-small:20px;--awb-margin-left-small:20px;--awb-font-size:22px;\"><h1 class=\"fusion-title-heading title-heading-left fusion-responsive-typography-calculated\" style=\"margin:0;font-size:1em;--fontSize:22;--minFontSize:22;line-height:1;\">Dilluns 18<\/h1><\/div><div class=\"fusion-builder-row fusion-builder-row-inner fusion-row fusion-flex-align-items-flex-start fusion-flex-content-wrap\" style=\"--awb-flex-grow:0;--awb-flex-grow-medium:0;--awb-flex-grow-small:0;--awb-flex-shrink:0;--awb-flex-shrink-medium:0;--awb-flex-shrink-small:0;width:104% !important;max-width:104% !important;margin-left: calc(-4% \/ 2 );margin-right: calc(-4% \/ 2 );\"><div class=\"fusion-layout-column fusion_builder_column_inner fusion-builder-nested-column-1 fusion_builder_column_inner_1_1 1_1 fusion-flex-column\" style=\"--awb-bg-color:var(--awb-color7);--awb-bg-color-hover:var(--awb-color7);--awb-bg-size:cover;--awb-border-color:#e6e5df;--awb-border-style:solid;--awb-width-large:100%;--awb-margin-top-large:0px;--awb-spacing-right-large:1.92%;--awb-margin-bottom-large:0px;--awb-spacing-left-large:1.92%;--awb-width-medium:100%;--awb-order-medium:0;--awb-spacing-right-medium:1.92%;--awb-spacing-left-medium:1.92%;--awb-width-small:100%;--awb-order-small:0;--awb-spacing-right-small:1.92%;--awb-spacing-left-small:1.92%;\" data-scroll-devices=\"small-visibility,medium-visibility,large-visibility\"><div class=\"fusion-column-wrapper fusion-column-has-shadow fusion-flex-justify-content-flex-start fusion-content-layout-column\"><div class=\"fusion-title title fusion-title-3 fusion-sep-none fusion-title-text fusion-title-size-three\" style=\"--awb-text-color:var(--awb-color5);--awb-margin-top:10px;--awb-margin-right:20px;--awb-margin-bottom:10px;--awb-margin-left:20px;--awb-margin-top-small:10px;--awb-margin-right-small:20px;--awb-margin-bottom-small:10px;--awb-margin-left-small:20px;--awb-font-size:17px;\"><h3 class=\"fusion-title-heading title-heading-left fusion-responsive-typography-calculated\" style=\"margin:0;font-size:1em;--fontSize:17;--minFontSize:17;line-height:1.5;\"><p>11.30 h \u00b7 Llibreria El Genet Blau<br \/>\n12 h \u00b7 Llibreria La Sabateria<br \/>\n18 h \u00b7 Llibreria La Irreductible<br \/>\n18 h \u00b7 Llibreria Re-Read<br \/>\n18.30 h \u00b7 Llibreria Caselles<br \/>\n18.30 h \u00b7 Llibreria Abacus<br \/>\n19 h \u00b7 Llibreria La Fatal<\/p><\/h3><\/div><\/div><\/div><div class=\"fusion-layout-column fusion_builder_column_inner fusion-builder-nested-column-2 fusion_builder_column_inner_1_1 1_1 fusion-flex-column\" style=\"--awb-bg-color:var(--awb-custom10);--awb-bg-color-hover:var(--awb-custom10);--awb-bg-size:cover;--awb-width-large:100%;--awb-margin-top-large:0px;--awb-spacing-right-large:1.92%;--awb-margin-bottom-large:0px;--awb-spacing-left-large:1.92%;--awb-width-medium:100%;--awb-order-medium:0;--awb-spacing-right-medium:1.92%;--awb-spacing-left-medium:1.92%;--awb-width-small:100%;--awb-order-small:0;--awb-spacing-right-small:1.92%;--awb-spacing-left-small:1.92%;\" data-scroll-devices=\"small-visibility,medium-visibility,large-visibility\"><div class=\"fusion-column-wrapper fusion-column-has-shadow fusion-flex-justify-content-flex-start fusion-content-layout-column\"><div class=\"fusion-title title fusion-title-4 fusion-sep-none fusion-title-text fusion-title-size-two\" style=\"--awb-text-color:var(--awb-custom12);--awb-margin-top:20px;--awb-margin-right:20px;--awb-margin-bottom:20px;--awb-margin-left:20px;--awb-margin-top-small:20px;--awb-margin-right-small:20px;--awb-margin-bottom-small:20px;--awb-margin-left-small:20px;--awb-font-size:22px;\"><h2 class=\"fusion-title-heading title-heading-left fusion-responsive-typography-calculated\" style=\"margin:0;font-size:1em;--fontSize:22;--minFontSize:22;line-height:1;\">POESIA LLEIDA ENTRA A LES LLIBRERIES<\/h2><\/div><div class=\"fusion-title title fusion-title-5 fusion-sep-none fusion-title-text fusion-title-size-two\" style=\"--awb-text-color:var(--awb-color1);--awb-margin-right:20px;--awb-margin-bottom:20px;--awb-margin-left:20px;--awb-margin-top-small:0px;--awb-margin-right-small:20px;--awb-margin-bottom-small:20px;--awb-margin-left-small:20px;--awb-font-size:var(--awb-typography5-font-size);\"><h2 class=\"fusion-title-heading title-heading-left fusion-responsive-typography-calculated\" style=\"font-family:var(--awb-typography5-font-family);font-weight:var(--awb-typography5-font-weight);font-style:var(--awb-typography5-font-style);margin:0;letter-spacing:var(--awb-typography5-letter-spacing);text-transform:var(--awb-typography5-text-transform);font-size:1em;--fontSize:18;--minFontSize:18;line-height:var(--awb-typography5-line-height);\">Poemes en viu<\/h2><\/div><\/div><\/div><\/div><div class=\"fusion-title title fusion-title-6 fusion-sep-none fusion-title-text fusion-title-size-one\" style=\"--awb-text-color:var(--awb-color1);--awb-margin-top:20px;--awb-margin-right:20px;--awb-margin-bottom:20px;--awb-margin-left:20px;--awb-margin-top-small:20px;--awb-margin-right-small:20px;--awb-margin-bottom-small:20px;--awb-margin-left-small:20px;--awb-font-size:16px;\"><h1 class=\"fusion-title-heading title-heading-left fusion-responsive-typography-calculated\" style=\"margin:0;font-size:1em;--fontSize:16;--minFontSize:16;line-height:1;\"><a href=\"https:\/\/poesialleida.paeria.cat\/index.php\/dilluns-18\/\">&gt; Veure programa<\/a><\/h1><\/div><\/div><\/div><div class=\"fusion-layout-column fusion_builder_column fusion-builder-column-2 fusion-flex-column\" style=\"--awb-padding-top:20px;--awb-bg-color:var(--awb-color8);--awb-bg-color-hover:var(--awb-color8);--awb-bg-size:cover;--awb-border-color:#e6e5df;--awb-border-top:60px;--awb-border-style:solid;--awb-width-large:14%;--awb-margin-top-large:0px;--awb-spacing-right-large:5px;--awb-margin-bottom-large:0px;--awb-spacing-left-large:5px;--awb-width-medium:100%;--awb-order-medium:0;--awb-spacing-right-medium:1.92%;--awb-spacing-left-medium:1.92%;--awb-width-small:100%;--awb-order-small:0;--awb-spacing-right-small:1.92%;--awb-spacing-left-small:1.92%;\" data-scroll-devices=\"small-visibility,medium-visibility,large-visibility\"><div class=\"fusion-column-wrapper fusion-column-has-shadow fusion-flex-justify-content-flex-start fusion-content-layout-column\"><div class=\"fusion-title title fusion-title-7 fusion-sep-none fusion-title-text fusion-title-size-one\" style=\"--awb-text-color:var(--awb-custom12);--awb-margin-top:20px;--awb-margin-right:20px;--awb-margin-bottom:20px;--awb-margin-left:20px;--awb-margin-top-small:20px;--awb-margin-right-small:20px;--awb-margin-bottom-small:20px;--awb-margin-left-small:20px;--awb-font-size:22px;\"><h1 class=\"fusion-title-heading title-heading-left fusion-responsive-typography-calculated\" style=\"margin:0;font-size:1em;--fontSize:22;--minFontSize:22;line-height:1;\">Dimarts 19<\/h1><\/div><div class=\"fusion-builder-row fusion-builder-row-inner fusion-row fusion-flex-align-items-flex-start fusion-flex-content-wrap\" style=\"--awb-flex-grow:0;--awb-flex-grow-medium:0;--awb-flex-grow-small:0;--awb-flex-shrink:0;--awb-flex-shrink-medium:0;--awb-flex-shrink-small:0;width:104% !important;max-width:104% !important;margin-left: calc(-4% \/ 2 );margin-right: calc(-4% \/ 2 );\"><div class=\"fusion-layout-column fusion_builder_column_inner fusion-builder-nested-column-3 fusion_builder_column_inner_1_1 1_1 fusion-flex-column\" style=\"--awb-bg-color:var(--awb-color7);--awb-bg-color-hover:var(--awb-color7);--awb-bg-size:cover;--awb-width-large:100%;--awb-margin-top-large:0px;--awb-spacing-right-large:1.92%;--awb-margin-bottom-large:0px;--awb-spacing-left-large:1.92%;--awb-width-medium:100%;--awb-order-medium:0;--awb-spacing-right-medium:1.92%;--awb-spacing-left-medium:1.92%;--awb-width-small:100%;--awb-order-small:0;--awb-spacing-right-small:1.92%;--awb-spacing-left-small:1.92%;\" data-scroll-devices=\"small-visibility,medium-visibility,large-visibility\"><div class=\"fusion-column-wrapper fusion-column-has-shadow fusion-flex-justify-content-flex-start fusion-content-layout-column\"><div class=\"fusion-title title fusion-title-8 fusion-sep-none fusion-title-text fusion-title-size-three\" style=\"--awb-text-color:var(--awb-color5);--awb-margin-top:20px;--awb-margin-right:20px;--awb-margin-bottom:20px;--awb-margin-left:20px;--awb-margin-top-small:20px;--awb-margin-right-small:20px;--awb-margin-bottom-small:20px;--awb-margin-left-small:20px;--awb-font-size:17px;\"><h3 class=\"fusion-title-heading title-heading-left fusion-responsive-typography-calculated\" style=\"margin:0;font-size:1em;--fontSize:17;--minFontSize:17;line-height:1.5;\">18.30 h \u00b7 Pla\u00e7a l\u2019Escorxador<\/h3><\/div><\/div><\/div><div class=\"fusion-layout-column fusion_builder_column_inner fusion-builder-nested-column-4 fusion_builder_column_inner_1_1 1_1 fusion-flex-column\" style=\"--awb-bg-color:var(--awb-custom10);--awb-bg-color-hover:var(--awb-custom10);--awb-bg-size:cover;--awb-width-large:100%;--awb-margin-top-large:0px;--awb-spacing-right-large:1.92%;--awb-margin-bottom-large:0px;--awb-spacing-left-large:1.92%;--awb-width-medium:100%;--awb-order-medium:0;--awb-spacing-right-medium:1.92%;--awb-spacing-left-medium:1.92%;--awb-width-small:100%;--awb-order-small:0;--awb-spacing-right-small:1.92%;--awb-spacing-left-small:1.92%;\" data-scroll-devices=\"small-visibility,medium-visibility,large-visibility\"><div class=\"fusion-column-wrapper fusion-column-has-shadow fusion-flex-justify-content-flex-start fusion-content-layout-column\"><div class=\"fusion-title title fusion-title-9 fusion-sep-none fusion-title-text fusion-title-size-two\" style=\"--awb-text-color:var(--awb-custom12);--awb-margin-top:20px;--awb-margin-right:20px;--awb-margin-bottom:20px;--awb-margin-left:20px;--awb-margin-top-small:20px;--awb-margin-right-small:20px;--awb-margin-bottom-small:20px;--awb-margin-left-small:20px;--awb-font-size:22px;\"><h2 class=\"fusion-title-heading title-heading-left fusion-responsive-typography-calculated\" style=\"margin:0;font-size:1em;--fontSize:22;--minFontSize:22;line-height:1;\">LA POESIA PREN EL CARRER<\/h2><\/div><div class=\"fusion-title title fusion-title-10 fusion-sep-none fusion-title-text fusion-title-size-two\" style=\"--awb-text-color:var(--awb-color1);--awb-margin-right:20px;--awb-margin-bottom:20px;--awb-margin-left:20px;--awb-margin-top-small:0px;--awb-margin-right-small:20px;--awb-margin-bottom-small:20px;--awb-margin-left-small:20px;--awb-font-size:var(--awb-typography5-font-size);\"><h2 class=\"fusion-title-heading title-heading-left fusion-responsive-typography-calculated\" style=\"font-family:var(--awb-typography5-font-family);font-weight:var(--awb-typography5-font-weight);font-style:var(--awb-typography5-font-style);margin:0;letter-spacing:var(--awb-typography5-letter-spacing);text-transform:var(--awb-typography5-text-transform);font-size:1em;--fontSize:18;--minFontSize:18;line-height:var(--awb-typography5-line-height);\">Recital <em>Poetry<\/em> <em>Slam<\/em> Lleida<\/h2><\/div><\/div><\/div><\/div><div class=\"fusion-builder-row fusion-builder-row-inner fusion-row fusion-flex-align-items-flex-start fusion-flex-content-wrap\" style=\"--awb-flex-grow:0;--awb-flex-grow-medium:0;--awb-flex-grow-small:0;--awb-flex-shrink:0;--awb-flex-shrink-medium:0;--awb-flex-shrink-small:0;width:104% !important;max-width:104% !important;margin-left: calc(-4% \/ 2 );margin-right: calc(-4% \/ 2 );\"><div class=\"fusion-layout-column fusion_builder_column_inner fusion-builder-nested-column-5 fusion_builder_column_inner_1_1 1_1 fusion-flex-column\" style=\"--awb-bg-color:var(--awb-color7);--awb-bg-color-hover:var(--awb-color7);--awb-bg-size:cover;--awb-border-color:#e6e5df;--awb-border-top:14px;--awb-border-style:solid;--awb-width-large:100%;--awb-margin-top-large:0px;--awb-spacing-right-large:1.92%;--awb-margin-bottom-large:0px;--awb-spacing-left-large:1.92%;--awb-width-medium:100%;--awb-order-medium:0;--awb-spacing-right-medium:1.92%;--awb-spacing-left-medium:1.92%;--awb-width-small:100%;--awb-order-small:0;--awb-spacing-right-small:1.92%;--awb-spacing-left-small:1.92%;\" data-scroll-devices=\"small-visibility,medium-visibility,large-visibility\"><div class=\"fusion-column-wrapper fusion-column-has-shadow fusion-flex-justify-content-flex-start fusion-content-layout-column\"><div class=\"fusion-title title fusion-title-11 fusion-sep-none fusion-title-text fusion-title-size-three\" style=\"--awb-text-color:var(--awb-color5);--awb-margin-top:20px;--awb-margin-right:20px;--awb-margin-bottom:20px;--awb-margin-left:20px;--awb-margin-top-small:20px;--awb-margin-right-small:20px;--awb-margin-bottom-small:20px;--awb-margin-left-small:20px;--awb-font-size:17px;\"><h3 class=\"fusion-title-heading title-heading-left fusion-responsive-typography-calculated\" style=\"margin:0;font-size:1em;--fontSize:17;--minFontSize:17;line-height:1.5;\">20 h \u00b7 Caf\u00e8 del Teatre de l\u2019Escorxador<\/h3><\/div><\/div><\/div><div class=\"fusion-layout-column fusion_builder_column_inner fusion-builder-nested-column-6 fusion_builder_column_inner_1_1 1_1 fusion-flex-column\" style=\"--awb-bg-color:var(--awb-custom10);--awb-bg-color-hover:var(--awb-custom10);--awb-bg-size:cover;--awb-width-large:100%;--awb-margin-top-large:0px;--awb-spacing-right-large:1.92%;--awb-margin-bottom-large:0px;--awb-spacing-left-large:1.92%;--awb-width-medium:100%;--awb-order-medium:0;--awb-spacing-right-medium:1.92%;--awb-spacing-left-medium:1.92%;--awb-width-small:100%;--awb-order-small:0;--awb-spacing-right-small:1.92%;--awb-spacing-left-small:1.92%;\" data-scroll-devices=\"small-visibility,medium-visibility,large-visibility\"><div class=\"fusion-column-wrapper fusion-column-has-shadow fusion-flex-justify-content-flex-start fusion-content-layout-column\"><div class=\"fusion-title title fusion-title-12 fusion-sep-none fusion-title-text fusion-title-size-two\" style=\"--awb-text-color:var(--awb-custom12);--awb-margin-top:20px;--awb-margin-right:20px;--awb-margin-bottom:20px;--awb-margin-left:20px;--awb-margin-top-small:20px;--awb-margin-right-small:20px;--awb-margin-bottom-small:20px;--awb-margin-left-small:20px;--awb-font-size:22px;\"><h2 class=\"fusion-title-heading title-heading-left fusion-responsive-typography-calculated\" style=\"margin:0;font-size:1em;--fontSize:22;--minFontSize:22;line-height:1;\">TOUJOURS PARMI NOUS, MONSIEUR<\/h2><\/div><div class=\"fusion-title title fusion-title-13 fusion-sep-none fusion-title-text fusion-title-size-two\" style=\"--awb-text-color:var(--awb-color1);--awb-margin-right:20px;--awb-margin-bottom:20px;--awb-margin-left:20px;--awb-margin-top-small:0px;--awb-margin-right-small:20px;--awb-margin-bottom-small:20px;--awb-margin-left-small:20px;--awb-font-size:var(--awb-typography5-font-size);\"><h2 class=\"fusion-title-heading title-heading-left fusion-responsive-typography-calculated\" style=\"font-family:var(--awb-typography5-font-family);font-weight:var(--awb-typography5-font-weight);font-style:var(--awb-typography5-font-style);margin:0;letter-spacing:var(--awb-typography5-letter-spacing);text-transform:var(--awb-typography5-text-transform);font-size:1em;--fontSize:18;--minFontSize:18;line-height:var(--awb-typography5-line-height);\">Centenari Jaume Magre<\/h2><\/div><\/div><\/div><\/div><div class=\"fusion-title title fusion-title-14 fusion-sep-none fusion-title-text fusion-title-size-one\" style=\"--awb-text-color:var(--awb-color1);--awb-margin-top:20px;--awb-margin-right:20px;--awb-margin-bottom:20px;--awb-margin-left:20px;--awb-margin-top-small:20px;--awb-margin-right-small:20px;--awb-margin-bottom-small:20px;--awb-margin-left-small:20px;--awb-font-size:16px;\"><h1 class=\"fusion-title-heading title-heading-left fusion-responsive-typography-calculated\" style=\"margin:0;font-size:1em;--fontSize:16;--minFontSize:16;line-height:1;\"><a href=\"https:\/\/poesialleida.paeria.cat\/index.php\/dimarts-19\/\">&gt; Veure programa<\/a><\/h1><\/div><\/div><\/div><div class=\"fusion-layout-column fusion_builder_column fusion-builder-column-3 fusion-flex-column\" style=\"--awb-padding-top:20px;--awb-bg-color:var(--awb-color8);--awb-bg-color-hover:var(--awb-color8);--awb-bg-size:cover;--awb-border-color:#e6e5df;--awb-border-top:60px;--awb-border-style:solid;--awb-width-large:14%;--awb-margin-top-large:0px;--awb-spacing-right-large:5px;--awb-margin-bottom-large:0px;--awb-spacing-left-large:5px;--awb-width-medium:100%;--awb-order-medium:0;--awb-spacing-right-medium:1.92%;--awb-spacing-left-medium:1.92%;--awb-width-small:100%;--awb-order-small:0;--awb-spacing-right-small:1.92%;--awb-spacing-left-small:1.92%;\" data-scroll-devices=\"small-visibility,medium-visibility,large-visibility\"><div class=\"fusion-column-wrapper fusion-column-has-shadow fusion-flex-justify-content-flex-start fusion-content-layout-column\"><div class=\"fusion-title title fusion-title-15 fusion-sep-none fusion-title-text fusion-title-size-one\" style=\"--awb-text-color:var(--awb-custom12);--awb-margin-top:20px;--awb-margin-right:10px;--awb-margin-bottom:20px;--awb-margin-left:20px;--awb-margin-top-small:20px;--awb-margin-right-small:20px;--awb-margin-bottom-small:20px;--awb-margin-left-small:20px;--awb-font-size:22px;\"><h1 class=\"fusion-title-heading title-heading-left fusion-responsive-typography-calculated\" style=\"margin:0;font-size:1em;--fontSize:22;--minFontSize:22;line-height:1;\">Dimecres 20<\/h1><\/div><div class=\"fusion-builder-row fusion-builder-row-inner fusion-row fusion-flex-align-items-flex-start fusion-flex-content-wrap\" style=\"--awb-flex-grow:0;--awb-flex-grow-medium:0;--awb-flex-grow-small:0;--awb-flex-shrink:0;--awb-flex-shrink-medium:0;--awb-flex-shrink-small:0;width:104% !important;max-width:104% !important;margin-left: calc(-4% \/ 2 );margin-right: calc(-4% \/ 2 );\"><div class=\"fusion-layout-column fusion_builder_column_inner fusion-builder-nested-column-7 fusion_builder_column_inner_1_1 1_1 fusion-flex-column\" style=\"--awb-bg-color:var(--awb-color7);--awb-bg-color-hover:var(--awb-color7);--awb-bg-size:cover;--awb-width-large:100%;--awb-margin-top-large:0px;--awb-spacing-right-large:1.92%;--awb-margin-bottom-large:0px;--awb-spacing-left-large:1.92%;--awb-width-medium:100%;--awb-order-medium:0;--awb-spacing-right-medium:1.92%;--awb-spacing-left-medium:1.92%;--awb-width-small:100%;--awb-order-small:0;--awb-spacing-right-small:1.92%;--awb-spacing-left-small:1.92%;\" data-scroll-devices=\"small-visibility,medium-visibility,large-visibility\"><div class=\"fusion-column-wrapper fusion-column-has-shadow fusion-flex-justify-content-flex-start fusion-content-layout-column\"><div class=\"fusion-title title fusion-title-16 fusion-sep-none fusion-title-text fusion-title-size-three\" style=\"--awb-text-color:var(--awb-color5);--awb-margin-top:20px;--awb-margin-right:20px;--awb-margin-bottom:20px;--awb-margin-left:20px;--awb-margin-top-small:20px;--awb-margin-right-small:20px;--awb-margin-bottom-small:20px;--awb-margin-left-small:20px;--awb-font-size:17px;\"><h3 class=\"fusion-title-heading title-heading-left fusion-responsive-typography-calculated\" style=\"margin:0;font-size:1em;--fontSize:17;--minFontSize:17;line-height:1.5;\">18 h \u00b7 Pla\u00e7a l\u2019Escorxador<\/h3><\/div><\/div><\/div><div class=\"fusion-layout-column fusion_builder_column_inner fusion-builder-nested-column-8 fusion_builder_column_inner_1_1 1_1 fusion-flex-column\" style=\"--awb-bg-color:var(--awb-custom10);--awb-bg-color-hover:var(--awb-custom10);--awb-bg-size:cover;--awb-width-large:100%;--awb-margin-top-large:0px;--awb-spacing-right-large:1.92%;--awb-margin-bottom-large:0px;--awb-spacing-left-large:1.92%;--awb-width-medium:100%;--awb-order-medium:0;--awb-spacing-right-medium:1.92%;--awb-spacing-left-medium:1.92%;--awb-width-small:100%;--awb-order-small:0;--awb-spacing-right-small:1.92%;--awb-spacing-left-small:1.92%;\" data-scroll-devices=\"small-visibility,medium-visibility,large-visibility\"><div class=\"fusion-column-wrapper fusion-column-has-shadow fusion-flex-justify-content-flex-start fusion-content-layout-column\"><div class=\"fusion-title title fusion-title-17 fusion-sep-none fusion-title-text fusion-title-size-two\" style=\"--awb-text-color:var(--awb-custom12);--awb-margin-top:20px;--awb-margin-right:20px;--awb-margin-bottom:20px;--awb-margin-left:20px;--awb-margin-top-small:20px;--awb-margin-right-small:20px;--awb-margin-bottom-small:20px;--awb-margin-left-small:20px;--awb-font-size:22px;\"><h2 class=\"fusion-title-heading title-heading-left fusion-responsive-typography-calculated\" style=\"margin:0;font-size:1em;--fontSize:22;--minFontSize:22;line-height:1;\">La SubVERSiva<\/h2><\/div><div class=\"fusion-title title fusion-title-18 fusion-sep-none fusion-title-text fusion-title-size-two\" style=\"--awb-text-color:var(--awb-color1);--awb-margin-right:20px;--awb-margin-bottom:20px;--awb-margin-left:20px;--awb-margin-top-small:0px;--awb-margin-right-small:20px;--awb-margin-bottom-small:20px;--awb-margin-left-small:20px;--awb-font-size:var(--awb-typography5-font-size);\"><h2 class=\"fusion-title-heading title-heading-left fusion-responsive-typography-calculated\" style=\"font-family:var(--awb-typography5-font-family);font-weight:var(--awb-typography5-font-weight);font-style:var(--awb-typography5-font-style);margin:0;letter-spacing:var(--awb-typography5-letter-spacing);text-transform:var(--awb-typography5-text-transform);font-size:1em;--fontSize:18;--minFontSize:18;line-height:var(--awb-typography5-line-height);\">Versos, feminismes i m\u00e9s\u2026<\/h2><\/div><\/div><\/div><\/div><div class=\"fusion-builder-row fusion-builder-row-inner fusion-row fusion-flex-align-items-flex-start fusion-flex-content-wrap\" style=\"--awb-flex-grow:0;--awb-flex-grow-medium:0;--awb-flex-grow-small:0;--awb-flex-shrink:0;--awb-flex-shrink-medium:0;--awb-flex-shrink-small:0;width:104% !important;max-width:104% !important;margin-left: calc(-4% \/ 2 );margin-right: calc(-4% \/ 2 );\"><div class=\"fusion-layout-column fusion_builder_column_inner fusion-builder-nested-column-9 fusion_builder_column_inner_1_1 1_1 fusion-flex-column\" style=\"--awb-bg-color:var(--awb-color7);--awb-bg-color-hover:var(--awb-color7);--awb-bg-size:cover;--awb-border-color:#e6e5df;--awb-border-top:14px;--awb-border-style:solid;--awb-width-large:100%;--awb-margin-top-large:0px;--awb-spacing-right-large:1.92%;--awb-margin-bottom-large:0px;--awb-spacing-left-large:1.92%;--awb-width-medium:100%;--awb-order-medium:0;--awb-spacing-right-medium:1.92%;--awb-spacing-left-medium:1.92%;--awb-width-small:100%;--awb-order-small:0;--awb-spacing-right-small:1.92%;--awb-spacing-left-small:1.92%;\" data-scroll-devices=\"small-visibility,medium-visibility,large-visibility\"><div class=\"fusion-column-wrapper fusion-column-has-shadow fusion-flex-justify-content-flex-start fusion-content-layout-column\"><div class=\"fusion-title title fusion-title-19 fusion-sep-none fusion-title-text fusion-title-size-three\" style=\"--awb-text-color:var(--awb-color5);--awb-margin-top:20px;--awb-margin-right:20px;--awb-margin-bottom:20px;--awb-margin-left:20px;--awb-margin-top-small:20px;--awb-margin-right-small:20px;--awb-margin-bottom-small:20px;--awb-margin-left-small:20px;--awb-font-size:17px;\"><h3 class=\"fusion-title-heading title-heading-left fusion-responsive-typography-calculated\" style=\"margin:0;font-size:1em;--fontSize:17;--minFontSize:17;line-height:1.5;\">19 h \u00b7 Caf\u00e8 del Teatre de l\u2019Escorxador<\/h3><\/div><\/div><\/div><div class=\"fusion-layout-column fusion_builder_column_inner fusion-builder-nested-column-10 fusion_builder_column_inner_1_1 1_1 fusion-flex-column\" style=\"--awb-bg-color:var(--awb-custom10);--awb-bg-color-hover:var(--awb-custom10);--awb-bg-size:cover;--awb-width-large:100%;--awb-margin-top-large:0px;--awb-spacing-right-large:1.92%;--awb-margin-bottom-large:0px;--awb-spacing-left-large:1.92%;--awb-width-medium:100%;--awb-order-medium:0;--awb-spacing-right-medium:1.92%;--awb-spacing-left-medium:1.92%;--awb-width-small:100%;--awb-order-small:0;--awb-spacing-right-small:1.92%;--awb-spacing-left-small:1.92%;\" data-scroll-devices=\"small-visibility,medium-visibility,large-visibility\"><div class=\"fusion-column-wrapper fusion-column-has-shadow fusion-flex-justify-content-flex-start fusion-content-layout-column\"><div class=\"fusion-title title fusion-title-20 fusion-sep-none fusion-title-text fusion-title-size-two\" style=\"--awb-text-color:var(--awb-custom12);--awb-margin-top:20px;--awb-margin-right:20px;--awb-margin-bottom:20px;--awb-margin-left:20px;--awb-margin-top-small:20px;--awb-margin-right-small:20px;--awb-margin-bottom-small:20px;--awb-margin-left-small:20px;--awb-font-size:22px;\"><h2 class=\"fusion-title-heading title-heading-left fusion-responsive-typography-calculated\" style=\"margin:0;font-size:1em;--fontSize:22;--minFontSize:22;line-height:1;\">DUES VEUS PER UNA TERRA<\/h2><\/div><div class=\"fusion-title title fusion-title-21 fusion-sep-none fusion-title-text fusion-title-size-two\" style=\"--awb-text-color:var(--awb-color1);--awb-margin-right:20px;--awb-margin-bottom:20px;--awb-margin-left:20px;--awb-margin-top-small:0px;--awb-margin-right-small:20px;--awb-margin-bottom-small:20px;--awb-margin-left-small:20px;--awb-font-size:var(--awb-typography5-font-size);\"><h2 class=\"fusion-title-heading title-heading-left fusion-responsive-typography-calculated\" style=\"font-family:var(--awb-typography5-font-family);font-weight:var(--awb-typography5-font-weight);font-style:var(--awb-typography5-font-style);margin:0;letter-spacing:var(--awb-typography5-letter-spacing);text-transform:var(--awb-typography5-text-transform);font-size:1em;--fontSize:18;--minFontSize:18;line-height:var(--awb-typography5-line-height);\">Jordi P\u00e0mias i Jordi Prenafeta a escena<\/h2><\/div><\/div><\/div><\/div><div class=\"fusion-builder-row fusion-builder-row-inner fusion-row fusion-flex-align-items-flex-start fusion-flex-content-wrap\" style=\"--awb-flex-grow:0;--awb-flex-grow-medium:0;--awb-flex-grow-small:0;--awb-flex-shrink:0;--awb-flex-shrink-medium:0;--awb-flex-shrink-small:0;width:104% !important;max-width:104% !important;margin-left: calc(-4% \/ 2 );margin-right: calc(-4% \/ 2 );\"><div class=\"fusion-layout-column fusion_builder_column_inner fusion-builder-nested-column-11 fusion_builder_column_inner_1_1 1_1 fusion-flex-column\" style=\"--awb-bg-color:var(--awb-color7);--awb-bg-color-hover:var(--awb-color7);--awb-bg-size:cover;--awb-border-color:#e6e5df;--awb-border-top:14px;--awb-border-style:solid;--awb-width-large:100%;--awb-margin-top-large:0px;--awb-spacing-right-large:1.92%;--awb-margin-bottom-large:0px;--awb-spacing-left-large:1.92%;--awb-width-medium:100%;--awb-order-medium:0;--awb-spacing-right-medium:1.92%;--awb-spacing-left-medium:1.92%;--awb-width-small:100%;--awb-order-small:0;--awb-spacing-right-small:1.92%;--awb-spacing-left-small:1.92%;\" data-scroll-devices=\"small-visibility,medium-visibility,large-visibility\"><div class=\"fusion-column-wrapper fusion-column-has-shadow fusion-flex-justify-content-flex-start fusion-content-layout-column\"><div class=\"fusion-title title fusion-title-22 fusion-sep-none fusion-title-text fusion-title-size-three\" style=\"--awb-text-color:var(--awb-color5);--awb-margin-top:20px;--awb-margin-right:20px;--awb-margin-bottom:20px;--awb-margin-left:20px;--awb-margin-top-small:20px;--awb-margin-right-small:20px;--awb-margin-bottom-small:20px;--awb-margin-left-small:20px;--awb-font-size:17px;\"><h3 class=\"fusion-title-heading title-heading-left fusion-responsive-typography-calculated\" style=\"margin:0;font-size:1em;--fontSize:17;--minFontSize:17;line-height:1.5;\">20 h \u00b7 Caf\u00e8 del Teatre de l\u2019Escorxador<\/h3><\/div><\/div><\/div><div class=\"fusion-layout-column fusion_builder_column_inner fusion-builder-nested-column-12 fusion_builder_column_inner_1_1 1_1 fusion-flex-column\" style=\"--awb-bg-color:var(--awb-custom10);--awb-bg-color-hover:var(--awb-custom10);--awb-bg-size:cover;--awb-width-large:100%;--awb-margin-top-large:0px;--awb-spacing-right-large:1.92%;--awb-margin-bottom-large:0px;--awb-spacing-left-large:1.92%;--awb-width-medium:100%;--awb-order-medium:0;--awb-spacing-right-medium:1.92%;--awb-spacing-left-medium:1.92%;--awb-width-small:100%;--awb-order-small:0;--awb-spacing-right-small:1.92%;--awb-spacing-left-small:1.92%;\" data-scroll-devices=\"small-visibility,medium-visibility,large-visibility\"><div class=\"fusion-column-wrapper fusion-column-has-shadow fusion-flex-justify-content-flex-start fusion-content-layout-column\"><div class=\"fusion-title title fusion-title-23 fusion-sep-none fusion-title-text fusion-title-size-two\" style=\"--awb-text-color:var(--awb-custom12);--awb-margin-top:20px;--awb-margin-right:20px;--awb-margin-bottom:20px;--awb-margin-left:20px;--awb-margin-top-small:20px;--awb-margin-right-small:20px;--awb-margin-bottom-small:20px;--awb-margin-left-small:20px;--awb-font-size:22px;\"><h2 class=\"fusion-title-heading title-heading-left fusion-responsive-typography-calculated\" style=\"margin:0;font-size:1em;--fontSize:22;--minFontSize:22;line-height:1;\">AMANTS COM NOSALTRES<\/h2><\/div><div class=\"fusion-title title fusion-title-24 fusion-sep-none fusion-title-text fusion-title-size-two\" style=\"--awb-text-color:var(--awb-color1);--awb-margin-right:20px;--awb-margin-bottom:20px;--awb-margin-left:20px;--awb-margin-top-small:0px;--awb-margin-right-small:20px;--awb-margin-bottom-small:20px;--awb-margin-left-small:20px;--awb-font-size:var(--awb-typography5-font-size);\"><h2 class=\"fusion-title-heading title-heading-left fusion-responsive-typography-calculated\" style=\"font-family:var(--awb-typography5-font-family);font-weight:var(--awb-typography5-font-weight);font-style:var(--awb-typography5-font-style);margin:0;letter-spacing:var(--awb-typography5-letter-spacing);text-transform:var(--awb-typography5-text-transform);font-size:1em;--fontSize:18;--minFontSize:18;line-height:var(--awb-typography5-line-height);\">Centenari Vicent Andr\u00e9s Estell\u00e9s<\/h2><\/div><\/div><\/div><\/div><div class=\"fusion-title title fusion-title-25 fusion-sep-none fusion-title-text fusion-title-size-one\" style=\"--awb-text-color:var(--awb-color1);--awb-margin-top:20px;--awb-margin-right:20px;--awb-margin-bottom:20px;--awb-margin-left:20px;--awb-margin-top-small:20px;--awb-margin-right-small:20px;--awb-margin-bottom-small:20px;--awb-margin-left-small:20px;--awb-font-size:16px;\"><h1 class=\"fusion-title-heading title-heading-left fusion-responsive-typography-calculated\" style=\"margin:0;font-size:1em;--fontSize:16;--minFontSize:16;line-height:1;\"><a href=\"https:\/\/poesialleida.paeria.cat\/index.php\/dimecres-20\/\">&gt; Veure programa<\/a><\/h1><\/div><\/div><\/div><div class=\"fusion-layout-column fusion_builder_column fusion-builder-column-4 fusion-flex-column\" style=\"--awb-padding-top:20px;--awb-bg-color:var(--awb-color8);--awb-bg-color-hover:var(--awb-color8);--awb-bg-size:cover;--awb-border-color:#e6e5df;--awb-border-top:60px;--awb-border-style:solid;--awb-width-large:14%;--awb-margin-top-large:0px;--awb-spacing-right-large:5px;--awb-margin-bottom-large:0px;--awb-spacing-left-large:5px;--awb-width-medium:100%;--awb-order-medium:0;--awb-spacing-right-medium:1.92%;--awb-spacing-left-medium:1.92%;--awb-width-small:100%;--awb-order-small:0;--awb-spacing-right-small:1.92%;--awb-spacing-left-small:1.92%;\" data-scroll-devices=\"small-visibility,medium-visibility,large-visibility\"><div class=\"fusion-column-wrapper fusion-column-has-shadow fusion-flex-justify-content-flex-start fusion-content-layout-column\"><div class=\"fusion-title title fusion-title-26 fusion-sep-none fusion-title-text fusion-title-size-one\" style=\"--awb-text-color:var(--awb-custom12);--awb-margin-top:20px;--awb-margin-right:20px;--awb-margin-bottom:20px;--awb-margin-left:20px;--awb-margin-top-small:20px;--awb-margin-right-small:20px;--awb-margin-bottom-small:20px;--awb-margin-left-small:20px;--awb-font-size:22px;\"><h1 class=\"fusion-title-heading title-heading-left fusion-responsive-typography-calculated\" style=\"margin:0;font-size:1em;--fontSize:22;--minFontSize:22;line-height:1;\">Dijous 21<\/h1><\/div><div class=\"fusion-builder-row fusion-builder-row-inner fusion-row fusion-flex-align-items-flex-start fusion-flex-content-wrap\" style=\"--awb-flex-grow:0;--awb-flex-grow-medium:0;--awb-flex-grow-small:0;--awb-flex-shrink:0;--awb-flex-shrink-medium:0;--awb-flex-shrink-small:0;width:104% !important;max-width:104% !important;margin-left: calc(-4% \/ 2 );margin-right: calc(-4% \/ 2 );\"><div class=\"fusion-layout-column fusion_builder_column_inner fusion-builder-nested-column-13 fusion_builder_column_inner_1_1 1_1 fusion-flex-column\" style=\"--awb-bg-color:var(--awb-color7);--awb-bg-color-hover:var(--awb-color7);--awb-bg-size:cover;--awb-width-large:100%;--awb-margin-top-large:0px;--awb-spacing-right-large:1.92%;--awb-margin-bottom-large:0px;--awb-spacing-left-large:1.92%;--awb-width-medium:100%;--awb-order-medium:0;--awb-spacing-right-medium:1.92%;--awb-spacing-left-medium:1.92%;--awb-width-small:100%;--awb-order-small:0;--awb-spacing-right-small:1.92%;--awb-spacing-left-small:1.92%;\" data-scroll-devices=\"small-visibility,medium-visibility,large-visibility\"><div class=\"fusion-column-wrapper fusion-column-has-shadow fusion-flex-justify-content-flex-start fusion-content-layout-column\"><div class=\"fusion-title title fusion-title-27 fusion-sep-none fusion-title-text fusion-title-size-three\" style=\"--awb-text-color:var(--awb-color5);--awb-margin-top:20px;--awb-margin-right:20px;--awb-margin-bottom:20px;--awb-margin-left:20px;--awb-margin-top-small:20px;--awb-margin-right-small:20px;--awb-margin-bottom-small:20px;--awb-margin-left-small:20px;--awb-font-size:17px;\"><h3 class=\"fusion-title-heading title-heading-left fusion-responsive-typography-calculated\" style=\"margin:0;font-size:1em;--fontSize:17;--minFontSize:17;line-height:1.5;\">11 h \u00b7 Mercat del Camp d&#8217;Esports<\/h3><\/div><\/div><\/div><div class=\"fusion-layout-column fusion_builder_column_inner fusion-builder-nested-column-14 fusion_builder_column_inner_1_1 1_1 fusion-flex-column\" style=\"--awb-bg-color:var(--awb-custom10);--awb-bg-color-hover:var(--awb-custom10);--awb-bg-size:cover;--awb-width-large:100%;--awb-margin-top-large:0px;--awb-spacing-right-large:1.92%;--awb-margin-bottom-large:0px;--awb-spacing-left-large:1.92%;--awb-width-medium:100%;--awb-order-medium:0;--awb-spacing-right-medium:1.92%;--awb-spacing-left-medium:1.92%;--awb-width-small:100%;--awb-order-small:0;--awb-spacing-right-small:1.92%;--awb-spacing-left-small:1.92%;\" data-scroll-devices=\"small-visibility,medium-visibility,large-visibility\"><div class=\"fusion-column-wrapper fusion-column-has-shadow fusion-flex-justify-content-flex-start fusion-content-layout-column\"><div class=\"fusion-title title fusion-title-28 fusion-sep-none fusion-title-text fusion-title-size-two\" style=\"--awb-text-color:var(--awb-custom12);--awb-margin-top:20px;--awb-margin-right:20px;--awb-margin-bottom:20px;--awb-margin-left:20px;--awb-margin-top-small:20px;--awb-margin-right-small:20px;--awb-margin-bottom-small:20px;--awb-margin-left-small:20px;--awb-font-size:22px;\"><h2 class=\"fusion-title-heading title-heading-left fusion-responsive-typography-calculated\" style=\"margin:0;font-size:1em;--fontSize:22;--minFontSize:22;line-height:1;\">POESIA AL MERCAT<\/h2><\/div><div class=\"fusion-title title fusion-title-29 fusion-sep-none fusion-title-text fusion-title-size-two\" style=\"--awb-text-color:var(--awb-color1);--awb-margin-right:20px;--awb-margin-bottom:20px;--awb-margin-left:20px;--awb-margin-top-small:0px;--awb-margin-right-small:20px;--awb-margin-bottom-small:20px;--awb-margin-left-small:20px;--awb-font-size:var(--awb-typography5-font-size);\"><h2 class=\"fusion-title-heading title-heading-left fusion-responsive-typography-calculated\" style=\"font-family:var(--awb-typography5-font-family);font-weight:var(--awb-typography5-font-weight);font-style:var(--awb-typography5-font-style);margin:0;letter-spacing:var(--awb-typography5-letter-spacing);text-transform:var(--awb-typography5-text-transform);font-size:1em;--fontSize:18;--minFontSize:18;line-height:var(--awb-typography5-line-height);\">Acci\u00f3 po\u00e8tica al carrer<\/h2><\/div><\/div><\/div><\/div><div class=\"fusion-builder-row fusion-builder-row-inner fusion-row fusion-flex-align-items-flex-start fusion-flex-content-wrap\" style=\"--awb-flex-grow:0;--awb-flex-grow-medium:0;--awb-flex-grow-small:0;--awb-flex-shrink:0;--awb-flex-shrink-medium:0;--awb-flex-shrink-small:0;width:104% !important;max-width:104% !important;margin-left: calc(-4% \/ 2 );margin-right: calc(-4% \/ 2 );\"><div class=\"fusion-layout-column fusion_builder_column_inner fusion-builder-nested-column-15 fusion_builder_column_inner_1_1 1_1 fusion-flex-column\" style=\"--awb-bg-color:var(--awb-color7);--awb-bg-color-hover:var(--awb-color7);--awb-bg-size:cover;--awb-border-color:#e6e5df;--awb-border-top:14px;--awb-border-style:solid;--awb-width-large:100%;--awb-margin-top-large:0px;--awb-spacing-right-large:1.92%;--awb-margin-bottom-large:0px;--awb-spacing-left-large:1.92%;--awb-width-medium:100%;--awb-order-medium:0;--awb-spacing-right-medium:1.92%;--awb-spacing-left-medium:1.92%;--awb-width-small:100%;--awb-order-small:0;--awb-spacing-right-small:1.92%;--awb-spacing-left-small:1.92%;\" data-scroll-devices=\"small-visibility,medium-visibility,large-visibility\"><div class=\"fusion-column-wrapper fusion-column-has-shadow fusion-flex-justify-content-flex-start fusion-content-layout-column\"><div class=\"fusion-title title fusion-title-30 fusion-sep-none fusion-title-text fusion-title-size-three\" style=\"--awb-text-color:var(--awb-color5);--awb-margin-top:20px;--awb-margin-right:20px;--awb-margin-bottom:20px;--awb-margin-left:20px;--awb-margin-top-small:20px;--awb-margin-right-small:20px;--awb-margin-bottom-small:20px;--awb-margin-left-small:20px;--awb-font-size:17px;\"><h3 class=\"fusion-title-heading title-heading-left fusion-responsive-typography-calculated\" style=\"margin:0;font-size:1em;--fontSize:17;--minFontSize:17;line-height:1.5;\">18.30 h \u00b7 Pla\u00e7a l\u2019Escorxador<\/h3><\/div><\/div><\/div><div class=\"fusion-layout-column fusion_builder_column_inner fusion-builder-nested-column-16 fusion_builder_column_inner_1_1 1_1 fusion-flex-column\" style=\"--awb-bg-color:var(--awb-custom10);--awb-bg-color-hover:var(--awb-custom10);--awb-bg-size:cover;--awb-width-large:100%;--awb-margin-top-large:0px;--awb-spacing-right-large:1.92%;--awb-margin-bottom-large:0px;--awb-spacing-left-large:1.92%;--awb-width-medium:100%;--awb-order-medium:0;--awb-spacing-right-medium:1.92%;--awb-spacing-left-medium:1.92%;--awb-width-small:100%;--awb-order-small:0;--awb-spacing-right-small:1.92%;--awb-spacing-left-small:1.92%;\" data-scroll-devices=\"small-visibility,medium-visibility,large-visibility\"><div class=\"fusion-column-wrapper fusion-column-has-shadow fusion-flex-justify-content-flex-start fusion-content-layout-column\"><div class=\"fusion-title title fusion-title-31 fusion-sep-none fusion-title-text fusion-title-size-two\" style=\"--awb-text-color:var(--awb-custom12);--awb-margin-top:20px;--awb-margin-right:20px;--awb-margin-bottom:20px;--awb-margin-left:20px;--awb-margin-top-small:20px;--awb-margin-right-small:20px;--awb-margin-bottom-small:20px;--awb-margin-left-small:20px;--awb-font-size:22px;\"><h2 class=\"fusion-title-heading title-heading-left fusion-responsive-typography-calculated\" style=\"margin:0;font-size:1em;--fontSize:22;--minFontSize:22;line-height:1;\">COMPTA AMB MI<\/h2><\/div><div class=\"fusion-title title fusion-title-32 fusion-sep-none fusion-title-text fusion-title-size-two\" style=\"--awb-text-color:var(--awb-color1);--awb-margin-right:20px;--awb-margin-bottom:20px;--awb-margin-left:20px;--awb-margin-top-small:0px;--awb-margin-right-small:20px;--awb-margin-bottom-small:20px;--awb-margin-left-small:20px;--awb-font-size:var(--awb-typography5-font-size);\"><h2 class=\"fusion-title-heading title-heading-left fusion-responsive-typography-calculated\" style=\"font-family:var(--awb-typography5-font-family);font-weight:var(--awb-typography5-font-weight);font-style:var(--awb-typography5-font-style);margin:0;letter-spacing:var(--awb-typography5-letter-spacing);text-transform:var(--awb-typography5-text-transform);font-size:1em;--fontSize:18;--minFontSize:18;line-height:var(--awb-typography5-line-height);\">Performance visual de recitaci\u00f3 po\u00e8tica<\/h2><\/div><\/div><\/div><\/div><div class=\"fusion-builder-row fusion-builder-row-inner fusion-row fusion-flex-align-items-flex-start fusion-flex-content-wrap\" style=\"--awb-flex-grow:0;--awb-flex-grow-medium:0;--awb-flex-grow-small:0;--awb-flex-shrink:0;--awb-flex-shrink-medium:0;--awb-flex-shrink-small:0;width:104% !important;max-width:104% !important;margin-left: calc(-4% \/ 2 );margin-right: calc(-4% \/ 2 );\"><div class=\"fusion-layout-column fusion_builder_column_inner fusion-builder-nested-column-17 fusion_builder_column_inner_1_1 1_1 fusion-flex-column\" style=\"--awb-bg-color:var(--awb-color7);--awb-bg-color-hover:var(--awb-color7);--awb-bg-size:cover;--awb-border-color:#e6e5df;--awb-border-top:14px;--awb-border-style:solid;--awb-width-large:100%;--awb-margin-top-large:0px;--awb-spacing-right-large:1.92%;--awb-margin-bottom-large:0px;--awb-spacing-left-large:1.92%;--awb-width-medium:100%;--awb-order-medium:0;--awb-spacing-right-medium:1.92%;--awb-spacing-left-medium:1.92%;--awb-width-small:100%;--awb-order-small:0;--awb-spacing-right-small:1.92%;--awb-spacing-left-small:1.92%;\" data-scroll-devices=\"small-visibility,medium-visibility,large-visibility\"><div class=\"fusion-column-wrapper fusion-column-has-shadow fusion-flex-justify-content-flex-start fusion-content-layout-column\"><div class=\"fusion-title title fusion-title-33 fusion-sep-none fusion-title-text fusion-title-size-three\" style=\"--awb-text-color:var(--awb-color5);--awb-margin-top:20px;--awb-margin-right:20px;--awb-margin-bottom:20px;--awb-margin-left:20px;--awb-margin-top-small:20px;--awb-margin-right-small:20px;--awb-margin-bottom-small:20px;--awb-margin-left-small:20px;--awb-font-size:17px;\"><h3 class=\"fusion-title-heading title-heading-left fusion-responsive-typography-calculated\" style=\"margin:0;font-size:1em;--fontSize:17;--minFontSize:17;line-height:1.5;\">20 h \u00b7 Caf\u00e8 del Teatre de l\u2019Escorxador<\/h3><\/div><\/div><\/div><div class=\"fusion-layout-column fusion_builder_column_inner fusion-builder-nested-column-18 fusion_builder_column_inner_1_1 1_1 fusion-flex-column\" style=\"--awb-bg-color:var(--awb-custom10);--awb-bg-color-hover:var(--awb-custom10);--awb-bg-size:cover;--awb-width-large:100%;--awb-margin-top-large:0px;--awb-spacing-right-large:1.92%;--awb-margin-bottom-large:0px;--awb-spacing-left-large:1.92%;--awb-width-medium:100%;--awb-order-medium:0;--awb-spacing-right-medium:1.92%;--awb-spacing-left-medium:1.92%;--awb-width-small:100%;--awb-order-small:0;--awb-spacing-right-small:1.92%;--awb-spacing-left-small:1.92%;\" data-scroll-devices=\"small-visibility,medium-visibility,large-visibility\"><div class=\"fusion-column-wrapper fusion-column-has-shadow fusion-flex-justify-content-flex-start fusion-content-layout-column\"><div class=\"fusion-title title fusion-title-34 fusion-sep-none fusion-title-text fusion-title-size-two\" style=\"--awb-text-color:var(--awb-custom12);--awb-margin-top:20px;--awb-margin-right:20px;--awb-margin-bottom:20px;--awb-margin-left:20px;--awb-margin-top-small:20px;--awb-margin-right-small:20px;--awb-margin-bottom-small:20px;--awb-margin-left-small:20px;--awb-font-size:22px;\"><h2 class=\"fusion-title-heading title-heading-left fusion-responsive-typography-calculated\" style=\"margin:0;font-size:1em;--fontSize:22;--minFontSize:22;line-height:1;\">LA ROSA ALS LLAVIS<\/h2><\/div><div class=\"fusion-title title fusion-title-35 fusion-sep-none fusion-title-text fusion-title-size-two\" style=\"--awb-text-color:var(--awb-color1);--awb-margin-right:20px;--awb-margin-bottom:20px;--awb-margin-left:20px;--awb-margin-top-small:0px;--awb-margin-right-small:20px;--awb-margin-bottom-small:20px;--awb-margin-left-small:20px;--awb-font-size:var(--awb-typography5-font-size);\"><h2 class=\"fusion-title-heading title-heading-left fusion-responsive-typography-calculated\" style=\"font-family:var(--awb-typography5-font-family);font-weight:var(--awb-typography5-font-weight);font-style:var(--awb-typography5-font-style);margin:0;letter-spacing:var(--awb-typography5-letter-spacing);text-transform:var(--awb-typography5-text-transform);font-size:1em;--fontSize:18;--minFontSize:18;line-height:var(--awb-typography5-line-height);\">Centenari Joan Salvat-Papasseit<\/h2><\/div><\/div><\/div><\/div><div class=\"fusion-title title fusion-title-36 fusion-sep-none fusion-title-text fusion-title-size-one\" style=\"--awb-text-color:var(--awb-color1);--awb-margin-top:20px;--awb-margin-right:20px;--awb-margin-bottom:20px;--awb-margin-left:20px;--awb-margin-top-small:20px;--awb-margin-right-small:20px;--awb-margin-bottom-small:20px;--awb-margin-left-small:20px;--awb-font-size:16px;\"><h1 class=\"fusion-title-heading title-heading-left fusion-responsive-typography-calculated\" style=\"margin:0;font-size:1em;--fontSize:16;--minFontSize:16;line-height:1;\"><a href=\"https:\/\/poesialleida.paeria.cat\/index.php\/dijous-21\/\">&gt; Veure programa<\/a><\/h1><\/div><\/div><\/div><div class=\"fusion-layout-column fusion_builder_column fusion-builder-column-5 fusion-flex-column\" style=\"--awb-padding-top:20px;--awb-bg-color:var(--awb-color8);--awb-bg-color-hover:var(--awb-color8);--awb-bg-size:cover;--awb-border-color:#e6e5df;--awb-border-top:60px;--awb-border-style:solid;--awb-width-large:14%;--awb-margin-top-large:0px;--awb-spacing-right-large:5px;--awb-margin-bottom-large:0px;--awb-spacing-left-large:5px;--awb-width-medium:100%;--awb-order-medium:0;--awb-spacing-right-medium:1.92%;--awb-spacing-left-medium:1.92%;--awb-width-small:100%;--awb-order-small:0;--awb-spacing-right-small:1.92%;--awb-spacing-left-small:1.92%;\" data-scroll-devices=\"small-visibility,medium-visibility,large-visibility\"><div class=\"fusion-column-wrapper fusion-column-has-shadow fusion-flex-justify-content-flex-start fusion-content-layout-column\"><div class=\"fusion-title title fusion-title-37 fusion-sep-none fusion-title-text fusion-title-size-one\" style=\"--awb-text-color:var(--awb-custom12);--awb-margin-top:20px;--awb-margin-right:10px;--awb-margin-bottom:20px;--awb-margin-left:20px;--awb-margin-top-small:20px;--awb-margin-right-small:20px;--awb-margin-bottom-small:20px;--awb-margin-left-small:20px;--awb-font-size:22px;\"><h1 class=\"fusion-title-heading title-heading-left fusion-responsive-typography-calculated\" style=\"margin:0;font-size:1em;--fontSize:22;--minFontSize:22;line-height:1;\">Divendres 22<\/h1><\/div><div class=\"fusion-builder-row fusion-builder-row-inner fusion-row fusion-flex-align-items-flex-start fusion-flex-content-wrap\" style=\"--awb-flex-grow:0;--awb-flex-grow-medium:0;--awb-flex-grow-small:0;--awb-flex-shrink:0;--awb-flex-shrink-medium:0;--awb-flex-shrink-small:0;width:104% !important;max-width:104% !important;margin-left: calc(-4% \/ 2 );margin-right: calc(-4% \/ 2 );\"><div class=\"fusion-layout-column fusion_builder_column_inner fusion-builder-nested-column-19 fusion_builder_column_inner_1_1 1_1 fusion-flex-column\" style=\"--awb-bg-color:var(--awb-color7);--awb-bg-color-hover:var(--awb-color7);--awb-bg-size:cover;--awb-width-large:100%;--awb-margin-top-large:0px;--awb-spacing-right-large:1.92%;--awb-margin-bottom-large:0px;--awb-spacing-left-large:1.92%;--awb-width-medium:100%;--awb-order-medium:0;--awb-spacing-right-medium:1.92%;--awb-spacing-left-medium:1.92%;--awb-width-small:100%;--awb-order-small:0;--awb-spacing-right-small:1.92%;--awb-spacing-left-small:1.92%;\" data-scroll-devices=\"small-visibility,medium-visibility,large-visibility\"><div class=\"fusion-column-wrapper fusion-column-has-shadow fusion-flex-justify-content-flex-start fusion-content-layout-column\"><div class=\"fusion-title title fusion-title-38 fusion-sep-none fusion-title-text fusion-title-size-three\" style=\"--awb-text-color:var(--awb-color5);--awb-margin-top:20px;--awb-margin-right:20px;--awb-margin-bottom:20px;--awb-margin-left:20px;--awb-margin-top-small:20px;--awb-margin-right-small:20px;--awb-margin-bottom-small:20px;--awb-margin-left-small:20px;--awb-font-size:17px;\"><h3 class=\"fusion-title-heading title-heading-left fusion-responsive-typography-calculated\" style=\"margin:0;font-size:1em;--fontSize:17;--minFontSize:17;line-height:1.5;\">19 h \u00b7 La Panera<\/h3><\/div><\/div><\/div><div class=\"fusion-layout-column fusion_builder_column_inner fusion-builder-nested-column-20 fusion_builder_column_inner_1_1 1_1 fusion-flex-column\" style=\"--awb-bg-color:var(--awb-custom10);--awb-bg-color-hover:var(--awb-custom10);--awb-bg-size:cover;--awb-width-large:100%;--awb-margin-top-large:0px;--awb-spacing-right-large:1.92%;--awb-margin-bottom-large:0px;--awb-spacing-left-large:1.92%;--awb-width-medium:100%;--awb-order-medium:0;--awb-spacing-right-medium:1.92%;--awb-spacing-left-medium:1.92%;--awb-width-small:100%;--awb-order-small:0;--awb-spacing-right-small:1.92%;--awb-spacing-left-small:1.92%;\" data-scroll-devices=\"small-visibility,medium-visibility,large-visibility\"><div class=\"fusion-column-wrapper fusion-column-has-shadow fusion-flex-justify-content-flex-start fusion-content-layout-column\"><div class=\"fusion-title title fusion-title-39 fusion-sep-none fusion-title-text fusion-title-size-two\" style=\"--awb-text-color:var(--awb-custom12);--awb-margin-top:20px;--awb-margin-right:20px;--awb-margin-bottom:20px;--awb-margin-left:20px;--awb-margin-top-small:20px;--awb-margin-right-small:20px;--awb-margin-bottom-small:20px;--awb-margin-left-small:20px;--awb-font-size:22px;\"><h2 class=\"fusion-title-heading title-heading-left fusion-responsive-typography-calculated\" style=\"margin:0;font-size:1em;--fontSize:22;--minFontSize:22;line-height:1;\">HI HAVIA UNA VEGADA ESTER XARGAY<\/h2><\/div><div class=\"fusion-title title fusion-title-40 fusion-sep-none fusion-title-text fusion-title-size-two\" style=\"--awb-text-color:var(--awb-color1);--awb-margin-right:20px;--awb-margin-bottom:20px;--awb-margin-left:20px;--awb-margin-top-small:0px;--awb-margin-right-small:20px;--awb-margin-bottom-small:20px;--awb-margin-left-small:20px;--awb-font-size:var(--awb-typography5-font-size);\"><h2 class=\"fusion-title-heading title-heading-left fusion-responsive-typography-calculated\" style=\"font-family:var(--awb-typography5-font-family);font-weight:var(--awb-typography5-font-weight);font-style:var(--awb-typography5-font-style);margin:0;letter-spacing:var(--awb-typography5-letter-spacing);text-transform:var(--awb-typography5-text-transform);font-size:1em;--fontSize:18;--minFontSize:18;line-height:var(--awb-typography5-line-height);\">Celebraci\u00f3 d\u2019una manera de fer<\/h2><\/div><\/div><\/div><\/div><div class=\"fusion-title title fusion-title-41 fusion-sep-none fusion-title-text fusion-title-size-one\" style=\"--awb-text-color:var(--awb-color1);--awb-margin-top:20px;--awb-margin-right:20px;--awb-margin-bottom:20px;--awb-margin-left:20px;--awb-margin-top-small:20px;--awb-margin-right-small:20px;--awb-margin-bottom-small:20px;--awb-margin-left-small:20px;--awb-font-size:16px;\"><h1 class=\"fusion-title-heading title-heading-left fusion-responsive-typography-calculated\" style=\"margin:0;font-size:1em;--fontSize:16;--minFontSize:16;line-height:1;\"><a href=\"https:\/\/poesialleida.paeria.cat\/index.php\/divendres-22\/\">&gt; Veure programa<\/a><\/h1><\/div><\/div><\/div><div class=\"fusion-layout-column fusion_builder_column fusion-builder-column-6 fusion-flex-column\" style=\"--awb-padding-top:20px;--awb-bg-color:var(--awb-color8);--awb-bg-color-hover:var(--awb-color8);--awb-bg-size:cover;--awb-border-color:#e6e5df;--awb-border-top:60px;--awb-border-style:solid;--awb-width-large:14%;--awb-margin-top-large:0px;--awb-spacing-right-large:5px;--awb-margin-bottom-large:0px;--awb-spacing-left-large:5px;--awb-width-medium:100%;--awb-order-medium:0;--awb-spacing-right-medium:1.92%;--awb-spacing-left-medium:1.92%;--awb-width-small:100%;--awb-order-small:0;--awb-spacing-right-small:1.92%;--awb-spacing-left-small:1.92%;\" data-scroll-devices=\"small-visibility,medium-visibility,large-visibility\"><div class=\"fusion-column-wrapper fusion-column-has-shadow fusion-flex-justify-content-flex-start fusion-content-layout-column\"><div class=\"fusion-title title fusion-title-42 fusion-sep-none fusion-title-text fusion-title-size-one\" style=\"--awb-text-color:var(--awb-custom12);--awb-margin-top:20px;--awb-margin-right:10px;--awb-margin-bottom:20px;--awb-margin-left:20px;--awb-margin-top-small:20px;--awb-margin-right-small:20px;--awb-margin-bottom-small:20px;--awb-margin-left-small:20px;--awb-font-size:22px;\"><h1 class=\"fusion-title-heading title-heading-left fusion-responsive-typography-calculated\" style=\"margin:0;font-size:1em;--fontSize:22;--minFontSize:22;line-height:1;\">Dissabte 23<\/h1><\/div><div class=\"fusion-builder-row fusion-builder-row-inner fusion-row fusion-flex-align-items-flex-start fusion-flex-content-wrap\" style=\"--awb-flex-grow:0;--awb-flex-grow-medium:0;--awb-flex-grow-small:0;--awb-flex-shrink:0;--awb-flex-shrink-medium:0;--awb-flex-shrink-small:0;width:104% !important;max-width:104% !important;margin-left: calc(-4% \/ 2 );margin-right: calc(-4% \/ 2 );\"><div class=\"fusion-layout-column fusion_builder_column_inner fusion-builder-nested-column-21 fusion_builder_column_inner_1_1 1_1 fusion-flex-column\" style=\"--awb-bg-color:var(--awb-color7);--awb-bg-color-hover:var(--awb-color7);--awb-bg-size:cover;--awb-width-large:100%;--awb-margin-top-large:0px;--awb-spacing-right-large:1.92%;--awb-margin-bottom-large:0px;--awb-spacing-left-large:1.92%;--awb-width-medium:100%;--awb-order-medium:0;--awb-spacing-right-medium:1.92%;--awb-spacing-left-medium:1.92%;--awb-width-small:100%;--awb-order-small:0;--awb-spacing-right-small:1.92%;--awb-spacing-left-small:1.92%;\" data-scroll-devices=\"small-visibility,medium-visibility,large-visibility\"><div class=\"fusion-column-wrapper fusion-column-has-shadow fusion-flex-justify-content-flex-start fusion-content-layout-column\"><div class=\"fusion-title title fusion-title-43 fusion-sep-none fusion-title-text fusion-title-size-three\" style=\"--awb-text-color:var(--awb-color5);--awb-margin-top:20px;--awb-margin-right:20px;--awb-margin-bottom:20px;--awb-margin-left:20px;--awb-margin-top-small:20px;--awb-margin-right-small:20px;--awb-margin-bottom-small:20px;--awb-margin-left-small:20px;--awb-font-size:17px;\"><h3 class=\"fusion-title-heading title-heading-left fusion-responsive-typography-calculated\" style=\"margin:0;font-size:1em;--fontSize:17;--minFontSize:17;line-height:1.5;\">11 h \u00b7 Mercat de Pardinyes<\/h3><\/div><\/div><\/div><div class=\"fusion-layout-column fusion_builder_column_inner fusion-builder-nested-column-22 fusion_builder_column_inner_1_1 1_1 fusion-flex-column\" style=\"--awb-bg-color:var(--awb-custom10);--awb-bg-color-hover:var(--awb-custom10);--awb-bg-size:cover;--awb-width-large:100%;--awb-margin-top-large:0px;--awb-spacing-right-large:1.92%;--awb-margin-bottom-large:0px;--awb-spacing-left-large:1.92%;--awb-width-medium:100%;--awb-order-medium:0;--awb-spacing-right-medium:1.92%;--awb-spacing-left-medium:1.92%;--awb-width-small:100%;--awb-order-small:0;--awb-spacing-right-small:1.92%;--awb-spacing-left-small:1.92%;\" data-scroll-devices=\"small-visibility,medium-visibility,large-visibility\"><div class=\"fusion-column-wrapper fusion-column-has-shadow fusion-flex-justify-content-flex-start fusion-content-layout-column\"><div class=\"fusion-title title fusion-title-44 fusion-sep-none fusion-title-text fusion-title-size-two\" style=\"--awb-text-color:var(--awb-custom12);--awb-margin-top:20px;--awb-margin-right:20px;--awb-margin-bottom:20px;--awb-margin-left:20px;--awb-margin-top-small:20px;--awb-margin-right-small:20px;--awb-margin-bottom-small:20px;--awb-margin-left-small:20px;--awb-font-size:22px;\"><h2 class=\"fusion-title-heading title-heading-left fusion-responsive-typography-calculated\" style=\"margin:0;font-size:1em;--fontSize:22;--minFontSize:22;line-height:1;\">POESIA AL MERCAT<\/h2><\/div><div class=\"fusion-title title fusion-title-45 fusion-sep-none fusion-title-text fusion-title-size-two\" style=\"--awb-text-color:var(--awb-color1);--awb-margin-right:20px;--awb-margin-bottom:20px;--awb-margin-left:20px;--awb-margin-top-small:0px;--awb-margin-right-small:20px;--awb-margin-bottom-small:20px;--awb-margin-left-small:20px;--awb-font-size:var(--awb-typography5-font-size);\"><h2 class=\"fusion-title-heading title-heading-left fusion-responsive-typography-calculated\" style=\"font-family:var(--awb-typography5-font-family);font-weight:var(--awb-typography5-font-weight);font-style:var(--awb-typography5-font-style);margin:0;letter-spacing:var(--awb-typography5-letter-spacing);text-transform:var(--awb-typography5-text-transform);font-size:1em;--fontSize:18;--minFontSize:18;line-height:var(--awb-typography5-line-height);\">Acci\u00f3 po\u00e8tica al carrer<\/h2><\/div><\/div><\/div><\/div><div class=\"fusion-builder-row fusion-builder-row-inner fusion-row fusion-flex-align-items-flex-start fusion-flex-content-wrap\" style=\"--awb-flex-grow:0;--awb-flex-grow-medium:0;--awb-flex-grow-small:0;--awb-flex-shrink:0;--awb-flex-shrink-medium:0;--awb-flex-shrink-small:0;width:104% !important;max-width:104% !important;margin-left: calc(-4% \/ 2 );margin-right: calc(-4% \/ 2 );\"><div class=\"fusion-layout-column fusion_builder_column_inner fusion-builder-nested-column-23 fusion_builder_column_inner_1_1 1_1 fusion-flex-column\" style=\"--awb-bg-color:var(--awb-color7);--awb-bg-color-hover:var(--awb-color7);--awb-bg-size:cover;--awb-border-color:#e6e5df;--awb-border-top:14px;--awb-border-style:solid;--awb-width-large:100%;--awb-margin-top-large:0px;--awb-spacing-right-large:1.92%;--awb-margin-bottom-large:0px;--awb-spacing-left-large:1.92%;--awb-width-medium:100%;--awb-order-medium:0;--awb-spacing-right-medium:1.92%;--awb-spacing-left-medium:1.92%;--awb-width-small:100%;--awb-order-small:0;--awb-spacing-right-small:1.92%;--awb-spacing-left-small:1.92%;\" data-scroll-devices=\"small-visibility,medium-visibility,large-visibility\"><div class=\"fusion-column-wrapper fusion-column-has-shadow fusion-flex-justify-content-flex-start fusion-content-layout-column\"><div class=\"fusion-title title fusion-title-46 fusion-sep-none fusion-title-text fusion-title-size-three\" style=\"--awb-text-color:var(--awb-color5);--awb-margin-top:20px;--awb-margin-right:20px;--awb-margin-bottom:20px;--awb-margin-left:20px;--awb-margin-top-small:20px;--awb-margin-right-small:20px;--awb-margin-bottom-small:20px;--awb-margin-left-small:20px;--awb-font-size:17px;\"><h3 class=\"fusion-title-heading title-heading-left fusion-responsive-typography-calculated\" style=\"margin:0;font-size:1em;--fontSize:17;--minFontSize:17;line-height:1.5;\">12 h \u00b7 Carrer Alcalde Costa<\/h3><\/div><\/div><\/div><div class=\"fusion-layout-column fusion_builder_column_inner fusion-builder-nested-column-24 fusion_builder_column_inner_1_1 1_1 fusion-flex-column\" style=\"--awb-bg-color:var(--awb-custom10);--awb-bg-color-hover:var(--awb-custom10);--awb-bg-size:cover;--awb-width-large:100%;--awb-margin-top-large:0px;--awb-spacing-right-large:1.92%;--awb-margin-bottom-large:0px;--awb-spacing-left-large:1.92%;--awb-width-medium:100%;--awb-order-medium:0;--awb-spacing-right-medium:1.92%;--awb-spacing-left-medium:1.92%;--awb-width-small:100%;--awb-order-small:0;--awb-spacing-right-small:1.92%;--awb-spacing-left-small:1.92%;\" data-scroll-devices=\"small-visibility,medium-visibility,large-visibility\"><div class=\"fusion-column-wrapper fusion-column-has-shadow fusion-flex-justify-content-flex-start fusion-content-layout-column\"><div class=\"fusion-title title fusion-title-47 fusion-sep-none fusion-title-text fusion-title-size-two\" style=\"--awb-text-color:var(--awb-custom12);--awb-margin-top:20px;--awb-margin-right:20px;--awb-margin-bottom:20px;--awb-margin-left:20px;--awb-margin-top-small:20px;--awb-margin-right-small:20px;--awb-margin-bottom-small:20px;--awb-margin-left-small:20px;--awb-font-size:22px;\"><h2 class=\"fusion-title-heading title-heading-left fusion-responsive-typography-calculated\" style=\"margin:0;font-size:1em;--fontSize:22;--minFontSize:22;line-height:1;\">PASSEIG POE\u0300TIC<\/h2><\/div><div class=\"fusion-title title fusion-title-48 fusion-sep-none fusion-title-text fusion-title-size-two\" style=\"--awb-text-color:var(--awb-color1);--awb-margin-right:20px;--awb-margin-bottom:20px;--awb-margin-left:20px;--awb-margin-top-small:0px;--awb-margin-right-small:20px;--awb-margin-bottom-small:20px;--awb-margin-left-small:20px;--awb-font-size:var(--awb-typography5-font-size);\"><h2 class=\"fusion-title-heading title-heading-left fusion-responsive-typography-calculated\" style=\"font-family:var(--awb-typography5-font-family);font-weight:var(--awb-typography5-font-weight);font-style:var(--awb-typography5-font-style);margin:0;letter-spacing:var(--awb-typography5-letter-spacing);text-transform:var(--awb-typography5-text-transform);font-size:1em;--fontSize:18;--minFontSize:18;line-height:var(--awb-typography5-line-height);\">La poesia a peu de carrer<\/h2><\/div><\/div><\/div><\/div><div class=\"fusion-builder-row fusion-builder-row-inner fusion-row fusion-flex-align-items-flex-start fusion-flex-content-wrap\" style=\"--awb-flex-grow:0;--awb-flex-grow-medium:0;--awb-flex-grow-small:0;--awb-flex-shrink:0;--awb-flex-shrink-medium:0;--awb-flex-shrink-small:0;width:104% !important;max-width:104% !important;margin-left: calc(-4% \/ 2 );margin-right: calc(-4% \/ 2 );\"><div class=\"fusion-layout-column fusion_builder_column_inner fusion-builder-nested-column-25 fusion_builder_column_inner_1_1 1_1 fusion-flex-column\" style=\"--awb-bg-color:var(--awb-color7);--awb-bg-color-hover:var(--awb-color7);--awb-bg-size:cover;--awb-border-color:#e6e5df;--awb-border-top:14px;--awb-border-style:solid;--awb-width-large:100%;--awb-margin-top-large:0px;--awb-spacing-right-large:1.92%;--awb-margin-bottom-large:0px;--awb-spacing-left-large:1.92%;--awb-width-medium:100%;--awb-order-medium:0;--awb-spacing-right-medium:1.92%;--awb-spacing-left-medium:1.92%;--awb-width-small:100%;--awb-order-small:0;--awb-spacing-right-small:1.92%;--awb-spacing-left-small:1.92%;\" data-scroll-devices=\"small-visibility,medium-visibility,large-visibility\"><div class=\"fusion-column-wrapper fusion-column-has-shadow fusion-flex-justify-content-flex-start fusion-content-layout-column\"><div class=\"fusion-title title fusion-title-49 fusion-sep-none fusion-title-text fusion-title-size-three\" style=\"--awb-text-color:var(--awb-color5);--awb-margin-top:20px;--awb-margin-right:20px;--awb-margin-bottom:20px;--awb-margin-left:20px;--awb-margin-top-small:20px;--awb-margin-right-small:20px;--awb-margin-bottom-small:20px;--awb-margin-left-small:20px;--awb-font-size:17px;\"><h3 class=\"fusion-title-heading title-heading-left fusion-responsive-typography-calculated\" style=\"margin:0;font-size:1em;--fontSize:17;--minFontSize:17;line-height:1.5;\">13 h \u00b7 Carrer Alcalde Costa, 20<\/h3><\/div><\/div><\/div><div class=\"fusion-layout-column fusion_builder_column_inner fusion-builder-nested-column-26 fusion_builder_column_inner_1_1 1_1 fusion-flex-column\" style=\"--awb-bg-color:var(--awb-custom10);--awb-bg-color-hover:var(--awb-custom10);--awb-bg-size:cover;--awb-width-large:100%;--awb-margin-top-large:0px;--awb-spacing-right-large:1.92%;--awb-margin-bottom-large:0px;--awb-spacing-left-large:1.92%;--awb-width-medium:100%;--awb-order-medium:0;--awb-spacing-right-medium:1.92%;--awb-spacing-left-medium:1.92%;--awb-width-small:100%;--awb-order-small:0;--awb-spacing-right-small:1.92%;--awb-spacing-left-small:1.92%;\" data-scroll-devices=\"small-visibility,medium-visibility,large-visibility\"><div class=\"fusion-column-wrapper fusion-column-has-shadow fusion-flex-justify-content-flex-start fusion-content-layout-column\"><div class=\"fusion-title title fusion-title-50 fusion-sep-none fusion-title-text fusion-title-size-two\" style=\"--awb-text-color:var(--awb-custom12);--awb-margin-top:20px;--awb-margin-right:20px;--awb-margin-bottom:20px;--awb-margin-left:20px;--awb-margin-top-small:20px;--awb-margin-right-small:20px;--awb-margin-bottom-small:20px;--awb-margin-left-small:20px;--awb-font-size:22px;\"><h2 class=\"fusion-title-heading title-heading-left fusion-responsive-typography-calculated\" style=\"margin:0;font-size:1em;--fontSize:22;--minFontSize:22;line-height:1;\">ACCI\u00d3 OFF COMER\u00c7 TANCAT<\/h2><\/div><div class=\"fusion-title title fusion-title-51 fusion-sep-none fusion-title-text fusion-title-size-two\" style=\"--awb-text-color:var(--awb-color1);--awb-margin-right:20px;--awb-margin-bottom:20px;--awb-margin-left:20px;--awb-margin-top-small:0px;--awb-margin-right-small:20px;--awb-margin-bottom-small:20px;--awb-margin-left-small:20px;--awb-font-size:var(--awb-typography5-font-size);\"><h2 class=\"fusion-title-heading title-heading-left fusion-responsive-typography-calculated\" style=\"font-family:var(--awb-typography5-font-family);font-weight:var(--awb-typography5-font-weight);font-style:var(--awb-typography5-font-style);margin:0;letter-spacing:var(--awb-typography5-letter-spacing);text-transform:var(--awb-typography5-text-transform);font-size:1em;--fontSize:18;--minFontSize:18;line-height:var(--awb-typography5-line-height);\">Intervenci\u00f3 po\u00e8tica clandestina<\/h2><\/div><\/div><\/div><\/div><div class=\"fusion-builder-row fusion-builder-row-inner fusion-row fusion-flex-align-items-flex-start fusion-flex-content-wrap\" style=\"--awb-flex-grow:0;--awb-flex-grow-medium:0;--awb-flex-grow-small:0;--awb-flex-shrink:0;--awb-flex-shrink-medium:0;--awb-flex-shrink-small:0;width:104% !important;max-width:104% !important;margin-left: calc(-4% \/ 2 );margin-right: calc(-4% \/ 2 );\"><div class=\"fusion-layout-column fusion_builder_column_inner fusion-builder-nested-column-27 fusion_builder_column_inner_1_1 1_1 fusion-flex-column\" style=\"--awb-bg-color:var(--awb-color7);--awb-bg-color-hover:var(--awb-color7);--awb-bg-size:cover;--awb-border-color:#e6e5df;--awb-border-top:14px;--awb-border-style:solid;--awb-width-large:100%;--awb-margin-top-large:0px;--awb-spacing-right-large:1.92%;--awb-margin-bottom-large:0px;--awb-spacing-left-large:1.92%;--awb-width-medium:100%;--awb-order-medium:0;--awb-spacing-right-medium:1.92%;--awb-spacing-left-medium:1.92%;--awb-width-small:100%;--awb-order-small:0;--awb-spacing-right-small:1.92%;--awb-spacing-left-small:1.92%;\" data-scroll-devices=\"small-visibility,medium-visibility,large-visibility\"><div class=\"fusion-column-wrapper fusion-column-has-shadow fusion-flex-justify-content-flex-start fusion-content-layout-column\"><div class=\"fusion-title title fusion-title-52 fusion-sep-none fusion-title-text fusion-title-size-three\" style=\"--awb-text-color:var(--awb-color5);--awb-margin-top:20px;--awb-margin-right:20px;--awb-margin-bottom:20px;--awb-margin-left:20px;--awb-margin-top-small:20px;--awb-margin-right-small:20px;--awb-margin-bottom-small:20px;--awb-margin-left-small:20px;--awb-font-size:17px;\"><h3 class=\"fusion-title-heading title-heading-left fusion-responsive-typography-calculated\" style=\"margin:0;font-size:1em;--fontSize:17;--minFontSize:17;line-height:1.5;\">17 h \u00b7 Oficina Turisme de Lleida<\/h3><\/div><\/div><\/div><div class=\"fusion-layout-column fusion_builder_column_inner fusion-builder-nested-column-28 fusion_builder_column_inner_1_1 1_1 fusion-flex-column\" style=\"--awb-bg-color:var(--awb-custom10);--awb-bg-color-hover:var(--awb-custom10);--awb-bg-size:cover;--awb-width-large:100%;--awb-margin-top-large:0px;--awb-spacing-right-large:1.92%;--awb-margin-bottom-large:0px;--awb-spacing-left-large:1.92%;--awb-width-medium:100%;--awb-order-medium:0;--awb-spacing-right-medium:1.92%;--awb-spacing-left-medium:1.92%;--awb-width-small:100%;--awb-order-small:0;--awb-spacing-right-small:1.92%;--awb-spacing-left-small:1.92%;\" data-scroll-devices=\"small-visibility,medium-visibility,large-visibility\"><div class=\"fusion-column-wrapper fusion-column-has-shadow fusion-flex-justify-content-flex-start fusion-content-layout-column\"><div class=\"fusion-title title fusion-title-53 fusion-sep-none fusion-title-text fusion-title-size-two\" style=\"--awb-text-color:var(--awb-custom12);--awb-margin-top:20px;--awb-margin-right:20px;--awb-margin-bottom:20px;--awb-margin-left:20px;--awb-margin-top-small:20px;--awb-margin-right-small:20px;--awb-margin-bottom-small:20px;--awb-margin-left-small:20px;--awb-font-size:22px;\"><h2 class=\"fusion-title-heading title-heading-left fusion-responsive-typography-calculated\" style=\"margin:0;font-size:1em;--fontSize:22;--minFontSize:22;line-height:1;\">M\u00c0RIUS TORRES, PASSEJADA LITER\u00c0RIA<\/h2><\/div><div class=\"fusion-title title fusion-title-54 fusion-sep-none fusion-title-text fusion-title-size-two\" style=\"--awb-text-color:var(--awb-color1);--awb-margin-right:20px;--awb-margin-bottom:20px;--awb-margin-left:20px;--awb-margin-top-small:0px;--awb-margin-right-small:20px;--awb-margin-bottom-small:20px;--awb-margin-left-small:20px;--awb-font-size:var(--awb-typography5-font-size);\"><h2 class=\"fusion-title-heading title-heading-left fusion-responsive-typography-calculated\" style=\"font-family:var(--awb-typography5-font-family);font-weight:var(--awb-typography5-font-weight);font-style:var(--awb-typography5-font-style);margin:0;letter-spacing:var(--awb-typography5-letter-spacing);text-transform:var(--awb-typography5-text-transform);font-size:1em;--fontSize:18;--minFontSize:18;line-height:var(--awb-typography5-line-height);\">Ruta po\u00e8tica<\/h2><\/div><\/div><\/div><\/div><div class=\"fusion-builder-row fusion-builder-row-inner fusion-row fusion-flex-align-items-flex-start fusion-flex-content-wrap\" style=\"--awb-flex-grow:0;--awb-flex-grow-medium:0;--awb-flex-grow-small:0;--awb-flex-shrink:0;--awb-flex-shrink-medium:0;--awb-flex-shrink-small:0;width:104% !important;max-width:104% !important;margin-left: calc(-4% \/ 2 );margin-right: calc(-4% \/ 2 );\"><div class=\"fusion-layout-column fusion_builder_column_inner fusion-builder-nested-column-29 fusion_builder_column_inner_1_1 1_1 fusion-flex-column\" style=\"--awb-bg-color:var(--awb-color7);--awb-bg-color-hover:var(--awb-color7);--awb-bg-size:cover;--awb-border-color:#e6e5df;--awb-border-top:14px;--awb-border-style:solid;--awb-width-large:100%;--awb-margin-top-large:0px;--awb-spacing-right-large:1.92%;--awb-margin-bottom-large:0px;--awb-spacing-left-large:1.92%;--awb-width-medium:100%;--awb-order-medium:0;--awb-spacing-right-medium:1.92%;--awb-spacing-left-medium:1.92%;--awb-width-small:100%;--awb-order-small:0;--awb-spacing-right-small:1.92%;--awb-spacing-left-small:1.92%;\" data-scroll-devices=\"small-visibility,medium-visibility,large-visibility\"><div class=\"fusion-column-wrapper fusion-column-has-shadow fusion-flex-justify-content-flex-start fusion-content-layout-column\"><div class=\"fusion-title title fusion-title-55 fusion-sep-none fusion-title-text fusion-title-size-three\" style=\"--awb-text-color:var(--awb-color5);--awb-margin-top:20px;--awb-margin-right:20px;--awb-margin-bottom:20px;--awb-margin-left:20px;--awb-margin-top-small:20px;--awb-margin-right-small:20px;--awb-margin-bottom-small:20px;--awb-margin-left-small:20px;--awb-font-size:17px;\"><h3 class=\"fusion-title-heading title-heading-left fusion-responsive-typography-calculated\" style=\"margin:0;font-size:1em;--fontSize:17;--minFontSize:17;line-height:1.5;\">19 h \u00b7 Llibreria La Irreductible<\/h3><\/div><\/div><\/div><div class=\"fusion-layout-column fusion_builder_column_inner fusion-builder-nested-column-30 fusion_builder_column_inner_1_1 1_1 fusion-flex-column\" style=\"--awb-bg-color:var(--awb-custom10);--awb-bg-color-hover:var(--awb-custom10);--awb-bg-size:cover;--awb-width-large:100%;--awb-margin-top-large:0px;--awb-spacing-right-large:1.92%;--awb-margin-bottom-large:0px;--awb-spacing-left-large:1.92%;--awb-width-medium:100%;--awb-order-medium:0;--awb-spacing-right-medium:1.92%;--awb-spacing-left-medium:1.92%;--awb-width-small:100%;--awb-order-small:0;--awb-spacing-right-small:1.92%;--awb-spacing-left-small:1.92%;\" data-scroll-devices=\"small-visibility,medium-visibility,large-visibility\"><div class=\"fusion-column-wrapper fusion-column-has-shadow fusion-flex-justify-content-flex-start fusion-content-layout-column\"><div class=\"fusion-title title fusion-title-56 fusion-sep-none fusion-title-text fusion-title-size-two\" style=\"--awb-text-color:var(--awb-custom12);--awb-margin-top:20px;--awb-margin-right:20px;--awb-margin-bottom:20px;--awb-margin-left:20px;--awb-margin-top-small:20px;--awb-margin-right-small:20px;--awb-margin-bottom-small:20px;--awb-margin-left-small:20px;--awb-font-size:22px;\"><h2 class=\"fusion-title-heading title-heading-left fusion-responsive-typography-calculated\" style=\"margin:0;font-size:1em;--fontSize:22;--minFontSize:22;line-height:1;\">FUEGO LA SED<\/h2><\/div><div class=\"fusion-title title fusion-title-57 fusion-sep-none fusion-title-text fusion-title-size-two\" style=\"--awb-text-color:var(--awb-color1);--awb-margin-right:20px;--awb-margin-bottom:20px;--awb-margin-left:20px;--awb-margin-top-small:0px;--awb-margin-right-small:20px;--awb-margin-bottom-small:20px;--awb-margin-left-small:20px;--awb-font-size:var(--awb-typography5-font-size);\"><h2 class=\"fusion-title-heading title-heading-left fusion-responsive-typography-calculated\" style=\"font-family:var(--awb-typography5-font-family);font-weight:var(--awb-typography5-font-weight);font-style:var(--awb-typography5-font-style);margin:0;letter-spacing:var(--awb-typography5-letter-spacing);text-transform:var(--awb-typography5-text-transform);font-size:1em;--fontSize:18;--minFontSize:18;line-height:var(--awb-typography5-line-height);\">Presentaci\u00f3 del nou poemari de Mar\u00eda S\u00e1nchez<\/h2><\/div><\/div><\/div><\/div><div class=\"fusion-title title fusion-title-58 fusion-sep-none fusion-title-text fusion-title-size-one\" style=\"--awb-text-color:var(--awb-color1);--awb-margin-top:20px;--awb-margin-right:20px;--awb-margin-bottom:20px;--awb-margin-left:20px;--awb-margin-top-small:20px;--awb-margin-right-small:20px;--awb-margin-bottom-small:20px;--awb-margin-left-small:20px;--awb-font-size:16px;\"><h1 class=\"fusion-title-heading title-heading-left fusion-responsive-typography-calculated\" style=\"margin:0;font-size:1em;--fontSize:16;--minFontSize:16;line-height:1;\"><a href=\"https:\/\/poesialleida.paeria.cat\/index.php\/dissabte-23\/\">&gt; Veure programa<\/a><\/h1><\/div><\/div><\/div><div class=\"fusion-layout-column fusion_builder_column fusion-builder-column-7 fusion-flex-column\" style=\"--awb-padding-top:20px;--awb-bg-color:var(--awb-color8);--awb-bg-color-hover:var(--awb-color8);--awb-bg-size:cover;--awb-border-color:#e6e5df;--awb-border-top:60px;--awb-border-style:solid;--awb-width-large:14%;--awb-margin-top-large:0px;--awb-spacing-right-large:5px;--awb-margin-bottom-large:0px;--awb-spacing-left-large:5px;--awb-width-medium:100%;--awb-order-medium:0;--awb-spacing-right-medium:1.92%;--awb-spacing-left-medium:1.92%;--awb-width-small:100%;--awb-order-small:0;--awb-spacing-right-small:1.92%;--awb-spacing-left-small:1.92%;\" data-scroll-devices=\"small-visibility,medium-visibility,large-visibility\"><div class=\"fusion-column-wrapper fusion-column-has-shadow fusion-flex-justify-content-flex-start fusion-content-layout-column\"><div class=\"fusion-title title fusion-title-59 fusion-sep-none fusion-title-text fusion-title-size-one\" style=\"--awb-text-color:var(--awb-custom12);--awb-margin-top:20px;--awb-margin-right:10px;--awb-margin-bottom:20px;--awb-margin-left:20px;--awb-margin-top-small:20px;--awb-margin-right-small:20px;--awb-margin-bottom-small:20px;--awb-margin-left-small:20px;--awb-font-size:22px;\"><h1 class=\"fusion-title-heading title-heading-left fusion-responsive-typography-calculated\" style=\"margin:0;font-size:1em;--fontSize:22;--minFontSize:22;line-height:1;\">Diumenge 24<\/h1><\/div><div class=\"fusion-builder-row fusion-builder-row-inner fusion-row fusion-flex-align-items-flex-start fusion-flex-content-wrap\" style=\"--awb-flex-grow:0;--awb-flex-grow-medium:0;--awb-flex-grow-small:0;--awb-flex-shrink:0;--awb-flex-shrink-medium:0;--awb-flex-shrink-small:0;width:104% !important;max-width:104% !important;margin-left: calc(-4% \/ 2 );margin-right: calc(-4% \/ 2 );\"><div class=\"fusion-layout-column fusion_builder_column_inner fusion-builder-nested-column-31 fusion_builder_column_inner_1_1 1_1 fusion-flex-column\" style=\"--awb-bg-color:var(--awb-color7);--awb-bg-color-hover:var(--awb-color7);--awb-bg-size:cover;--awb-width-large:100%;--awb-margin-top-large:0px;--awb-spacing-right-large:1.92%;--awb-margin-bottom-large:0px;--awb-spacing-left-large:1.92%;--awb-width-medium:100%;--awb-order-medium:0;--awb-spacing-right-medium:1.92%;--awb-spacing-left-medium:1.92%;--awb-width-small:100%;--awb-order-small:0;--awb-spacing-right-small:1.92%;--awb-spacing-left-small:1.92%;\" data-scroll-devices=\"small-visibility,medium-visibility,large-visibility\"><div class=\"fusion-column-wrapper fusion-column-has-shadow fusion-flex-justify-content-flex-start fusion-content-layout-column\"><div class=\"fusion-title title fusion-title-60 fusion-sep-none fusion-title-text fusion-title-size-three\" style=\"--awb-text-color:var(--awb-color5);--awb-margin-top:20px;--awb-margin-right:20px;--awb-margin-bottom:20px;--awb-margin-left:20px;--awb-margin-top-small:20px;--awb-margin-right-small:20px;--awb-margin-bottom-small:20px;--awb-margin-left-small:20px;--awb-font-size:17px;\"><h3 class=\"fusion-title-heading title-heading-left fusion-responsive-typography-calculated\" style=\"margin:0;font-size:1em;--fontSize:17;--minFontSize:17;line-height:1.5;\">12 h \u00b7 La Panera<\/h3><\/div><\/div><\/div><div class=\"fusion-layout-column fusion_builder_column_inner fusion-builder-nested-column-32 fusion_builder_column_inner_1_1 1_1 fusion-flex-column\" style=\"--awb-bg-color:var(--awb-custom10);--awb-bg-color-hover:var(--awb-custom10);--awb-bg-size:cover;--awb-width-large:100%;--awb-margin-top-large:0px;--awb-spacing-right-large:1.92%;--awb-margin-bottom-large:0px;--awb-spacing-left-large:1.92%;--awb-width-medium:100%;--awb-order-medium:0;--awb-spacing-right-medium:1.92%;--awb-spacing-left-medium:1.92%;--awb-width-small:100%;--awb-order-small:0;--awb-spacing-right-small:1.92%;--awb-spacing-left-small:1.92%;\" data-scroll-devices=\"small-visibility,medium-visibility,large-visibility\"><div class=\"fusion-column-wrapper fusion-column-has-shadow fusion-flex-justify-content-flex-start fusion-content-layout-column\"><div class=\"fusion-title title fusion-title-61 fusion-sep-none fusion-title-text fusion-title-size-two\" style=\"--awb-text-color:var(--awb-custom12);--awb-margin-top:20px;--awb-margin-right:20px;--awb-margin-bottom:20px;--awb-margin-left:20px;--awb-margin-top-small:20px;--awb-margin-right-small:20px;--awb-margin-bottom-small:20px;--awb-margin-left-small:20px;--awb-font-size:22px;\"><h2 class=\"fusion-title-heading title-heading-left fusion-responsive-typography-calculated\" style=\"margin:0;font-size:1em;--fontSize:22;--minFontSize:22;line-height:1;\">FONDA ENDINS, L\u2019ARREL<\/h2><\/div><div class=\"fusion-title title fusion-title-62 fusion-sep-none fusion-title-text fusion-title-size-two\" style=\"--awb-text-color:var(--awb-color1);--awb-margin-right:20px;--awb-margin-bottom:20px;--awb-margin-left:20px;--awb-margin-top-small:0px;--awb-margin-right-small:20px;--awb-margin-bottom-small:20px;--awb-margin-left-small:20px;--awb-font-size:var(--awb-typography5-font-size);\"><h2 class=\"fusion-title-heading title-heading-left fusion-responsive-typography-calculated\" style=\"font-family:var(--awb-typography5-font-family);font-weight:var(--awb-typography5-font-weight);font-style:var(--awb-typography5-font-style);margin:0;letter-spacing:var(--awb-typography5-letter-spacing);text-transform:var(--awb-typography5-text-transform);font-size:1em;--fontSize:18;--minFontSize:18;line-height:var(--awb-typography5-line-height);\">Poesia, art i natura<\/h2><\/div><\/div><\/div><\/div><div class=\"fusion-title title fusion-title-63 fusion-sep-none fusion-title-text fusion-title-size-one\" style=\"--awb-text-color:var(--awb-color1);--awb-margin-top:20px;--awb-margin-right:20px;--awb-margin-bottom:20px;--awb-margin-left:20px;--awb-margin-top-small:20px;--awb-margin-right-small:20px;--awb-margin-bottom-small:20px;--awb-margin-left-small:20px;--awb-font-size:16px;\"><h1 class=\"fusion-title-heading title-heading-left fusion-responsive-typography-calculated\" style=\"margin:0;font-size:1em;--fontSize:16;--minFontSize:16;line-height:1;\"><a href=\"https:\/\/poesialleida.paeria.cat\/index.php\/diumenge-24\/\">&gt; Veure programa<\/a><\/h1><\/div><\/div><\/div><\/div><\/div><div class=\"fusion-fullwidth fullwidth-box fusion-builder-row-3 hundred-percent-fullwidth non-hundred-percent-height-scrolling fusion-no-medium-visibility fusion-no-large-visibility\" style=\"--awb-border-radius-top-left:0px;--awb-border-radius-top-right:0px;--awb-border-radius-bottom-right:0px;--awb-border-radius-bottom-left:0px;--awb-padding-top:20px;--awb-padding-bottom:0px;--awb-background-color:#000000;--awb-flex-wrap:wrap;\" ><div class=\"fusion-builder-row fusion-row\"><div class=\"fusion-layout-column fusion_builder_column fusion-builder-column-8 fusion_builder_column_1_1 1_1 fusion-one-full fusion-column-first fusion-column-last\" style=\"--awb-bg-size:cover;\" data-scroll-devices=\"small-visibility,medium-visibility,large-visibility\"><div class=\"fusion-column-wrapper fusion-column-has-shadow fusion-flex-column-wrapper-legacy\"><div class=\"fusion-text fusion-text-1\"><h3 class=\"p1\" style=\"text-align: center;\"><span class=\"s1\" style=\"color: #c7ce9c;\">#poesialleida2024<\/span><\/h3>\n<\/div><div class=\"fusion-clearfix\"><\/div><\/div><\/div><\/div><\/div>\n<\/p>\n","protected":false},"excerpt":{"rendered":"","protected":false},"author":1,"featured_media":0,"parent":0,"menu_order":0,"comment_status":"closed","ping_status":"closed","template":"100-width.php","meta":{"footnotes":""},"class_list":["post-2142","page","type-page","status-publish","hentry"],"yoast_head":"<!-- This site is optimized with the Yoast SEO plugin v27.5 - https:\/\/yoast.com\/product\/yoast-seo-wordpress\/ -->\n<title>2024 Programa - Poesia Lleida<\/title>\n<meta name=\"robots\" content=\"index, follow, max-snippet:-1, max-image-preview:large, max-video-preview:-1\" \/>\n<link rel=\"canonical\" href=\"https:\/\/poesialleida.paeria.cat\/index.php\/programa-2024\/\" \/>\n<meta property=\"og:locale\" content=\"es_ES\" \/>\n<meta property=\"og:type\" content=\"article\" \/>\n<meta property=\"og:title\" content=\"2024 Programa - Poesia Lleida\" \/>\n<meta property=\"og:url\" content=\"https:\/\/poesialleida.paeria.cat\/index.php\/programa-2024\/\" \/>\n<meta property=\"og:site_name\" content=\"Poesia Lleida\" \/>\n<meta property=\"article:modified_time\" content=\"2025-02-24T07:55:21+00:00\" \/>\n<meta name=\"twitter:card\" content=\"summary_large_image\" \/>\n<meta name=\"twitter:label1\" content=\"Tiempo de lectura\" \/>\n\t<meta name=\"twitter:data1\" content=\"2 minutos\" \/>\n<script type=\"application\/ld+json\" class=\"yoast-schema-graph\">{\"@context\":\"https:\\\/\\\/schema.org\",\"@graph\":[{\"@type\":\"WebPage\",\"@id\":\"https:\\\/\\\/poesialleida.paeria.cat\\\/index.php\\\/programa-2024\\\/\",\"url\":\"https:\\\/\\\/poesialleida.paeria.cat\\\/index.php\\\/programa-2024\\\/\",\"name\":\"2024 Programa - Poesia Lleida\",\"isPartOf\":{\"@id\":\"https:\\\/\\\/poesialleida.paeria.cat\\\/#website\"},\"datePublished\":\"2024-01-25T16:30:54+00:00\",\"dateModified\":\"2025-02-24T07:55:21+00:00\",\"breadcrumb\":{\"@id\":\"https:\\\/\\\/poesialleida.paeria.cat\\\/index.php\\\/programa-2024\\\/#breadcrumb\"},\"inLanguage\":\"es\",\"potentialAction\":[{\"@type\":\"ReadAction\",\"target\":[\"https:\\\/\\\/poesialleida.paeria.cat\\\/index.php\\\/programa-2024\\\/\"]}]},{\"@type\":\"BreadcrumbList\",\"@id\":\"https:\\\/\\\/poesialleida.paeria.cat\\\/index.php\\\/programa-2024\\\/#breadcrumb\",\"itemListElement\":[{\"@type\":\"ListItem\",\"position\":1,\"name\":\"Portada\",\"item\":\"https:\\\/\\\/poesialleida.paeria.cat\\\/\"},{\"@type\":\"ListItem\",\"position\":2,\"name\":\"2024 Programa\"}]},{\"@type\":\"WebSite\",\"@id\":\"https:\\\/\\\/poesialleida.paeria.cat\\\/#website\",\"url\":\"https:\\\/\\\/poesialleida.paeria.cat\\\/\",\"name\":\"Poesia Lleida\",\"description\":\"Festival de Poesia a Lleida\",\"potentialAction\":[{\"@type\":\"SearchAction\",\"target\":{\"@type\":\"EntryPoint\",\"urlTemplate\":\"https:\\\/\\\/poesialleida.paeria.cat\\\/?s={search_term_string}\"},\"query-input\":{\"@type\":\"PropertyValueSpecification\",\"valueRequired\":true,\"valueName\":\"search_term_string\"}}],\"inLanguage\":\"es\"}]}<\/script>\n<!-- \/ Yoast SEO plugin. -->","yoast_head_json":{"title":"2024 Programa - Poesia Lleida","robots":{"index":"index","follow":"follow","max-snippet":"max-snippet:-1","max-image-preview":"max-image-preview:large","max-video-preview":"max-video-preview:-1"},"canonical":"https:\/\/poesialleida.paeria.cat\/index.php\/programa-2024\/","og_locale":"es_ES","og_type":"article","og_title":"2024 Programa - Poesia Lleida","og_url":"https:\/\/poesialleida.paeria.cat\/index.php\/programa-2024\/","og_site_name":"Poesia Lleida","article_modified_time":"2025-02-24T07:55:21+00:00","twitter_card":"summary_large_image","twitter_misc":{"Tiempo de lectura":"2 minutos"},"schema":{"@context":"https:\/\/schema.org","@graph":[{"@type":"WebPage","@id":"https:\/\/poesialleida.paeria.cat\/index.php\/programa-2024\/","url":"https:\/\/poesialleida.paeria.cat\/index.php\/programa-2024\/","name":"2024 Programa - Poesia Lleida","isPartOf":{"@id":"https:\/\/poesialleida.paeria.cat\/#website"},"datePublished":"2024-01-25T16:30:54+00:00","dateModified":"2025-02-24T07:55:21+00:00","breadcrumb":{"@id":"https:\/\/poesialleida.paeria.cat\/index.php\/programa-2024\/#breadcrumb"},"inLanguage":"es","potentialAction":[{"@type":"ReadAction","target":["https:\/\/poesialleida.paeria.cat\/index.php\/programa-2024\/"]}]},{"@type":"BreadcrumbList","@id":"https:\/\/poesialleida.paeria.cat\/index.php\/programa-2024\/#breadcrumb","itemListElement":[{"@type":"ListItem","position":1,"name":"Portada","item":"https:\/\/poesialleida.paeria.cat\/"},{"@type":"ListItem","position":2,"name":"2024 Programa"}]},{"@type":"WebSite","@id":"https:\/\/poesialleida.paeria.cat\/#website","url":"https:\/\/poesialleida.paeria.cat\/","name":"Poesia Lleida","description":"Festival de Poesia a Lleida","potentialAction":[{"@type":"SearchAction","target":{"@type":"EntryPoint","urlTemplate":"https:\/\/poesialleida.paeria.cat\/?s={search_term_string}"},"query-input":{"@type":"PropertyValueSpecification","valueRequired":true,"valueName":"search_term_string"}}],"inLanguage":"es"}]}},"_links":{"self":[{"href":"https:\/\/poesialleida.paeria.cat\/index.php\/wp-json\/wp\/v2\/pages\/2142","targetHints":{"allow":["GET"]}}],"collection":[{"href":"https:\/\/poesialleida.paeria.cat\/index.php\/wp-json\/wp\/v2\/pages"}],"about":[{"href":"https:\/\/poesialleida.paeria.cat\/index.php\/wp-json\/wp\/v2\/types\/page"}],"author":[{"embeddable":true,"href":"https:\/\/poesialleida.paeria.cat\/index.php\/wp-json\/wp\/v2\/users\/1"}],"replies":[{"embeddable":true,"href":"https:\/\/poesialleida.paeria.cat\/index.php\/wp-json\/wp\/v2\/comments?post=2142"}],"version-history":[{"count":83,"href":"https:\/\/poesialleida.paeria.cat\/index.php\/wp-json\/wp\/v2\/pages\/2142\/revisions"}],"predecessor-version":[{"id":3802,"href":"https:\/\/poesialleida.paeria.cat\/index.php\/wp-json\/wp\/v2\/pages\/2142\/revisions\/3802"}],"wp:attachment":[{"href":"https:\/\/poesialleida.paeria.cat\/index.php\/wp-json\/wp\/v2\/media?parent=2142"}],"curies":[{"name":"wp","href":"https:\/\/api.w.org\/{rel}","templated":true}]}}